{"id":1589,"date":"2026-04-17T09:53:57","date_gmt":"2026-04-17T09:53:57","guid":{"rendered":"https:\/\/studysafe.travel\/?page_id=1589"},"modified":"2026-04-23T08:03:34","modified_gmt":"2026-04-23T08:03:34","slug":"cobertura","status":"publish","type":"page","link":"https:\/\/studysafe.travel\/es\/im-going-to-spain\/language-school-students\/long-term\/coverage\/","title":{"rendered":"Cobertura"},"content":{"rendered":"<link rel=\"stylesheet\" href=\"https:\/\/fonts.googleapis.com\/css2?family=Geist:wght@400;500;600;700;800\" \/>\n<div class=\"wp-block-group has-background is-layout-constrained wp-container-core-group-is-layout-eb65c542 wp-block-group-is-layout-constrained\" style=\"background:linear-gradient(135deg,rgb(243,248,255) 46%,rgb(255,243,243) 100%);margin-top:0;margin-bottom:0;padding-top:80px;padding-right:26px;padding-bottom:100px;padding-left:26px;font-size:16px;font-style:normal;font-weight:400;line-height:1.6; font-family: 'Geist' !important;\">\n\n\n<div style=\"height:25px\" aria-hidden=\"true\" class=\"wp-block-spacer\"><\/div>\n\n\n\n<div class=\"wp-block-columns alignwide is-layout-flex wp-container-core-columns-is-layout-f74a9aa3 wp-block-columns-is-layout-flex\" style=\"margin-top:0;margin-bottom:0;padding-top:0;padding-right:0;padding-bottom:0;padding-left:0\">\n<div class=\"wp-block-column is-vertically-aligned-top is-layout-flow wp-container-core-column-is-layout-a77db08e wp-block-column-is-layout-flow cozy-animation__initialized\">\n<figure class=\"wp-block-image size-full has-custom-border cozy-responsive-show__initialized cozy-hover-effect__initialized\" style=\"\" data-desktop-show=\"1\" data-tablet-show=\"\" data-tablet-viewport-width=\"980\" data-mobile-show=\"\" data-mobile-viewport-width=\"767\"><img loading=\"lazy\" decoding=\"async\" width=\"600\" height=\"600\" src=\"https:\/\/studysafe.travel\/wp-content\/uploads\/2026\/02\/study-travel-Eligibility-Claims-Key-Limits.png\" alt=\"\" class=\"wp-image-202\" style=\"border-style:none;border-width:0px;border-top-left-radius:0px;border-top-right-radius:0px;border-bottom-left-radius:0px;border-bottom-right-radius:0px\" srcset=\"https:\/\/studysafe.travel\/wp-content\/uploads\/2026\/02\/study-travel-Eligibility-Claims-Key-Limits.png 600w, https:\/\/studysafe.travel\/wp-content\/uploads\/2026\/02\/study-travel-Eligibility-Claims-Key-Limits-300x300.png 300w, https:\/\/studysafe.travel\/wp-content\/uploads\/2026\/02\/study-travel-Eligibility-Claims-Key-Limits-150x150.png 150w\" sizes=\"auto, (max-width: 600px) 100vw, 600px\" \/><\/figure>\n<\/div>\n\n\n<link rel=\"stylesheet\" href=\"https:\/\/fonts.googleapis.com\/css2?family=Geist:wght@400;500;600;700;800\" \/>\n<div class=\"wp-block-column is-content-justification-left is-layout-constrained wp-container-core-column-is-layout-e710f4ca wp-block-column-is-layout-constrained\" style=\"flex-basis:55%; font-family: 'Geist' !important;\">\n<div class=\"wp-block-group is-nowrap is-layout-flex wp-container-core-group-is-layout-ecba6b92 wp-block-group-is-layout-flex\" style=\"margin-top:0;margin-bottom:0\">\n<p class=\"has-text-align-center has-text-color has-background has-link-color wp-elements-274f159655ca88d6a3387ccd4e8e9d03\" style=\"border-radius:100px;color:#aa151b;background-color:#ffd7d7;padding-top:6px;padding-right:16px;padding-bottom:6px;padding-left:16px;font-size:14px;font-style:normal;font-weight:500\">Seguro m\u00e9dico para estudiantes en Espa\u00f1a<\/p>\n<\/div>\n\n\n\n<h2 class=\"wp-block-heading has-text-color has-link-color wp-elements-2061c349e5af847f4f2030ef4cf67de6\" style=\"color:#031d1b;margin-top:6px;margin-bottom:16px;font-size:48px;font-style:normal;font-weight:600;line-height:1.2\">Cobertura para estancias de estudio de larga duraci\u00f3n en Espa\u00f1a<\/h2>\n\n\n\n<p>Si viajas a Espa\u00f1a para estudios de larga duraci\u00f3n y necesitas un visado de estudiante, esta cobertura est\u00e1 dise\u00f1ada para respaldar tu estancia con acceso integral a la atenci\u00f3n m\u00e9dica en Espa\u00f1a durante el per\u00edodo asegurado. Est\u00e1 destinada a estudiantes internacionales elegibles que siguen una ruta acad\u00e9mica m\u00e1s larga, con atenci\u00f3n hospitalaria y ambulatoria, sin copagos y sin per\u00edodos de espera, sujeta a elegibilidad y a los t\u00e9rminos de la p\u00f3liza.<\/p>\n\n\n\n<p>Desde necesidades m\u00e9dicas del d\u00eda a d\u00eda hasta atenci\u00f3n especializada, tratamiento hospitalario y soporte de emergencia, esta cobertura est\u00e1 dise\u00f1ada para estudiantes que necesitan una soluci\u00f3n sanitaria m\u00e1s estable durante una estancia prolongada en Espa\u00f1a. Tambi\u00e9n incluye asistencia en viaje y acceso a profesionales y centros sanitarios aprobados dentro del directorio m\u00e9dico del producto.<\/p>\n\n\n\n<p>Es una opci\u00f3n pr\u00e1ctica para los estudiantes no comunitarios elegibles que permanezcan en Espa\u00f1a por m\u00e1s de 90 d\u00edas, ayud\u00e1ndoles a acceder a atenci\u00f3n m\u00e9dica mientras se centran en sus estudios, sus planes y su tiempo en el extranjero.<\/p>\n\n\n<link rel=\"stylesheet\" href=\"https:\/\/fonts.googleapis.com\/css2?family=Geist:wght@400;500;600;700;800\" \/>\n<div class=\"wp-block-buttons has-custom-font-size is-horizontal is-content-justification-center is-nowrap is-layout-flex wp-container-core-buttons-is-layout-eb04c77a wp-block-buttons-is-layout-flex\" style=\"margin-top:20px;margin-bottom:var(--wp--preset--spacing--30);padding-top:var(--wp--preset--spacing--30);padding-bottom:var(--wp--preset--spacing--30);font-size:16px;font-style:normal;font-weight:400; font-family: 'Geist' !important;\">\n<div class=\"wp-block-button has-custom-width wp-block-button__width-100 is-style-button-hover-white-bgcolor cozy-animation__initialized cozy-button-hover-styles\" style=\"; --cozyButtonBgColorHover: #6f3dff; --cozyButtonColorHover: currentColor; --cozyButtonBorderHover: ; \" data-aos=\"fade-up\" data-aos-easing=\"ease-in\" data-aos-anchor-placement=\"top-bottom\" data-aos-duration=\"600\"><a class=\"wp-block-button__link wp-element-button\" href=\"https:\/\/studysafe.travel\/es\/voy-a-espana\/estudiantes-de-idiomas\/a-largo-plazo\/verificar-elegibilidad\/\">\u00bfSoy elegible?<\/a><\/div>\n<\/div>\n\n\n<link rel=\"stylesheet\" href=\"https:\/\/fonts.googleapis.com\/css2?family=Geist:wght@400;500;600;700;800\" \/>\n<div class=\"wp-block-buttons has-custom-font-size is-horizontal is-content-justification-left is-nowrap is-layout-flex wp-container-core-buttons-is-layout-3d3318cf wp-block-buttons-is-layout-flex\" style=\"margin-top:20px;margin-bottom:var(--wp--preset--spacing--30);padding-top:var(--wp--preset--spacing--30);padding-bottom:var(--wp--preset--spacing--30);font-size:16px;font-style:normal;font-weight:400; font-family: 'Geist' !important;\">\n<div class=\"wp-block-button has-custom-width wp-block-button__width-50 is-style-button-hover-white-bgcolor cozy-animation__initialized cozy-button-hover-styles\" style=\"; --cozyButtonBgColorHover: #6f3dff; --cozyButtonColorHover: currentColor; --cozyButtonBorderHover: ; \" data-aos=\"fade-up\" data-aos-easing=\"ease-in\" data-aos-anchor-placement=\"top-bottom\" data-aos-duration=\"600\"><a class=\"wp-block-button__link wp-element-button\" href=\"https:\/\/studysafe.travel\/es\/voy-a-espana\/estudiantes-de-idiomas\/a-largo-plazo\/preguntas-frecuentes\/\">Leer preguntas frecuentes<\/a><\/div>\n\n\n\n<div class=\"wp-block-button has-custom-width wp-block-button__width-50 is-style-button-hover-white-bgcolor cozy-animation__initialized cozy-button-hover-styles\" style=\"; --cozyButtonBgColorHover: #6f3dff; --cozyButtonColorHover: currentColor; --cozyButtonBorderHover: ; \" data-aos=\"fade-up\" data-aos-easing=\"ease-in\" data-aos-anchor-placement=\"top-bottom\" data-aos-duration=\"600\"><a class=\"wp-block-button__link wp-element-button\" href=\"https:\/\/studysafe.travel\/es\/voy-a-espana\/estudiantes-de-idiomas\/a-largo-plazo\/informacion-importante\/\">Informaci\u00f3n<\/a><\/div>\n<\/div>\n<\/div>\n<\/div>\n<\/div>\n\n\n<link rel=\"stylesheet\" href=\"https:\/\/fonts.googleapis.com\/css2?family=Geist:wght@400;500;600;700;800\" \/>\n<div class=\"wp-block-group has-background is-layout-constrained wp-container-core-group-is-layout-eb65c542 wp-block-group-is-layout-constrained\" style=\"background:linear-gradient(135deg,rgb(243,248,255) 46%,rgb(255,243,243) 100%);margin-top:0;margin-bottom:0;padding-top:80px;padding-right:26px;padding-bottom:100px;padding-left:26px;font-size:16px;font-style:normal;font-weight:400;line-height:1.6; font-family: 'Geist' !important;\">\n<div class=\"wp-block-columns alignwide is-layout-flex wp-container-core-columns-is-layout-f74a9aa3 wp-block-columns-is-layout-flex\" style=\"margin-top:0;margin-bottom:0;padding-top:0;padding-right:0;padding-bottom:0;padding-left:0\"><link rel=\"stylesheet\" href=\"https:\/\/fonts.googleapis.com\/css2?family=Geist:wght@400;500;600;700;800\" \/>\n<div class=\"wp-block-column is-content-justification-left is-layout-constrained wp-container-core-column-is-layout-e710f4ca wp-block-column-is-layout-constrained\" style=\"flex-basis:55%; font-family: 'Geist' !important;\">\n<div class=\"wp-block-group is-nowrap is-layout-flex wp-container-core-group-is-layout-ecba6b92 wp-block-group-is-layout-flex\" style=\"margin-top:0;margin-bottom:0\">\n<p class=\"has-text-align-center has-text-color has-background has-link-color wp-elements-09488ce4fcf1e6bfc99ed854ee42655d\" style=\"border-radius:100px;color:#aa151b;background-color:#ffd7d7;padding-top:6px;padding-right:16px;padding-bottom:6px;padding-left:16px;font-size:14px;font-style:normal;font-weight:500\"><strong>Para qu\u00e9 est\u00e1 dise\u00f1ada esta cubierta<\/strong><\/p>\n<\/div>\n\n\n\n<h2 class=\"wp-block-heading has-text-color has-link-color wp-elements-11e1f89a42db5d7e27a31bcf94154ac6\" style=\"color:#031d1b;margin-top:6px;margin-bottom:16px;font-size:48px;font-style:normal;font-weight:600;line-height:1.2\">Apoyo sanitario dise\u00f1ado para estudiantes de larga duraci\u00f3n en Espa\u00f1a<\/h2>\n\n\n\n<p>Una estancia estudiantil m\u00e1s larga en Espa\u00f1a crea necesidades diferentes a las de un viaje acad\u00e9mico corto. Esta cobertura est\u00e1 dise\u00f1ada para estudiantes internacionales elegibles que necesitan acceso a la atenci\u00f3n m\u00e9dica en Espa\u00f1a durante un per\u00edodo de estudio a largo plazo, en lugar de una protecci\u00f3n de estilo de viaje de corta estancia.<\/p>\n\n\n\n<p>Est\u00e1 dise\u00f1ado para dar acceso a m\u00e9dicos, centros y servicios sanitarios aprobados en Espa\u00f1a para la atenci\u00f3n cubierta durante el plazo del seguro, incluyendo atenci\u00f3n primaria, atenci\u00f3n especializada, tratamiento hospitalario, diagn\u00f3stico y otros beneficios m\u00e9dicos definidos.<\/p>\n\n\n\n<p>Tambi\u00e9n ayuda a los estudiantes a sentirse m\u00e1s seguros durante una estancia m\u00e1s larga al combinar el acceso a la atenci\u00f3n m\u00e9dica rutinaria en Espa\u00f1a con apoyo de atenci\u00f3n de urgencia y beneficios definidos de asistencia en viaje, todo sujeto a los t\u00e9rminos de la p\u00f3liza y al uso de proveedores aprobados.<\/p>\n<\/div>\n\n\n\n<div class=\"wp-block-column is-vertically-aligned-top is-layout-flow wp-container-core-column-is-layout-a77db08e wp-block-column-is-layout-flow cozy-animation__initialized\">\n<figure class=\"wp-block-image size-full has-custom-border cozy-responsive-show__initialized cozy-hover-effect__initialized\" style=\"\" data-desktop-show=\"1\" data-tablet-show=\"\" data-tablet-viewport-width=\"980\" data-mobile-show=\"\" data-mobile-viewport-width=\"767\"><img loading=\"lazy\" decoding=\"async\" width=\"600\" height=\"600\" src=\"https:\/\/studysafe.travel\/wp-content\/uploads\/2026\/02\/study-travel-about-us.png\" alt=\"\" class=\"wp-image-388\" style=\"border-style:none;border-width:0px;border-top-left-radius:0px;border-top-right-radius:0px;border-bottom-left-radius:0px;border-bottom-right-radius:0px\" srcset=\"https:\/\/studysafe.travel\/wp-content\/uploads\/2026\/02\/study-travel-about-us.png 600w, https:\/\/studysafe.travel\/wp-content\/uploads\/2026\/02\/study-travel-about-us-300x300.png 300w, https:\/\/studysafe.travel\/wp-content\/uploads\/2026\/02\/study-travel-about-us-150x150.png 150w\" sizes=\"auto, (max-width: 600px) 100vw, 600px\" \/><\/figure>\n<\/div>\n<\/div>\n<\/div>\n\n\n\n<div class=\"wp-block-group has-background-background-color has-background is-layout-constrained wp-container-core-group-is-layout-ef55149e wp-block-group-is-layout-constrained\" style=\"margin-top:0;margin-bottom:0;padding-top:4rem;padding-right:var(--wp--preset--spacing--40);padding-bottom:6rem;padding-left:var(--wp--preset--spacing--40)\">\n<h5 class=\"wp-block-heading has-text-align-center has-text-color has-link-color has-small-font-size wp-elements-54682fe68da72bee8bb3744a067095a9\" style=\"color:#aa151b;letter-spacing:4px;text-transform:uppercase\">\u00bfQu\u00e9 est\u00e1 incluido?<\/h5>\n\n\n\n<h2 class=\"wp-block-heading has-text-align-center cozy-animation__initialized\" data-aos=\"fade-up\" data-aos-easing=\"ease-in\" data-aos-anchor-placement=\"top-bottom\" data-aos-duration=\"600\">Cobertura de atenci\u00f3n m\u00e9dica b\u00e1sica durante tu estancia en Espa\u00f1a<\/h2>\n\n\n\n<p class=\"has-text-align-center has-small-font-size cozy-animation__initialized\" data-aos=\"fade-up\" data-aos-easing=\"ease-in\" data-aos-anchor-placement=\"top-bottom\" data-aos-duration=\"600\">Este seguro de larga duraci\u00f3n re\u00fane las principales \u00e1reas de atenci\u00f3n m\u00e9dica que un estudiante podr\u00eda necesitar durante una estancia asegurada m\u00e1s prolongada en Espa\u00f1a. Incluye atenci\u00f3n de urgencia, medicina general, medicina especializada, pruebas diagn\u00f3sticas, hospitalizaci\u00f3n, cirug\u00eda ambulatoria, traslado en ambulancia, pr\u00f3tesis e implantes, trasplantes, medicina preventiva, psicoterapia, podolog\u00eda, acceso virtual a m\u00e9dicos y asistencia en viaje, sujeto a los t\u00e9rminos de la p\u00f3liza y al uso de proveedores aprobados.<\/p>\n\n\n\n<div class=\"wp-block-columns is-layout-flex wp-container-core-columns-is-layout-aac82623 wp-block-columns-is-layout-flex\" style=\"border-style:none;border-width:0px;padding-top:var(--wp--preset--spacing--60)\">\n<div class=\"wp-block-column fotawp-fade-up is-layout-flow wp-block-column-is-layout-flow\" style=\"border-bottom-style:none;border-bottom-width:0px;padding-right:0;padding-bottom:0\">\n<div class=\"wp-block-group has-border-color is-layout-constrained wp-container-core-group-is-layout-95339512 wp-block-group-is-layout-constrained\" style=\"border-color:#EFEAF7;border-width:1px;border-radius:12px;padding-top:24px;padding-right:24px;padding-bottom:24px;padding-left:24px\">\n<h3 class=\"wp-block-heading is-style-default has-medium-font-size\" style=\"padding-bottom:0\">Servicio de emergencia<\/h3>\n\n\n\n<p style=\"font-size:16px;line-height:1.5\">Incluye acceso a soporte de atenci\u00f3n de emergencia a trav\u00e9s del sistema de salud aprobado para el producto. Las v\u00edas de atenci\u00f3n urgente y de emergencia forman parte de la cobertura sanitaria obligatoria en Espa\u00f1a.<\/p>\n<\/div>\n<\/div>\n\n\n\n<div class=\"wp-block-column fotawp-fade-up is-layout-flow wp-block-column-is-layout-flow\" style=\"border-top-style:none;border-top-width:0px;border-bottom-style:none;border-bottom-width:0px;padding-right:0;padding-bottom:0\">\n<div class=\"wp-block-group has-border-color is-layout-constrained wp-container-core-group-is-layout-95339512 wp-block-group-is-layout-constrained\" style=\"border-color:#EFEAF7;border-width:1px;border-radius:12px;padding-top:24px;padding-right:24px;padding-bottom:24px;padding-left:24px\">\n<h3 class=\"wp-block-heading has-medium-font-size\" style=\"padding-bottom:0\">Medicina primaria y familiar<\/h3>\n\n\n\n<p style=\"font-size:16px;line-height:1.5\">Incluye acceso a medicina general o familiar, pediatr\u00eda cuando corresponda, y atenci\u00f3n de enfermer\u00eda cuando est\u00e9 prescrita seg\u00fan las reglas de la p\u00f3liza, ayudando a satisfacer las necesidades de atenci\u00f3n m\u00e9dica diarias durante la estancia asegurada.<\/p>\n<\/div>\n<\/div>\n<\/div>\n\n\n\n<div class=\"wp-block-columns is-layout-flex wp-container-core-columns-is-layout-f25c431a wp-block-columns-is-layout-flex\" style=\"border-style:none;border-width:0px;margin-top:34px;padding-top:0\">\n<div class=\"wp-block-column fotawp-fade-up is-layout-flow wp-block-column-is-layout-flow\" style=\"border-bottom-style:none;border-bottom-width:0px;padding-right:0;padding-bottom:0\">\n<div class=\"wp-block-group has-border-color is-layout-constrained wp-container-core-group-is-layout-95339512 wp-block-group-is-layout-constrained\" style=\"border-color:#EFEAF7;border-width:1px;border-radius:12px;padding-top:24px;padding-right:24px;padding-bottom:24px;padding-left:24px\">\n<h3 class=\"wp-block-heading has-medium-font-size\" style=\"padding-bottom:0\">Atenci\u00f3n m\u00e9dica especializada<\/h3>\n\n\n\n<p style=\"font-size:16px;line-height:1.5\">Incluye acceso a una amplia gama de atenci\u00f3n especializada a trav\u00e9s del directorio m\u00e9dico aprobado para el producto, ayudando a los estudiantes a obtener atenci\u00f3n especializada en Espa\u00f1a cuando sea m\u00e9dicamente necesario y est\u00e9 cubierto por la p\u00f3liza.<\/p>\n<\/div>\n<\/div>\n\n\n\n<div class=\"wp-block-column fotawp-fade-up is-layout-flow wp-block-column-is-layout-flow\" style=\"border-bottom-style:none;border-bottom-width:0px;padding-right:0;padding-bottom:0\">\n<div class=\"wp-block-group has-border-color has-tertiary-light-border-color is-layout-constrained wp-container-core-group-is-layout-95339512 wp-block-group-is-layout-constrained\" style=\"border-width:1px;border-radius:12px;padding-top:24px;padding-right:24px;padding-bottom:24px;padding-left:24px\">\n<h3 class=\"wp-block-heading has-medium-font-size\" style=\"padding-bottom:0\">T\u00e9cnicas de diagn\u00f3stico y tratamiento<\/h3>\n\n\n\n<p style=\"font-size:16px;line-height:1.5\">Incluye pruebas diagn\u00f3sticas cubiertas y t\u00e9cnicas de tratamiento definidas cuando se prescriben y se llevan a cabo de acuerdo con las reglas de la p\u00f3liza y a trav\u00e9s de proveedores aprobados.<\/p>\n<\/div>\n<\/div>\n<\/div>\n\n\n\n<div class=\"wp-block-columns is-layout-flex wp-container-core-columns-is-layout-f25c431a wp-block-columns-is-layout-flex\" style=\"border-style:none;border-width:0px;margin-top:34px;padding-top:0\">\n<div class=\"wp-block-column fotawp-fade-up is-layout-flow wp-block-column-is-layout-flow\" style=\"border-bottom-style:none;border-bottom-width:0px;padding-right:0;padding-bottom:0\">\n<div class=\"wp-block-group has-border-color is-layout-constrained wp-container-core-group-is-layout-95339512 wp-block-group-is-layout-constrained\" style=\"border-color:#EFEAF7;border-width:1px;border-radius:12px;padding-top:24px;padding-right:24px;padding-bottom:24px;padding-left:24px\">\n<h3 class=\"wp-block-heading has-medium-font-size\" style=\"padding-bottom:0\">Hospitalizaci\u00f3n y cirug\u00eda ambulatoria<\/h3>\n\n\n\n<p style=\"font-size:16px;line-height:1.5\">Incluye hospitalizaci\u00f3n, hospital de d\u00eda y cirug\u00eda ambulatoria para necesidades m\u00e9dicas, quir\u00fargicas, pedi\u00e1tricas, de maternidad y psiqui\u00e1tricas cubiertas dentro del alcance del producto.<\/p>\n<\/div>\n<\/div>\n\n\n\n<div class=\"wp-block-column fotawp-fade-up is-layout-flow wp-block-column-is-layout-flow\" style=\"border-bottom-style:none;border-bottom-width:0px;padding-right:0;padding-bottom:0\">\n<div class=\"wp-block-group has-border-color has-tertiary-light-border-color is-layout-constrained wp-container-core-group-is-layout-95339512 wp-block-group-is-layout-constrained\" style=\"border-width:1px;border-radius:12px;padding-top:24px;padding-right:24px;padding-bottom:24px;padding-left:24px\">\n<h3 class=\"wp-block-heading has-medium-font-size\" style=\"padding-bottom:0\">Traslado en ambulancia, pr\u00f3tesis y trasplantes<\/h3>\n\n\n\n<p style=\"font-size:16px;line-height:1.5\">Incluye traslado en ambulancia de personas enfermas, pr\u00f3tesis e implantes, y cobertura de trasplantes dentro de las reglas del producto y los l\u00edmites establecidos.<\/p>\n<\/div>\n<\/div>\n<\/div>\n\n\n\n<div class=\"wp-block-columns is-layout-flex wp-container-core-columns-is-layout-f25c431a wp-block-columns-is-layout-flex\" style=\"border-style:none;border-width:0px;margin-top:34px;padding-top:0\">\n<div class=\"wp-block-column fotawp-fade-up is-layout-flow wp-block-column-is-layout-flow\" style=\"border-bottom-style:none;border-bottom-width:0px;padding-right:0;padding-bottom:0\">\n<div class=\"wp-block-group has-border-color is-layout-constrained wp-container-core-group-is-layout-95339512 wp-block-group-is-layout-constrained\" style=\"border-color:#EFEAF7;border-width:1px;border-radius:12px;padding-top:24px;padding-right:24px;padding-bottom:24px;padding-left:24px\">\n<h3 class=\"wp-block-heading has-medium-font-size\" style=\"padding-bottom:0\">Atenci\u00f3n preventiva, psicoterapia y podolog\u00eda<\/h3>\n\n\n\n<p style=\"font-size:16px;line-height:1.5\">Incluye medicina preventiva y otros servicios de apoyo definidos. La psicoterapia y la podolog\u00eda est\u00e1n incluidas dentro de los l\u00edmites anuales establecidos, por lo que los estudiantes siempre deben consultar los t\u00e9rminos de la p\u00f3liza para conocer el alcance y uso exactos.<\/p>\n<\/div>\n<\/div>\n\n\n\n<div class=\"wp-block-column fotawp-fade-up is-layout-flow wp-block-column-is-layout-flow\" style=\"border-bottom-style:none;border-bottom-width:0px;padding-right:0;padding-bottom:0\">\n<div class=\"wp-block-group has-border-color has-tertiary-light-border-color is-layout-constrained wp-container-core-group-is-layout-95339512 wp-block-group-is-layout-constrained\" style=\"border-width:1px;border-radius:12px;padding-top:24px;padding-right:24px;padding-bottom:24px;padding-left:24px\">\n<h3 class=\"wp-block-heading has-medium-font-size\" style=\"padding-bottom:0\">M\u00e9dico virtual y asistencia en viajes<\/h3>\n\n\n\n<p style=\"font-size:16px;line-height:1.5\">El producto tambi\u00e9n incluye acceso virtual a un m\u00e9dico como parte de la cobertura sanitaria, adem\u00e1s de asistencia en viaje para situaciones cubiertas durante el per\u00edodo de seguro.<\/p>\n<\/div>\n<\/div>\n<\/div>\n\n\n\n<div class=\"wp-block-columns is-layout-flex wp-container-core-columns-is-layout-f25c431a wp-block-columns-is-layout-flex\" style=\"border-style:none;border-width:0px;margin-top:34px;padding-top:0\">\n<div class=\"wp-block-column fotawp-fade-up is-layout-flow wp-block-column-is-layout-flow\" style=\"border-bottom-style:none;border-bottom-width:0px;padding-right:0;padding-bottom:0\">\n<div class=\"wp-block-group has-border-color is-layout-constrained wp-container-core-group-is-layout-95339512 wp-block-group-is-layout-constrained\" style=\"border-color:#EFEAF7;border-width:1px;border-radius:12px;padding-top:24px;padding-right:24px;padding-bottom:24px;padding-left:24px\">\n<h3 class=\"wp-block-heading has-medium-font-size\" style=\"padding-bottom:0\">Cobertura dental opcional<\/h3>\n\n\n\n<p style=\"font-size:16px;line-height:1.5\">La cobertura dental opcional tambi\u00e9n puede a\u00f1adirse, sujeta a selecci\u00f3n y a la documentaci\u00f3n de la p\u00f3liza aplicable. Los servicios dentales siguen su propia tabla de coberturas y franquicias.<\/p>\n<\/div>\n<\/div>\n\n\n\n<div class=\"wp-block-column fotawp-fade-up is-layout-flow wp-block-column-is-layout-flow\" style=\"border-bottom-style:none;border-bottom-width:0px;padding-right:0;padding-bottom:0\">\n<div class=\"wp-block-group has-border-color has-tertiary-light-border-color is-layout-constrained wp-container-core-group-is-layout-95339512 wp-block-group-is-layout-constrained\" style=\"border-width:1px;border-radius:12px;padding-top:24px;padding-right:24px;padding-bottom:24px;padding-left:24px\">\n<h3 class=\"wp-block-heading has-medium-font-size\" style=\"padding-bottom:0\">Sin copagos ni per\u00edodos de espera<\/h3>\n\n\n\n<p style=\"font-size:16px;line-height:1.5\">Este producto est\u00e1 dise\u00f1ado sin copagos y sin periodos de espera, lo que ayuda a los estudiantes a acceder a la atenci\u00f3n cubierta de manera m\u00e1s predecible durante el per\u00edodo de seguro.<\/p>\n<\/div>\n<\/div>\n<\/div>\n<\/div>\n\n\n\n<div class=\"wp-block-group has-background-background-color has-background is-layout-constrained wp-container-core-group-is-layout-ef55149e wp-block-group-is-layout-constrained\" style=\"margin-top:0;margin-bottom:0;padding-top:4rem;padding-right:var(--wp--preset--spacing--40);padding-bottom:6rem;padding-left:var(--wp--preset--spacing--40)\">\n<h5 class=\"wp-block-heading has-text-align-center has-text-color has-link-color has-small-font-size wp-elements-a1d2eec21e9d346da0aa0ed8b834d328\" style=\"color:#aa151b;letter-spacing:4px;text-transform:uppercase\">Apoyo mientras est\u00e9s en Espa\u00f1a<\/h5>\n\n\n\n<h2 class=\"wp-block-heading has-text-align-center cozy-animation__initialized\" data-aos=\"fade-up\" data-aos-easing=\"ease-in\" data-aos-anchor-placement=\"top-bottom\" data-aos-duration=\"600\">C\u00f3mo funciona el acceso a la atenci\u00f3n m\u00e9dica durante tu estancia<\/h2>\n\n\n\n<p class=\"has-text-align-center has-small-font-size cozy-animation__initialized\" data-aos=\"fade-up\" data-aos-easing=\"ease-in\" data-aos-anchor-placement=\"top-bottom\" data-aos-duration=\"600\">Esta cobertura se basa en el acceso a profesionales y centros sanitarios aprobados en Espa\u00f1a a trav\u00e9s del directorio m\u00e9dico del producto. Los estudiantes no dependen \u00fanicamente de un sistema de reembolso, ya que el producto est\u00e1 estructurado para proporcionar acceso a la atenci\u00f3n sanitaria en Espa\u00f1a a trav\u00e9s de una red aprobada.<\/p>\n\n\n\n<div class=\"wp-block-columns is-layout-flex wp-container-core-columns-is-layout-aac82623 wp-block-columns-is-layout-flex\" style=\"border-style:none;border-width:0px;padding-top:var(--wp--preset--spacing--60)\">\n<div class=\"wp-block-column fotawp-fade-up is-layout-flow wp-block-column-is-layout-flow\" style=\"border-bottom-style:none;border-bottom-width:0px;padding-right:0;padding-bottom:0\">\n<div class=\"wp-block-group has-border-color is-layout-constrained wp-container-core-group-is-layout-95339512 wp-block-group-is-layout-constrained\" style=\"border-color:#EFEAF7;border-width:1px;border-radius:12px;padding-top:24px;padding-right:24px;padding-bottom:24px;padding-left:24px\">\n<h3 class=\"wp-block-heading has-medium-font-size\" style=\"padding-bottom:0\">Proveedores aprobados y directorio m\u00e9dico<\/h3>\n\n\n\n<p style=\"font-size:16px;line-height:1.5\">La atenci\u00f3n est\u00e1 destinada a ser utilizada a trav\u00e9s de los m\u00e9dicos, servicios y centros aprobados disponibles para el producto. Los estudiantes siempre deben verificar que el profesional o centro est\u00e9 aprobado para el servicio correspondiente antes del tratamiento.<\/p>\n<\/div>\n<\/div>\n\n\n\n<div class=\"wp-block-column fotawp-fade-up is-layout-flow wp-block-column-is-layout-flow\" style=\"border-top-style:none;border-top-width:0px;border-bottom-style:none;border-bottom-width:0px;padding-right:0;padding-bottom:0\">\n<div class=\"wp-block-group has-border-color is-layout-constrained wp-container-core-group-is-layout-95339512 wp-block-group-is-layout-constrained\" style=\"border-color:#EFEAF7;border-width:1px;border-radius:12px;padding-top:24px;padding-right:24px;padding-bottom:24px;padding-left:24px\">\n<h3 class=\"wp-block-heading has-medium-font-size\" style=\"padding-bottom:0\">Ayuda de emergencia en Espa\u00f1a<\/h3>\n\n\n\n<p style=\"font-size:16px;line-height:1.5\">Las v\u00edas de emergencia forman parte de la cobertura sanitaria obligatoria, incluyendo la coordinaci\u00f3n de la atenci\u00f3n de emergencias y el acceso a los recursos de atenci\u00f3n urgente en Espa\u00f1a a trav\u00e9s del sistema homologado.<\/p>\n<\/div>\n<\/div>\n<\/div>\n\n\n\n<div class=\"wp-block-columns is-layout-flex wp-container-core-columns-is-layout-f25c431a wp-block-columns-is-layout-flex\" style=\"border-style:none;border-width:0px;margin-top:34px;padding-top:0\">\n<div class=\"wp-block-column fotawp-fade-up is-layout-flow wp-block-column-is-layout-flow\" style=\"border-bottom-style:none;border-bottom-width:0px;padding-right:0;padding-bottom:0\">\n<div class=\"wp-block-group has-border-color is-layout-constrained wp-container-core-group-is-layout-95339512 wp-block-group-is-layout-constrained\" style=\"border-color:#EFEAF7;border-width:1px;border-radius:12px;padding-top:24px;padding-right:24px;padding-bottom:24px;padding-left:24px\">\n<h3 class=\"wp-block-heading has-medium-font-size\" style=\"padding-bottom:0\">Soporte m\u00e9dico virtual<\/h3>\n\n\n\n<p style=\"font-size:16px;line-height:1.5\">El producto incluye soporte de m\u00e9dico virtual como parte de la ruta de atenci\u00f3n m\u00e9dica, lo que ayuda a los estudiantes a acceder a orientaci\u00f3n m\u00e9dica m\u00e1s f\u00e1cilmente durante su estad\u00eda.<\/p>\n<\/div>\n<\/div>\n\n\n\n<div class=\"wp-block-column fotawp-fade-up is-layout-flow wp-block-column-is-layout-flow\" style=\"border-bottom-style:none;border-bottom-width:0px;padding-right:0;padding-bottom:0\">\n<div class=\"wp-block-group has-border-color has-tertiary-light-border-color is-layout-constrained wp-container-core-group-is-layout-95339512 wp-block-group-is-layout-constrained\" style=\"border-width:1px;border-radius:12px;padding-top:24px;padding-right:24px;padding-bottom:24px;padding-left:24px\">\n<h3 class=\"wp-block-heading has-medium-font-size\" style=\"padding-bottom:0\">Asistencia para viajes cuando corresponda<\/h3>\n\n\n\n<p style=\"font-size:16px;line-height:1.5\">Donde se aplique asistencia en viaje, el producto incluye soporte definido para situaciones m\u00e9dicas cubiertas relacionadas con viajes, sujeto a los t\u00e9rminos y l\u00edmites de la p\u00f3liza.<\/p>\n<\/div>\n<\/div>\n<\/div>\n\n\n\n<div class=\"wp-block-columns is-layout-flex wp-container-core-columns-is-layout-f25c431a wp-block-columns-is-layout-flex\" style=\"border-style:none;border-width:0px;margin-top:34px;padding-top:0\">\n<div class=\"wp-block-column fotawp-fade-up is-layout-flow wp-block-column-is-layout-flow\" style=\"border-bottom-style:none;border-bottom-width:0px;padding-right:0;padding-bottom:0\">\n<div class=\"wp-block-group has-border-color is-layout-constrained wp-container-core-group-is-layout-95339512 wp-block-group-is-layout-constrained\" style=\"border-color:#EFEAF7;border-width:1px;border-radius:12px;padding-top:24px;padding-right:24px;padding-bottom:24px;padding-left:24px\">\n<h3 class=\"wp-block-heading has-medium-font-size\" style=\"padding-bottom:0\">Mantener documentos y seguir el proceso<\/h3>\n\n\n\n<p style=\"font-size:16px;line-height:1.5\">Para cualquier caso en el que se necesite documentaci\u00f3n, los estudiantes deben conservar informes, recetas, facturas u otros registros de apoyo y seguir el proceso requerido seg\u00fan los t\u00e9rminos de la pol\u00edtica.<\/p>\n<\/div>\n<\/div>\n\n\n\n<div class=\"wp-block-column fotawp-fade-up is-layout-flow wp-block-column-is-layout-flow\" style=\"border-bottom-style:none;border-bottom-width:0px;padding-right:0;padding-bottom:0\">\n<div class=\"wp-block-group has-border-color has-tertiary-light-border-color is-layout-constrained wp-container-core-group-is-layout-95339512 wp-block-group-is-layout-constrained\" style=\"border-width:1px;border-radius:12px;padding-top:24px;padding-right:24px;padding-bottom:24px;padding-left:24px\">\n<h3 class=\"wp-block-heading has-medium-font-size\" style=\"padding-bottom:0\">La cobertura est\u00e1 hecha para Espa\u00f1a<\/h3>\n\n\n\n<p style=\"font-size:16px;line-height:1.5\">Esta es una ruta de atenci\u00f3n m\u00e9dica con sede en Espa\u00f1a. El n\u00facleo del producto es el acceso a la atenci\u00f3n m\u00e9dica en Espa\u00f1a durante el per\u00edodo de seguro, no una estructura de cobertura de viaje de corta estancia.<\/p>\n<\/div>\n<\/div>\n<\/div>\n<\/div>\n\n\n\n<div class=\"wp-block-group has-background-background-color has-background is-layout-constrained wp-container-core-group-is-layout-ef55149e wp-block-group-is-layout-constrained\" style=\"margin-top:0;margin-bottom:0;padding-top:4rem;padding-right:var(--wp--preset--spacing--40);padding-bottom:6rem;padding-left:var(--wp--preset--spacing--40)\">\n<h5 class=\"wp-block-heading has-text-align-center has-text-color has-link-color has-small-font-size wp-elements-bf40360b3b9c9fd5a1a15443158fac04\" style=\"color:#aa151b;letter-spacing:4px;text-transform:uppercase\">Importante antes de comprar<\/h5>\n\n\n\n<h2 class=\"wp-block-heading has-text-align-center cozy-animation__initialized\" data-aos=\"fade-up\" data-aos-easing=\"ease-in\" data-aos-anchor-placement=\"top-bottom\" data-aos-duration=\"600\">Cosas que los estudiantes deber\u00edan entender claramente<\/h2>\n\n\n\n<p class=\"has-text-align-center has-small-font-size cozy-animation__initialized\" data-aos=\"fade-up\" data-aos-easing=\"ease-in\" data-aos-anchor-placement=\"top-bottom\" data-aos-duration=\"600\">Antes de comprar, los estudiantes deben comprender para qu\u00e9 sirve esta cobertura, c\u00f3mo funciona y d\u00f3nde se aplican sus l\u00edmites. Esta p\u00e1gina es solo una explicaci\u00f3n pr\u00e1ctica. La informaci\u00f3n completa del producto y los documentos de la p\u00f3liza siguen siendo esenciales antes de la compra.<\/p>\n\n\n\n<div class=\"wp-block-columns is-layout-flex wp-container-core-columns-is-layout-aac82623 wp-block-columns-is-layout-flex\" style=\"border-style:none;border-width:0px;padding-top:var(--wp--preset--spacing--60)\">\n<div class=\"wp-block-column fotawp-fade-up is-layout-flow wp-block-column-is-layout-flow\" style=\"border-bottom-style:none;border-bottom-width:0px;padding-right:0;padding-bottom:0\">\n<div class=\"wp-block-group has-border-color is-layout-constrained wp-container-core-group-is-layout-95339512 wp-block-group-is-layout-constrained\" style=\"border-color:#EFEAF7;border-width:1px;border-radius:12px;padding-top:24px;padding-right:24px;padding-bottom:24px;padding-left:24px\">\n<h3 class=\"wp-block-heading has-medium-font-size\" style=\"padding-bottom:0\">Esta es una ruta de seguro m\u00e9dico de Espa\u00f1a<\/h3>\n\n\n\n<p style=\"font-size:16px;line-height:1.5\">Esta ruta est\u00e1 dise\u00f1ada para estudiantes internacionales elegibles que estudian en Espa\u00f1a y requieren un visado de estudios para una estancia superior a 90 d\u00edas.<\/p>\n<\/div>\n<\/div>\n\n\n\n<div class=\"wp-block-column fotawp-fade-up is-layout-flow wp-block-column-is-layout-flow\" style=\"border-top-style:none;border-top-width:0px;border-bottom-style:none;border-bottom-width:0px;padding-right:0;padding-bottom:0\">\n<div class=\"wp-block-group has-border-color is-layout-constrained wp-container-core-group-is-layout-95339512 wp-block-group-is-layout-constrained\" style=\"border-color:#EFEAF7;border-width:1px;border-radius:12px;padding-top:24px;padding-right:24px;padding-bottom:24px;padding-left:24px\">\n<h3 class=\"wp-block-heading has-medium-font-size\" style=\"padding-bottom:0\">La cobertura aplica principalmente en Espa\u00f1a<\/h3>\n\n\n\n<p style=\"font-size:16px;line-height:1.5\">El producto se aplica en Espa\u00f1a, excepto donde la p\u00f3liza especifique lo contrario para asistencia en viaje y ciertas coberturas opcionales.<\/p>\n<\/div>\n<\/div>\n<\/div>\n\n\n\n<div class=\"wp-block-columns is-layout-flex wp-container-core-columns-is-layout-f25c431a wp-block-columns-is-layout-flex\" style=\"border-style:none;border-width:0px;margin-top:34px;padding-top:0\">\n<div class=\"wp-block-column fotawp-fade-up is-layout-flow wp-block-column-is-layout-flow\" style=\"border-bottom-style:none;border-bottom-width:0px;padding-right:0;padding-bottom:0\">\n<div class=\"wp-block-group has-border-color is-layout-constrained wp-container-core-group-is-layout-95339512 wp-block-group-is-layout-constrained\" style=\"border-color:#EFEAF7;border-width:1px;border-radius:12px;padding-top:24px;padding-right:24px;padding-bottom:24px;padding-left:24px\">\n<h3 class=\"wp-block-heading has-medium-font-size\" style=\"padding-bottom:0\">Las condiciones preexistentes y no declaradas est\u00e1n restringidas<\/h3>\n\n\n\n<p style=\"font-size:16px;line-height:1.5\">La atenci\u00f3n sanitaria derivada de trastornos preexistentes, o presentes y conocidos pero no declarados en el cuestionario, est\u00e1 restringida bajo las reglas del producto.<\/p>\n<\/div>\n<\/div>\n\n\n\n<div class=\"wp-block-column fotawp-fade-up is-layout-flow wp-block-column-is-layout-flow\" style=\"border-bottom-style:none;border-bottom-width:0px;padding-right:0;padding-bottom:0\">\n<div class=\"wp-block-group has-border-color has-tertiary-light-border-color is-layout-constrained wp-container-core-group-is-layout-95339512 wp-block-group-is-layout-constrained\" style=\"border-width:1px;border-radius:12px;padding-top:24px;padding-right:24px;padding-bottom:24px;padding-left:24px\">\n<h3 class=\"wp-block-heading has-medium-font-size\" style=\"padding-bottom:0\">Los proveedores aprobados importan<\/h3>\n\n\n\n<p style=\"font-size:16px;line-height:1.5\">La atenci\u00f3n m\u00e9dica prescrita o proporcionada por profesionales o centros no aprobados para el producto generalmente no est\u00e1 cubierta, excepto en las situaciones limitadas indicadas en el texto de la p\u00f3liza.<\/p>\n<\/div>\n<\/div>\n<\/div>\n\n\n\n<div class=\"wp-block-columns is-layout-flex wp-container-core-columns-is-layout-f25c431a wp-block-columns-is-layout-flex\" style=\"border-style:none;border-width:0px;margin-top:34px;padding-top:0\">\n<div class=\"wp-block-column fotawp-fade-up is-layout-flow wp-block-column-is-layout-flow\" style=\"border-bottom-style:none;border-bottom-width:0px;padding-right:0;padding-bottom:0\">\n<div class=\"wp-block-group has-border-color is-layout-constrained wp-container-core-group-is-layout-95339512 wp-block-group-is-layout-constrained\" style=\"border-color:#EFEAF7;border-width:1px;border-radius:12px;padding-top:24px;padding-right:24px;padding-bottom:24px;padding-left:24px\">\n<h3 class=\"wp-block-heading has-medium-font-size\" style=\"padding-bottom:0\">Algunos beneficios tienen l\u00edmites<\/h3>\n\n\n\n<p style=\"font-size:16px;line-height:1.5\">Algunos beneficios tienen l\u00edmites anuales o por secci\u00f3n espec\u00edficos. Los estudiantes siempre deben consultar los documentos del producto para conocer el alcance exacto y el uso de los beneficios.<\/p>\n<\/div>\n<\/div>\n\n\n\n<div class=\"wp-block-column fotawp-fade-up is-layout-flow wp-block-column-is-layout-flow\" style=\"border-bottom-style:none;border-bottom-width:0px;padding-right:0;padding-bottom:0\">\n<div class=\"wp-block-group has-border-color has-tertiary-light-border-color is-layout-constrained wp-container-core-group-is-layout-95339512 wp-block-group-is-layout-constrained\" style=\"border-width:1px;border-radius:12px;padding-top:24px;padding-right:24px;padding-bottom:24px;padding-left:24px\">\n<h3 class=\"wp-block-heading has-medium-font-size\" style=\"padding-bottom:0\">El seguro dental opcional est\u00e1 separado de la cobertura b\u00e1sica.<\/h3>\n\n\n\n<p style=\"font-size:16px;line-height:1.5\">La cobertura dental es opcional, no forma parte de la cobertura base obligatoria por defecto, y funciona de acuerdo con su propia tabla de cobertura y franquicias si se selecciona.<\/p>\n<\/div>\n<\/div>\n<\/div>\n\n\n\n<div class=\"wp-block-columns is-layout-flex wp-container-core-columns-is-layout-f25c431a wp-block-columns-is-layout-flex\" style=\"border-style:none;border-width:0px;margin-top:34px;padding-top:0\">\n<div class=\"wp-block-column fotawp-fade-up is-layout-flow wp-block-column-is-layout-flow\" style=\"border-bottom-style:none;border-bottom-width:0px;padding-right:0;padding-bottom:0\">\n<div class=\"wp-block-group has-border-color is-layout-constrained wp-container-core-group-is-layout-95339512 wp-block-group-is-layout-constrained\" style=\"border-color:#EFEAF7;border-width:1px;border-radius:12px;padding-top:24px;padding-right:24px;padding-bottom:24px;padding-left:24px\">\n<h3 class=\"wp-block-heading has-medium-font-size\" style=\"padding-bottom:0\">Ruta a largo plazo solamente<\/h3>\n\n\n\n<p style=\"font-size:16px;line-height:1.5\">Esta p\u00e1gina se aplica a la ruta de Espa\u00f1a a Largo Plazo para estudiantes elegibles que siguen una v\u00eda de visa de estudiante y una estancia de m\u00e1s de 90 d\u00edas. La elegibilidad final a\u00fan depende de las comprobaciones aplicadas durante el flujo de solicitud y los t\u00e9rminos de la pol\u00edtica.<\/p>\n<\/div>\n<\/div>\n\n\n\n<div class=\"wp-block-column fotawp-fade-up is-layout-flow wp-block-column-is-layout-flow\" style=\"border-bottom-style:none;border-bottom-width:0px;padding-right:0;padding-bottom:0\">\n<div class=\"wp-block-group has-border-color has-tertiary-light-border-color is-layout-constrained wp-container-core-group-is-layout-95339512 wp-block-group-is-layout-constrained\" style=\"border-width:1px;border-radius:12px;padding-top:24px;padding-right:24px;padding-bottom:24px;padding-left:24px\"><\/div>\n<\/div>\n<\/div>\n<\/div>\n\n\n\n<div class=\"wp-block-group has-heading-color-color has-background-background-color has-text-color has-background is-layout-constrained wp-container-core-group-is-layout-e8bc0b99 wp-block-group-is-layout-constrained\" style=\"margin-top:0;margin-bottom:0;padding-top:120px;padding-right:var(--wp--preset--spacing--40);padding-bottom:120px;padding-left:var(--wp--preset--spacing--40)\">\n<div class=\"wp-block-group fotawp-fade-up is-layout-constrained wp-container-core-group-is-layout-a9039071 wp-block-group-is-layout-constrained\" style=\"margin-top:0;margin-bottom:0\">\n<h5 class=\"wp-block-heading has-text-align-center has-text-color has-link-color has-small-font-size wp-elements-ca65e3daca47fbfd13e230718beae585\" style=\"color:#aa151b;letter-spacing:4px;text-transform:uppercase\">Preguntas frecuentes<\/h5>\n\n\n\n<h1 class=\"wp-block-heading has-text-align-center\" style=\"font-size:48px;font-style:normal;font-weight:700;line-height:1.3\">Respuestas r\u00e1pidas antes de que contin\u00faes<\/h1>\n\n\n\n<div class=\"wp-block-group is-layout-constrained wp-block-group-is-layout-constrained\" style=\"margin-top:64px\">\n<details class=\"wp-block-details is-layout-flow wp-block-details-is-layout-flow\" style=\"border-bottom-color:var(--wp--preset--color--tertiary-light);border-bottom-width:1px;padding-bottom:24px;font-size:18px;font-style:normal;font-weight:600\"><summary>\u00bfPara qu\u00e9 est\u00e1 dise\u00f1ado este cubrimiento?<\/summary>\n<p class=\"has-small-font-size\" style=\"font-style:normal;font-weight:400\">Est\u00e1 dise\u00f1ado para estudiantes internacionales elegibles que estudian en Espa\u00f1a, requieren una visa de estudiante y necesitan acceso a atenci\u00f3n m\u00e9dica en Espa\u00f1a durante una estancia asegurada m\u00e1s prolongada.<\/p>\n<\/details>\n\n\n\n<details class=\"wp-block-details is-layout-flow wp-block-details-is-layout-flow\" style=\"border-bottom-color:var(--wp--preset--color--tertiary-light);border-bottom-width:1px;padding-bottom:24px;font-size:18px;font-style:normal;font-weight:600\"><summary>\u00bfCu\u00e1nto tiempo puede durar mi estancia en esta ruta?<\/summary>\n<p class=\"has-small-font-size\" style=\"font-style:normal;font-weight:400\">Esta ruta a largo plazo est\u00e1 pensada para estancias de estudio elegibles de m\u00e1s de <strong>90 d\u00edas<\/strong>.<\/p>\n<\/details>\n\n\n\n<details class=\"wp-block-details is-layout-flow wp-block-details-is-layout-flow\" style=\"border-bottom-color:var(--wp--preset--color--tertiary-light);border-bottom-width:1px;padding-bottom:24px;font-size:18px;font-style:normal;font-weight:600\"><summary>\u00bfIncluye el acceso a la atenci\u00f3n m\u00e9dica en Espa\u00f1a?<\/summary>\n<p class=\"has-small-font-size\" style=\"font-style:normal;font-weight:400\">S\u00ed. Est\u00e1 estructurado como una ruta de atenci\u00f3n m\u00e9dica con atenci\u00f3n hospitalaria y ambulatoria en Espa\u00f1a a trav\u00e9s de proveedores y centros aprobados, sujeto a los t\u00e9rminos de la p\u00f3liza.<\/p>\n<\/details>\n\n\n\n<details class=\"wp-block-details is-layout-flow wp-block-details-is-layout-flow\" style=\"border-bottom-color:var(--wp--preset--color--tertiary-light);border-bottom-width:1px;padding-bottom:24px;font-size:18px;font-style:normal;font-weight:600\"><summary>\u00bfIncluye atenci\u00f3n especializada y tratamiento hospitalario?<\/summary>\n<p class=\"has-small-font-size\" style=\"font-style:normal;font-weight:400\">S\u00ed. El producto incluye medicina especializada, hospitalizaci\u00f3n, cirug\u00eda ambulatoria y otros beneficios m\u00e9dicos definidos, sujetos a las reglas de la p\u00f3liza.<\/p>\n<\/details>\n\n\n\n<details class=\"wp-block-details is-layout-flow wp-block-details-is-layout-flow\" style=\"border-bottom-color:var(--wp--preset--color--tertiary-light);border-bottom-width:1px;padding-bottom:24px;font-size:18px;font-style:normal;font-weight:600\"><summary>\u00bfHay copagos o per\u00edodos de espera?<\/summary>\n<p class=\"has-small-font-size\" style=\"font-style:normal;font-weight:400\">No. Este producto est\u00e1 dise\u00f1ado sin copagos ni per\u00edodos de espera.<\/p>\n<\/details>\n\n\n\n<details class=\"wp-block-details is-layout-flow wp-block-details-is-layout-flow\" style=\"border-bottom-color:var(--wp--preset--color--tertiary-light);border-bottom-width:1px;padding-bottom:24px;font-size:18px;font-style:normal;font-weight:600\"><summary>\u00bfIncluye asistencia de viaje?<\/summary>\n<p class=\"has-small-font-size\" style=\"font-style:normal;font-weight:400\">S\u00ed. El producto incluye asistencia en viaje para situaciones cubiertas, sujeta a los t\u00e9rminos de la p\u00f3liza y sus l\u00edmites.<\/p>\n<\/details>\n\n\n\n<details class=\"wp-block-details is-layout-flow wp-block-details-is-layout-flow\" style=\"border-bottom-color:var(--wp--preset--color--tertiary-light);border-bottom-width:1px;padding-bottom:24px;font-size:18px;font-style:normal;font-weight:600\"><summary>\u00bfEl seguro dental est\u00e1 incluido autom\u00e1ticamente?<\/summary>\n<p class=\"has-small-font-size\" style=\"font-style:normal;font-weight:400\">No. La cobertura dental es opcional y sigue su propia tabla de cobertura y franquicias si se selecciona.<\/p>\n<\/details>\n\n\n\n<details class=\"wp-block-details is-layout-flow wp-block-details-is-layout-flow\" style=\"border-bottom-color:var(--wp--preset--color--tertiary-light);border-bottom-width:1px;padding-bottom:24px;font-size:18px;font-style:normal;font-weight:600\"><summary>\u00bfComprar esta p\u00e1gina significa que soy elegible autom\u00e1ticamente?<\/summary>\n<p class=\"has-small-font-size\" style=\"font-style:normal;font-weight:400\">No. La elegibilidad final a\u00fan depende de las verificaciones de la ruta, el perfil del estudiante y los t\u00e9rminos de la p\u00f3liza.<\/p>\n<\/details>\n<\/div>\n<\/div>\n<\/div>","protected":false},"excerpt":{"rendered":"<p>Student Health Insurance for Spain Cover for long-term study stays in Spain If you are travelling to Spain for long-term studies and require a study visa, this cover is designed to support your stay with comprehensive healthcare access in Spain during the insured period. It is intended for eligible international students following a longer academic&#8230;<\/p>","protected":false},"author":1,"featured_media":0,"parent":1584,"menu_order":0,"comment_status":"closed","ping_status":"closed","template":"","meta":{"footnotes":""},"class_list":["post-1589","page","type-page","status-publish","hentry"],"_links":{"self":[{"href":"https:\/\/studysafe.travel\/es\/wp-json\/wp\/v2\/pages\/1589","targetHints":{"allow":["GET"]}}],"collection":[{"href":"https:\/\/studysafe.travel\/es\/wp-json\/wp\/v2\/pages"}],"about":[{"href":"https:\/\/studysafe.travel\/es\/wp-json\/wp\/v2\/types\/page"}],"author":[{"embeddable":true,"href":"https:\/\/studysafe.travel\/es\/wp-json\/wp\/v2\/users\/1"}],"replies":[{"embeddable":true,"href":"https:\/\/studysafe.travel\/es\/wp-json\/wp\/v2\/comments?post=1589"}],"version-history":[{"count":8,"href":"https:\/\/studysafe.travel\/es\/wp-json\/wp\/v2\/pages\/1589\/revisions"}],"predecessor-version":[{"id":1905,"href":"https:\/\/studysafe.travel\/es\/wp-json\/wp\/v2\/pages\/1589\/revisions\/1905"}],"up":[{"embeddable":true,"href":"https:\/\/studysafe.travel\/es\/wp-json\/wp\/v2\/pages\/1584"}],"wp:attachment":[{"href":"https:\/\/studysafe.travel\/es\/wp-json\/wp\/v2\/media?parent=1589"}],"curies":[{"name":"wp","href":"https:\/\/api.w.org\/{rel}","templated":true}]}}