{"id":1072,"date":"2026-04-07T15:15:55","date_gmt":"2026-04-07T15:15:55","guid":{"rendered":"https:\/\/studysafe.travel\/?page_id=1072"},"modified":"2026-04-23T08:13:15","modified_gmt":"2026-04-23T08:13:15","slug":"couverture","status":"publish","type":"page","link":"https:\/\/studysafe.travel\/fr\/im-going-to-spain\/language-school-students\/short-term\/coverage\/","title":{"rendered":"Couverture"},"content":{"rendered":"<link rel=\"stylesheet\" href=\"https:\/\/fonts.googleapis.com\/css2?family=Geist:wght@400;500;600;700;800\" \/>\n<div class=\"wp-block-group has-background is-layout-constrained wp-container-core-group-is-layout-eb65c542 wp-block-group-is-layout-constrained\" style=\"background:linear-gradient(135deg,rgb(243,248,255) 46%,rgb(255,243,243) 100%);margin-top:0;margin-bottom:0;padding-top:80px;padding-right:26px;padding-bottom:100px;padding-left:26px;font-size:16px;font-style:normal;font-weight:400;line-height:1.6; font-family: 'Geist' !important;\">\n\n\n<div style=\"height:25px\" aria-hidden=\"true\" class=\"wp-block-spacer\"><\/div>\n\n\n\n<div class=\"wp-block-columns alignwide is-layout-flex wp-container-core-columns-is-layout-f74a9aa3 wp-block-columns-is-layout-flex\" style=\"margin-top:0;margin-bottom:0;padding-top:0;padding-right:0;padding-bottom:0;padding-left:0\">\n<div class=\"wp-block-column is-vertically-aligned-top is-layout-flow wp-container-core-column-is-layout-a77db08e wp-block-column-is-layout-flow cozy-animation__initialized\">\n<figure class=\"wp-block-image size-full has-custom-border cozy-responsive-show__initialized cozy-hover-effect__initialized\" style=\"\" data-desktop-show=\"1\" data-tablet-show=\"\" data-tablet-viewport-width=\"980\" data-mobile-show=\"\" data-mobile-viewport-width=\"767\"><img loading=\"lazy\" decoding=\"async\" width=\"600\" height=\"600\" src=\"https:\/\/studysafe.travel\/wp-content\/uploads\/2026\/02\/study-travel-Eligibility-Claims-Key-Limits.png\" alt=\"\" class=\"wp-image-202\" style=\"border-style:none;border-width:0px;border-top-left-radius:0px;border-top-right-radius:0px;border-bottom-left-radius:0px;border-bottom-right-radius:0px\" srcset=\"https:\/\/studysafe.travel\/wp-content\/uploads\/2026\/02\/study-travel-Eligibility-Claims-Key-Limits.png 600w, https:\/\/studysafe.travel\/wp-content\/uploads\/2026\/02\/study-travel-Eligibility-Claims-Key-Limits-300x300.png 300w, https:\/\/studysafe.travel\/wp-content\/uploads\/2026\/02\/study-travel-Eligibility-Claims-Key-Limits-150x150.png 150w\" sizes=\"auto, (max-width: 600px) 100vw, 600px\" \/><\/figure>\n<\/div>\n\n\n<link rel=\"stylesheet\" href=\"https:\/\/fonts.googleapis.com\/css2?family=Geist:wght@400;500;600;700;800\" \/>\n<div class=\"wp-block-column is-content-justification-left is-layout-constrained wp-container-core-column-is-layout-e710f4ca wp-block-column-is-layout-constrained\" style=\"flex-basis:55%; font-family: 'Geist' !important;\">\n<div class=\"wp-block-group is-nowrap is-layout-flex wp-container-core-group-is-layout-ecba6b92 wp-block-group-is-layout-flex\" style=\"margin-top:0;margin-bottom:0\">\n<p class=\"has-text-align-center has-text-color has-background has-link-color wp-elements-3e06efe5367f0cf80547e186fcec85d1\" style=\"border-radius:100px;color:#aa151b;background-color:#ffd7d7;padding-top:6px;padding-right:16px;padding-bottom:6px;padding-left:16px;font-size:14px;font-style:normal;font-weight:500\"><strong>Assurance \u00e9tudiante pour l'Espagne<\/strong><\/p>\n<\/div>\n\n\n\n<h2 class=\"wp-block-heading has-text-color has-link-color wp-elements-6c0ae434bc5459315cb7bf79fcd90e4e\" style=\"color:#031d1b;margin-top:6px;margin-bottom:16px;font-size:48px;font-style:normal;font-weight:600;line-height:1.2\">Couverture pour courts s\u00e9jours d'\u00e9tudes en Espagne<\/h2>\n\n\n\n<p>Si vous voyagez en Espagne pour un <strong>cours de langue rapide<\/strong>, cette couverture est con\u00e7ue pour vous aider \u00e0 vous prot\u00e9ger tout au long de votre s\u00e9jour. Elle soutient les \u00e9tudiants internationaux \u00e9ligibles avec une protection pratique pour les probl\u00e8mes m\u00e9dicaux impr\u00e9vus, le soutien d'urgence et les probl\u00e8mes cl\u00e9s li\u00e9s aux voyages qui peuvent affecter un court s\u00e9jour acad\u00e9mique \u00e0 l'\u00e9tranger. <strong>Court terme s'applique aux s\u00e9jours d'\u00e9tudes allant jusqu'\u00e0 89 jours.<\/strong><\/p>\n\n\n\n<p>Des soins m\u00e9dicaux d'urgence au soutien de rapatriement et \u00e0 l'acc\u00e8s \u00e0 une aide pratique en cas d'impr\u00e9vu, cette couverture est con\u00e7ue pour donner aux \u00e9tudiants une confiance accrue pendant leur s\u00e9jour en Espagne. <\/p>\n\n\n\n<p>C'est une option simple et de soutien pour de courts s\u00e9jours en Espagne, qui vous aide \u00e0 rester concentr\u00e9 sur vos projets, vos \u00e9tudes et votre s\u00e9jour \u00e0 l'\u00e9tranger.<\/p>\n\n\n<link rel=\"stylesheet\" href=\"https:\/\/fonts.googleapis.com\/css2?family=Geist:wght@400;500;600;700;800\" \/>\n<div class=\"wp-block-buttons has-custom-font-size is-horizontal is-content-justification-center is-nowrap is-layout-flex wp-container-core-buttons-is-layout-eb04c77a wp-block-buttons-is-layout-flex\" style=\"margin-top:20px;margin-bottom:var(--wp--preset--spacing--30);padding-top:var(--wp--preset--spacing--30);padding-bottom:var(--wp--preset--spacing--30);font-size:16px;font-style:normal;font-weight:400; font-family: 'Geist' !important;\">\n<div class=\"wp-block-button has-custom-width wp-block-button__width-100 is-style-button-hover-white-bgcolor cozy-animation__initialized cozy-button-hover-styles\" style=\"; --cozyButtonBgColorHover: #6f3dff; --cozyButtonColorHover: currentColor; --cozyButtonBorderHover: ; \" data-aos=\"fade-up\" data-aos-easing=\"ease-in\" data-aos-anchor-placement=\"top-bottom\" data-aos-duration=\"600\"><a class=\"wp-block-button__link wp-element-button\" href=\"https:\/\/studysafe.travel\/fr\/je-vais-en-espagne\/etudiants-en-ecole-de-langues\/court-terme\/verifier-leligibilite\/\">Ai-je droit ?<\/a><\/div>\n<\/div>\n\n\n<link rel=\"stylesheet\" href=\"https:\/\/fonts.googleapis.com\/css2?family=Geist:wght@400;500;600;700;800\" \/>\n<div class=\"wp-block-buttons has-custom-font-size is-horizontal is-content-justification-left is-nowrap is-layout-flex wp-container-core-buttons-is-layout-3d3318cf wp-block-buttons-is-layout-flex\" style=\"margin-top:20px;margin-bottom:var(--wp--preset--spacing--30);padding-top:var(--wp--preset--spacing--30);padding-bottom:var(--wp--preset--spacing--30);font-size:16px;font-style:normal;font-weight:400; font-family: 'Geist' !important;\">\n<div class=\"wp-block-button has-custom-width wp-block-button__width-50 is-style-button-hover-white-bgcolor cozy-animation__initialized cozy-button-hover-styles\" style=\"; --cozyButtonBgColorHover: #6f3dff; --cozyButtonColorHover: currentColor; --cozyButtonBorderHover: ; \" data-aos=\"fade-up\" data-aos-easing=\"ease-in\" data-aos-anchor-placement=\"top-bottom\" data-aos-duration=\"600\"><a class=\"wp-block-button__link wp-element-button\" href=\"https:\/\/studysafe.travel\/fr\/je-vais-en-espagne\/etudiants-en-ecole-de-langues\/court-terme\/faq\/\">Lire la FAQ<\/a><\/div>\n\n\n\n<div class=\"wp-block-button has-custom-width wp-block-button__width-50 is-style-button-hover-white-bgcolor cozy-animation__initialized cozy-button-hover-styles\" style=\"; --cozyButtonBgColorHover: #6f3dff; --cozyButtonColorHover: currentColor; --cozyButtonBorderHover: ; \" data-aos=\"fade-up\" data-aos-easing=\"ease-in\" data-aos-anchor-placement=\"top-bottom\" data-aos-duration=\"600\"><a class=\"wp-block-button__link wp-element-button\" href=\"https:\/\/studysafe.travel\/fr\/je-vais-en-espagne\/etudiants-en-ecole-de-langues\/court-terme\/informations-importantes\/\">Informations<\/a><\/div>\n<\/div>\n<\/div>\n<\/div>\n<\/div>\n\n\n<link rel=\"stylesheet\" href=\"https:\/\/fonts.googleapis.com\/css2?family=Geist:wght@400;500;600;700;800\" \/>\n<div class=\"wp-block-group has-background is-layout-constrained wp-container-core-group-is-layout-eb65c542 wp-block-group-is-layout-constrained\" style=\"background:linear-gradient(135deg,rgb(243,248,255) 46%,rgb(255,243,243) 100%);margin-top:0;margin-bottom:0;padding-top:80px;padding-right:26px;padding-bottom:100px;padding-left:26px;font-size:16px;font-style:normal;font-weight:400;line-height:1.6; font-family: 'Geist' !important;\">\n<div class=\"wp-block-columns alignwide is-layout-flex wp-container-core-columns-is-layout-f74a9aa3 wp-block-columns-is-layout-flex\" style=\"margin-top:0;margin-bottom:0;padding-top:0;padding-right:0;padding-bottom:0;padding-left:0\"><link rel=\"stylesheet\" href=\"https:\/\/fonts.googleapis.com\/css2?family=Geist:wght@400;500;600;700;800\" \/>\n<div class=\"wp-block-column is-content-justification-left is-layout-constrained wp-container-core-column-is-layout-e710f4ca wp-block-column-is-layout-constrained\" style=\"flex-basis:55%; font-family: 'Geist' !important;\">\n<div class=\"wp-block-group is-nowrap is-layout-flex wp-container-core-group-is-layout-ecba6b92 wp-block-group-is-layout-flex\" style=\"margin-top:0;margin-bottom:0\">\n<p class=\"has-text-align-center has-text-color has-background has-link-color wp-elements-09488ce4fcf1e6bfc99ed854ee42655d\" style=\"border-radius:100px;color:#aa151b;background-color:#ffd7d7;padding-top:6px;padding-right:16px;padding-bottom:6px;padding-left:16px;font-size:14px;font-style:normal;font-weight:500\"><strong>\u00c0 quoi sert cette couverture<\/strong><\/p>\n<\/div>\n\n\n\n<h2 class=\"wp-block-heading has-text-color has-link-color wp-elements-31985d9e7a47f3503d4a2786cb053986\" style=\"color:#031d1b;margin-top:6px;margin-bottom:16px;font-size:48px;font-style:normal;font-weight:600;line-height:1.2\">Protection con\u00e7ue pour les voyages \u00e9tudiants de courte dur\u00e9e<\/h2>\n\n\n\n<p>Les courts s\u00e9jours d'\u00e9tudes comportent toujours des risques r\u00e9els, qu'il s'agisse de maladies impr\u00e9vues, de perturbations de voyage ou d'autres probl\u00e8mes qui peuvent affecter votre s\u00e9jour \u00e0 l'\u00e9tranger.<\/p>\n\n\n\n<p>Cette couverture est con\u00e7ue pour <strong>\u00e9tudiants internationaux \u00e9ligibles se rendant en Espagne<\/strong> <strong>pour un cours de langue<\/strong> hors de leur pays d'origine, avec un soutien ax\u00e9 sur les situations qui comptent le plus pendant un s\u00e9jour d'\u00e9tudes temporaire.<\/p>\n\n\n\n<p>Elle combine une protection m\u00e9dicale, un soutien en cas de perturbation de voyage et une aide pratique si quelque chose d'inattendu affecte le voyage avant ou pendant le s\u00e9jour, aidant ainsi les \u00e9tudiants \u00e0 se sentir plus soutenus tout au long de leur s\u00e9jour en Espagne.<\/p>\n\n\n\n<p>Il est pr\u00e9vu d'offrir aux \u00e9tudiants une tranquillit\u00e9 d'esprit suppl\u00e9mentaire lors d'un court s\u00e9jour \u00e0 l'\u00e9tranger, facilitant ainsi la gestion de l'impr\u00e9vu tout en leur permettant de rester concentr\u00e9s sur leurs \u00e9tudes, leurs projets et leur exp\u00e9rience en Espagne.<\/p>\n<\/div>\n\n\n\n<div class=\"wp-block-column is-vertically-aligned-top is-layout-flow wp-container-core-column-is-layout-a77db08e wp-block-column-is-layout-flow cozy-animation__initialized\">\n<figure class=\"wp-block-image size-full has-custom-border cozy-responsive-show__initialized cozy-hover-effect__initialized\" style=\"\" data-desktop-show=\"1\" data-tablet-show=\"\" data-tablet-viewport-width=\"980\" data-mobile-show=\"\" data-mobile-viewport-width=\"767\"><img loading=\"lazy\" decoding=\"async\" width=\"600\" height=\"600\" src=\"https:\/\/studysafe.travel\/wp-content\/uploads\/2026\/02\/study-travel-about-us.png\" alt=\"\" class=\"wp-image-388\" style=\"border-style:none;border-width:0px;border-top-left-radius:0px;border-top-right-radius:0px;border-bottom-left-radius:0px;border-bottom-right-radius:0px\" srcset=\"https:\/\/studysafe.travel\/wp-content\/uploads\/2026\/02\/study-travel-about-us.png 600w, https:\/\/studysafe.travel\/wp-content\/uploads\/2026\/02\/study-travel-about-us-300x300.png 300w, https:\/\/studysafe.travel\/wp-content\/uploads\/2026\/02\/study-travel-about-us-150x150.png 150w\" sizes=\"auto, (max-width: 600px) 100vw, 600px\" \/><\/figure>\n<\/div>\n<\/div>\n<\/div>\n\n\n\n<div class=\"wp-block-group has-background-background-color has-background is-layout-constrained wp-container-core-group-is-layout-ef55149e wp-block-group-is-layout-constrained\" style=\"margin-top:0;margin-bottom:0;padding-top:4rem;padding-right:var(--wp--preset--spacing--40);padding-bottom:6rem;padding-left:var(--wp--preset--spacing--40)\">\n<h5 class=\"wp-block-heading has-text-align-center has-text-color has-link-color has-small-font-size wp-elements-54682fe68da72bee8bb3744a067095a9\" style=\"color:#aa151b;letter-spacing:4px;text-transform:uppercase\">Ce qui est inclus<\/h5>\n\n\n\n<h2 class=\"wp-block-heading has-text-align-center cozy-animation__initialized\" data-aos=\"fade-up\" data-aos-easing=\"ease-in\" data-aos-anchor-placement=\"top-bottom\" data-aos-duration=\"600\">Protection essentielle de votre s\u00e9jour en Espagne<\/h2>\n\n\n\n<p class=\"has-text-align-center has-small-font-size cozy-animation__initialized\" data-aos=\"fade-up\" data-aos-easing=\"ease-in\" data-aos-anchor-placement=\"top-bottom\" data-aos-duration=\"600\">Cette couverture \u00e0 court terme regroupe les principaux domaines de protection dont les \u00e9tudiants sont les plus susceptibles d'avoir besoin lors d'un court s\u00e9jour d'\u00e9tudes \u00e0 l'\u00e9tranger. Elle comprend une protection en cas d'annulation ou d'interruption, de retard ou de d\u00e9part manqu\u00e9, de probl\u00e8mes li\u00e9s aux bagages, d'aide m\u00e9dicale d'urgence, de rapatriement, de prestations d'hospitalisation, d'accident corporel, de responsabilit\u00e9 civile, et d'autres risques cl\u00e9s li\u00e9s aux voyages, sous r\u00e9serve des termes de la police.<\/p>\n\n\n\n<div class=\"wp-block-columns is-layout-flex wp-container-core-columns-is-layout-aac82623 wp-block-columns-is-layout-flex\" style=\"border-style:none;border-width:0px;padding-top:var(--wp--preset--spacing--60)\">\n<div class=\"wp-block-column fotawp-fade-up is-layout-flow wp-block-column-is-layout-flow\" style=\"border-bottom-style:none;border-bottom-width:0px;padding-right:0;padding-bottom:0\">\n<div class=\"wp-block-group has-border-color is-layout-constrained wp-container-core-group-is-layout-95339512 wp-block-group-is-layout-constrained\" style=\"border-color:#EFEAF7;border-width:1px;border-radius:12px;padding-top:24px;padding-right:24px;padding-bottom:24px;padding-left:24px\">\n<h3 class=\"wp-block-heading is-style-default has-medium-font-size\" style=\"padding-bottom:0\">Soutien m\u00e9dical d'urgence<\/h3>\n\n\n\n<p style=\"font-size:16px;line-height:1.5\">Comprend une protection pour les d\u00e9penses m\u00e9dicales d'urgence admissibles pendant votre s\u00e9jour en Espagne, avec une couverture d'urgence m\u00e9dicale et connexe indiqu\u00e9e jusqu'\u00e0 <strong>10 000 000 EUR<\/strong>. Cette section comprend \u00e9galement les frais de rapatriement, les soins dentaires d'urgence jusqu'\u00e0 <strong>300 EUR<\/strong>, et les frais fun\u00e9raires ou de s\u00e9pulture jusqu'\u00e0 <strong>EUR 5 000<\/strong>.<\/p>\n<\/div>\n<\/div>\n\n\n\n<div class=\"wp-block-column fotawp-fade-up is-layout-flow wp-block-column-is-layout-flow\" style=\"border-top-style:none;border-top-width:0px;border-bottom-style:none;border-bottom-width:0px;padding-right:0;padding-bottom:0\">\n<div class=\"wp-block-group has-border-color is-layout-constrained wp-container-core-group-is-layout-95339512 wp-block-group-is-layout-constrained\" style=\"border-color:#EFEAF7;border-width:1px;border-radius:12px;padding-top:24px;padding-right:24px;padding-bottom:24px;padding-left:24px\">\n<h3 class=\"wp-block-heading has-medium-font-size\" style=\"padding-bottom:0\">Assistance rapatriement<\/h3>\n\n\n\n<p style=\"font-size:16px;line-height:1.5\">En cas de n\u00e9cessit\u00e9 due \u00e0 une situation m\u00e9dicale grave, cette couverture inclut une assistance rapatriement dans la section des frais m\u00e9dicaux d'urgence et autres d\u00e9penses. L'assistance est con\u00e7ue pour aider les \u00e9tudiants \u00e0 obtenir rapidement les conseils appropri\u00e9s si un cas devient grave.<\/p>\n<\/div>\n<\/div>\n<\/div>\n\n\n\n<div class=\"wp-block-columns is-layout-flex wp-container-core-columns-is-layout-f25c431a wp-block-columns-is-layout-flex\" style=\"border-style:none;border-width:0px;margin-top:34px;padding-top:0\">\n<div class=\"wp-block-column fotawp-fade-up is-layout-flow wp-block-column-is-layout-flow\" style=\"border-bottom-style:none;border-bottom-width:0px;padding-right:0;padding-bottom:0\">\n<div class=\"wp-block-group has-border-color is-layout-constrained wp-container-core-group-is-layout-95339512 wp-block-group-is-layout-constrained\" style=\"border-color:#EFEAF7;border-width:1px;border-radius:12px;padding-top:24px;padding-right:24px;padding-bottom:24px;padding-left:24px\">\n<h3 class=\"wp-block-heading has-medium-font-size\" style=\"padding-bottom:0\">Annulation ou r\u00e9siliation<\/h3>\n\n\n\n<p style=\"font-size:16px;line-height:1.5\">Si un \u00e9v\u00e9nement couvert et admissible affecte le voyage avant le d\u00e9part ou le contraint \u00e0 \u00eatre \u00e9court\u00e9, cette couverture inclut une protection contre l'annulation et l'interruption. La couverture standard pour l'annulation, l'interruption et l'abandon est indiqu\u00e9e jusqu'\u00e0 <strong>7 500 EUR<\/strong>, avec une couverture sup\u00e9rieure facultative montr\u00e9e jusqu'\u00e0 <strong>25\u00a0000\u00a0EUR<\/strong>.<\/p>\n<\/div>\n<\/div>\n\n\n\n<div class=\"wp-block-column fotawp-fade-up is-layout-flow wp-block-column-is-layout-flow\" style=\"border-bottom-style:none;border-bottom-width:0px;padding-right:0;padding-bottom:0\">\n<div class=\"wp-block-group has-border-color has-tertiary-light-border-color is-layout-constrained wp-container-core-group-is-layout-95339512 wp-block-group-is-layout-constrained\" style=\"border-width:1px;border-radius:12px;padding-top:24px;padding-right:24px;padding-bottom:24px;padding-left:24px\">\n<h3 class=\"wp-block-heading has-medium-font-size\" style=\"padding-bottom:0\">Soutien au r\u00e9am\u00e9nagement<\/h3>\n\n\n\n<p style=\"font-size:16px;line-height:1.5\">Si un voyage doit \u00eatre r\u00e9organis\u00e9 avant le d\u00e9part en raison d'un \u00e9v\u00e9nement couvert admissible, cette couverture comprend une assistance \u00e0 la r\u00e9organisation, avec les co\u00fbts suppl\u00e9mentaires indiqu\u00e9s jusqu'\u00e0 <strong>1 000 EUR<\/strong>.<\/p>\n<\/div>\n<\/div>\n<\/div>\n\n\n\n<div class=\"wp-block-columns is-layout-flex wp-container-core-columns-is-layout-f25c431a wp-block-columns-is-layout-flex\" style=\"border-style:none;border-width:0px;margin-top:34px;padding-top:0\">\n<div class=\"wp-block-column fotawp-fade-up is-layout-flow wp-block-column-is-layout-flow\" style=\"border-bottom-style:none;border-bottom-width:0px;padding-right:0;padding-bottom:0\">\n<div class=\"wp-block-group has-border-color is-layout-constrained wp-container-core-group-is-layout-95339512 wp-block-group-is-layout-constrained\" style=\"border-color:#EFEAF7;border-width:1px;border-radius:12px;padding-top:24px;padding-right:24px;padding-bottom:24px;padding-left:24px\">\n<h3 class=\"wp-block-heading has-medium-font-size\" style=\"padding-bottom:0\">D\u00e9part retard\u00e9<\/h3>\n\n\n\n<p style=\"font-size:16px;line-height:1.5\">Si le d\u00e9part d'un \u00e9tudiant est s\u00e9rieusement retard\u00e9 pour une raison couverte, cette couverture comprend une aide en cas de retard de d\u00e9part. Le calendrier de la police indique <strong>20 EUR pour les 12 premi\u00e8res heures<\/strong>, puis <strong>EUR 20 pour chaque p\u00e9riode compl\u00e8te de 12 heures suppl\u00e9mentaire<\/strong>, jusqu'\u00e0 <strong>80 EUR<\/strong>.<\/p>\n<\/div>\n<\/div>\n\n\n\n<div class=\"wp-block-column fotawp-fade-up is-layout-flow wp-block-column-is-layout-flow\" style=\"border-bottom-style:none;border-bottom-width:0px;padding-right:0;padding-bottom:0\">\n<div class=\"wp-block-group has-border-color has-tertiary-light-border-color is-layout-constrained wp-container-core-group-is-layout-95339512 wp-block-group-is-layout-constrained\" style=\"border-width:1px;border-radius:12px;padding-top:24px;padding-right:24px;padding-bottom:24px;padding-left:24px\">\n<h3 class=\"wp-block-heading has-medium-font-size\" style=\"padding-bottom:0\">D\u00e9part manqu\u00e9<\/h3>\n\n\n\n<p style=\"font-size:16px;line-height:1.5\">Si une perturbation couverte entra\u00eene le manquement d'un \u00e9tudiant \u00e0 son d\u00e9part, cette couverture comprend une section \u00ab d\u00e9part manqu\u00e9 \u00bb, avec le <strong>calendrier des politiques<\/strong> soutenir jusqu'\u00e0 7 500 EUR.<\/p>\n<\/div>\n<\/div>\n<\/div>\n\n\n\n<div class=\"wp-block-columns is-layout-flex wp-container-core-columns-is-layout-f25c431a wp-block-columns-is-layout-flex\" style=\"border-style:none;border-width:0px;margin-top:34px;padding-top:0\">\n<div class=\"wp-block-column fotawp-fade-up is-layout-flow wp-block-column-is-layout-flow\" style=\"border-bottom-style:none;border-bottom-width:0px;padding-right:0;padding-bottom:0\">\n<div class=\"wp-block-group has-border-color is-layout-constrained wp-container-core-group-is-layout-95339512 wp-block-group-is-layout-constrained\" style=\"border-color:#EFEAF7;border-width:1px;border-radius:12px;padding-top:24px;padding-right:24px;padding-bottom:24px;padding-left:24px\">\n<h3 class=\"wp-block-heading has-medium-font-size\" style=\"padding-bottom:0\">Retard de bagages<\/h3>\n\n\n\n<p style=\"font-size:16px;line-height:1.5\">Si les bagages enregistr\u00e9s sont retard\u00e9s lors du voyage aller, cette garantie inclut l'assistance en cas de retard de bagages. La police montre une couverture de remplacement d'urgence jusqu'\u00e0 <strong>100 EUR<\/strong>, sous r\u00e9serve des conditions de la police.<\/p>\n<\/div>\n<\/div>\n\n\n\n<div class=\"wp-block-column fotawp-fade-up is-layout-flow wp-block-column-is-layout-flow\" style=\"border-bottom-style:none;border-bottom-width:0px;padding-right:0;padding-bottom:0\">\n<div class=\"wp-block-group has-border-color has-tertiary-light-border-color is-layout-constrained wp-container-core-group-is-layout-95339512 wp-block-group-is-layout-constrained\" style=\"border-width:1px;border-radius:12px;padding-top:24px;padding-right:24px;padding-bottom:24px;padding-left:24px\">\n<h3 class=\"wp-block-heading has-medium-font-size\" style=\"padding-bottom:0\">Bagages, argent personnel et documents de voyage<\/h3>\n\n\n\n<p style=\"font-size:16px;line-height:1.5\">Cette couverture comprend \u00e9galement une protection pour certaines pertes li\u00e9es aux bagages et des probl\u00e8mes sp\u00e9cifiques affectant les esp\u00e8ces ou les documents de voyage. Le tableau des polices indique une couverture des bagages et des documents de voyage jusqu'\u00e0 <strong>2 000 EUR<\/strong>, objets de valeur jusqu'\u00e0 <strong>250 EUR<\/strong>, argent personnel jusqu'\u00e0 <strong>250 EUR<\/strong>, et les documents de voyage jusqu'\u00e0 <strong>250 EUR<\/strong>.<\/p>\n<\/div>\n<\/div>\n<\/div>\n\n\n\n<div class=\"wp-block-columns is-layout-flex wp-container-core-columns-is-layout-f25c431a wp-block-columns-is-layout-flex\" style=\"border-style:none;border-width:0px;margin-top:34px;padding-top:0\">\n<div class=\"wp-block-column fotawp-fade-up is-layout-flow wp-block-column-is-layout-flow\" style=\"border-bottom-style:none;border-bottom-width:0px;padding-right:0;padding-bottom:0\">\n<div class=\"wp-block-group has-border-color is-layout-constrained wp-container-core-group-is-layout-95339512 wp-block-group-is-layout-constrained\" style=\"border-color:#EFEAF7;border-width:1px;border-radius:12px;padding-top:24px;padding-right:24px;padding-bottom:24px;padding-left:24px\">\n<h3 class=\"wp-block-heading has-medium-font-size\" style=\"padding-bottom:0\">B\u00e9n\u00e9fice hospitalier<\/h3>\n\n\n\n<p style=\"font-size:16px;line-height:1.5\">Si un incident m\u00e9dical couvert entra\u00eene une hospitalisation, cette couverture inclut une prestation hospitali\u00e8re. Le tableau des polices indique <strong>20 EUR pour chaque p\u00e9riode compl\u00e8te de 24 heures<\/strong>, jusqu'\u00e0 <strong>100 EUR<\/strong>.<\/p>\n<\/div>\n<\/div>\n\n\n\n<div class=\"wp-block-column fotawp-fade-up is-layout-flow wp-block-column-is-layout-flow\" style=\"border-bottom-style:none;border-bottom-width:0px;padding-right:0;padding-bottom:0\">\n<div class=\"wp-block-group has-border-color has-tertiary-light-border-color is-layout-constrained wp-container-core-group-is-layout-95339512 wp-block-group-is-layout-constrained\" style=\"border-width:1px;border-radius:12px;padding-top:24px;padding-right:24px;padding-bottom:24px;padding-left:24px\">\n<h3 class=\"wp-block-heading has-medium-font-size\" style=\"padding-bottom:0\">Protection personnelle contre les accidents<\/h3>\n\n\n\n<p style=\"font-size:16px;line-height:1.5\">Cette couverture comprend une protection contre les accidents personnels et les accidents de transport public pour les incidents graves couverts durant le voyage assur\u00e9. Le tableau des garanties pr\u00e9sente les avantages jusqu'\u00e0 <strong>25\u00a0000\u00a0EUR<\/strong>, selon le type de sinistre et l'\u00e2ge de l'assur\u00e9.<\/p>\n<\/div>\n<\/div>\n<\/div>\n\n\n\n<div class=\"wp-block-columns is-layout-flex wp-container-core-columns-is-layout-f25c431a wp-block-columns-is-layout-flex\" style=\"border-style:none;border-width:0px;margin-top:34px;padding-top:0\">\n<div class=\"wp-block-column fotawp-fade-up is-layout-flow wp-block-column-is-layout-flow\" style=\"border-bottom-style:none;border-bottom-width:0px;padding-right:0;padding-bottom:0\">\n<div class=\"wp-block-group has-border-color is-layout-constrained wp-container-core-group-is-layout-95339512 wp-block-group-is-layout-constrained\" style=\"border-color:#EFEAF7;border-width:1px;border-radius:12px;padding-top:24px;padding-right:24px;padding-bottom:24px;padding-left:24px\">\n<h3 class=\"wp-block-heading has-medium-font-size\" style=\"padding-bottom:0\">Responsabilit\u00e9 personnelle<\/h3>\n\n\n\n<p style=\"font-size:16px;line-height:1.5\">Comprend une protection en responsabilit\u00e9 civile si l'\u00e9tudiant assur\u00e9 est l\u00e9galement responsable de certaines blessures accidentelles ou dommages mat\u00e9riels pendant le voyage. Le tableau des polices indique une couverture en responsabilit\u00e9 civile allant jusqu'\u00e0 <strong>2 500 000 EUR<\/strong>, avec perte ou dommage accidentel \u00e0 des biens jusqu'\u00e0 concurrence de <strong>500 EUR<\/strong>.<\/p>\n<\/div>\n<\/div>\n\n\n\n<div class=\"wp-block-column fotawp-fade-up is-layout-flow wp-block-column-is-layout-flow\" style=\"border-bottom-style:none;border-bottom-width:0px;padding-right:0;padding-bottom:0\">\n<div class=\"wp-block-group has-border-color has-tertiary-light-border-color is-layout-constrained wp-container-core-group-is-layout-95339512 wp-block-group-is-layout-constrained\" style=\"border-width:1px;border-radius:12px;padding-top:24px;padding-right:24px;padding-bottom:24px;padding-left:24px\">\n<h3 class=\"wp-block-heading has-medium-font-size\" style=\"padding-bottom:0\">Mort lors d'un voyage<\/h3>\n\n\n\n<p style=\"font-size:16px;line-height:1.5\">Cette couverture inclut \u00e9galement une indemnit\u00e9 d\u00e9c\u00e8s d\u00e9finie lors d'un voyage, avec la <strong>calendrier des politiques<\/strong> s'\u00e9levant \u00e0 20 000 EUR.<\/p>\n<\/div>\n<\/div>\n<\/div>\n<\/div>\n\n\n\n<div class=\"wp-block-group has-background-background-color has-background is-layout-constrained wp-container-core-group-is-layout-ef55149e wp-block-group-is-layout-constrained\" style=\"margin-top:0;margin-bottom:0;padding-top:4rem;padding-right:var(--wp--preset--spacing--40);padding-bottom:6rem;padding-left:var(--wp--preset--spacing--40)\">\n<h5 class=\"wp-block-heading has-text-align-center has-text-color has-link-color has-small-font-size wp-elements-3e15bbeec38943d34d235392115eb5bb\" style=\"color:#aa151b;letter-spacing:4px;text-transform:uppercase\">Assistance lorsque vous \u00eates \u00e0 l'\u00e9tranger<\/h5>\n\n\n\n<h2 class=\"wp-block-heading has-text-align-center cozy-animation__initialized\" data-aos=\"fade-up\" data-aos-easing=\"ease-in\" data-aos-anchor-placement=\"top-bottom\" data-aos-duration=\"600\">Comment l'aide fonctionne pendant votre s\u00e9jour<\/h2>\n\n\n\n<p class=\"has-text-align-center has-small-font-size cozy-animation__initialized\" data-aos=\"fade-up\" data-aos-easing=\"ease-in\" data-aos-anchor-placement=\"top-bottom\" data-aos-duration=\"600\">Cette couverture ne concerne pas seulement le remboursement. Elle donne \u00e9galement aux \u00e9tudiants acc\u00e8s \u00e0 une assistance lorsqu'ils ont besoin d'aide pour comprendre ce qu'il faut faire ensuite, que le probl\u00e8me soit urgent, m\u00e9dical ou li\u00e9 aux voyages. L'assistance est con\u00e7ue pour aider les \u00e9tudiants \u00e0 agir rapidement et \u00e0 suivre le processus correct si quelque chose de grave se produit pendant leur s\u00e9jour en Espagne.<\/p>\n\n\n\n<div class=\"wp-block-columns is-layout-flex wp-container-core-columns-is-layout-aac82623 wp-block-columns-is-layout-flex\" style=\"border-style:none;border-width:0px;padding-top:var(--wp--preset--spacing--60)\">\n<div class=\"wp-block-column fotawp-fade-up is-layout-flow wp-block-column-is-layout-flow\" style=\"border-bottom-style:none;border-bottom-width:0px;padding-right:0;padding-bottom:0\">\n<div class=\"wp-block-group has-border-color is-layout-constrained wp-container-core-group-is-layout-95339512 wp-block-group-is-layout-constrained\" style=\"border-color:#EFEAF7;border-width:1px;border-radius:12px;padding-top:24px;padding-right:24px;padding-bottom:24px;padding-left:24px\">\n<h3 class=\"wp-block-heading has-medium-font-size\" style=\"padding-bottom:0\">Assistance d'urgence 24h\/24 et 7j\/7<\/h3>\n\n\n\n<p style=\"font-size:16px;line-height:1.5\">Si un traitement d'urgence, une hospitalisation ou un soutien de rapatriement urgent peuvent \u00eatre n\u00e9cessaires, les \u00e9tudiants doivent contacter le service d'assistance d'urgence d\u00e8s que possible.<\/p>\n<\/div>\n<\/div>\n\n\n\n<div class=\"wp-block-column fotawp-fade-up is-layout-flow wp-block-column-is-layout-flow\" style=\"border-top-style:none;border-top-width:0px;border-bottom-style:none;border-bottom-width:0px;padding-right:0;padding-bottom:0\">\n<div class=\"wp-block-group has-border-color is-layout-constrained wp-container-core-group-is-layout-95339512 wp-block-group-is-layout-constrained\" style=\"border-color:#EFEAF7;border-width:1px;border-radius:12px;padding-top:24px;padding-right:24px;padding-bottom:24px;padding-left:24px\">\n<h3 class=\"wp-block-heading has-medium-font-size\" style=\"padding-bottom:0\">Soutien m\u00e9dical en ligne<\/h3>\n\n\n\n<p style=\"font-size:16px;line-height:1.5\">Les \u00e9tudiants ont \u00e9galement acc\u00e8s \u00e0 une assistance m\u00e9dicale en ligne par t\u00e9l\u00e9phone, vid\u00e9o et chat, ce qui leur permet d'obtenir des conseils m\u00e9dicaux plus facilement pendant leur s\u00e9jour sans d\u00e9lais inutiles. Cette assistance peut aider pour les cas non hospitaliers appropri\u00e9s et peut \u00e9galement, dans certains cas, aider \u00e0 la prescription de m\u00e9dicaments pour de nouvelles affections.<\/p>\n<\/div>\n<\/div>\n<\/div>\n\n\n\n<div class=\"wp-block-columns is-layout-flex wp-container-core-columns-is-layout-f25c431a wp-block-columns-is-layout-flex\" style=\"border-style:none;border-width:0px;margin-top:34px;padding-top:0\">\n<div class=\"wp-block-column fotawp-fade-up is-layout-flow wp-block-column-is-layout-flow\" style=\"border-bottom-style:none;border-bottom-width:0px;padding-right:0;padding-bottom:0\">\n<div class=\"wp-block-group has-border-color is-layout-constrained wp-container-core-group-is-layout-95339512 wp-block-group-is-layout-constrained\" style=\"border-color:#EFEAF7;border-width:1px;border-radius:12px;padding-top:24px;padding-right:24px;padding-bottom:24px;padding-left:24px\">\n<h3 class=\"wp-block-heading has-medium-font-size\" style=\"padding-bottom:0\">Aide multilingue<\/h3>\n\n\n\n<p style=\"font-size:16px;line-height:1.5\">Le support est disponible en <strong>Anglais, Italien, Espagnol et Allemand<\/strong>, aidant les \u00e9tudiants \u00e0 se sentir plus confiants lorsqu'ils traitent de questions m\u00e9dicales loin de chez eux.<\/p>\n<\/div>\n<\/div>\n\n\n\n<div class=\"wp-block-column fotawp-fade-up is-layout-flow wp-block-column-is-layout-flow\" style=\"border-bottom-style:none;border-bottom-width:0px;padding-right:0;padding-bottom:0\">\n<div class=\"wp-block-group has-border-color has-tertiary-light-border-color is-layout-constrained wp-container-core-group-is-layout-95339512 wp-block-group-is-layout-constrained\" style=\"border-width:1px;border-radius:12px;padding-top:24px;padding-right:24px;padding-bottom:24px;padding-left:24px\">\n<h3 class=\"wp-block-heading has-medium-font-size\" style=\"padding-bottom:0\">Conseils lorsqu'une consultation en personne est n\u00e9cessaire<\/h3>\n\n\n\n<p style=\"font-size:16px;line-height:1.5\">Si un cas ne peut \u00eatre r\u00e9solu \u00e0 distance, l'\u00e9tudiant peut \u00eatre orient\u00e9 vers la prochaine \u00e9tape appropri\u00e9e, y compris le recours \u00e0 une clinique, un h\u00f4pital ou un centre m\u00e9dical en personne. Pour une hospitalisation, la facturation directe peut \u00eatre organis\u00e9e une fois autoris\u00e9e par le processus d'assistance ; pour de nombreux autres cas, les \u00e9tudiants peuvent devoir payer d'abord, puis demander un remboursement avec les documents requis.<\/p>\n<\/div>\n<\/div>\n<\/div>\n\n\n\n<div class=\"wp-block-columns is-layout-flex wp-container-core-columns-is-layout-f25c431a wp-block-columns-is-layout-flex\" style=\"border-style:none;border-width:0px;margin-top:34px;padding-top:0\">\n<div class=\"wp-block-column fotawp-fade-up is-layout-flow wp-block-column-is-layout-flow\" style=\"border-bottom-style:none;border-bottom-width:0px;padding-right:0;padding-bottom:0\">\n<div class=\"wp-block-group has-border-color is-layout-constrained wp-container-core-group-is-layout-95339512 wp-block-group-is-layout-constrained\" style=\"border-color:#EFEAF7;border-width:1px;border-radius:12px;padding-top:24px;padding-right:24px;padding-bottom:24px;padding-left:24px\">\n<h3 class=\"wp-block-heading has-medium-font-size\" style=\"padding-bottom:0\">R\u00e9clamations et remboursement<\/h3>\n\n\n\n<p style=\"font-size:16px;line-height:1.5\">Pour les sinistres non urgents, les \u00e9tudiants doivent conserver les factures, re\u00e7us, certificats et toute autre preuve requise. Les sinistres peuvent \u00eatre soumis par le biais de la voie de d\u00e9claration de sinistre appropri\u00e9e, et une preuve de paiement originale peut \u00eatre exig\u00e9e.<\/p>\n<\/div>\n<\/div>\n\n\n\n<div class=\"wp-block-column fotawp-fade-up is-layout-flow wp-block-column-is-layout-flow\" style=\"border-bottom-style:none;border-bottom-width:0px;padding-right:0;padding-bottom:0\">\n<div class=\"wp-block-group has-border-color has-tertiary-light-border-color is-layout-constrained wp-container-core-group-is-layout-95339512 wp-block-group-is-layout-constrained\" style=\"border-width:1px;border-radius:12px;padding-top:24px;padding-right:24px;padding-bottom:24px;padding-left:24px\"><\/div>\n<\/div>\n<\/div>\n<\/div>\n\n\n\n<div class=\"wp-block-group has-background-background-color has-background is-layout-constrained wp-container-core-group-is-layout-ef55149e wp-block-group-is-layout-constrained\" style=\"margin-top:0;margin-bottom:0;padding-top:4rem;padding-right:var(--wp--preset--spacing--40);padding-bottom:6rem;padding-left:var(--wp--preset--spacing--40)\">\n<h5 class=\"wp-block-heading has-text-align-center has-text-color has-link-color has-small-font-size wp-elements-bf40360b3b9c9fd5a1a15443158fac04\" style=\"color:#aa151b;letter-spacing:4px;text-transform:uppercase\">Important avant d'acheter<\/h5>\n\n\n\n<h2 class=\"wp-block-heading has-text-align-center cozy-animation__initialized\" data-aos=\"fade-up\" data-aos-easing=\"ease-in\" data-aos-anchor-placement=\"top-bottom\" data-aos-duration=\"600\">Les choses que les \u00e9tudiants devraient comprendre clairement<\/h2>\n\n\n\n<p class=\"has-text-align-center has-small-font-size cozy-animation__initialized\" data-aos=\"fade-up\" data-aos-easing=\"ease-in\" data-aos-anchor-placement=\"top-bottom\" data-aos-duration=\"600\">Avant d'acheter, les \u00e9tudiants doivent comprendre \u00e0 quoi sert cette couverture, \u00e0 quoi elle ne sert pas, et comment fonctionnent les r\u00e8gles principales. Cette page est con\u00e7ue pour expliquer clairement le produit, mais les conditions g\u00e9n\u00e9rales compl\u00e8tes et les documents d'information sur le produit restent essentiels avant l'achat.<\/p>\n\n\n\n<div class=\"wp-block-columns is-layout-flex wp-container-core-columns-is-layout-aac82623 wp-block-columns-is-layout-flex\" style=\"border-style:none;border-width:0px;padding-top:var(--wp--preset--spacing--60)\">\n<div class=\"wp-block-column fotawp-fade-up is-layout-flow wp-block-column-is-layout-flow\" style=\"border-bottom-style:none;border-bottom-width:0px;padding-right:0;padding-bottom:0\">\n<div class=\"wp-block-group has-border-color is-layout-constrained wp-container-core-group-is-layout-95339512 wp-block-group-is-layout-constrained\" style=\"border-color:#EFEAF7;border-width:1px;border-radius:12px;padding-top:24px;padding-right:24px;padding-bottom:24px;padding-left:24px\">\n<h3 class=\"wp-block-heading has-medium-font-size\" style=\"padding-bottom:0\">Ce n'est pas une assurance maladie priv\u00e9e<\/h3>\n\n\n\n<p style=\"font-size:16px;line-height:1.5\">Ce produit ne doit pas \u00eatre pr\u00e9sent\u00e9 comme une assurance maladie priv\u00e9e compl\u00e8te. Il est con\u00e7u pour couvrir les accidents, les maladies graves soudaines et d'autres \u00e9v\u00e9nements assur\u00e9s d\u00e9finis au cours d'un s\u00e9jour d'\u00e9tudes \u00e0 l'\u00e9tranger. Veuillez lire attentivement les conditions g\u00e9n\u00e9rales de la police et les documents d'information sur le produit avant de souscrire.<\/p>\n<\/div>\n<\/div>\n\n\n\n<div class=\"wp-block-column fotawp-fade-up is-layout-flow wp-block-column-is-layout-flow\" style=\"border-top-style:none;border-top-width:0px;border-bottom-style:none;border-bottom-width:0px;padding-right:0;padding-bottom:0\">\n<div class=\"wp-block-group has-border-color is-layout-constrained wp-container-core-group-is-layout-95339512 wp-block-group-is-layout-constrained\" style=\"border-color:#EFEAF7;border-width:1px;border-radius:12px;padding-top:24px;padding-right:24px;padding-bottom:24px;padding-left:24px\">\n<h3 class=\"wp-block-heading has-medium-font-size\" style=\"padding-bottom:0\">Les conditions pr\u00e9existantes sont restreintes<\/h3>\n\n\n\n<p style=\"font-size:16px;line-height:1.5\">Les affections m\u00e9dicales pr\u00e9existantes ne sont g\u00e9n\u00e9ralement pas couvertes, sauf si elles entrent dans le cadre des conditions acceptables d\u00e9finies dans les termes de la police. Les sinistres li\u00e9s \u00e0 certaines chirurgies r\u00e9centes, traitements ambulatoires ou consultations hospitali\u00e8res effectu\u00e9es avant la souscription peuvent \u00e9galement ne pas \u00eatre couverts.<\/p>\n<\/div>\n<\/div>\n<\/div>\n\n\n\n<div class=\"wp-block-columns is-layout-flex wp-container-core-columns-is-layout-f25c431a wp-block-columns-is-layout-flex\" style=\"border-style:none;border-width:0px;margin-top:34px;padding-top:0\">\n<div class=\"wp-block-column fotawp-fade-up is-layout-flow wp-block-column-is-layout-flow\" style=\"border-bottom-style:none;border-bottom-width:0px;padding-right:0;padding-bottom:0\">\n<div class=\"wp-block-group has-border-color is-layout-constrained wp-container-core-group-is-layout-95339512 wp-block-group-is-layout-constrained\" style=\"border-color:#EFEAF7;border-width:1px;border-radius:12px;padding-top:24px;padding-right:24px;padding-bottom:24px;padding-left:24px\">\n<h3 class=\"wp-block-heading has-medium-font-size\" style=\"padding-bottom:0\">Le pays d'origine n'est pas couvert<\/h3>\n\n\n\n<p style=\"font-size:16px;line-height:1.5\">Cette couverture est con\u00e7ue pour les \u00e9tudiants pendant leur voyage d'\u00e9tudes \u00e9ligible \u00e0 l'\u00e9tranger, et non pendant qu'ils sont dans leur pays d'origine.<\/p>\n<\/div>\n<\/div>\n\n\n\n<div class=\"wp-block-column fotawp-fade-up is-layout-flow wp-block-column-is-layout-flow\" style=\"border-bottom-style:none;border-bottom-width:0px;padding-right:0;padding-bottom:0\">\n<div class=\"wp-block-group has-border-color has-tertiary-light-border-color is-layout-constrained wp-container-core-group-is-layout-95339512 wp-block-group-is-layout-constrained\" style=\"border-width:1px;border-radius:12px;padding-top:24px;padding-right:24px;padding-bottom:24px;padding-left:24px\">\n<h3 class=\"wp-block-heading has-medium-font-size\" style=\"padding-bottom:0\">Le timing est important<\/h3>\n\n\n\n<p style=\"font-size:16px;line-height:1.5\">Si une police est achet\u00e9e apr\u00e8s le d\u00e9but du voyage et qu'il n'y a pas eu de couverture ininterrompue pr\u00e9alable, un <strong>P\u00e9riode d'attente de 14 jours<\/strong> peut s'appliquer avant que la couverture ne devienne active.<\/p>\n<\/div>\n<\/div>\n<\/div>\n\n\n\n<div class=\"wp-block-columns is-layout-flex wp-container-core-columns-is-layout-f25c431a wp-block-columns-is-layout-flex\" style=\"border-style:none;border-width:0px;margin-top:34px;padding-top:0\">\n<div class=\"wp-block-column fotawp-fade-up is-layout-flow wp-block-column-is-layout-flow\" style=\"border-bottom-style:none;border-bottom-width:0px;padding-right:0;padding-bottom:0\">\n<div class=\"wp-block-group has-border-color is-layout-constrained wp-container-core-group-is-layout-95339512 wp-block-group-is-layout-constrained\" style=\"border-color:#EFEAF7;border-width:1px;border-radius:12px;padding-top:24px;padding-right:24px;padding-bottom:24px;padding-left:24px\">\n<h3 class=\"wp-block-heading has-medium-font-size\" style=\"padding-bottom:0\">Les limites de vacances s'appliquent<\/h3>\n\n\n\n<p style=\"font-size:16px;line-height:1.5\">Les f\u00eates personnelles ne sont couvertes que jusqu'\u00e0 un maximum de <strong>21 jours cons\u00e9cutifs<\/strong> par jour de vacances et doit commencer et se terminer dans la p\u00e9riode assur\u00e9e.<\/p>\n<\/div>\n<\/div>\n\n\n\n<div class=\"wp-block-column fotawp-fade-up is-layout-flow wp-block-column-is-layout-flow\" style=\"border-bottom-style:none;border-bottom-width:0px;padding-right:0;padding-bottom:0\">\n<div class=\"wp-block-group has-border-color has-tertiary-light-border-color is-layout-constrained wp-container-core-group-is-layout-95339512 wp-block-group-is-layout-constrained\" style=\"border-width:1px;border-radius:12px;padding-top:24px;padding-right:24px;padding-bottom:24px;padding-left:24px\">\n<h3 class=\"wp-block-heading has-medium-font-size\" style=\"padding-bottom:0\">Certains avantages ne s'appliquent que dans des circonstances sp\u00e9cifiques.<\/h3>\n\n\n\n<p style=\"font-size:16px;line-height:1.5\">L'annulation, le raccourcissement, la non-pr\u00e9sentation, le retard de bagages et d'autres sections relatives aux voyages ne s'appliquent que dans des situations couvertes d\u00e9finies et sous r\u00e9serve des conditions du produit, des exclusions et des conditions de r\u00e9clamation.<\/p>\n<\/div>\n<\/div>\n<\/div>\n\n\n\n<div class=\"wp-block-columns is-layout-flex wp-container-core-columns-is-layout-f25c431a wp-block-columns-is-layout-flex\" style=\"border-style:none;border-width:0px;margin-top:34px;padding-top:0\">\n<div class=\"wp-block-column fotawp-fade-up is-layout-flow wp-block-column-is-layout-flow\" style=\"border-bottom-style:none;border-bottom-width:0px;padding-right:0;padding-bottom:0\">\n<div class=\"wp-block-group has-border-color is-layout-constrained wp-container-core-group-is-layout-95339512 wp-block-group-is-layout-constrained\" style=\"border-color:#EFEAF7;border-width:1px;border-radius:12px;padding-top:24px;padding-right:24px;padding-bottom:24px;padding-left:24px\">\n<h3 class=\"wp-block-heading has-medium-font-size\" style=\"padding-bottom:0\">Itin\u00e9raire \u00e0 court terme uniquement<\/h3>\n\n\n\n<p style=\"font-size:16px;line-height:1.5\">Cette page s'applique uniquement \u00e0 la voie \u00e0 court terme pour les s\u00e9jours allant jusqu'\u00e0 89 jours. L'admissibilit\u00e9 finale d\u00e9pend toujours de la nationalit\u00e9, des exigences de visa, du type d'\u00e9tudes et des contr\u00f4les appliqu\u00e9s lors du processus de candidature.<\/p>\n<\/div>\n<\/div>\n\n\n\n<div class=\"wp-block-column fotawp-fade-up is-layout-flow wp-block-column-is-layout-flow\" style=\"border-bottom-style:none;border-bottom-width:0px;padding-right:0;padding-bottom:0\">\n<div class=\"wp-block-group has-border-color has-tertiary-light-border-color is-layout-constrained wp-container-core-group-is-layout-95339512 wp-block-group-is-layout-constrained\" style=\"border-width:1px;border-radius:12px;padding-top:24px;padding-right:24px;padding-bottom:24px;padding-left:24px\"><\/div>\n<\/div>\n<\/div>\n<\/div>\n\n\n\n<div class=\"wp-block-group has-heading-color-color has-background-background-color has-text-color has-background is-layout-constrained wp-container-core-group-is-layout-e8bc0b99 wp-block-group-is-layout-constrained\" style=\"margin-top:0;margin-bottom:0;padding-top:120px;padding-right:var(--wp--preset--spacing--40);padding-bottom:120px;padding-left:var(--wp--preset--spacing--40)\">\n<div class=\"wp-block-group fotawp-fade-up is-layout-constrained wp-container-core-group-is-layout-a9039071 wp-block-group-is-layout-constrained\" style=\"margin-top:0;margin-bottom:0\">\n<h5 class=\"wp-block-heading has-text-align-center has-text-color has-link-color has-small-font-size wp-elements-ca65e3daca47fbfd13e230718beae585\" style=\"color:#aa151b;letter-spacing:4px;text-transform:uppercase\">Foire aux questions<\/h5>\n\n\n\n<h1 class=\"wp-block-heading has-text-align-center\" style=\"font-size:48px;font-style:normal;font-weight:700;line-height:1.3\">R\u00e9ponses rapides avant de continuer<\/h1>\n\n\n\n<div class=\"wp-block-group is-layout-constrained wp-block-group-is-layout-constrained\" style=\"margin-top:64px\">\n<details class=\"wp-block-details is-layout-flow wp-block-details-is-layout-flow\" style=\"border-bottom-color:var(--wp--preset--color--tertiary-light);border-bottom-width:1px;padding-bottom:24px;font-size:18px;font-style:normal;font-weight:600\"><summary>\u00c0 quoi sert cette couverture ?<\/summary>\n<p class=\"has-small-font-size\" style=\"font-style:normal;font-weight:400\">Il est con\u00e7u pour les \u00e9tudiants internationaux \u00e9ligibles qui se rendent en Espagne pour un cours de langue de courte dur\u00e9e en dehors de leur pays d'origine. Le court s\u00e9jour s'applique aux s\u00e9jours allant jusqu'\u00e0 89 jours.<\/p>\n<\/details>\n\n\n\n<details class=\"wp-block-details is-layout-flow wp-block-details-is-layout-flow\" style=\"border-bottom-color:var(--wp--preset--color--tertiary-light);border-bottom-width:1px;padding-bottom:24px;font-size:18px;font-style:normal;font-weight:600\"><summary>Combien de temps mon s\u00e9jour peut-il \u00eatre pour cet itin\u00e9raire ?<\/summary>\n<p class=\"has-small-font-size\" style=\"font-style:normal;font-weight:400\">Cette route \u00e0 court terme s'applique aux s\u00e9jours allant jusqu'\u00e0 <strong>89 jours<\/strong>.<\/p>\n<\/details>\n\n\n\n<details class=\"wp-block-details is-layout-flow wp-block-details-is-layout-flow\" style=\"border-bottom-color:var(--wp--preset--color--tertiary-light);border-bottom-width:1px;padding-bottom:24px;font-size:18px;font-style:normal;font-weight:600\"><summary><strong>Est-ce que cela inclut un soutien m\u00e9dical en Espagne ?<\/strong><\/summary>\n<p class=\"has-small-font-size\" style=\"font-style:normal;font-weight:400\">Oui. Il comprend la prise en charge des situations m\u00e9dicales d'urgence admissibles pendant la dur\u00e9e du s\u00e9jour assur\u00e9 \u00e0 l'\u00e9tranger, avec les frais m\u00e9dicaux d'urgence et les d\u00e9penses connexes indiqu\u00e9s jusqu'\u00e0 concurrence de <strong>10 000 000 EUR<\/strong>.<\/p>\n<\/details>\n\n\n\n<details class=\"wp-block-details is-layout-flow wp-block-details-is-layout-flow\" style=\"border-bottom-color:var(--wp--preset--color--tertiary-light);border-bottom-width:1px;padding-bottom:24px;font-size:18px;font-style:normal;font-weight:600\"><summary>Puis-je parler \u00e0 un m\u00e9decin en ligne ?<\/summary>\n<p class=\"has-small-font-size\" style=\"font-style:normal;font-weight:400\">Oui. Les \u00e9tudiants ont acc\u00e8s \u00e0 un soutien m\u00e9dical en ligne pendant leur s\u00e9jour, avec une assistance \u00e0 distance disponible par t\u00e9l\u00e9phone, vid\u00e9o et chat.<\/p>\n<\/details>\n\n\n\n<details class=\"wp-block-details is-layout-flow wp-block-details-is-layout-flow\" style=\"border-bottom-color:var(--wp--preset--color--tertiary-light);border-bottom-width:1px;padding-bottom:24px;font-size:18px;font-style:normal;font-weight:600\"><summary><strong>Comprend-il une protection contre l'annulation ou la perturbation du voyage ?<\/strong><\/summary>\n<p class=\"has-small-font-size\" style=\"font-style:normal;font-weight:400\">Oui. Cette assurance couvre l'annulation ou l'interruption, le r\u00e9am\u00e9nagement, le d\u00e9part diff\u00e9r\u00e9, le d\u00e9part manqu\u00e9 et le retard de bagages, sous r\u00e9serve des conditions de la police et des conditions de la d\u00e9claration de sinistre.<\/p>\n<\/details>\n\n\n\n<details class=\"wp-block-details is-layout-flow wp-block-details-is-layout-flow\" style=\"border-bottom-color:var(--wp--preset--color--tertiary-light);border-bottom-width:1px;padding-bottom:24px;font-size:18px;font-style:normal;font-weight:600\"><summary><strong><strong><strong>Couvre-t-il les bagages et les documents de voyage ?<\/strong><\/strong><\/strong><\/summary>\n<p class=\"has-small-font-size\" style=\"font-style:normal;font-weight:400\">Oui. Cette couverture comprend la protection contre les sinistres concernant les bagages, l'argent personnel et les documents de voyage, sous r\u00e9serve de limites d\u00e9finies, d'exclusions et de l'exigence de preuves justificatives.<\/p>\n<\/details>\n\n\n\n<details class=\"wp-block-details is-layout-flow wp-block-details-is-layout-flow\" style=\"border-bottom-color:var(--wp--preset--color--tertiary-light);border-bottom-width:1px;padding-bottom:24px;font-size:18px;font-style:normal;font-weight:600\"><summary><strong><strong><strong><strong>Est-ce que c'est la m\u00eame chose qu'une assurance sant\u00e9 priv\u00e9e compl\u00e8te ?<\/strong><\/strong><\/strong><\/strong><\/summary>\n<p class=\"has-small-font-size\" style=\"font-style:normal;font-weight:400\">Non. Ce produit ne devrait pas \u00eatre pr\u00e9sent\u00e9 comme une assurance maladie priv\u00e9e compl\u00e8te. Il est con\u00e7u pour les urgences et les \u00e9v\u00e9nements assur\u00e9s d\u00e9finis lors d'un s\u00e9jour d'\u00e9tudes \u00e0 l'\u00e9tranger.<\/p>\n<\/details>\n\n\n\n<details class=\"wp-block-details is-layout-flow wp-block-details-is-layout-flow\" style=\"border-bottom-color:var(--wp--preset--color--tertiary-light);border-bottom-width:1px;padding-bottom:24px;font-size:18px;font-style:normal;font-weight:600\"><summary><strong><strong><strong><strong><strong>Acheter cette page signifie-t-il que je suis automatiquement \u00e9ligible ?<\/strong><\/strong><\/strong><\/strong><\/strong><\/summary>\n<p class=\"has-small-font-size\" style=\"font-style:normal;font-weight:400\">Non. L'\u00e9ligibilit\u00e9 finale d\u00e9pend toujours de la nationalit\u00e9, des exigences de visa, du type d'\u00e9tudes et des v\u00e9rifications appliqu\u00e9es lors du processus de candidature.<\/p>\n<\/details>\n<\/div>\n<\/div>\n<\/div>","protected":false},"excerpt":{"rendered":"<p>Student Insurance for Spain Cover for short study stays in Spain If you are travelling to Spain for a short language course, this cover is designed to help protect you throughout your stay. It supports eligible international students with practical protection for unexpected medical issues, emergency support, and key travel-related problems that can affect a&#8230;<\/p>","protected":false},"author":1,"featured_media":0,"parent":1064,"menu_order":0,"comment_status":"closed","ping_status":"closed","template":"","meta":{"footnotes":""},"class_list":["post-1072","page","type-page","status-publish","hentry"],"_links":{"self":[{"href":"https:\/\/studysafe.travel\/fr\/wp-json\/wp\/v2\/pages\/1072","targetHints":{"allow":["GET"]}}],"collection":[{"href":"https:\/\/studysafe.travel\/fr\/wp-json\/wp\/v2\/pages"}],"about":[{"href":"https:\/\/studysafe.travel\/fr\/wp-json\/wp\/v2\/types\/page"}],"author":[{"embeddable":true,"href":"https:\/\/studysafe.travel\/fr\/wp-json\/wp\/v2\/users\/1"}],"replies":[{"embeddable":true,"href":"https:\/\/studysafe.travel\/fr\/wp-json\/wp\/v2\/comments?post=1072"}],"version-history":[{"count":26,"href":"https:\/\/studysafe.travel\/fr\/wp-json\/wp\/v2\/pages\/1072\/revisions"}],"predecessor-version":[{"id":1923,"href":"https:\/\/studysafe.travel\/fr\/wp-json\/wp\/v2\/pages\/1072\/revisions\/1923"}],"up":[{"embeddable":true,"href":"https:\/\/studysafe.travel\/fr\/wp-json\/wp\/v2\/pages\/1064"}],"wp:attachment":[{"href":"https:\/\/studysafe.travel\/fr\/wp-json\/wp\/v2\/media?parent=1072"}],"curies":[{"name":"wp","href":"https:\/\/api.w.org\/{rel}","templated":true}]}}