{"id":1115,"date":"2026-04-08T10:40:08","date_gmt":"2026-04-08T10:40:08","guid":{"rendered":"https:\/\/studysafe.travel\/?page_id=1115"},"modified":"2026-04-23T08:13:50","modified_gmt":"2026-04-23T08:13:50","slug":"faq","status":"publish","type":"page","link":"https:\/\/studysafe.travel\/fr\/im-going-to-spain\/language-school-students\/short-term\/faqs\/","title":{"rendered":"FAQ"},"content":{"rendered":"<div class=\"wp-block-group has-heading-color-color has-background-background-color has-text-color has-background is-layout-constrained wp-container-core-group-is-layout-e8bc0b99 wp-block-group-is-layout-constrained\" style=\"margin-top:0;margin-bottom:0;padding-top:120px;padding-right:var(--wp--preset--spacing--40);padding-bottom:120px;padding-left:var(--wp--preset--spacing--40)\">\n\n\n<div style=\"height:25px\" aria-hidden=\"true\" class=\"wp-block-spacer\"><\/div>\n\n\n\n<div class=\"wp-block-group fotawp-fade-up is-layout-constrained wp-container-core-group-is-layout-a9039071 wp-block-group-is-layout-constrained\" style=\"margin-top:0;margin-bottom:0\">\n<h5 class=\"wp-block-heading has-text-align-center has-text-color has-link-color has-small-font-size wp-elements-3127346f905c57b9a6e1a31530645285\" style=\"color:#aa151b;letter-spacing:4px;text-transform:uppercase\">Tout ce que les \u00e9tudiants demandent avant de r\u00e9server<\/h5>\n\n\n\n<h1 class=\"wp-block-heading has-text-align-center\" style=\"font-size:48px;font-style:normal;font-weight:700;line-height:1.3\">Foire Aux Questions<\/h1>\n\n\n\n<p class=\"has-text-align-center\" style=\"line-height:1.6\">R\u00e9ponses claires sur l'\u00e9ligibilit\u00e9 \u00e0 court terme, la couverture m\u00e9dicale et li\u00e9e aux voyages, les r\u00e9clamations, la tarification, les limites cl\u00e9s et les documents de police pour les \u00e9tudiants internationaux se rendant en Espagne pour un court cours de langue jusqu'\u00e0 89 jours.<\/p>\n\n\n<link rel=\"stylesheet\" href=\"https:\/\/fonts.googleapis.com\/css2?family=Public+Sans:wght@100;200;300;400;500;600;700;800;900&#038;display=swap\"\/><div class=\"cozy-block-wrapper\">\n<div class=\"cozy-block-advanced-tab layout-horizontal icon-layout-fill\" id=\"cozyBlock_97a14037_d835_494d_a0dc_f02105ae0f20\"><div class=\"layout-wrapper\" style=\"display:flex\"><div class=\"cozy-tab-title\"><div class=\"cozy-tab-button active\" id=\"c811f4b1-2718-4708-a55b-ccb8917381e9\" data-index=\"0\"><div class=\"display-flex justify-center align-items-center\"><svg class=\"cozy-tab-icon\" height=\"16\" width=\"16\" xmlns=\"http:\/\/www.w3.org\/2000\/svg\" aria-hidden=\"true\" viewbox=\"0 0 25 19\"><path d=\"M8.4911 18.2766L0.366101 10.1516C-0.122034 9.66351 -0.122034 8.87206 0.366101 8.38387L2.13383 6.6161C2.62196 6.12792 3.41346 6.12792 3.9016 6.6161L9.37499 12.0894L21.0984 0.366101C21.5865 -0.122034 22.378 -0.122034 22.8662 0.366101L24.6339 2.13387C25.122 2.62201 25.122 3.41346 24.6339 3.90165L10.2589 18.2767C9.77069 18.7648 8.97924 18.7648 8.4911 18.2766Z\"><\/path><\/svg><span>Questions g\u00e9n\u00e9rales<\/span><\/div><\/div><div class=\"cozy-tab-button\" id=\"30e79f3f-c8c7-42bf-aae1-fa346e9a2399\" data-index=\"1\"><div class=\"display-flex justify-center align-items-center\"><svg class=\"cozy-tab-icon\" height=\"16\" width=\"16\" xmlns=\"http:\/\/www.w3.org\/2000\/svg\" aria-hidden=\"true\" viewbox=\"0 0 25 19\"><path d=\"M8.4911 18.2766L0.366101 10.1516C-0.122034 9.66351 -0.122034 8.87206 0.366101 8.38387L2.13383 6.6161C2.62196 6.12792 3.41346 6.12792 3.9016 6.6161L9.37499 12.0894L21.0984 0.366101C21.5865 -0.122034 22.378 -0.122034 22.8662 0.366101L24.6339 2.13387C25.122 2.62201 25.122 3.41346 24.6339 3.90165L10.2589 18.2767C9.77069 18.7648 8.97924 18.7648 8.4911 18.2766Z\"><\/path><\/svg><span>Couverture<\/span><\/div><\/div><div class=\"cozy-tab-button\" id=\"1cb16c5a-ae13-4293-81fa-c54c8d73b098\" data-index=\"2\"><div class=\"display-flex justify-center align-items-center\"><svg class=\"cozy-tab-icon\" height=\"16\" width=\"16\" xmlns=\"http:\/\/www.w3.org\/2000\/svg\" aria-hidden=\"true\" viewbox=\"0 0 25 19\"><path d=\"M8.4911 18.2766L0.366101 10.1516C-0.122034 9.66351 -0.122034 8.87206 0.366101 8.38387L2.13383 6.6161C2.62196 6.12792 3.41346 6.12792 3.9016 6.6161L9.37499 12.0894L21.0984 0.366101C21.5865 -0.122034 22.378 -0.122034 22.8662 0.366101L24.6339 2.13387C25.122 2.62201 25.122 3.41346 24.6339 3.90165L10.2589 18.2767C9.77069 18.7648 8.97924 18.7648 8.4911 18.2766Z\"><\/path><\/svg><span>\u00c9ligibilit\u00e9<\/span><\/div><\/div><div class=\"cozy-tab-button\" id=\"b8b9a5fe-135e-43a5-974c-1a45ef3dfe74\" data-index=\"3\"><div class=\"display-flex justify-center align-items-center\"><svg class=\"cozy-tab-icon\" height=\"16\" width=\"16\" xmlns=\"http:\/\/www.w3.org\/2000\/svg\" aria-hidden=\"true\" viewbox=\"0 0 25 19\"><path d=\"M8.4911 18.2766L0.366101 10.1516C-0.122034 9.66351 -0.122034 8.87206 0.366101 8.38387L2.13383 6.6161C2.62196 6.12792 3.41346 6.12792 3.9016 6.6161L9.37499 12.0894L21.0984 0.366101C21.5865 -0.122034 22.378 -0.122034 22.8662 0.366101L24.6339 2.13387C25.122 2.62201 25.122 3.41346 24.6339 3.90165L10.2589 18.2767C9.77069 18.7648 8.97924 18.7648 8.4911 18.2766Z\"><\/path><\/svg><span>R\u00e9servation et Paiement<\/span><\/div><\/div><div class=\"cozy-tab-button\" id=\"8470a052-0a51-48da-b21c-d471309bd1dc\" data-index=\"4\"><div class=\"display-flex justify-center align-items-center\"><svg class=\"cozy-tab-icon\" height=\"16\" width=\"16\" xmlns=\"http:\/\/www.w3.org\/2000\/svg\" aria-hidden=\"true\" viewbox=\"0 0 25 19\"><path d=\"M8.4911 18.2766L0.366101 10.1516C-0.122034 9.66351 -0.122034 8.87206 0.366101 8.38387L2.13383 6.6161C2.62196 6.12792 3.41346 6.12792 3.9016 6.6161L9.37499 12.0894L21.0984 0.366101C21.5865 -0.122034 22.378 -0.122034 22.8662 0.366101L24.6339 2.13387C25.122 2.62201 25.122 3.41346 24.6339 3.90165L10.2589 18.2767C9.77069 18.7648 8.97924 18.7648 8.4911 18.2766Z\"><\/path><\/svg><span>Plans, Dates et P\u00e9rim\u00e8tre<\/span><\/div><\/div><div class=\"cozy-tab-button\" id=\"20280c16-77cc-44d7-b416-65599d01e2c4\" data-index=\"5\"><div class=\"display-flex justify-center align-items-center\"><svg class=\"cozy-tab-icon\" height=\"16\" width=\"16\" xmlns=\"http:\/\/www.w3.org\/2000\/svg\" aria-hidden=\"true\" viewbox=\"0 0 25 19\"><path d=\"M8.4911 18.2766L0.366101 10.1516C-0.122034 9.66351 -0.122034 8.87206 0.366101 8.38387L2.13383 6.6161C2.62196 6.12792 3.41346 6.12792 3.9016 6.6161L9.37499 12.0894L21.0984 0.366101C21.5865 -0.122034 22.378 -0.122034 22.8662 0.366101L24.6339 2.13387C25.122 2.62201 25.122 3.41346 24.6339 3.90165L10.2589 18.2767C9.77069 18.7648 8.97924 18.7648 8.4911 18.2766Z\"><\/path><\/svg><span>Revendications et soutien<\/span><\/div><\/div><div class=\"cozy-tab-button\" id=\"5b351d8b-3498-4597-8c17-4cd1e4dec394\" data-index=\"6\"><div class=\"display-flex justify-center align-items-center\"><svg class=\"cozy-tab-icon\" height=\"16\" width=\"16\" xmlns=\"http:\/\/www.w3.org\/2000\/svg\" aria-hidden=\"true\" viewbox=\"0 0 25 19\"><path d=\"M8.4911 18.2766L0.366101 10.1516C-0.122034 9.66351 -0.122034 8.87206 0.366101 8.38387L2.13383 6.6161C2.62196 6.12792 3.41346 6.12792 3.9016 6.6161L9.37499 12.0894L21.0984 0.366101C21.5865 -0.122034 22.378 -0.122034 22.8662 0.366101L24.6339 2.13387C25.122 2.62201 25.122 3.41346 24.6339 3.90165L10.2589 18.2767C9.77069 18.7648 8.97924 18.7648 8.4911 18.2766Z\"><\/path><\/svg><span>Plafonds et Exc\u00e9dents<\/span><\/div><\/div><div class=\"cozy-tab-button\" id=\"72d81453-76a9-4c7b-b20c-953d39b99e6b\" data-index=\"7\"><div class=\"display-flex justify-center align-items-center\"><svg class=\"cozy-tab-icon\" height=\"16\" width=\"16\" xmlns=\"http:\/\/www.w3.org\/2000\/svg\" aria-hidden=\"true\" viewbox=\"0 0 25 19\"><path d=\"M8.4911 18.2766L0.366101 10.1516C-0.122034 9.66351 -0.122034 8.87206 0.366101 8.38387L2.13383 6.6161C2.62196 6.12792 3.41346 6.12792 3.9016 6.6161L9.37499 12.0894L21.0984 0.366101C21.5865 -0.122034 22.378 -0.122034 22.8662 0.366101L24.6339 2.13387C25.122 2.62201 25.122 3.41346 24.6339 3.90165L10.2589 18.2767C9.77069 18.7648 8.97924 18.7648 8.4911 18.2766Z\"><\/path><\/svg><span>D\u00e9pannage<\/span><\/div><\/div><div class=\"cozy-tab-button\" id=\"9ceeb38c-20a6-4ac7-a590-de6bc0842555\" data-index=\"8\"><div class=\"display-flex justify-center align-items-center\"><svg class=\"cozy-tab-icon\" height=\"16\" width=\"16\" xmlns=\"http:\/\/www.w3.org\/2000\/svg\" aria-hidden=\"true\" viewbox=\"0 0 25 19\"><path d=\"M8.4911 18.2766L0.366101 10.1516C-0.122034 9.66351 -0.122034 8.87206 0.366101 8.38387L2.13383 6.6161C2.62196 6.12792 3.41346 6.12792 3.9016 6.6161L9.37499 12.0894L21.0984 0.366101C21.5865 -0.122034 22.378 -0.122034 22.8662 0.366101L24.6339 2.13387C25.122 2.62201 25.122 3.41346 24.6339 3.90165L10.2589 18.2767C9.77069 18.7648 8.97924 18.7648 8.4911 18.2766Z\"><\/path><\/svg><span>Documents et juridique<\/span><\/div><\/div><\/div><\/div><div class=\"cozy-advanced-tab-wrapper\">\n<div class=\"cozy-block-advanced-tab-item\" id=\"cozyBlock_c811f4b1_2718_4708_a55b_ccb8917381e9\" data-client-id=\"c811f4b1-2718-4708-a55b-ccb8917381e9\">\n<div class=\"wp-block-group is-layout-constrained wp-block-group-is-layout-constrained\" style=\"margin-top:64px\">\n<details class=\"wp-block-details is-layout-flow wp-block-details-is-layout-flow\" style=\"border-bottom-color:var(--wp--preset--color--tertiary-light);border-bottom-width:1px;padding-bottom:24px;font-size:18px;font-style:normal\"><summary><strong>Qu'est-ce que StudySafe ?<\/strong><\/summary>\n<p class=\"has-small-font-size\">StudySafe aide les \u00e9tudiants internationaux \u00e0 organiser l'assurance n\u00e9cessaire pour leur s\u00e9jour d'\u00e9tudes \u00e0 l'\u00e9tranger, gr\u00e2ce \u00e0 un processus de r\u00e9servation en ligne simple et des documents clairs avant le voyage.<\/p>\n<\/details>\n\n\n\n<details class=\"wp-block-details is-layout-flow wp-block-details-is-layout-flow\" style=\"border-bottom-color:var(--wp--preset--color--tertiary-light);border-bottom-width:1px;padding-bottom:24px;font-size:18px;font-style:normal\"><summary><strong>\u00c0 qui s'adresse cette page \u00e0 court terme ?<\/strong><\/summary>\n<p class=\"has-small-font-size\">Cette page s'adresse aux \u00e9tudiants internationaux \u00e9ligibles qui se rendent en Espagne pour un court stage linguistique hors de leur pays d'origine, pour des s\u00e9jours allant jusqu'\u00e0 89 jours.<\/p>\n<\/details>\n\n\n\n<details class=\"wp-block-details is-layout-flow wp-block-details-is-layout-flow\" style=\"border-bottom-color:var(--wp--preset--color--tertiary-light);border-bottom-width:1px;padding-bottom:24px;font-size:18px;font-style:normal\"><summary><strong>Cette page est-elle uniquement pour les courts s\u00e9jours en Espagne ?<\/strong><\/summary>\n<p class=\"has-small-font-size\">Oui. Cet itin\u00e9raire \u00e0 court terme s'applique aux s\u00e9jours allant jusqu'\u00e0 89 jours. Si votre s\u00e9jour est de 90 jours ou plus, vous devriez plut\u00f4t suivre l'itin\u00e9raire \u00e0 long terme.<\/p>\n<\/details>\n\n\n\n<details class=\"wp-block-details is-layout-flow wp-block-details-is-layout-flow\" style=\"border-bottom-color:var(--wp--preset--color--tertiary-light);border-bottom-width:1px;padding-bottom:24px;font-size:18px;font-style:normal\"><summary><strong>Ce plan inclut-il une annulation ou un raccourcissement ?<\/strong><\/summary>\n<p class=\"has-small-font-size\">Oui. Cette couverture comprend une protection en cas d'annulation ou d'interruption, sous r\u00e9serve des termes de la police, des limites, des exclusions et des conditions de r\u00e9clamation.<\/p>\n<\/details>\n\n\n\n<details class=\"wp-block-details is-layout-flow wp-block-details-is-layout-flow\" style=\"border-bottom-color:var(--wp--preset--color--tertiary-light);border-bottom-width:1px;padding-bottom:24px;font-size:18px;font-style:normal\"><summary><strong>Ce plan couvre-t-il les bagages ou les effets personnels ?<\/strong><\/summary>\n<p class=\"has-small-font-size\">Oui. Ce plan comprend une protection pour les bagages, les fonds personnels et les documents de voyage, sous r\u00e9serve de limites, d'exclusions et de preuves \u00e0 l'appui d\u00e9finies.<\/p>\n<\/details>\n\n\n\n<details class=\"wp-block-details is-layout-flow wp-block-details-is-layout-flow\" style=\"border-bottom-color:var(--wp--preset--color--tertiary-light);border-bottom-width:1px;padding-bottom:24px;font-size:18px;font-style:normal\"><summary><strong>S'agit-il d'une assurance maladie priv\u00e9e ?<\/strong><\/summary>\n<p class=\"has-small-font-size\">Non. Il s'agit d'un produit d'assurance voyage et sant\u00e9 pour de courts s\u00e9jours d'\u00e9tudes. Il ne doit pas \u00eatre pr\u00e9sent\u00e9 comme une assurance m\u00e9dicale priv\u00e9e compl\u00e8te pour des soins de routine ou \u00e9lectifs.<\/p>\n<\/details>\n<\/div>\n<\/div>\n\n\n\n<div class=\"cozy-block-advanced-tab-item\" id=\"cozyBlock_30e79f3f_c8c7_42bf_aae1_fa346e9a2399\" data-client-id=\"30e79f3f-c8c7-42bf-aae1-fa346e9a2399\">\n<div class=\"wp-block-group is-layout-constrained wp-block-group-is-layout-constrained\" style=\"margin-top:64px\">\n<details class=\"wp-block-details is-layout-flow wp-block-details-is-layout-flow\" style=\"border-bottom-color:var(--wp--preset--color--tertiary-light);border-bottom-width:1px;padding-bottom:24px;font-size:18px;font-style:normal\"><summary><strong>Cette politique couvre quoi, en termes simples ?<\/strong><\/summary>\n<p class=\"has-small-font-size\">Il combine une assistance m\u00e9dicale d'urgence avec une protection essentielle li\u00e9e au voyage pour un court s\u00e9jour en Espagne, incluant l'annulation ou l'interruption, le retard ou la non-pr\u00e9sentation au d\u00e9part, les probl\u00e8mes li\u00e9s aux bagages, le rapatriement, la responsabilit\u00e9 civile, l'accident corporel et les indemnit\u00e9s d'hospitalisation.<\/p>\n<\/details>\n\n\n\n<details class=\"wp-block-details is-layout-flow wp-block-details-is-layout-flow\" style=\"border-bottom-color:var(--wp--preset--color--tertiary-light);border-bottom-width:1px;padding-bottom:24px;font-size:18px;font-style:normal\"><summary><strong>Cette couverture est-elle pour les urgences ou pour les soins de sant\u00e9 courants ?<\/strong><\/summary>\n<p class=\"has-small-font-size\">Il est principalement con\u00e7u pour les urgences impr\u00e9vues et les \u00e9v\u00e9nements assur\u00e9s d\u00e9finis lors de votre voyage. Les bilans de sant\u00e9 de routine, les soins \u00e9lectifs et les traitements non urgents sont g\u00e9n\u00e9ralement exclus de la port\u00e9e de cette couverture.<\/p>\n<\/details>\n\n\n\n<details class=\"wp-block-details is-layout-flow wp-block-details-is-layout-flow\" style=\"border-bottom-color:var(--wp--preset--color--tertiary-light);border-bottom-width:1px;padding-bottom:24px;font-size:18px;font-style:normal\"><summary><strong>Les d\u00e9penses m\u00e9dicales d'urgence peuvent comprendre :<\/strong><\/summary>\n<p class=\"has-small-font-size\">Le traitement d'urgence admissible peut comprendre les soins hospitaliers, les consultations m\u00e9dicales urgentes, les examens n\u00e9cessaires, les frais d'ambulance, les m\u00e9dicaments prescrits li\u00e9s \u00e0 une urgence couverte et le rapatriement m\u00e9dicalement n\u00e9cessaire, sous r\u00e9serve des termes de la police.<\/p>\n<\/details>\n\n\n\n<details class=\"wp-block-details is-layout-flow wp-block-details-is-layout-flow\" style=\"border-bottom-color:var(--wp--preset--color--tertiary-light);border-bottom-width:1px;padding-bottom:24px;font-size:18px;font-style:normal\"><summary><strong>Les conditions m\u00e9dicales pr\u00e9existantes sont-elles couvertes ?<\/strong><\/summary>\n<p class=\"has-small-font-size\">En g\u00e9n\u00e9ral, non. Les conditions pr\u00e9existantes sont g\u00e9n\u00e9ralement exclues, sauf si elles entrent dans le cadre des conditions acceptables \u00e9nonc\u00e9es dans la formulation de la police.<\/p>\n<\/details>\n\n\n\n<details class=\"wp-block-details is-layout-flow wp-block-details-is-layout-flow\" style=\"border-bottom-color:var(--wp--preset--color--tertiary-light);border-bottom-width:1px;padding-bottom:24px;font-size:18px;font-style:normal\"><summary><strong>Les soins dentaires d'urgence sont-ils inclus ?<\/strong><\/summary>\n<p class=\"has-small-font-size\">Oui. Le traitement dentaire d'urgence pour soulager la douleur imm\u00e9diate peut \u00eatre couvert jusqu'\u00e0 la limite de la police, \u00e0 condition que la demande satisfasse aux conditions de la police.<\/p>\n<\/details>\n\n\n\n<details class=\"wp-block-details is-layout-flow wp-block-details-is-layout-flow\" style=\"border-bottom-color:var(--wp--preset--color--tertiary-light);border-bottom-width:1px;padding-bottom:24px;font-size:18px;font-style:normal\"><summary><strong>La politique comprend-elle le rapatriement ?<\/strong><\/summary>\n<p class=\"has-small-font-size\">Oui. Le rapatriement et certaines d\u00e9penses d'urgence connexes peuvent \u00eatre couverts si cela est m\u00e9dicalement n\u00e9cessaire et effectu\u00e9 conform\u00e9ment aux conditions de la police.<\/p>\n<\/details>\n\n\n\n<details class=\"wp-block-details is-layout-flow wp-block-details-is-layout-flow\" style=\"border-bottom-color:var(--wp--preset--color--tertiary-light);border-bottom-width:1px;padding-bottom:24px;font-size:18px;font-style:normal\"><summary><strong>Les perturbations de voyage et les retards de bagages sont-ils couverts ?<\/strong><\/summary>\n<p class=\"has-small-font-size\">Oui. La police comprend une protection d\u00e9finie en cas de d\u00e9part retard\u00e9, de d\u00e9part manqu\u00e9, de retard de bagages et d'autres probl\u00e8mes li\u00e9s au voyage, sous r\u00e9serve des termes de la police et des conditions de r\u00e9clamation.<\/p>\n<\/details>\n\n\n\n<details class=\"wp-block-details is-layout-flow wp-block-details-is-layout-flow\" style=\"border-bottom-color:var(--wp--preset--color--tertiary-light);border-bottom-width:1px;padding-bottom:24px;font-size:18px;font-style:normal\"><summary><strong>Y a-t-il un m\u00e9decin en ligne ou un service de t\u00e9l\u00e9m\u00e9decine ?<\/strong><\/summary>\n<p class=\"has-small-font-size\">Oui. Un service de m\u00e9decin en ligne gratuit peut \u00eatre disponible pour les cas non hospitaliers appropri\u00e9s via la ligne d'assistance d'urgence disponible 24h\/24 et 7j\/7.<\/p>\n<\/details>\n<\/div>\n<\/div>\n\n\n\n<div class=\"cozy-block-advanced-tab-item\" id=\"cozyBlock_1cb16c5a_ae13_4293_81fa_c54c8d73b098\" data-client-id=\"1cb16c5a-ae13-4293-81fa-c54c8d73b098\">\n<div class=\"wp-block-group is-layout-constrained wp-block-group-is-layout-constrained\" style=\"margin-top:64px\">\n<details class=\"wp-block-details is-layout-flow wp-block-details-is-layout-flow\" style=\"border-bottom-color:var(--wp--preset--color--tertiary-light);border-bottom-width:1px;padding-bottom:24px;font-size:18px;font-style:normal\"><summary><strong>\u00c0 qui s'adresse ce plan ?<\/strong><\/summary>\n<p class=\"has-small-font-size\">\u00c9tudiants internationaux \u00e9ligibles voyageant en Espagne pour un court stage linguistique en dehors de leur pays d'origine, pour des s\u00e9jours allant jusqu'\u00e0 89 jours.<\/p>\n<\/details>\n\n\n\n<details class=\"wp-block-details is-layout-flow wp-block-details-is-layout-flow\" style=\"border-bottom-color:var(--wp--preset--color--tertiary-light);border-bottom-width:1px;padding-bottom:24px;font-size:18px;font-style:normal\"><summary><strong>Ai-je besoin d'un visa pour emprunter cette route ?<\/strong><\/summary>\n<p class=\"has-small-font-size\">Vous devez satisfaire aux exigences de visa et d'entr\u00e9e applicables \u00e0 votre voyage. Certains \u00e9tudiants peuvent ne pas avoir besoin de visa pour un court s\u00e9jour, en fonction de leur nationalit\u00e9 et de leur itin\u00e9raire de voyage.<\/p>\n<\/details>\n\n\n\n<details class=\"wp-block-details is-layout-flow wp-block-details-is-layout-flow\" style=\"border-bottom-color:var(--wp--preset--color--tertiary-light);border-bottom-width:1px;padding-bottom:24px;font-size:18px;font-style:normal\"><summary><strong>Y a-t-il une limite d'\u00e2ge ?<\/strong><\/summary>\n<p class=\"has-small-font-size\">Oui. Vous devez avoir moins de 75 ans \u00e0 la date de d\u00e9but de la couverture. Si vous atteignez 75 ans pendant la p\u00e9riode d'assurance, la couverture se poursuit jusqu'\u00e0 la date de fin indiqu\u00e9e sur votre certificat.<\/p>\n<\/details>\n\n\n\n<details class=\"wp-block-details is-layout-flow wp-block-details-is-layout-flow\" style=\"border-bottom-color:var(--wp--preset--color--tertiary-light);border-bottom-width:1px;padding-bottom:24px;font-size:18px;font-style:normal\"><summary><strong>La couverture est-elle valable dans mon pays ?<\/strong><\/summary>\n<p class=\"has-small-font-size\">Non. Il n\u2019y a aucune couverture pour les voyages ou les vacances dans votre pays d\u2019origine pendant la p\u00e9riode d\u2019assurance.<\/p>\n<\/details>\n\n\n\n<details class=\"wp-block-details is-layout-flow wp-block-details-is-layout-flow\" style=\"border-bottom-color:var(--wp--preset--color--tertiary-light);border-bottom-width:1px;padding-bottom:24px;font-size:18px;font-style:normal\"><summary><strong>Y a-t-il des limites aux vacances pendant mon s\u00e9jour ?<\/strong><\/summary>\n<p class=\"has-small-font-size\">Oui. Les vacances sont limit\u00e9es \u00e0 un maximum de 21 jours cons\u00e9cutifs pendant la p\u00e9riode d'assurance, et la dur\u00e9e de votre voyage ne peut pas d\u00e9passer la p\u00e9riode d'assurance indiqu\u00e9e sur votre certificat.<\/p>\n<\/details>\n\n\n\n<details class=\"wp-block-details is-layout-flow wp-block-details-is-layout-flow\" style=\"border-bottom-color:var(--wp--preset--color--tertiary-light);border-bottom-width:1px;padding-bottom:24px;font-size:18px;font-style:normal\"><summary><strong>Les avis de voyage affectent-ils la couverture ?<\/strong><\/summary>\n<p class=\"has-small-font-size\">Oui. Si des restrictions ou des avis de voyage officiels s'appliquent d'une mani\u00e8re qui affecte votre voyage, la couverture peut \u00eatre restreinte ou indisponible selon les termes de la police.<\/p>\n<\/details>\n\n\n\n<details class=\"wp-block-details is-layout-flow wp-block-details-is-layout-flow\" style=\"border-bottom-color:var(--wp--preset--color--tertiary-light);border-bottom-width:1px;padding-bottom:24px;font-size:18px;font-style:normal\"><summary><strong>Mes informations personnelles doivent-elles correspondre \u00e0 mes documents officiels ?<\/strong><\/summary>\n<p class=\"has-small-font-size\">Oui. Votre nom complet, vos dates et autres d\u00e9tails personnels doivent \u00eatre exacts et coh\u00e9rents avec votre passeport, votre visa ou vos documents d'entr\u00e9e, et vos dossiers scolaires.<\/p>\n<\/details>\n<\/div>\n<\/div>\n\n\n\n<div class=\"cozy-block-advanced-tab-item\" id=\"cozyBlock_b8b9a5fe_135e_43a5_974c_1a45ef3dfe74\" data-client-id=\"b8b9a5fe-135e-43a5-974c-1a45ef3dfe74\">\n<div class=\"wp-block-group is-layout-constrained wp-block-group-is-layout-constrained\" style=\"margin-top:64px\">\n<details class=\"wp-block-details is-layout-flow wp-block-details-is-layout-flow\" style=\"border-bottom-color:var(--wp--preset--color--tertiary-light);border-bottom-width:1px;padding-bottom:24px;font-size:18px;font-style:normal\"><summary><strong>Comment r\u00e9server ?<\/strong><\/summary>\n<p class=\"has-small-font-size\">Choisissez l'itin\u00e9raire court s\u00e9jour pour l'Espagne, remplissez soigneusement le formulaire de r\u00e9servation, confirmez vos dates et d\u00e9tails de voyage, et payez en toute s\u00e9curit\u00e9 en ligne. D\u00e8s r\u00e9ception de votre commande, vos informations pourront \u00eatre trait\u00e9es et vos documents d'assurance vous seront envoy\u00e9s par e-mail si tout est conforme.<\/p>\n<\/details>\n\n\n\n<details class=\"wp-block-details is-layout-flow wp-block-details-is-layout-flow\" style=\"border-bottom-color:var(--wp--preset--color--tertiary-light);border-bottom-width:1px;padding-bottom:24px;font-size:18px;font-style:normal\"><summary><strong>Comment le prix est-il calcul\u00e9 pour le court terme ?<\/strong><\/summary>\n<p class=\"has-small-font-size\">Pour cet itin\u00e9raire Court S\u00e9jour Espagne, la tarification est calcul\u00e9e en multipliant un tarif journalier par le nombre total de jours couverts de votre s\u00e9jour.<\/p>\n<\/details>\n\n\n\n<details class=\"wp-block-details is-layout-flow wp-block-details-is-layout-flow\" style=\"border-bottom-color:var(--wp--preset--color--tertiary-light);border-bottom-width:1px;padding-bottom:24px;font-size:18px;font-style:normal\"><summary><strong>Quels documents vais-je recevoir ?<\/strong><\/summary>\n<p class=\"has-small-font-size\">Vous devriez recevoir votre attestation d'assurance accompagn\u00e9e des documents cl\u00e9s de la police qui expliquent les avantages, les limites, les exclusions et les proc\u00e9dures de d\u00e9claration.<\/p>\n<\/details>\n\n\n\n<details class=\"wp-block-details is-layout-flow wp-block-details-is-layout-flow\" style=\"border-bottom-color:var(--wp--preset--color--tertiary-light);border-bottom-width:1px;padding-bottom:24px;font-size:18px;font-style:normal\"><summary><strong>Combien de temps faut-il pour obtenir mes documents ?<\/strong><\/summary>\n<p class=\"has-small-font-size\">Dans de nombreux cas, les documents sont envoy\u00e9s par e-mail apr\u00e8s un paiement r\u00e9ussi, sous r\u00e9serve de la correctitude des d\u00e9tails et des v\u00e9rifications finales de traitement. Veuillez vous assurer que toutes les informations sont exactes pour \u00e9viter tout retard.<\/p>\n<\/details>\n\n\n\n<details class=\"wp-block-details is-layout-flow wp-block-details-is-layout-flow\" style=\"border-bottom-color:var(--wp--preset--color--tertiary-light);border-bottom-width:1px;padding-bottom:24px;font-size:18px;font-style:normal\"><summary><strong>Puis-je payer par carte ?<\/strong><\/summary>\n<p class=\"has-small-font-size\">Oui. Vous pouvez payer en ligne par carte de cr\u00e9dit ou de d\u00e9bit.<\/p>\n<\/details>\n\n\n\n<details class=\"wp-block-details is-layout-flow wp-block-details-is-layout-flow\" style=\"border-bottom-color:var(--wp--preset--color--tertiary-light);border-bottom-width:1px;padding-bottom:24px;font-size:18px;font-style:normal\"><summary><strong>Mon paiement est-il s\u00e9curis\u00e9 ?<\/strong><\/summary>\n<p class=\"has-small-font-size\">Oui. Les paiements sont trait\u00e9s via un environnement de paiement en ligne s\u00e9curis\u00e9.<\/p>\n<\/details>\n\n\n\n<details class=\"wp-block-details is-layout-flow wp-block-details-is-layout-flow\" style=\"border-bottom-color:var(--wp--preset--color--tertiary-light);border-bottom-width:1px;padding-bottom:24px;font-size:18px;font-style:normal\"><summary><strong>Puis-je payer en plusieurs fois ?<\/strong><\/summary>\n<p class=\"has-small-font-size\">Non. Il s'agit d'un paiement unique.<\/p>\n<\/details>\n<\/div>\n<\/div>\n\n\n\n<div class=\"cozy-block-advanced-tab-item\" id=\"cozyBlock_8470a052_0a51_48da_b21c_d471309bd1dc\" data-client-id=\"8470a052-0a51-48da-b21c-d471309bd1dc\">\n<div class=\"wp-block-group is-layout-constrained wp-block-group-is-layout-constrained\" style=\"margin-top:64px\">\n<details class=\"wp-block-details is-layout-flow wp-block-details-is-layout-flow\" style=\"border-bottom-color:var(--wp--preset--color--tertiary-light);border-bottom-width:1px;padding-bottom:24px;font-size:18px;font-style:normal\"><summary><strong>Quel chemin devrais-je choisir ?<\/strong><\/summary>\n<p class=\"has-small-font-size\">Choisissez l'itin\u00e9raire \u00e0 court terme si votre s\u00e9jour en Espagne dure jusqu'\u00e0 89 jours. Si votre s\u00e9jour dure 90 jours ou plus, vous devriez plut\u00f4t utiliser l'itin\u00e9raire \u00e0 long terme.<\/p>\n<\/details>\n\n\n\n<details class=\"wp-block-details is-layout-flow wp-block-details-is-layout-flow\" style=\"border-bottom-color:var(--wp--preset--color--tertiary-light);border-bottom-width:1px;padding-bottom:24px;font-size:18px;font-style:normal\"><summary><strong>Quelles sont les dur\u00e9es g\u00e9n\u00e9ralement disponibles ?<\/strong><\/summary>\n<p class=\"has-small-font-size\">Cet itin\u00e9raire est destin\u00e9 aux courts s\u00e9jours en Espagne, d'une dur\u00e9e maximale de 89 jours. Le prix est bas\u00e9 sur le nombre de jours d'assurance que vous s\u00e9lectionnez lors de la r\u00e9servation.<\/p>\n<\/details>\n\n\n\n<details class=\"wp-block-details is-layout-flow wp-block-details-is-layout-flow\" style=\"border-bottom-color:var(--wp--preset--color--tertiary-light);border-bottom-width:1px;padding-bottom:24px;font-size:18px;font-style:normal\"><summary><strong>Quand commence la couverture ?<\/strong><\/summary>\n<p class=\"has-small-font-size\">La couverture commence \u00e0 la date de d\u00e9but de couverture indiqu\u00e9e sur votre certificat d'assurance, \u00e0 condition que votre r\u00e9servation ait \u00e9t\u00e9 trait\u00e9e avec succ\u00e8s et que vos documents aient \u00e9t\u00e9 \u00e9mis.<\/p>\n<\/details>\n\n\n\n<details class=\"wp-block-details is-layout-flow wp-block-details-is-layout-flow\" style=\"border-bottom-color:var(--wp--preset--color--tertiary-light);border-bottom-width:1px;padding-bottom:24px;font-size:18px;font-style:normal\"><summary><strong>La police peut-elle \u00eatre r\u00e9troactive ?<\/strong><\/summary>\n<p class=\"has-small-font-size\">Non. La police ne peut pas \u00eatre r\u00e9trodat\u00e9e et il n'y a pas de couverture avant la date d'\u00e9mission indiqu\u00e9e sur vos documents d'assurance.<\/p>\n<\/details>\n\n\n\n<details class=\"wp-block-details is-layout-flow wp-block-details-is-layout-flow\" style=\"border-bottom-color:var(--wp--preset--color--tertiary-light);border-bottom-width:1px;padding-bottom:24px;font-size:18px;font-style:normal\"><summary><strong>Puis-je acheter apr\u00e8s le d\u00e9but de mon voyage ?<\/strong><\/summary>\n<p class=\"has-small-font-size\">Parfois oui, mais il n'y a pas de r\u00e9troactivit\u00e9. Si vous avez d\u00e9j\u00e0 voyag\u00e9 sans couverture ant\u00e9rieure continue, un d\u00e9lai de carence de 14 jours peut s'appliquer avant que la protection ne commence.<\/p>\n<\/details>\n\n\n\n<details class=\"wp-block-details is-layout-flow wp-block-details-is-layout-flow\" style=\"border-bottom-color:var(--wp--preset--color--tertiary-light);border-bottom-width:1px;padding-bottom:24px;font-size:18px;font-style:normal\"><summary><strong>Puis-je utiliser cette page pour des s\u00e9jours de plus de 90 jours\u00a0?<\/strong><\/summary>\n<p class=\"has-small-font-size\">Non. Cette page concerne uniquement l'itin\u00e9raire pour un s\u00e9jour de courte dur\u00e9e en Espagne. Si votre s\u00e9jour est de 90 jours ou plus, vous devriez plut\u00f4t suivre l'itin\u00e9raire pour un long s\u00e9jour.<\/p>\n<\/details>\n<\/div>\n<\/div>\n\n\n\n<div class=\"cozy-block-advanced-tab-item\" id=\"cozyBlock_20280c16_77cc_44d7_b416_65599d01e2c4\" data-client-id=\"20280c16-77cc-44d7-b416-65599d01e2c4\">\n<div class=\"wp-block-group is-layout-constrained wp-block-group-is-layout-constrained\" style=\"margin-top:64px\">\n<details class=\"wp-block-details is-layout-flow wp-block-details-is-layout-flow\" style=\"border-bottom-color:var(--wp--preset--color--tertiary-light);border-bottom-width:1px;padding-bottom:24px;font-size:18px;font-style:normal\"><summary><strong>Comment faire une d\u00e9claration ?<\/strong><\/summary>\n<p class=\"has-small-font-size\">Suivez les instructions relatives aux d\u00e9clarations dans vos documents de police et soumettez votre d\u00e9claration avec toutes les preuves justificatives d\u00e8s que possible apr\u00e8s l'incident.<\/p>\n<\/details>\n\n\n\n<details class=\"wp-block-details is-layout-flow wp-block-details-is-layout-flow\" style=\"border-bottom-color:var(--wp--preset--color--tertiary-light);border-bottom-width:1px;padding-bottom:24px;font-size:18px;font-style:normal\"><summary><strong>Quels documents ai-je g\u00e9n\u00e9ralement besoin pour une demande de remboursement m\u00e9dical ?<\/strong><\/summary>\n<p class=\"has-small-font-size\">G\u00e9n\u00e9ralement un rapport ou certificat m\u00e9dical, une facture d\u00e9taill\u00e9e, des re\u00e7us ou une preuve de paiement, et des ordonnances le cas \u00e9ch\u00e9ant. Conservez tout depuis le d\u00e9but.<\/p>\n<\/details>\n\n\n\n<details class=\"wp-block-details is-layout-flow wp-block-details-is-layout-flow\" style=\"border-bottom-color:var(--wp--preset--color--tertiary-light);border-bottom-width:1px;padding-bottom:24px;font-size:18px;font-style:normal\"><summary><strong>Dois-je contacter les urgences avant d'\u00eatre admis \u00e0 l'h\u00f4pital ?<\/strong><\/summary>\n<p class=\"has-small-font-size\">Oui. Si une hospitalisation ou un traitement en ambulatoire s'av\u00e8re n\u00e9cessaire, contactez la ligne d'assistance d'urgence disponible 24h\/24 et 7j\/7 avant d'engager des frais d'hospitalisation dans la mesure du possible.<\/p>\n<\/details>\n\n\n\n<details class=\"wp-block-details is-layout-flow wp-block-details-is-layout-flow\" style=\"border-bottom-color:var(--wp--preset--color--tertiary-light);border-bottom-width:1px;padding-bottom:24px;font-size:18px;font-style:normal\"><summary><strong>Que dois-je faire si j'ai besoin d'un m\u00e9decin mais que je ne suis pas hospitalis\u00e9 ?<\/strong><\/summary>\n<p class=\"has-small-font-size\">Pour les cas non hospitaliers, vous pouvez g\u00e9n\u00e9ralement vous rendre \u00e0 la clinique ou chez le m\u00e9decin le plus proche, payer les frais, conserver les documents, puis demander un remboursement si le cas est \u00e9ligible.<\/p>\n<\/details>\n\n\n\n<details class=\"wp-block-details is-layout-flow wp-block-details-is-layout-flow\" style=\"border-bottom-color:var(--wp--preset--color--tertiary-light);border-bottom-width:1px;padding-bottom:24px;font-size:18px;font-style:normal\"><summary><strong>Puis-je utiliser la t\u00e9l\u00e9m\u00e9decine d'abord ?<\/strong><\/summary>\n<p class=\"has-small-font-size\">Oui. Pour les cas l\u00e9gers appropri\u00e9s qui ne n\u00e9cessitent pas d'hospitalisation, appelez la ligne d'assistance d'urgence disponible 24h\/24 et 7j\/7 au <strong>+353 1 233 7743<\/strong> et demandez si la t\u00e9l\u00e9m\u00e9decine convient \u00e0 votre cas.<\/p>\n<\/details>\n\n\n\n<details class=\"wp-block-details is-layout-flow wp-block-details-is-layout-flow\" style=\"border-bottom-color:var(--wp--preset--color--tertiary-light);border-bottom-width:1px;padding-bottom:24px;font-size:18px;font-style:normal\"><summary><strong>Quelles langues sont disponibles sur le service d'assistance ?<\/strong><\/summary>\n<p class=\"has-small-font-size\">Un soutien peut \u00eatre disponible en anglais, espagnol, italien et allemand.<\/p>\n<\/details>\n\n\n\n<details class=\"wp-block-details is-layout-flow wp-block-details-is-layout-flow\" style=\"border-bottom-color:var(--wp--preset--color--tertiary-light);border-bottom-width:1px;padding-bottom:24px;font-size:18px;font-style:normal\"><summary><strong>Combien de temps prennent les r\u00e9clamations ?<\/strong><\/summary>\n<p class=\"has-small-font-size\">Cela d\u00e9pend de la complexit\u00e9 du dossier et de l'exhaustivit\u00e9 de vos documents. Les informations manquantes sont l'une des principales raisons des retards.<\/p>\n<\/details>\n<\/div>\n<\/div>\n\n\n\n<div class=\"cozy-block-advanced-tab-item\" id=\"cozyBlock_5b351d8b_3498_4597_8c17_4cd1e4dec394\" data-client-id=\"5b351d8b-3498-4597-8c17-4cd1e4dec394\">\n<div class=\"wp-block-group is-layout-constrained wp-block-group-is-layout-constrained\" style=\"margin-top:64px\">\n<details class=\"wp-block-details is-layout-flow wp-block-details-is-layout-flow\" style=\"border-bottom-color:var(--wp--preset--color--tertiary-light);border-bottom-width:1px;padding-bottom:24px;font-size:18px;font-style:normal\"><summary><strong>Quel est le montant maximal de soins m\u00e9dicaux d'urgence ?<\/strong><\/summary>\n<p class=\"has-small-font-size\">Les frais m\u00e9dicaux d'urgence, de rapatriement et les d\u00e9penses connexes couverts peuvent \u00eatre assur\u00e9s jusqu'\u00e0 <strong>\u20ac10,000,000<\/strong>, sous r\u00e9serve des termes de la police.<\/p>\n<\/details>\n\n\n\n<details class=\"wp-block-details is-layout-flow wp-block-details-is-layout-flow\" style=\"border-bottom-color:var(--wp--preset--color--tertiary-light);border-bottom-width:1px;padding-bottom:24px;font-size:18px;font-style:normal\"><summary><strong>Quelle est la limite d'annulation ?<\/strong><\/summary>\n<p class=\"has-small-font-size\">Une couverture d'annulation, de r\u00e9duction ou d'abandon peut \u00eatre pr\u00e9sent\u00e9e jusqu'\u00e0 <strong>\u20ac7,500<\/strong>, avec un niveau sup\u00e9rieur facultatif indiqu\u00e9 jusqu'\u00e0 <strong>\u20ac25,000<\/strong>, selon le calendrier du produit et la formulation applicable.<\/p>\n<\/details>\n\n\n\n<details class=\"wp-block-details is-layout-flow wp-block-details-is-layout-flow\" style=\"border-bottom-color:var(--wp--preset--color--tertiary-light);border-bottom-width:1px;padding-bottom:24px;font-size:18px;font-style:normal\"><summary><strong>Quelle est la limite de bagages ?<\/strong><\/summary>\n<p class=\"has-small-font-size\">La couverture des bagages et des documents de voyage peut \u00eatre pr\u00e9sent\u00e9e jusqu'\u00e0 <strong>\u20ac2,000<\/strong>, avec des objets de valeur jusqu'\u00e0 <strong>\u20ac250<\/strong>, argent personnel jusqu'\u00e0 <strong>\u20ac250<\/strong>, et les documents de voyage jusqu'\u00e0 <strong>\u20ac250<\/strong>, sous r\u00e9serve des conditions g\u00e9n\u00e9rales et de la formulation de la police.<\/p>\n<\/details>\n\n\n\n<details class=\"wp-block-details is-layout-flow wp-block-details-is-layout-flow\" style=\"border-bottom-color:var(--wp--preset--color--tertiary-light);border-bottom-width:1px;padding-bottom:24px;font-size:18px;font-style:normal\"><summary><strong>Y a-t-il un exc\u00e8s ?<\/strong><\/summary>\n<p class=\"has-small-font-size\">Certaines sections peuvent appliquer un surplus. Lisez toujours attentivement le tableau des polices et la formulation compl\u00e8te pour voir si un surplus s'applique \u00e0 la section pour laquelle vous faites une r\u00e9clamation.<\/p>\n<\/details>\n\n\n\n<details class=\"wp-block-details is-layout-flow wp-block-details-is-layout-flow\" style=\"border-bottom-color:var(--wp--preset--color--tertiary-light);border-bottom-width:1px;padding-bottom:24px;font-size:18px;font-style:normal\"><summary><strong>Quelles sont les limites pour les prestations hospitali\u00e8res, les accidents personnels et les soins dentaires d'urgence ?<\/strong><\/summary>\n<p class=\"has-small-font-size\">Le b\u00e9n\u00e9fice hospitalier peut aller jusqu'\u00e0 <strong>\u20ac100<\/strong>, accident corporel jusqu'\u00e0 <strong>\u20ac25,000<\/strong>, et soins dentaires d'urgence jusqu'\u00e0 <strong>\u20ac300<\/strong>, selon les modalit\u00e9s exactes de la d\u00e9claration et de la police.<\/p>\n<\/details>\n\n\n\n<details class=\"wp-block-details is-layout-flow wp-block-details-is-layout-flow\" style=\"border-bottom-color:var(--wp--preset--color--tertiary-light);border-bottom-width:1px;padding-bottom:24px;font-size:18px;font-style:normal\"><summary><strong>O\u00f9 puis-je voir les limites et exclusions exactes ?<\/strong><\/summary>\n<p class=\"has-small-font-size\">Votre certificat et l'int\u00e9gralit\u00e9 des documents de police indiquent le bar\u00e8me des prestations, les d\u00e9finitions, les conditions et les exclusions. Lisez toujours attentivement ces documents avant de voyager.<\/p>\n<\/details>\n<\/div>\n<\/div>\n\n\n\n<div class=\"cozy-block-advanced-tab-item\" id=\"cozyBlock_72d81453_76a9_4c7b_b20c_953d39b99e6b\" data-client-id=\"72d81453-76a9-4c7b-b20c-953d39b99e6b\">\n<div class=\"wp-block-group is-layout-constrained wp-block-group-is-layout-constrained\" style=\"margin-top:64px\">\n<details class=\"wp-block-details is-layout-flow wp-block-details-is-layout-flow\" style=\"border-bottom-color:var(--wp--preset--color--tertiary-light);border-bottom-width:1px;padding-bottom:24px;font-size:18px;font-style:normal\"><summary><strong>Je ne vois pas le formulaire de r\u00e9servation. Que dois-je faire ?<\/strong><\/summary>\n<p class=\"has-small-font-size\">Essayez un autre navigateur, actualisez la page et d\u00e9sactivez temporairement les bloqueurs de scripts ou les extensions de confidentialit\u00e9 pour la page de r\u00e9servation.<\/p>\n<\/details>\n\n\n\n<details class=\"wp-block-details is-layout-flow wp-block-details-is-layout-flow\" style=\"border-bottom-color:var(--wp--preset--color--tertiary-light);border-bottom-width:1px;padding-bottom:24px;font-size:18px;font-style:normal\"><summary><strong>Je n'ai pas re\u00e7u mon e-mail. Que dois-je faire ?<\/strong><\/summary>\n<p class=\"has-small-font-size\">V\u00e9rifiez d'abord votre dossier spam ou courrier ind\u00e9sirable. S'il ne s'y trouve pas, contactez StudySafe avec votre nom complet et votre r\u00e9f\u00e9rence de r\u00e9servation si disponible.<\/p>\n<\/details>\n\n\n\n<details class=\"wp-block-details is-layout-flow wp-block-details-is-layout-flow\" style=\"border-bottom-color:var(--wp--preset--color--tertiary-light);border-bottom-width:1px;padding-bottom:24px;font-size:18px;font-style:normal\"><summary><strong>Mon \u00e9cole a demand\u00e9 une preuve d'assurance. Que dois-je fournir ?<\/strong><\/summary>\n<p class=\"has-small-font-size\">Utilisez votre certificat d'assurance et tout document de police justificatif \u00e9mis avec votre commande.<\/p>\n<\/details>\n\n\n\n<details class=\"wp-block-details is-layout-flow wp-block-details-is-layout-flow\" style=\"border-bottom-color:var(--wp--preset--color--tertiary-light);border-bottom-width:1px;padding-bottom:24px;font-size:18px;font-style:normal\"><summary><strong>J'ai entr\u00e9 de mauvaises dates de voyage. Que dois-je faire ?<\/strong><\/summary>\n<p class=\"has-small-font-size\">Contactez StudySafe d\u00e8s que possible. Certaines corrections peuvent \u00eatre possibles avant la publication des documents, tandis que d'autres modifications peuvent n\u00e9cessiter une r\u00e9\u00e9mission en fonction du cas.<\/p>\n<\/details>\n\n\n\n<details class=\"wp-block-details is-layout-flow wp-block-details-is-layout-flow\" style=\"border-bottom-color:var(--wp--preset--color--tertiary-light);border-bottom-width:1px;padding-bottom:24px;font-size:18px;font-style:normal\"><summary><strong>Dois-je accepter les conditions g\u00e9n\u00e9rales et les politiques pour r\u00e9server ?<\/strong><\/summary>\n<p class=\"has-small-font-size\">Oui. Il vous sera demand\u00e9 de confirmer que vous avez lu et accept\u00e9 les conditions et politiques pertinentes lors du paiement.<\/p>\n<\/details>\n<\/div>\n<\/div>\n\n\n\n<div class=\"cozy-block-advanced-tab-item\" id=\"cozyBlock_9ceeb38c_20a6_4ac7_a590_de6bc0842555\" data-client-id=\"9ceeb38c-20a6-4ac7-a590-de6bc0842555\">\n<div class=\"wp-block-group is-layout-constrained wp-block-group-is-layout-constrained\" style=\"margin-top:64px\">\n<details class=\"wp-block-details is-layout-flow wp-block-details-is-layout-flow\" style=\"border-bottom-color:var(--wp--preset--color--tertiary-light);border-bottom-width:1px;padding-bottom:24px;font-size:18px;font-style:normal\"><summary><strong>Qu'est-ce qu'une attestation d'assurance ?<\/strong><\/summary>\n<p class=\"has-small-font-size\">C'est le document qui confirme votre num\u00e9ro de police, les d\u00e9tails de la personne assur\u00e9e et votre p\u00e9riode d'assurance.<\/p>\n<\/details>\n\n\n\n<details class=\"wp-block-details is-layout-flow wp-block-details-is-layout-flow\" style=\"border-bottom-color:var(--wp--preset--color--tertiary-light);border-bottom-width:1px;padding-bottom:24px;font-size:18px;font-style:normal\"><summary><strong>Quels documents devrais-je lire avant de voyager ?<\/strong><\/summary>\n<p class=\"has-small-font-size\">Lisez votre certificat d'assurance, le document d'information normalis\u00e9 europ\u00e9en (DINE) et les conditions g\u00e9n\u00e9rales compl\u00e8tes. Ensemble, ils expliquent ce qui est couvert, ce qui n'est pas couvert et comment les sinistres fonctionnent.<\/p>\n<\/details>\n\n\n\n<details class=\"wp-block-details is-layout-flow wp-block-details-is-layout-flow\" style=\"border-bottom-color:var(--wp--preset--color--tertiary-light);border-bottom-width:1px;padding-bottom:24px;font-size:18px;font-style:normal\"><summary><strong>J'ai entr\u00e9 de mauvaises informations. Puis-je les corriger ?<\/strong><\/summary>\n<p class=\"has-small-font-size\">Contactez StudySafe d\u00e8s que possible. Certaines corrections peuvent \u00eatre possibles avant la publication des documents, tandis que d'autres peuvent n\u00e9cessiter une r\u00e9\u00e9mission en fonction de la modification.<\/p>\n<\/details>\n\n\n\n<details class=\"wp-block-details is-layout-flow wp-block-details-is-layout-flow\" style=\"border-bottom-color:var(--wp--preset--color--tertiary-light);border-bottom-width:1px;padding-bottom:24px;font-size:18px;font-style:normal\"><summary><strong>Qui dois-je contacter si j'ai des questions concernant ma police d'assurance ?<\/strong><\/summary>\n<p class=\"has-small-font-size\">Contactez StudySafe pour les r\u00e9servations et les questions relatives aux documents. Si vous avez besoin d'une aide m\u00e9dicale urgente pendant votre voyage, utilisez le num\u00e9ro d'assistance d'urgence disponible 24h\/24 et 7j\/7 indiqu\u00e9 dans vos documents.<\/p>\n<\/details>\n\n\n\n<details class=\"wp-block-details is-layout-flow wp-block-details-is-layout-flow\" style=\"border-bottom-color:var(--wp--preset--color--tertiary-light);border-bottom-width:1px;padding-bottom:24px;font-size:18px;font-style:normal\"><summary><strong>O\u00f9 puis-je trouver vos politiques, telles que la politique de confidentialit\u00e9 et les conditions d'utilisation ?<\/strong><\/summary>\n<p class=\"has-small-font-size\">Ils sont disponibles dans la section Juridique du site web.<\/p>\n<\/details>\n\n\n\n<details class=\"wp-block-details is-layout-flow wp-block-details-is-layout-flow\" style=\"border-bottom-color:var(--wp--preset--color--tertiary-light);border-bottom-width:1px;padding-bottom:24px;font-size:18px;font-style:normal\"><summary><strong>Que dois-je lire avant de r\u00e9server ?<\/strong><\/summary>\n<p class=\"has-small-font-size\">Vous pouvez lire notre <strong><a href=\"https:\/\/studysafe.travel\/fr\/je-vais-en-espagne\/etudiants-en-ecole-de-langues\/court-terme\/information\/\">Informations importantes et documents d'assurance<\/a><\/strong> page avant la r\u00e9servation. Elle r\u00e9unit les principaux points d'\u00e9ligibilit\u00e9, les faits essentiels sur le produit, les d\u00e9clarations et les informations d'assistance en cas d'urgence, ainsi que des liens vers les documents d'assurance applicables, y compris les <strong>IPID<\/strong> et <strong>Texte int\u00e9gral de la police<\/strong>.<\/p>\n<\/details>\n<\/div>\n<\/div>\n<\/div><\/div>\n<\/div><\/div>\n<\/div>","protected":false},"excerpt":{"rendered":"<p>Everything students ask before booking Frequently Asked Questions Clear answers on short-term eligibility, medical and travel-related cover, claims, pricing, key limits, and policy documents for international students travelling to Spain for a short language course of up to 89 days.<\/p>","protected":false},"author":1,"featured_media":0,"parent":1064,"menu_order":0,"comment_status":"closed","ping_status":"closed","template":"","meta":{"footnotes":""},"class_list":["post-1115","page","type-page","status-publish","hentry"],"_links":{"self":[{"href":"https:\/\/studysafe.travel\/fr\/wp-json\/wp\/v2\/pages\/1115","targetHints":{"allow":["GET"]}}],"collection":[{"href":"https:\/\/studysafe.travel\/fr\/wp-json\/wp\/v2\/pages"}],"about":[{"href":"https:\/\/studysafe.travel\/fr\/wp-json\/wp\/v2\/types\/page"}],"author":[{"embeddable":true,"href":"https:\/\/studysafe.travel\/fr\/wp-json\/wp\/v2\/users\/1"}],"replies":[{"embeddable":true,"href":"https:\/\/studysafe.travel\/fr\/wp-json\/wp\/v2\/comments?post=1115"}],"version-history":[{"count":7,"href":"https:\/\/studysafe.travel\/fr\/wp-json\/wp\/v2\/pages\/1115\/revisions"}],"predecessor-version":[{"id":1925,"href":"https:\/\/studysafe.travel\/fr\/wp-json\/wp\/v2\/pages\/1115\/revisions\/1925"}],"up":[{"embeddable":true,"href":"https:\/\/studysafe.travel\/fr\/wp-json\/wp\/v2\/pages\/1064"}],"wp:attachment":[{"href":"https:\/\/studysafe.travel\/fr\/wp-json\/wp\/v2\/media?parent=1115"}],"curies":[{"name":"wp","href":"https:\/\/api.w.org\/{rel}","templated":true}]}}