{"id":1072,"date":"2026-04-07T15:15:55","date_gmt":"2026-04-07T15:15:55","guid":{"rendered":"https:\/\/studysafe.travel\/?page_id=1072"},"modified":"2026-04-23T08:13:15","modified_gmt":"2026-04-23T08:13:15","slug":"cobertura","status":"publish","type":"page","link":"https:\/\/studysafe.travel\/pt\/im-going-to-spain\/language-school-students\/short-term\/coverage\/","title":{"rendered":"Cobertura"},"content":{"rendered":"<link rel=\"stylesheet\" href=\"https:\/\/fonts.googleapis.com\/css2?family=Geist:wght@400;500;600;700;800\" \/>\n<div class=\"wp-block-group has-background is-layout-constrained wp-container-core-group-is-layout-eb65c542 wp-block-group-is-layout-constrained\" style=\"background:linear-gradient(135deg,rgb(243,248,255) 46%,rgb(255,243,243) 100%);margin-top:0;margin-bottom:0;padding-top:80px;padding-right:26px;padding-bottom:100px;padding-left:26px;font-size:16px;font-style:normal;font-weight:400;line-height:1.6; font-family: 'Geist' !important;\">\n\n\n<div style=\"height:25px\" aria-hidden=\"true\" class=\"wp-block-spacer\"><\/div>\n\n\n\n<div class=\"wp-block-columns alignwide is-layout-flex wp-container-core-columns-is-layout-f74a9aa3 wp-block-columns-is-layout-flex\" style=\"margin-top:0;margin-bottom:0;padding-top:0;padding-right:0;padding-bottom:0;padding-left:0\">\n<div class=\"wp-block-column is-vertically-aligned-top is-layout-flow wp-container-core-column-is-layout-a77db08e wp-block-column-is-layout-flow cozy-animation__initialized\">\n<figure class=\"wp-block-image size-full has-custom-border cozy-responsive-show__initialized cozy-hover-effect__initialized\" style=\"\" data-desktop-show=\"1\" data-tablet-show=\"\" data-tablet-viewport-width=\"980\" data-mobile-show=\"\" data-mobile-viewport-width=\"767\"><img loading=\"lazy\" decoding=\"async\" width=\"600\" height=\"600\" src=\"https:\/\/studysafe.travel\/wp-content\/uploads\/2026\/02\/study-travel-Eligibility-Claims-Key-Limits.png\" alt=\"\" class=\"wp-image-202\" style=\"border-style:none;border-width:0px;border-top-left-radius:0px;border-top-right-radius:0px;border-bottom-left-radius:0px;border-bottom-right-radius:0px\" srcset=\"https:\/\/studysafe.travel\/wp-content\/uploads\/2026\/02\/study-travel-Eligibility-Claims-Key-Limits.png 600w, https:\/\/studysafe.travel\/wp-content\/uploads\/2026\/02\/study-travel-Eligibility-Claims-Key-Limits-300x300.png 300w, https:\/\/studysafe.travel\/wp-content\/uploads\/2026\/02\/study-travel-Eligibility-Claims-Key-Limits-150x150.png 150w\" sizes=\"auto, (max-width: 600px) 100vw, 600px\" \/><\/figure>\n<\/div>\n\n\n<link rel=\"stylesheet\" href=\"https:\/\/fonts.googleapis.com\/css2?family=Geist:wght@400;500;600;700;800\" \/>\n<div class=\"wp-block-column is-content-justification-left is-layout-constrained wp-container-core-column-is-layout-e710f4ca wp-block-column-is-layout-constrained\" style=\"flex-basis:55%; font-family: 'Geist' !important;\">\n<div class=\"wp-block-group is-nowrap is-layout-flex wp-container-core-group-is-layout-ecba6b92 wp-block-group-is-layout-flex\" style=\"margin-top:0;margin-bottom:0\">\n<p class=\"has-text-align-center has-text-color has-background has-link-color wp-elements-3e06efe5367f0cf80547e186fcec85d1\" style=\"border-radius:100px;color:#aa151b;background-color:#ffd7d7;padding-top:6px;padding-right:16px;padding-bottom:6px;padding-left:16px;font-size:14px;font-style:normal;font-weight:500\"><strong>Seguro Estudantil para a Espanha<\/strong><\/p>\n<\/div>\n\n\n\n<h2 class=\"wp-block-heading has-text-color has-link-color wp-elements-6c0ae434bc5459315cb7bf79fcd90e4e\" style=\"color:#031d1b;margin-top:6px;margin-bottom:16px;font-size:48px;font-style:normal;font-weight:600;line-height:1.2\">Seguro para estadias de curta dura\u00e7\u00e3o na Espanha<\/h2>\n\n\n\n<p>Se voc\u00ea est\u00e1 viajando para a Espanha para uma <strong>curso de idiomas r\u00e1pido<\/strong>, esta cobertura foi elaborada para ajudar a proteg\u00ea-lo durante toda a sua estadia. Ela apoia estudantes internacionais eleg\u00edveis com prote\u00e7\u00e3o pr\u00e1tica para problemas m\u00e9dicos inesperados, suporte emergencial e quest\u00f5es-chave relacionadas a viagens que podem afetar uma curta viagem acad\u00eamica ao exterior. <strong>Curta Dura\u00e7\u00e3o aplica-se a estadias de estudo de at\u00e9 89 dias.<\/strong><\/p>\n\n\n\n<p>Desde tratamento m\u00e9dico de emerg\u00eancia a apoio em repatria\u00e7\u00e3o e acesso a assist\u00eancia pr\u00e1tica quando algo inesperado acontece, esta cobertura foi criada para dar aos estudantes mais confian\u00e7a durante o seu tempo na Espanha. <\/p>\n\n\n\n<p>\u00c9 uma op\u00e7\u00e3o simples e de apoio para estadias curtas na Espanha, ajudando voc\u00ea a se concentrar em seus planos, em seu curso e em seu tempo no exterior.<\/p>\n\n\n<link rel=\"stylesheet\" href=\"https:\/\/fonts.googleapis.com\/css2?family=Geist:wght@400;500;600;700;800\" \/>\n<div class=\"wp-block-buttons has-custom-font-size is-horizontal is-content-justification-center is-nowrap is-layout-flex wp-container-core-buttons-is-layout-eb04c77a wp-block-buttons-is-layout-flex\" style=\"margin-top:20px;margin-bottom:var(--wp--preset--spacing--30);padding-top:var(--wp--preset--spacing--30);padding-bottom:var(--wp--preset--spacing--30);font-size:16px;font-style:normal;font-weight:400; font-family: 'Geist' !important;\">\n<div class=\"wp-block-button has-custom-width wp-block-button__width-100 is-style-button-hover-white-bgcolor cozy-animation__initialized cozy-button-hover-styles\" style=\"; --cozyButtonBgColorHover: #6f3dff; --cozyButtonColorHover: currentColor; --cozyButtonBorderHover: ; \" data-aos=\"fade-up\" data-aos-easing=\"ease-in\" data-aos-anchor-placement=\"top-bottom\" data-aos-duration=\"600\"><a class=\"wp-block-button__link wp-element-button\" href=\"https:\/\/studysafe.travel\/pt\/eu-vou-para-a-espanha\/alunos-de-escola-de-idiomas\/curto-prazo\/verificar-elegibilidade\/\">Eu sou eleg\u00edvel?<\/a><\/div>\n<\/div>\n\n\n<link rel=\"stylesheet\" href=\"https:\/\/fonts.googleapis.com\/css2?family=Geist:wght@400;500;600;700;800\" \/>\n<div class=\"wp-block-buttons has-custom-font-size is-horizontal is-content-justification-left is-nowrap is-layout-flex wp-container-core-buttons-is-layout-3d3318cf wp-block-buttons-is-layout-flex\" style=\"margin-top:20px;margin-bottom:var(--wp--preset--spacing--30);padding-top:var(--wp--preset--spacing--30);padding-bottom:var(--wp--preset--spacing--30);font-size:16px;font-style:normal;font-weight:400; font-family: 'Geist' !important;\">\n<div class=\"wp-block-button has-custom-width wp-block-button__width-50 is-style-button-hover-white-bgcolor cozy-animation__initialized cozy-button-hover-styles\" style=\"; --cozyButtonBgColorHover: #6f3dff; --cozyButtonColorHover: currentColor; --cozyButtonBorderHover: ; \" data-aos=\"fade-up\" data-aos-easing=\"ease-in\" data-aos-anchor-placement=\"top-bottom\" data-aos-duration=\"600\"><a class=\"wp-block-button__link wp-element-button\" href=\"https:\/\/studysafe.travel\/pt\/eu-vou-para-a-espanha\/alunos-de-escola-de-idiomas\/curto-prazo\/perguntas-frequentes\/\">Ler FAQs<\/a><\/div>\n\n\n\n<div class=\"wp-block-button has-custom-width wp-block-button__width-50 is-style-button-hover-white-bgcolor cozy-animation__initialized cozy-button-hover-styles\" style=\"; --cozyButtonBgColorHover: #6f3dff; --cozyButtonColorHover: currentColor; --cozyButtonBorderHover: ; \" data-aos=\"fade-up\" data-aos-easing=\"ease-in\" data-aos-anchor-placement=\"top-bottom\" data-aos-duration=\"600\"><a class=\"wp-block-button__link wp-element-button\" href=\"https:\/\/studysafe.travel\/pt\/eu-vou-para-a-espanha\/alunos-de-escola-de-idiomas\/curto-prazo\/informacoes-importantes\/\">Informa\u00e7\u00f5es<\/a><\/div>\n<\/div>\n<\/div>\n<\/div>\n<\/div>\n\n\n<link rel=\"stylesheet\" href=\"https:\/\/fonts.googleapis.com\/css2?family=Geist:wght@400;500;600;700;800\" \/>\n<div class=\"wp-block-group has-background is-layout-constrained wp-container-core-group-is-layout-eb65c542 wp-block-group-is-layout-constrained\" style=\"background:linear-gradient(135deg,rgb(243,248,255) 46%,rgb(255,243,243) 100%);margin-top:0;margin-bottom:0;padding-top:80px;padding-right:26px;padding-bottom:100px;padding-left:26px;font-size:16px;font-style:normal;font-weight:400;line-height:1.6; font-family: 'Geist' !important;\">\n<div class=\"wp-block-columns alignwide is-layout-flex wp-container-core-columns-is-layout-f74a9aa3 wp-block-columns-is-layout-flex\" style=\"margin-top:0;margin-bottom:0;padding-top:0;padding-right:0;padding-bottom:0;padding-left:0\"><link rel=\"stylesheet\" href=\"https:\/\/fonts.googleapis.com\/css2?family=Geist:wght@400;500;600;700;800\" \/>\n<div class=\"wp-block-column is-content-justification-left is-layout-constrained wp-container-core-column-is-layout-e710f4ca wp-block-column-is-layout-constrained\" style=\"flex-basis:55%; font-family: 'Geist' !important;\">\n<div class=\"wp-block-group is-nowrap is-layout-flex wp-container-core-group-is-layout-ecba6b92 wp-block-group-is-layout-flex\" style=\"margin-top:0;margin-bottom:0\">\n<p class=\"has-text-align-center has-text-color has-background has-link-color wp-elements-09488ce4fcf1e6bfc99ed854ee42655d\" style=\"border-radius:100px;color:#aa151b;background-color:#ffd7d7;padding-top:6px;padding-right:16px;padding-bottom:6px;padding-left:16px;font-size:14px;font-style:normal;font-weight:500\"><strong>Para que esta capa foi projetada<\/strong><\/p>\n<\/div>\n\n\n\n<h2 class=\"wp-block-heading has-text-color has-link-color wp-elements-31985d9e7a47f3503d4a2786cb053986\" style=\"color:#031d1b;margin-top:6px;margin-bottom:16px;font-size:48px;font-style:normal;font-weight:600;line-height:1.2\">Prote\u00e7\u00e3o criada para viagens de curta dura\u00e7\u00e3o de estudantes<\/h2>\n\n\n\n<p>Estadias de estudo curtas ainda apresentam riscos reais, desde doen\u00e7as inesperadas a planos de viagem interrompidos ou outras quest\u00f5es que podem afetar seu tempo no exterior.<\/p>\n\n\n\n<p>Esta capa \u00e9 projetada para <strong>estudantes internacionais eleg\u00edveis viajando para a Espanha<\/strong> <strong>para um curso de idiomas<\/strong> fora de seu pa\u00eds de origem, com suporte focado nas situa\u00e7\u00f5es que mais importam durante uma estadia tempor\u00e1ria de estudos.<\/p>\n\n\n\n<p>Ele combina prote\u00e7\u00e3o m\u00e9dica, suporte para imprevistos de viagem e ajuda pr\u00e1tica caso algo inesperado afete a viagem antes ou durante a estadia, ajudando os alunos a se sentirem mais amparados durante todo o tempo em que estiverem na Espanha.<\/p>\n\n\n\n<p>O objetivo \u00e9 dar aos estudantes mais tranquilidade durante uma curta estadia no exterior, facilitando o lidar com imprevistos, ao mesmo tempo em que se mant\u00eam focados em seu curso, seus planos e sua experi\u00eancia na Espanha.<\/p>\n<\/div>\n\n\n\n<div class=\"wp-block-column is-vertically-aligned-top is-layout-flow wp-container-core-column-is-layout-a77db08e wp-block-column-is-layout-flow cozy-animation__initialized\">\n<figure class=\"wp-block-image size-full has-custom-border cozy-responsive-show__initialized cozy-hover-effect__initialized\" style=\"\" data-desktop-show=\"1\" data-tablet-show=\"\" data-tablet-viewport-width=\"980\" data-mobile-show=\"\" data-mobile-viewport-width=\"767\"><img loading=\"lazy\" decoding=\"async\" width=\"600\" height=\"600\" src=\"https:\/\/studysafe.travel\/wp-content\/uploads\/2026\/02\/study-travel-about-us.png\" alt=\"\" class=\"wp-image-388\" style=\"border-style:none;border-width:0px;border-top-left-radius:0px;border-top-right-radius:0px;border-bottom-left-radius:0px;border-bottom-right-radius:0px\" srcset=\"https:\/\/studysafe.travel\/wp-content\/uploads\/2026\/02\/study-travel-about-us.png 600w, https:\/\/studysafe.travel\/wp-content\/uploads\/2026\/02\/study-travel-about-us-300x300.png 300w, https:\/\/studysafe.travel\/wp-content\/uploads\/2026\/02\/study-travel-about-us-150x150.png 150w\" sizes=\"auto, (max-width: 600px) 100vw, 600px\" \/><\/figure>\n<\/div>\n<\/div>\n<\/div>\n\n\n\n<div class=\"wp-block-group has-background-background-color has-background is-layout-constrained wp-container-core-group-is-layout-ef55149e wp-block-group-is-layout-constrained\" style=\"margin-top:0;margin-bottom:0;padding-top:4rem;padding-right:var(--wp--preset--spacing--40);padding-bottom:6rem;padding-left:var(--wp--preset--spacing--40)\">\n<h5 class=\"wp-block-heading has-text-align-center has-text-color has-link-color has-small-font-size wp-elements-54682fe68da72bee8bb3744a067095a9\" style=\"color:#aa151b;letter-spacing:4px;text-transform:uppercase\">O que est\u00e1 inclu\u00eddo<\/h5>\n\n\n\n<h2 class=\"wp-block-heading has-text-align-center cozy-animation__initialized\" data-aos=\"fade-up\" data-aos-easing=\"ease-in\" data-aos-anchor-placement=\"top-bottom\" data-aos-duration=\"600\">Prote\u00e7\u00e3o essencial para o seu tempo na Espanha<\/h2>\n\n\n\n<p class=\"has-text-align-center has-small-font-size cozy-animation__initialized\" data-aos=\"fade-up\" data-aos-easing=\"ease-in\" data-aos-anchor-placement=\"top-bottom\" data-aos-duration=\"600\">Esta cobertura de Curta Dura\u00e7\u00e3o re\u00fane as principais \u00e1reas de prote\u00e7\u00e3o que os estudantes mais provavelmente necessitar\u00e3o durante uma curta estadia acad\u00eamica no exterior. Ela inclui prote\u00e7\u00e3o para cancelamento ou interrup\u00e7\u00e3o, partida atrasada ou perdida, problemas relacionados \u00e0 bagagem, suporte m\u00e9dico de emerg\u00eancia, repatria\u00e7\u00e3o, benef\u00edcio hospitalar, acidente pessoal, responsabilidade civil pessoal e outros riscos chave relacionados a viagens, sujeitos aos termos da ap\u00f3lice.<\/p>\n\n\n\n<div class=\"wp-block-columns is-layout-flex wp-container-core-columns-is-layout-aac82623 wp-block-columns-is-layout-flex\" style=\"border-style:none;border-width:0px;padding-top:var(--wp--preset--spacing--60)\">\n<div class=\"wp-block-column fotawp-fade-up is-layout-flow wp-block-column-is-layout-flow\" style=\"border-bottom-style:none;border-bottom-width:0px;padding-right:0;padding-bottom:0\">\n<div class=\"wp-block-group has-border-color is-layout-constrained wp-container-core-group-is-layout-95339512 wp-block-group-is-layout-constrained\" style=\"border-color:#EFEAF7;border-width:1px;border-radius:12px;padding-top:24px;padding-right:24px;padding-bottom:24px;padding-left:24px\">\n<h3 class=\"wp-block-heading is-style-default has-medium-font-size\" style=\"padding-bottom:0\">Suporte m\u00e9dico de emerg\u00eancia<\/h3>\n\n\n\n<p style=\"font-size:16px;line-height:1.5\">Inclui prote\u00e7\u00e3o para despesas m\u00e9dicas emergenciais eleg\u00edveis durante sua estadia na Espanha, com cobertura m\u00e9dica e de emerg\u00eancia relacionada demonstrada at\u00e9 <strong>R$ 10.000.000,00<\/strong>. Esta se\u00e7\u00e3o tamb\u00e9m inclui despesas de repatria\u00e7\u00e3o, tratamento odontol\u00f3gico de emerg\u00eancia at\u00e9 <strong>EUR 300<\/strong>, e custos de funeral ou enterro at\u00e9 <strong>EUR 5.000<\/strong>.<\/p>\n<\/div>\n<\/div>\n\n\n\n<div class=\"wp-block-column fotawp-fade-up is-layout-flow wp-block-column-is-layout-flow\" style=\"border-top-style:none;border-top-width:0px;border-bottom-style:none;border-bottom-width:0px;padding-right:0;padding-bottom:0\">\n<div class=\"wp-block-group has-border-color is-layout-constrained wp-container-core-group-is-layout-95339512 wp-block-group-is-layout-constrained\" style=\"border-color:#EFEAF7;border-width:1px;border-radius:12px;padding-top:24px;padding-right:24px;padding-bottom:24px;padding-left:24px\">\n<h3 class=\"wp-block-heading has-medium-font-size\" style=\"padding-bottom:0\">Assist\u00eancia de repatria\u00e7\u00e3o<\/h3>\n\n\n\n<p style=\"font-size:16px;line-height:1.5\">Se uma situa\u00e7\u00e3o m\u00e9dica grave tornar isso necess\u00e1rio, este seguro inclui suporte de repatria\u00e7\u00e3o como parte da se\u00e7\u00e3o de despesas m\u00e9dicas emergenciais e outras despesas. A assist\u00eancia \u00e9 projetada para ajudar os estudantes a obterem a orienta\u00e7\u00e3o correta rapidamente caso um caso se torne s\u00e9rio.<\/p>\n<\/div>\n<\/div>\n<\/div>\n\n\n\n<div class=\"wp-block-columns is-layout-flex wp-container-core-columns-is-layout-f25c431a wp-block-columns-is-layout-flex\" style=\"border-style:none;border-width:0px;margin-top:34px;padding-top:0\">\n<div class=\"wp-block-column fotawp-fade-up is-layout-flow wp-block-column-is-layout-flow\" style=\"border-bottom-style:none;border-bottom-width:0px;padding-right:0;padding-bottom:0\">\n<div class=\"wp-block-group has-border-color is-layout-constrained wp-container-core-group-is-layout-95339512 wp-block-group-is-layout-constrained\" style=\"border-color:#EFEAF7;border-width:1px;border-radius:12px;padding-top:24px;padding-right:24px;padding-bottom:24px;padding-left:24px\">\n<h3 class=\"wp-block-heading has-medium-font-size\" style=\"padding-bottom:0\">Cancelamento ou rescis\u00e3o<\/h3>\n\n\n\n<p style=\"font-size:16px;line-height:1.5\">Se um evento coberto eleg\u00edvel afetar a viagem antes da partida ou for for\u00e7ada a ser interrompida, esta cobertura inclui prote\u00e7\u00e3o contra cancelamento e interrup\u00e7\u00e3o. A cobertura padr\u00e3o para cancelamento, interrup\u00e7\u00e3o e abandono \u00e9 mostrada at\u00e9 <strong>R$ 7.500,00<\/strong>, com cobertura superior opcional mostrada at\u00e9 <strong>25.000 EUR<\/strong>.<\/p>\n<\/div>\n<\/div>\n\n\n\n<div class=\"wp-block-column fotawp-fade-up is-layout-flow wp-block-column-is-layout-flow\" style=\"border-bottom-style:none;border-bottom-width:0px;padding-right:0;padding-bottom:0\">\n<div class=\"wp-block-group has-border-color has-tertiary-light-border-color is-layout-constrained wp-container-core-group-is-layout-95339512 wp-block-group-is-layout-constrained\" style=\"border-width:1px;border-radius:12px;padding-top:24px;padding-right:24px;padding-bottom:24px;padding-left:24px\">\n<h3 class=\"wp-block-heading has-medium-font-size\" style=\"padding-bottom:0\">Suporte para reorganiza\u00e7\u00e3o<\/h3>\n\n\n\n<p style=\"font-size:16px;line-height:1.5\">Se uma viagem precisar ser reorganizada antes da partida devido a um evento coberto eleg\u00edvel, este seguro inclui suporte para reagendamento, com custos adicionais demonstrados em at\u00e9 <strong>R$ 1.000,00<\/strong>.<\/p>\n<\/div>\n<\/div>\n<\/div>\n\n\n\n<div class=\"wp-block-columns is-layout-flex wp-container-core-columns-is-layout-f25c431a wp-block-columns-is-layout-flex\" style=\"border-style:none;border-width:0px;margin-top:34px;padding-top:0\">\n<div class=\"wp-block-column fotawp-fade-up is-layout-flow wp-block-column-is-layout-flow\" style=\"border-bottom-style:none;border-bottom-width:0px;padding-right:0;padding-bottom:0\">\n<div class=\"wp-block-group has-border-color is-layout-constrained wp-container-core-group-is-layout-95339512 wp-block-group-is-layout-constrained\" style=\"border-color:#EFEAF7;border-width:1px;border-radius:12px;padding-top:24px;padding-right:24px;padding-bottom:24px;padding-left:24px\">\n<h3 class=\"wp-block-heading has-medium-font-size\" style=\"padding-bottom:0\">Partida atrasada<\/h3>\n\n\n\n<p style=\"font-size:16px;line-height:1.5\">Se a partida de um estudante for seriamente atrasada por um motivo coberto, esta cobertura inclui suporte para partida atrasada. A ap\u00f3lice mostra <strong>EUR 20 pelas primeiras 12 horas<\/strong>, ent\u00e3o <strong>EUR 20 por cada 12 horas completas ap\u00f3s isso<\/strong>, at\u00e9 <strong>80 EUR<\/strong>.<\/p>\n<\/div>\n<\/div>\n\n\n\n<div class=\"wp-block-column fotawp-fade-up is-layout-flow wp-block-column-is-layout-flow\" style=\"border-bottom-style:none;border-bottom-width:0px;padding-right:0;padding-bottom:0\">\n<div class=\"wp-block-group has-border-color has-tertiary-light-border-color is-layout-constrained wp-container-core-group-is-layout-95339512 wp-block-group-is-layout-constrained\" style=\"border-width:1px;border-radius:12px;padding-top:24px;padding-right:24px;padding-bottom:24px;padding-left:24px\">\n<h3 class=\"wp-block-heading has-medium-font-size\" style=\"padding-bottom:0\">Perda de embarque<\/h3>\n\n\n\n<p style=\"font-size:16px;line-height:1.5\">Se uma interrup\u00e7\u00e3o coberta fizer com que um aluno perca a partida, esta cobertura inclui uma se\u00e7\u00e3o de partida perdida, com a <strong>cronograma de pol\u00edticas<\/strong> mostrando apoio de at\u00e9 \u20ac 7.500.<\/p>\n<\/div>\n<\/div>\n<\/div>\n\n\n\n<div class=\"wp-block-columns is-layout-flex wp-container-core-columns-is-layout-f25c431a wp-block-columns-is-layout-flex\" style=\"border-style:none;border-width:0px;margin-top:34px;padding-top:0\">\n<div class=\"wp-block-column fotawp-fade-up is-layout-flow wp-block-column-is-layout-flow\" style=\"border-bottom-style:none;border-bottom-width:0px;padding-right:0;padding-bottom:0\">\n<div class=\"wp-block-group has-border-color is-layout-constrained wp-container-core-group-is-layout-95339512 wp-block-group-is-layout-constrained\" style=\"border-color:#EFEAF7;border-width:1px;border-radius:12px;padding-top:24px;padding-right:24px;padding-bottom:24px;padding-left:24px\">\n<h3 class=\"wp-block-heading has-medium-font-size\" style=\"padding-bottom:0\">Atraso de bagagem<\/h3>\n\n\n\n<p style=\"font-size:16px;line-height:1.5\">Se a bagagem despachada for atrasada durante a viagem de ida, esta cobertura inclui suporte para atraso de bagagem. A ap\u00f3lice mostra cobertura de substitui\u00e7\u00e3o de emerg\u00eancia de at\u00e9 <strong>R$ 100<\/strong>, sujeito \u00e0s condi\u00e7\u00f5es da ap\u00f3lice.<\/p>\n<\/div>\n<\/div>\n\n\n\n<div class=\"wp-block-column fotawp-fade-up is-layout-flow wp-block-column-is-layout-flow\" style=\"border-bottom-style:none;border-bottom-width:0px;padding-right:0;padding-bottom:0\">\n<div class=\"wp-block-group has-border-color has-tertiary-light-border-color is-layout-constrained wp-container-core-group-is-layout-95339512 wp-block-group-is-layout-constrained\" style=\"border-width:1px;border-radius:12px;padding-top:24px;padding-right:24px;padding-bottom:24px;padding-left:24px\">\n<h3 class=\"wp-block-heading has-medium-font-size\" style=\"padding-bottom:0\">Bagagem, dinheiro pessoal e documentos de viagem<\/h3>\n\n\n\n<p style=\"font-size:16px;line-height:1.5\">Esta cobertura tamb\u00e9m inclui prote\u00e7\u00e3o para certas perdas relacionadas \u00e0 bagagem e problemas espec\u00edficos que afetam dinheiro pessoal ou documentos de viagem. A ap\u00f3lice mostra a cobertura de bagagem e documentos de viagem at\u00e9 <strong>R$ 2.000,00<\/strong>, objetos de valor at\u00e9 <strong>250 EUR<\/strong>, dinheiro pessoal at\u00e9 <strong>250 EUR<\/strong>, e documentos de viagem at\u00e9 <strong>250 EUR<\/strong>.<\/p>\n<\/div>\n<\/div>\n<\/div>\n\n\n\n<div class=\"wp-block-columns is-layout-flex wp-container-core-columns-is-layout-f25c431a wp-block-columns-is-layout-flex\" style=\"border-style:none;border-width:0px;margin-top:34px;padding-top:0\">\n<div class=\"wp-block-column fotawp-fade-up is-layout-flow wp-block-column-is-layout-flow\" style=\"border-bottom-style:none;border-bottom-width:0px;padding-right:0;padding-bottom:0\">\n<div class=\"wp-block-group has-border-color is-layout-constrained wp-container-core-group-is-layout-95339512 wp-block-group-is-layout-constrained\" style=\"border-color:#EFEAF7;border-width:1px;border-radius:12px;padding-top:24px;padding-right:24px;padding-bottom:24px;padding-left:24px\">\n<h3 class=\"wp-block-heading has-medium-font-size\" style=\"padding-bottom:0\">Benef\u00edcio hospitalar<\/h3>\n\n\n\n<p style=\"font-size:16px;line-height:1.5\">Se um incidente m\u00e9dico coberto levar \u00e0 hospitaliza\u00e7\u00e3o, esta cobertura inclui um benef\u00edcio hospitalar. A ap\u00f3lice mostra <strong>EUR 20 por cada per\u00edodo completo de 24 horas<\/strong>, at\u00e9 <strong>R$ 100<\/strong>.<\/p>\n<\/div>\n<\/div>\n\n\n\n<div class=\"wp-block-column fotawp-fade-up is-layout-flow wp-block-column-is-layout-flow\" style=\"border-bottom-style:none;border-bottom-width:0px;padding-right:0;padding-bottom:0\">\n<div class=\"wp-block-group has-border-color has-tertiary-light-border-color is-layout-constrained wp-container-core-group-is-layout-95339512 wp-block-group-is-layout-constrained\" style=\"border-width:1px;border-radius:12px;padding-top:24px;padding-right:24px;padding-bottom:24px;padding-left:24px\">\n<h3 class=\"wp-block-heading has-medium-font-size\" style=\"padding-bottom:0\">Prote\u00e7\u00e3o contra acidentes pessoais<\/h3>\n\n\n\n<p style=\"font-size:16px;line-height:1.5\">Esta cobertura inclui prote\u00e7\u00e3o contra acidentes pessoais e acidentes em transporte p\u00fablico para incidentes graves cobertos durante a viagem segurada. A ap\u00f3lice mostra benef\u00edcios de at\u00e9 <strong>25.000 EUR<\/strong>, dependendo do tipo de sinistro e da idade do segurado.<\/p>\n<\/div>\n<\/div>\n<\/div>\n\n\n\n<div class=\"wp-block-columns is-layout-flex wp-container-core-columns-is-layout-f25c431a wp-block-columns-is-layout-flex\" style=\"border-style:none;border-width:0px;margin-top:34px;padding-top:0\">\n<div class=\"wp-block-column fotawp-fade-up is-layout-flow wp-block-column-is-layout-flow\" style=\"border-bottom-style:none;border-bottom-width:0px;padding-right:0;padding-bottom:0\">\n<div class=\"wp-block-group has-border-color is-layout-constrained wp-container-core-group-is-layout-95339512 wp-block-group-is-layout-constrained\" style=\"border-color:#EFEAF7;border-width:1px;border-radius:12px;padding-top:24px;padding-right:24px;padding-bottom:24px;padding-left:24px\">\n<h3 class=\"wp-block-heading has-medium-font-size\" style=\"padding-bottom:0\">Responsabilidade pessoal<\/h3>\n\n\n\n<p style=\"font-size:16px;line-height:1.5\">Inclui prote\u00e7\u00e3o de responsabilidade civil pessoal caso o estudante segurado se torne legalmente respons\u00e1vel por certos acidentes com danos a pessoas ou bens durante a viagem. A ap\u00f3lice detalha a cobertura de responsabilidade civil pessoal at\u00e9 <strong>R$ 2.500.000<\/strong>, com perda ou dano acidental \u00e0 propriedade de at\u00e9 <strong>500 EUR<\/strong>.<\/p>\n<\/div>\n<\/div>\n\n\n\n<div class=\"wp-block-column fotawp-fade-up is-layout-flow wp-block-column-is-layout-flow\" style=\"border-bottom-style:none;border-bottom-width:0px;padding-right:0;padding-bottom:0\">\n<div class=\"wp-block-group has-border-color has-tertiary-light-border-color is-layout-constrained wp-container-core-group-is-layout-95339512 wp-block-group-is-layout-constrained\" style=\"border-width:1px;border-radius:12px;padding-top:24px;padding-right:24px;padding-bottom:24px;padding-left:24px\">\n<h3 class=\"wp-block-heading has-medium-font-size\" style=\"padding-bottom:0\">Morte durante uma viagem<\/h3>\n\n\n\n<p style=\"font-size:16px;line-height:1.5\">Esta cobertura tamb\u00e9m inclui um benef\u00edcio de morte acidental definida durante uma viagem, com o <strong>cronograma de pol\u00edticas<\/strong> no valor de at\u00e9 EUR 20.000.<\/p>\n<\/div>\n<\/div>\n<\/div>\n<\/div>\n\n\n\n<div class=\"wp-block-group has-background-background-color has-background is-layout-constrained wp-container-core-group-is-layout-ef55149e wp-block-group-is-layout-constrained\" style=\"margin-top:0;margin-bottom:0;padding-top:4rem;padding-right:var(--wp--preset--spacing--40);padding-bottom:6rem;padding-left:var(--wp--preset--spacing--40)\">\n<h5 class=\"wp-block-heading has-text-align-center has-text-color has-link-color has-small-font-size wp-elements-3e15bbeec38943d34d235392115eb5bb\" style=\"color:#aa151b;letter-spacing:4px;text-transform:uppercase\">Suporte enquanto voc\u00ea estiver no exterior<\/h5>\n\n\n\n<h2 class=\"wp-block-heading has-text-align-center cozy-animation__initialized\" data-aos=\"fade-up\" data-aos-easing=\"ease-in\" data-aos-anchor-placement=\"top-bottom\" data-aos-duration=\"600\">Como a ajuda funciona durante a sua estadia<\/h2>\n\n\n\n<p class=\"has-text-align-center has-small-font-size cozy-animation__initialized\" data-aos=\"fade-up\" data-aos-easing=\"ease-in\" data-aos-anchor-placement=\"top-bottom\" data-aos-duration=\"600\">Esta cobertura n\u00e3o \u00e9 apenas sobre reembolso. Ela tamb\u00e9m d\u00e1 aos estudantes acesso a suporte quando precisam de ajuda para entender o que fazer a seguir, seja o assunto urgente, m\u00e9dico ou relacionado a viagens. O suporte \u00e9 projetado para ajudar os estudantes a agirem rapidamente e seguirem o processo correto caso algo s\u00e9rio aconte\u00e7a durante sua estadia na Espanha.<\/p>\n\n\n\n<div class=\"wp-block-columns is-layout-flex wp-container-core-columns-is-layout-aac82623 wp-block-columns-is-layout-flex\" style=\"border-style:none;border-width:0px;padding-top:var(--wp--preset--spacing--60)\">\n<div class=\"wp-block-column fotawp-fade-up is-layout-flow wp-block-column-is-layout-flow\" style=\"border-bottom-style:none;border-bottom-width:0px;padding-right:0;padding-bottom:0\">\n<div class=\"wp-block-group has-border-color is-layout-constrained wp-container-core-group-is-layout-95339512 wp-block-group-is-layout-constrained\" style=\"border-color:#EFEAF7;border-width:1px;border-radius:12px;padding-top:24px;padding-right:24px;padding-bottom:24px;padding-left:24px\">\n<h3 class=\"wp-block-heading has-medium-font-size\" style=\"padding-bottom:0\">Assist\u00eancia Emergencial 24\/7<\/h3>\n\n\n\n<p style=\"font-size:16px;line-height:1.5\">Caso tratamento de emerg\u00eancia, interna\u00e7\u00e3o hospitalar ou repatria\u00e7\u00e3o urgente possam ser necess\u00e1rios, os estudantes devem contatar o servi\u00e7o de assist\u00eancia de emerg\u00eancia o mais r\u00e1pido poss\u00edvel.<\/p>\n<\/div>\n<\/div>\n\n\n\n<div class=\"wp-block-column fotawp-fade-up is-layout-flow wp-block-column-is-layout-flow\" style=\"border-top-style:none;border-top-width:0px;border-bottom-style:none;border-bottom-width:0px;padding-right:0;padding-bottom:0\">\n<div class=\"wp-block-group has-border-color is-layout-constrained wp-container-core-group-is-layout-95339512 wp-block-group-is-layout-constrained\" style=\"border-color:#EFEAF7;border-width:1px;border-radius:12px;padding-top:24px;padding-right:24px;padding-bottom:24px;padding-left:24px\">\n<h3 class=\"wp-block-heading has-medium-font-size\" style=\"padding-bottom:0\">Suporte m\u00e9dico online<\/h3>\n\n\n\n<p style=\"font-size:16px;line-height:1.5\">Os alunos tamb\u00e9m t\u00eam acesso a suporte m\u00e9dico online por telefone, v\u00eddeo e chat, facilitando a obten\u00e7\u00e3o de orienta\u00e7\u00e3o m\u00e9dica durante a sua estadia sem atrasos desnecess\u00e1rios. Este suporte pode ajudar em casos n\u00e3o hospitalares adequados e tamb\u00e9m pode ajudar com prescri\u00e7\u00f5es para novas condi\u00e7\u00f5es em certos casos.<\/p>\n<\/div>\n<\/div>\n<\/div>\n\n\n\n<div class=\"wp-block-columns is-layout-flex wp-container-core-columns-is-layout-f25c431a wp-block-columns-is-layout-flex\" style=\"border-style:none;border-width:0px;margin-top:34px;padding-top:0\">\n<div class=\"wp-block-column fotawp-fade-up is-layout-flow wp-block-column-is-layout-flow\" style=\"border-bottom-style:none;border-bottom-width:0px;padding-right:0;padding-bottom:0\">\n<div class=\"wp-block-group has-border-color is-layout-constrained wp-container-core-group-is-layout-95339512 wp-block-group-is-layout-constrained\" style=\"border-color:#EFEAF7;border-width:1px;border-radius:12px;padding-top:24px;padding-right:24px;padding-bottom:24px;padding-left:24px\">\n<h3 class=\"wp-block-heading has-medium-font-size\" style=\"padding-bottom:0\">Ajuda multil\u00edngue<\/h3>\n\n\n\n<p style=\"font-size:16px;line-height:1.5\">Suporte est\u00e1 dispon\u00edvel em <strong>Ingl\u00eas, Italiano, Espanhol e Alem\u00e3o<\/strong>, ajudando os alunos a se sentirem mais confiantes ao lidar com quest\u00f5es m\u00e9dicas fora de casa.<\/p>\n<\/div>\n<\/div>\n\n\n\n<div class=\"wp-block-column fotawp-fade-up is-layout-flow wp-block-column-is-layout-flow\" style=\"border-bottom-style:none;border-bottom-width:0px;padding-right:0;padding-bottom:0\">\n<div class=\"wp-block-group has-border-color has-tertiary-light-border-color is-layout-constrained wp-container-core-group-is-layout-95339512 wp-block-group-is-layout-constrained\" style=\"border-width:1px;border-radius:12px;padding-top:24px;padding-right:24px;padding-bottom:24px;padding-left:24px\">\n<h3 class=\"wp-block-heading has-medium-font-size\" style=\"padding-bottom:0\">Orienta\u00e7\u00e3o quando o cuidado presencial \u00e9 necess\u00e1rio<\/h3>\n\n\n\n<p style=\"font-size:16px;line-height:1.5\">Se um caso n\u00e3o puder ser resolvido remotamente, o estudante pode ser orientado para o pr\u00f3ximo passo apropriado, incluindo a ida a uma cl\u00ednica, hospital ou centro m\u00e9dico presencialmente. Para hospitaliza\u00e7\u00e3o, o faturamento direto pode ser organizado uma vez autorizado atrav\u00e9s do processo de assist\u00eancia; para muitos outros casos, os estudantes podem precisar pagar primeiro e depois solicitar o reembolso com a documenta\u00e7\u00e3o necess\u00e1ria.<\/p>\n<\/div>\n<\/div>\n<\/div>\n\n\n\n<div class=\"wp-block-columns is-layout-flex wp-container-core-columns-is-layout-f25c431a wp-block-columns-is-layout-flex\" style=\"border-style:none;border-width:0px;margin-top:34px;padding-top:0\">\n<div class=\"wp-block-column fotawp-fade-up is-layout-flow wp-block-column-is-layout-flow\" style=\"border-bottom-style:none;border-bottom-width:0px;padding-right:0;padding-bottom:0\">\n<div class=\"wp-block-group has-border-color is-layout-constrained wp-container-core-group-is-layout-95339512 wp-block-group-is-layout-constrained\" style=\"border-color:#EFEAF7;border-width:1px;border-radius:12px;padding-top:24px;padding-right:24px;padding-bottom:24px;padding-left:24px\">\n<h3 class=\"wp-block-heading has-medium-font-size\" style=\"padding-bottom:0\">Reclama\u00e7\u00f5es e reembolso<\/h3>\n\n\n\n<p style=\"font-size:16px;line-height:1.5\">Para sinistros n\u00e3o emergenciais, os alunos devem guardar faturas, recibos, certificados e quaisquer outras evid\u00eancias necess\u00e1rias. Os sinistros podem ser apresentados por meio do canal de sinistros relevante, e o comprovante de pagamento original poder\u00e1 ser exigido.<\/p>\n<\/div>\n<\/div>\n\n\n\n<div class=\"wp-block-column fotawp-fade-up is-layout-flow wp-block-column-is-layout-flow\" style=\"border-bottom-style:none;border-bottom-width:0px;padding-right:0;padding-bottom:0\">\n<div class=\"wp-block-group has-border-color has-tertiary-light-border-color is-layout-constrained wp-container-core-group-is-layout-95339512 wp-block-group-is-layout-constrained\" style=\"border-width:1px;border-radius:12px;padding-top:24px;padding-right:24px;padding-bottom:24px;padding-left:24px\"><\/div>\n<\/div>\n<\/div>\n<\/div>\n\n\n\n<div class=\"wp-block-group has-background-background-color has-background is-layout-constrained wp-container-core-group-is-layout-ef55149e wp-block-group-is-layout-constrained\" style=\"margin-top:0;margin-bottom:0;padding-top:4rem;padding-right:var(--wp--preset--spacing--40);padding-bottom:6rem;padding-left:var(--wp--preset--spacing--40)\">\n<h5 class=\"wp-block-heading has-text-align-center has-text-color has-link-color has-small-font-size wp-elements-bf40360b3b9c9fd5a1a15443158fac04\" style=\"color:#aa151b;letter-spacing:4px;text-transform:uppercase\">Importante antes de comprar<\/h5>\n\n\n\n<h2 class=\"wp-block-heading has-text-align-center cozy-animation__initialized\" data-aos=\"fade-up\" data-aos-easing=\"ease-in\" data-aos-anchor-placement=\"top-bottom\" data-aos-duration=\"600\">Coisas que os alunos devem entender claramente<\/h2>\n\n\n\n<p class=\"has-text-align-center has-small-font-size cozy-animation__initialized\" data-aos=\"fade-up\" data-aos-easing=\"ease-in\" data-aos-anchor-placement=\"top-bottom\" data-aos-duration=\"600\">Antes de comprar, os estudantes devem entender para que serve esta cobertura, para que n\u00e3o serve e como funcionam as regras principais. Esta p\u00e1gina foi desenvolvida para explicar o produto claramente, mas a ap\u00f3lice completa e os documentos de informa\u00e7\u00e3o do produto continuam sendo essenciais antes da compra.<\/p>\n\n\n\n<div class=\"wp-block-columns is-layout-flex wp-container-core-columns-is-layout-aac82623 wp-block-columns-is-layout-flex\" style=\"border-style:none;border-width:0px;padding-top:var(--wp--preset--spacing--60)\">\n<div class=\"wp-block-column fotawp-fade-up is-layout-flow wp-block-column-is-layout-flow\" style=\"border-bottom-style:none;border-bottom-width:0px;padding-right:0;padding-bottom:0\">\n<div class=\"wp-block-group has-border-color is-layout-constrained wp-container-core-group-is-layout-95339512 wp-block-group-is-layout-constrained\" style=\"border-color:#EFEAF7;border-width:1px;border-radius:12px;padding-top:24px;padding-right:24px;padding-bottom:24px;padding-left:24px\">\n<h3 class=\"wp-block-heading has-medium-font-size\" style=\"padding-bottom:0\">Isso n\u00e3o \u00e9 um plano de sa\u00fade privado<\/h3>\n\n\n\n<p style=\"font-size:16px;line-height:1.5\">Este produto n\u00e3o deve ser apresentado como um seguro m\u00e9dico privado completo. Ele foi concebido para responder a acidentes, doen\u00e7as graves s\u00fabitas e outros eventos segurados definidos durante uma estadia de estudo internacional. Leia atentamente a ap\u00f3lice integral e os documentos de informa\u00e7\u00e3o do produto antes de comprar.<\/p>\n<\/div>\n<\/div>\n\n\n\n<div class=\"wp-block-column fotawp-fade-up is-layout-flow wp-block-column-is-layout-flow\" style=\"border-top-style:none;border-top-width:0px;border-bottom-style:none;border-bottom-width:0px;padding-right:0;padding-bottom:0\">\n<div class=\"wp-block-group has-border-color is-layout-constrained wp-container-core-group-is-layout-95339512 wp-block-group-is-layout-constrained\" style=\"border-color:#EFEAF7;border-width:1px;border-radius:12px;padding-top:24px;padding-right:24px;padding-bottom:24px;padding-left:24px\">\n<h3 class=\"wp-block-heading has-medium-font-size\" style=\"padding-bottom:0\">Condi\u00e7\u00f5es preexistentes s\u00e3o restritas<\/h3>\n\n\n\n<p style=\"font-size:16px;line-height:1.5\">Condi\u00e7\u00f5es m\u00e9dicas pr\u00e9-existentes geralmente n\u00e3o s\u00e3o cobertas, a menos que se enquadrem na estrutura de condi\u00e7\u00f5es aceit\u00e1veis descrita na ap\u00f3lice. Reclama\u00e7\u00f5es relacionadas a cirurgias recentes, tratamento hospitalar ou consultas m\u00e9dicas em hospital antes da compra tamb\u00e9m podem n\u00e3o ser cobertas.<\/p>\n<\/div>\n<\/div>\n<\/div>\n\n\n\n<div class=\"wp-block-columns is-layout-flex wp-container-core-columns-is-layout-f25c431a wp-block-columns-is-layout-flex\" style=\"border-style:none;border-width:0px;margin-top:34px;padding-top:0\">\n<div class=\"wp-block-column fotawp-fade-up is-layout-flow wp-block-column-is-layout-flow\" style=\"border-bottom-style:none;border-bottom-width:0px;padding-right:0;padding-bottom:0\">\n<div class=\"wp-block-group has-border-color is-layout-constrained wp-container-core-group-is-layout-95339512 wp-block-group-is-layout-constrained\" style=\"border-color:#EFEAF7;border-width:1px;border-radius:12px;padding-top:24px;padding-right:24px;padding-bottom:24px;padding-left:24px\">\n<h3 class=\"wp-block-heading has-medium-font-size\" style=\"padding-bottom:0\">O pa\u00eds de origem n\u00e3o \u00e9 coberto<\/h3>\n\n\n\n<p style=\"font-size:16px;line-height:1.5\">Esta cobertura destina-se a estudantes enquanto eles est\u00e3o no exterior em sua viagem de estudos eleg\u00edvel, n\u00e3o enquanto eles est\u00e3o em seu pa\u00eds de origem.<\/p>\n<\/div>\n<\/div>\n\n\n\n<div class=\"wp-block-column fotawp-fade-up is-layout-flow wp-block-column-is-layout-flow\" style=\"border-bottom-style:none;border-bottom-width:0px;padding-right:0;padding-bottom:0\">\n<div class=\"wp-block-group has-border-color has-tertiary-light-border-color is-layout-constrained wp-container-core-group-is-layout-95339512 wp-block-group-is-layout-constrained\" style=\"border-width:1px;border-radius:12px;padding-top:24px;padding-right:24px;padding-bottom:24px;padding-left:24px\">\n<h3 class=\"wp-block-heading has-medium-font-size\" style=\"padding-bottom:0\">O tempo importa<\/h3>\n\n\n\n<p style=\"font-size:16px;line-height:1.5\">Se uma ap\u00f3lice for comprada ap\u00f3s o in\u00edcio da viagem e n\u00e3o houver cobertura anterior ininterrupta, um <strong>Per\u00edodo de espera de 14 dias<\/strong> pode se aplicar antes que a cobertura se torne ativa.<\/p>\n<\/div>\n<\/div>\n<\/div>\n\n\n\n<div class=\"wp-block-columns is-layout-flex wp-container-core-columns-is-layout-f25c431a wp-block-columns-is-layout-flex\" style=\"border-style:none;border-width:0px;margin-top:34px;padding-top:0\">\n<div class=\"wp-block-column fotawp-fade-up is-layout-flow wp-block-column-is-layout-flow\" style=\"border-bottom-style:none;border-bottom-width:0px;padding-right:0;padding-bottom:0\">\n<div class=\"wp-block-group has-border-color is-layout-constrained wp-container-core-group-is-layout-95339512 wp-block-group-is-layout-constrained\" style=\"border-color:#EFEAF7;border-width:1px;border-radius:12px;padding-top:24px;padding-right:24px;padding-bottom:24px;padding-left:24px\">\n<h3 class=\"wp-block-heading has-medium-font-size\" style=\"padding-bottom:0\">Restri\u00e7\u00f5es de feriado se aplicam<\/h3>\n\n\n\n<p style=\"font-size:16px;line-height:1.5\">F\u00e9rias pessoais s\u00e3o cobertas apenas at\u00e9 um m\u00e1ximo de <strong>21 dias consecutivos<\/strong> por feriado e deve come\u00e7ar e terminar dentro do per\u00edodo segurado.<\/p>\n<\/div>\n<\/div>\n\n\n\n<div class=\"wp-block-column fotawp-fade-up is-layout-flow wp-block-column-is-layout-flow\" style=\"border-bottom-style:none;border-bottom-width:0px;padding-right:0;padding-bottom:0\">\n<div class=\"wp-block-group has-border-color has-tertiary-light-border-color is-layout-constrained wp-container-core-group-is-layout-95339512 wp-block-group-is-layout-constrained\" style=\"border-width:1px;border-radius:12px;padding-top:24px;padding-right:24px;padding-bottom:24px;padding-left:24px\">\n<h3 class=\"wp-block-heading has-medium-font-size\" style=\"padding-bottom:0\">Alguns benef\u00edcios se aplicam apenas em circunst\u00e2ncias espec\u00edficas<\/h3>\n\n\n\n<p style=\"font-size:16px;line-height:1.5\">Cancelamento, interrup\u00e7\u00e3o, perda de embarque, atraso de bagagem e outras se\u00e7\u00f5es relacionadas a viagens aplicam-se apenas em situa\u00e7\u00f5es cobertas e definidas, sujeitas \u00e0 reda\u00e7\u00e3o do produto, exclus\u00f5es e condi\u00e7\u00f5es de sinistro.<\/p>\n<\/div>\n<\/div>\n<\/div>\n\n\n\n<div class=\"wp-block-columns is-layout-flex wp-container-core-columns-is-layout-f25c431a wp-block-columns-is-layout-flex\" style=\"border-style:none;border-width:0px;margin-top:34px;padding-top:0\">\n<div class=\"wp-block-column fotawp-fade-up is-layout-flow wp-block-column-is-layout-flow\" style=\"border-bottom-style:none;border-bottom-width:0px;padding-right:0;padding-bottom:0\">\n<div class=\"wp-block-group has-border-color is-layout-constrained wp-container-core-group-is-layout-95339512 wp-block-group-is-layout-constrained\" style=\"border-color:#EFEAF7;border-width:1px;border-radius:12px;padding-top:24px;padding-right:24px;padding-bottom:24px;padding-left:24px\">\n<h3 class=\"wp-block-heading has-medium-font-size\" style=\"padding-bottom:0\">Rota de Curto Prazo apenas<\/h3>\n\n\n\n<p style=\"font-size:16px;line-height:1.5\">Esta p\u00e1gina aplica-se apenas \u00e0 rota de Curta Dura\u00e7\u00e3o para estadias de at\u00e9 89 dias. A elegibilidade final ainda depende da nacionalidade, dos requisitos de visto, do tipo de estudo e das verifica\u00e7\u00f5es aplicadas durante o fluxo de inscri\u00e7\u00e3o.<\/p>\n<\/div>\n<\/div>\n\n\n\n<div class=\"wp-block-column fotawp-fade-up is-layout-flow wp-block-column-is-layout-flow\" style=\"border-bottom-style:none;border-bottom-width:0px;padding-right:0;padding-bottom:0\">\n<div class=\"wp-block-group has-border-color has-tertiary-light-border-color is-layout-constrained wp-container-core-group-is-layout-95339512 wp-block-group-is-layout-constrained\" style=\"border-width:1px;border-radius:12px;padding-top:24px;padding-right:24px;padding-bottom:24px;padding-left:24px\"><\/div>\n<\/div>\n<\/div>\n<\/div>\n\n\n\n<div class=\"wp-block-group has-heading-color-color has-background-background-color has-text-color has-background is-layout-constrained wp-container-core-group-is-layout-e8bc0b99 wp-block-group-is-layout-constrained\" style=\"margin-top:0;margin-bottom:0;padding-top:120px;padding-right:var(--wp--preset--spacing--40);padding-bottom:120px;padding-left:var(--wp--preset--spacing--40)\">\n<div class=\"wp-block-group fotawp-fade-up is-layout-constrained wp-container-core-group-is-layout-a9039071 wp-block-group-is-layout-constrained\" style=\"margin-top:0;margin-bottom:0\">\n<h5 class=\"wp-block-heading has-text-align-center has-text-color has-link-color has-small-font-size wp-elements-ca65e3daca47fbfd13e230718beae585\" style=\"color:#aa151b;letter-spacing:4px;text-transform:uppercase\">Perguntas Frequentes<\/h5>\n\n\n\n<h1 class=\"wp-block-heading has-text-align-center\" style=\"font-size:48px;font-style:normal;font-weight:700;line-height:1.3\">Respostas r\u00e1pidas antes de voc\u00ea continuar<\/h1>\n\n\n\n<div class=\"wp-block-group is-layout-constrained wp-block-group-is-layout-constrained\" style=\"margin-top:64px\">\n<details class=\"wp-block-details is-layout-flow wp-block-details-is-layout-flow\" style=\"border-bottom-color:var(--wp--preset--color--tertiary-light);border-bottom-width:1px;padding-bottom:24px;font-size:18px;font-style:normal;font-weight:600\"><summary>Para que serve esta capa?<\/summary>\n<p class=\"has-small-font-size\" style=\"font-style:normal;font-weight:400\">\u00c9 destinado a estudantes internacionais eleg\u00edveis que viajam para a Espanha para um curso de idiomas de curta dura\u00e7\u00e3o fora de seu pa\u00eds de origem. Curto Prazo aplica-se a estadias de at\u00e9 89 dias.<\/p>\n<\/details>\n\n\n\n<details class=\"wp-block-details is-layout-flow wp-block-details-is-layout-flow\" style=\"border-bottom-color:var(--wp--preset--color--tertiary-light);border-bottom-width:1px;padding-bottom:24px;font-size:18px;font-style:normal;font-weight:600\"><summary>Quanto tempo pode durar a minha estadia nesta rota?<\/summary>\n<p class=\"has-small-font-size\" style=\"font-style:normal;font-weight:400\">Esta rota de Curta Dura\u00e7\u00e3o se aplica a estadias de at\u00e9 <strong>89 dias<\/strong>.<\/p>\n<\/details>\n\n\n\n<details class=\"wp-block-details is-layout-flow wp-block-details-is-layout-flow\" style=\"border-bottom-color:var(--wp--preset--color--tertiary-light);border-bottom-width:1px;padding-bottom:24px;font-size:18px;font-style:normal;font-weight:600\"><summary><strong>Inclui suporte m\u00e9dico na Espanha?<\/strong><\/summary>\n<p class=\"has-small-font-size\" style=\"font-style:normal;font-weight:400\">Sim. Inclui suporte para situa\u00e7\u00f5es m\u00e9dicas de emerg\u00eancia eleg\u00edveis durante a estadia segurada no exterior, com despesas m\u00e9dicas de emerg\u00eancia e relacionadas mostradas at\u00e9 <strong>R$ 10.000.000,00<\/strong>.<\/p>\n<\/details>\n\n\n\n<details class=\"wp-block-details is-layout-flow wp-block-details-is-layout-flow\" style=\"border-bottom-color:var(--wp--preset--color--tertiary-light);border-bottom-width:1px;padding-bottom:24px;font-size:18px;font-style:normal;font-weight:600\"><summary>Posso falar com um m\u00e9dico online?<\/summary>\n<p class=\"has-small-font-size\" style=\"font-style:normal;font-weight:400\">Sim. Os alunos t\u00eam acesso a suporte m\u00e9dico online durante sua estadia, com orienta\u00e7\u00e3o remota dispon\u00edvel por telefone, v\u00eddeo e chat.<\/p>\n<\/details>\n\n\n\n<details class=\"wp-block-details is-layout-flow wp-block-details-is-layout-flow\" style=\"border-bottom-color:var(--wp--preset--color--tertiary-light);border-bottom-width:1px;padding-bottom:24px;font-size:18px;font-style:normal;font-weight:600\"><summary><strong>Inclui prote\u00e7\u00e3o contra cancelamento ou interrup\u00e7\u00e3o de viagem?<\/strong><\/summary>\n<p class=\"has-small-font-size\" style=\"font-style:normal;font-weight:400\">Sim. Este seguro inclui cancelamento ou interrup\u00e7\u00e3o, reagendamento, partida atrasada, perda de partida e atraso de bagagem, sujeito aos termos da ap\u00f3lice e condi\u00e7\u00f5es de sinistro.<\/p>\n<\/details>\n\n\n\n<details class=\"wp-block-details is-layout-flow wp-block-details-is-layout-flow\" style=\"border-bottom-color:var(--wp--preset--color--tertiary-light);border-bottom-width:1px;padding-bottom:24px;font-size:18px;font-style:normal;font-weight:600\"><summary><strong><strong><strong>Cobre bagagem e documentos de viagem?<\/strong><\/strong><\/strong><\/summary>\n<p class=\"has-small-font-size\" style=\"font-style:normal;font-weight:400\">Sim. Este seguro inclui prote\u00e7\u00e3o para bagagem, dinheiro e documentos de viagem, sujeita a limites definidos, exclus\u00f5es e requisitos de comprova\u00e7\u00e3o.<\/p>\n<\/details>\n\n\n\n<details class=\"wp-block-details is-layout-flow wp-block-details-is-layout-flow\" style=\"border-bottom-color:var(--wp--preset--color--tertiary-light);border-bottom-width:1px;padding-bottom:24px;font-size:18px;font-style:normal;font-weight:600\"><summary><strong><strong><strong><strong>Isso \u00e9 o mesmo que um plano de sa\u00fade totalmente privado?<\/strong><\/strong><\/strong><\/strong><\/summary>\n<p class=\"has-small-font-size\" style=\"font-style:normal;font-weight:400\">N\u00e3o. Este produto n\u00e3o deve ser apresentado como um seguro m\u00e9dico privado completo. Ele foi desenvolvido para emerg\u00eancias e eventos segurados definidos durante uma estadia de estudos internacional.<\/p>\n<\/details>\n\n\n\n<details class=\"wp-block-details is-layout-flow wp-block-details-is-layout-flow\" style=\"border-bottom-color:var(--wp--preset--color--tertiary-light);border-bottom-width:1px;padding-bottom:24px;font-size:18px;font-style:normal;font-weight:600\"><summary><strong><strong><strong><strong><strong>Comprar esta p\u00e1gina me torna eleg\u00edvel automaticamente?<\/strong><\/strong><\/strong><\/strong><\/strong><\/summary>\n<p class=\"has-small-font-size\" style=\"font-style:normal;font-weight:400\">N\u00e3o. A elegibilidade final ainda depende da nacionalidade, requisitos de visto, tipo de estudo e das verifica\u00e7\u00f5es aplicadas durante o fluxo de inscri\u00e7\u00e3o.<\/p>\n<\/details>\n<\/div>\n<\/div>\n<\/div>","protected":false},"excerpt":{"rendered":"<p>Student Insurance for Spain Cover for short study stays in Spain If you are travelling to Spain for a short language course, this cover is designed to help protect you throughout your stay. It supports eligible international students with practical protection for unexpected medical issues, emergency support, and key travel-related problems that can affect a&#8230;<\/p>","protected":false},"author":1,"featured_media":0,"parent":1064,"menu_order":0,"comment_status":"closed","ping_status":"closed","template":"","meta":{"footnotes":""},"class_list":["post-1072","page","type-page","status-publish","hentry"],"_links":{"self":[{"href":"https:\/\/studysafe.travel\/pt\/wp-json\/wp\/v2\/pages\/1072","targetHints":{"allow":["GET"]}}],"collection":[{"href":"https:\/\/studysafe.travel\/pt\/wp-json\/wp\/v2\/pages"}],"about":[{"href":"https:\/\/studysafe.travel\/pt\/wp-json\/wp\/v2\/types\/page"}],"author":[{"embeddable":true,"href":"https:\/\/studysafe.travel\/pt\/wp-json\/wp\/v2\/users\/1"}],"replies":[{"embeddable":true,"href":"https:\/\/studysafe.travel\/pt\/wp-json\/wp\/v2\/comments?post=1072"}],"version-history":[{"count":26,"href":"https:\/\/studysafe.travel\/pt\/wp-json\/wp\/v2\/pages\/1072\/revisions"}],"predecessor-version":[{"id":1923,"href":"https:\/\/studysafe.travel\/pt\/wp-json\/wp\/v2\/pages\/1072\/revisions\/1923"}],"up":[{"embeddable":true,"href":"https:\/\/studysafe.travel\/pt\/wp-json\/wp\/v2\/pages\/1064"}],"wp:attachment":[{"href":"https:\/\/studysafe.travel\/pt\/wp-json\/wp\/v2\/media?parent=1072"}],"curies":[{"name":"wp","href":"https:\/\/api.w.org\/{rel}","templated":true}]}}