{"id":1115,"date":"2026-04-08T10:40:08","date_gmt":"2026-04-08T10:40:08","guid":{"rendered":"https:\/\/studysafe.travel\/?page_id=1115"},"modified":"2026-04-23T08:13:50","modified_gmt":"2026-04-23T08:13:50","slug":"perguntas-frequentes","status":"publish","type":"page","link":"https:\/\/studysafe.travel\/pt\/im-going-to-spain\/language-school-students\/short-term\/faqs\/","title":{"rendered":"Perguntas frequentes"},"content":{"rendered":"<div class=\"wp-block-group has-heading-color-color has-background-background-color has-text-color has-background is-layout-constrained wp-container-core-group-is-layout-e8bc0b99 wp-block-group-is-layout-constrained\" style=\"margin-top:0;margin-bottom:0;padding-top:120px;padding-right:var(--wp--preset--spacing--40);padding-bottom:120px;padding-left:var(--wp--preset--spacing--40)\">\n\n\n<div style=\"height:25px\" aria-hidden=\"true\" class=\"wp-block-spacer\"><\/div>\n\n\n\n<div class=\"wp-block-group fotawp-fade-up is-layout-constrained wp-container-core-group-is-layout-a9039071 wp-block-group-is-layout-constrained\" style=\"margin-top:0;margin-bottom:0\">\n<h5 class=\"wp-block-heading has-text-align-center has-text-color has-link-color has-small-font-size wp-elements-3127346f905c57b9a6e1a31530645285\" style=\"color:#aa151b;letter-spacing:4px;text-transform:uppercase\">Tudo o que os alunos perguntam antes de reservar<\/h5>\n\n\n\n<h1 class=\"wp-block-heading has-text-align-center\" style=\"font-size:48px;font-style:normal;font-weight:700;line-height:1.3\">Perguntas Frequentes<\/h1>\n\n\n\n<p class=\"has-text-align-center\" style=\"line-height:1.6\">Respostas claras sobre elegibilidade de curto prazo, cobertura m\u00e9dica e relacionada a viagens, sinistros, pre\u00e7os, limites principais e documentos da ap\u00f3lice para estudantes internacionais que viajam para a Espanha em um curso de idiomas de curta dura\u00e7\u00e3o de at\u00e9 89 dias.<\/p>\n\n\n<link rel=\"stylesheet\" href=\"https:\/\/fonts.googleapis.com\/css2?family=Public+Sans:wght@100;200;300;400;500;600;700;800;900&#038;display=swap\"\/><div class=\"cozy-block-wrapper\">\n<div class=\"cozy-block-advanced-tab layout-horizontal icon-layout-fill\" id=\"cozyBlock_97a14037_d835_494d_a0dc_f02105ae0f20\"><div class=\"layout-wrapper\" style=\"display:flex\"><div class=\"cozy-tab-title\"><div class=\"cozy-tab-button active\" id=\"c811f4b1-2718-4708-a55b-ccb8917381e9\" data-index=\"0\"><div class=\"display-flex justify-center align-items-center\"><svg class=\"cozy-tab-icon\" height=\"16\" width=\"16\" xmlns=\"http:\/\/www.w3.org\/2000\/svg\" aria-hidden=\"true\" viewbox=\"0 0 25 19\"><path d=\"M8.4911 18.2766L0.366101 10.1516C-0.122034 9.66351 -0.122034 8.87206 0.366101 8.38387L2.13383 6.6161C2.62196 6.12792 3.41346 6.12792 3.9016 6.6161L9.37499 12.0894L21.0984 0.366101C21.5865 -0.122034 22.378 -0.122034 22.8662 0.366101L24.6339 2.13387C25.122 2.62201 25.122 3.41346 24.6339 3.90165L10.2589 18.2767C9.77069 18.7648 8.97924 18.7648 8.4911 18.2766Z\"><\/path><\/svg><span>Perguntas Gerais<\/span><\/div><\/div><div class=\"cozy-tab-button\" id=\"30e79f3f-c8c7-42bf-aae1-fa346e9a2399\" data-index=\"1\"><div class=\"display-flex justify-center align-items-center\"><svg class=\"cozy-tab-icon\" height=\"16\" width=\"16\" xmlns=\"http:\/\/www.w3.org\/2000\/svg\" aria-hidden=\"true\" viewbox=\"0 0 25 19\"><path d=\"M8.4911 18.2766L0.366101 10.1516C-0.122034 9.66351 -0.122034 8.87206 0.366101 8.38387L2.13383 6.6161C2.62196 6.12792 3.41346 6.12792 3.9016 6.6161L9.37499 12.0894L21.0984 0.366101C21.5865 -0.122034 22.378 -0.122034 22.8662 0.366101L24.6339 2.13387C25.122 2.62201 25.122 3.41346 24.6339 3.90165L10.2589 18.2767C9.77069 18.7648 8.97924 18.7648 8.4911 18.2766Z\"><\/path><\/svg><span>Cobertura<\/span><\/div><\/div><div class=\"cozy-tab-button\" id=\"1cb16c5a-ae13-4293-81fa-c54c8d73b098\" data-index=\"2\"><div class=\"display-flex justify-center align-items-center\"><svg class=\"cozy-tab-icon\" height=\"16\" width=\"16\" xmlns=\"http:\/\/www.w3.org\/2000\/svg\" aria-hidden=\"true\" viewbox=\"0 0 25 19\"><path d=\"M8.4911 18.2766L0.366101 10.1516C-0.122034 9.66351 -0.122034 8.87206 0.366101 8.38387L2.13383 6.6161C2.62196 6.12792 3.41346 6.12792 3.9016 6.6161L9.37499 12.0894L21.0984 0.366101C21.5865 -0.122034 22.378 -0.122034 22.8662 0.366101L24.6339 2.13387C25.122 2.62201 25.122 3.41346 24.6339 3.90165L10.2589 18.2767C9.77069 18.7648 8.97924 18.7648 8.4911 18.2766Z\"><\/path><\/svg><span>Elegibilidade<\/span><\/div><\/div><div class=\"cozy-tab-button\" id=\"b8b9a5fe-135e-43a5-974c-1a45ef3dfe74\" data-index=\"3\"><div class=\"display-flex justify-center align-items-center\"><svg class=\"cozy-tab-icon\" height=\"16\" width=\"16\" xmlns=\"http:\/\/www.w3.org\/2000\/svg\" aria-hidden=\"true\" viewbox=\"0 0 25 19\"><path d=\"M8.4911 18.2766L0.366101 10.1516C-0.122034 9.66351 -0.122034 8.87206 0.366101 8.38387L2.13383 6.6161C2.62196 6.12792 3.41346 6.12792 3.9016 6.6161L9.37499 12.0894L21.0984 0.366101C21.5865 -0.122034 22.378 -0.122034 22.8662 0.366101L24.6339 2.13387C25.122 2.62201 25.122 3.41346 24.6339 3.90165L10.2589 18.2767C9.77069 18.7648 8.97924 18.7648 8.4911 18.2766Z\"><\/path><\/svg><span>Reserva e Pagamento<\/span><\/div><\/div><div class=\"cozy-tab-button\" id=\"8470a052-0a51-48da-b21c-d471309bd1dc\" data-index=\"4\"><div class=\"display-flex justify-center align-items-center\"><svg class=\"cozy-tab-icon\" height=\"16\" width=\"16\" xmlns=\"http:\/\/www.w3.org\/2000\/svg\" aria-hidden=\"true\" viewbox=\"0 0 25 19\"><path d=\"M8.4911 18.2766L0.366101 10.1516C-0.122034 9.66351 -0.122034 8.87206 0.366101 8.38387L2.13383 6.6161C2.62196 6.12792 3.41346 6.12792 3.9016 6.6161L9.37499 12.0894L21.0984 0.366101C21.5865 -0.122034 22.378 -0.122034 22.8662 0.366101L24.6339 2.13387C25.122 2.62201 25.122 3.41346 24.6339 3.90165L10.2589 18.2767C9.77069 18.7648 8.97924 18.7648 8.4911 18.2766Z\"><\/path><\/svg><span>Planos, Datas e Escopo<\/span><\/div><\/div><div class=\"cozy-tab-button\" id=\"20280c16-77cc-44d7-b416-65599d01e2c4\" data-index=\"5\"><div class=\"display-flex justify-center align-items-center\"><svg class=\"cozy-tab-icon\" height=\"16\" width=\"16\" xmlns=\"http:\/\/www.w3.org\/2000\/svg\" aria-hidden=\"true\" viewbox=\"0 0 25 19\"><path d=\"M8.4911 18.2766L0.366101 10.1516C-0.122034 9.66351 -0.122034 8.87206 0.366101 8.38387L2.13383 6.6161C2.62196 6.12792 3.41346 6.12792 3.9016 6.6161L9.37499 12.0894L21.0984 0.366101C21.5865 -0.122034 22.378 -0.122034 22.8662 0.366101L24.6339 2.13387C25.122 2.62201 25.122 3.41346 24.6339 3.90165L10.2589 18.2767C9.77069 18.7648 8.97924 18.7648 8.4911 18.2766Z\"><\/path><\/svg><span>Reivindica\u00e7\u00f5es e Suporte<\/span><\/div><\/div><div class=\"cozy-tab-button\" id=\"5b351d8b-3498-4597-8c17-4cd1e4dec394\" data-index=\"6\"><div class=\"display-flex justify-center align-items-center\"><svg class=\"cozy-tab-icon\" height=\"16\" width=\"16\" xmlns=\"http:\/\/www.w3.org\/2000\/svg\" aria-hidden=\"true\" viewbox=\"0 0 25 19\"><path d=\"M8.4911 18.2766L0.366101 10.1516C-0.122034 9.66351 -0.122034 8.87206 0.366101 8.38387L2.13383 6.6161C2.62196 6.12792 3.41346 6.12792 3.9016 6.6161L9.37499 12.0894L21.0984 0.366101C21.5865 -0.122034 22.378 -0.122034 22.8662 0.366101L24.6339 2.13387C25.122 2.62201 25.122 3.41346 24.6339 3.90165L10.2589 18.2767C9.77069 18.7648 8.97924 18.7648 8.4911 18.2766Z\"><\/path><\/svg><span>Limites e Excedentes Chave<\/span><\/div><\/div><div class=\"cozy-tab-button\" id=\"72d81453-76a9-4c7b-b20c-953d39b99e6b\" data-index=\"7\"><div class=\"display-flex justify-center align-items-center\"><svg class=\"cozy-tab-icon\" height=\"16\" width=\"16\" xmlns=\"http:\/\/www.w3.org\/2000\/svg\" aria-hidden=\"true\" viewbox=\"0 0 25 19\"><path d=\"M8.4911 18.2766L0.366101 10.1516C-0.122034 9.66351 -0.122034 8.87206 0.366101 8.38387L2.13383 6.6161C2.62196 6.12792 3.41346 6.12792 3.9016 6.6161L9.37499 12.0894L21.0984 0.366101C21.5865 -0.122034 22.378 -0.122034 22.8662 0.366101L24.6339 2.13387C25.122 2.62201 25.122 3.41346 24.6339 3.90165L10.2589 18.2767C9.77069 18.7648 8.97924 18.7648 8.4911 18.2766Z\"><\/path><\/svg><span>Solu\u00e7\u00e3o de problemas<\/span><\/div><\/div><div class=\"cozy-tab-button\" id=\"9ceeb38c-20a6-4ac7-a590-de6bc0842555\" data-index=\"8\"><div class=\"display-flex justify-center align-items-center\"><svg class=\"cozy-tab-icon\" height=\"16\" width=\"16\" xmlns=\"http:\/\/www.w3.org\/2000\/svg\" aria-hidden=\"true\" viewbox=\"0 0 25 19\"><path d=\"M8.4911 18.2766L0.366101 10.1516C-0.122034 9.66351 -0.122034 8.87206 0.366101 8.38387L2.13383 6.6161C2.62196 6.12792 3.41346 6.12792 3.9016 6.6161L9.37499 12.0894L21.0984 0.366101C21.5865 -0.122034 22.378 -0.122034 22.8662 0.366101L24.6339 2.13387C25.122 2.62201 25.122 3.41346 24.6339 3.90165L10.2589 18.2767C9.77069 18.7648 8.97924 18.7648 8.4911 18.2766Z\"><\/path><\/svg><span>Documentos e Jur\u00eddico<\/span><\/div><\/div><\/div><\/div><div class=\"cozy-advanced-tab-wrapper\">\n<div class=\"cozy-block-advanced-tab-item\" id=\"cozyBlock_c811f4b1_2718_4708_a55b_ccb8917381e9\" data-client-id=\"c811f4b1-2718-4708-a55b-ccb8917381e9\">\n<div class=\"wp-block-group is-layout-constrained wp-block-group-is-layout-constrained\" style=\"margin-top:64px\">\n<details class=\"wp-block-details is-layout-flow wp-block-details-is-layout-flow\" style=\"border-bottom-color:var(--wp--preset--color--tertiary-light);border-bottom-width:1px;padding-bottom:24px;font-size:18px;font-style:normal\"><summary><strong>O que \u00e9 StudySafe?<\/strong><\/summary>\n<p class=\"has-small-font-size\">A StudySafe ajuda estudantes internacionais a providenciar o seguro necess\u00e1rio para a sua estadia de estudo no exterior, com um fluxo simples de reserva online e documentos claros antes da viagem.<\/p>\n<\/details>\n\n\n\n<details class=\"wp-block-details is-layout-flow wp-block-details-is-layout-flow\" style=\"border-bottom-color:var(--wp--preset--color--tertiary-light);border-bottom-width:1px;padding-bottom:24px;font-size:18px;font-style:normal\"><summary><strong>Para quem \u00e9 esta p\u00e1gina de Curto Prazo?<\/strong><\/summary>\n<p class=\"has-small-font-size\">Esta p\u00e1gina \u00e9 para estudantes internacionais eleg\u00edveis viajando para a Espanha para um curso de idiomas de curta dura\u00e7\u00e3o fora de seu pa\u00eds de origem, para estadias de at\u00e9 89 dias.<\/p>\n<\/details>\n\n\n\n<details class=\"wp-block-details is-layout-flow wp-block-details-is-layout-flow\" style=\"border-bottom-color:var(--wp--preset--color--tertiary-light);border-bottom-width:1px;padding-bottom:24px;font-size:18px;font-style:normal\"><summary><strong>Esta p\u00e1gina \u00e9 apenas para estadias curtas na Espanha?<\/strong><\/summary>\n<p class=\"has-small-font-size\">Sim. Esta rota de Curta Dura\u00e7\u00e3o se aplica a estadias de at\u00e9 89 dias. Se a sua estadia for de 90 dias ou mais, voc\u00ea deve seguir a rota de Longa Dura\u00e7\u00e3o.<\/p>\n<\/details>\n\n\n\n<details class=\"wp-block-details is-layout-flow wp-block-details-is-layout-flow\" style=\"border-bottom-color:var(--wp--preset--color--tertiary-light);border-bottom-width:1px;padding-bottom:24px;font-size:18px;font-style:normal\"><summary><strong>Este plano inclui cancelamento ou interrup\u00e7\u00e3o?<\/strong><\/summary>\n<p class=\"has-small-font-size\">Sim. Esta cobertura inclui prote\u00e7\u00e3o contra cancelamento ou interrup\u00e7\u00e3o, sujeita aos termos da ap\u00f3lice, limites, exclus\u00f5es e condi\u00e7\u00f5es de sinistro.<\/p>\n<\/details>\n\n\n\n<details class=\"wp-block-details is-layout-flow wp-block-details-is-layout-flow\" style=\"border-bottom-color:var(--wp--preset--color--tertiary-light);border-bottom-width:1px;padding-bottom:24px;font-size:18px;font-style:normal\"><summary><strong>Este plano cobre bagagem ou pertences pessoais?<\/strong><\/summary>\n<p class=\"has-small-font-size\">Sim. Este plano inclui prote\u00e7\u00e3o para bagagem, dinheiro e documentos de viagem, sujeita a limites definidos, exclus\u00f5es e requisitos de comprova\u00e7\u00e3o.<\/p>\n<\/details>\n\n\n\n<details class=\"wp-block-details is-layout-flow wp-block-details-is-layout-flow\" style=\"border-bottom-color:var(--wp--preset--color--tertiary-light);border-bottom-width:1px;padding-bottom:24px;font-size:18px;font-style:normal\"><summary><strong>Este \u00e9 um plano de sa\u00fade privado?<\/strong><\/summary>\n<p class=\"has-small-font-size\">N\u00e3o. Trata-se de um produto de seguro viagem e sa\u00fade para curtas estadias de estudo. N\u00e3o deve ser apresentado como um seguro m\u00e9dico privado completo para cuidados de rotina ou eletivos.<\/p>\n<\/details>\n<\/div>\n<\/div>\n\n\n\n<div class=\"cozy-block-advanced-tab-item\" id=\"cozyBlock_30e79f3f_c8c7_42bf_aae1_fa346e9a2399\" data-client-id=\"30e79f3f-c8c7-42bf-aae1-fa346e9a2399\">\n<div class=\"wp-block-group is-layout-constrained wp-block-group-is-layout-constrained\" style=\"margin-top:64px\">\n<details class=\"wp-block-details is-layout-flow wp-block-details-is-layout-flow\" style=\"border-bottom-color:var(--wp--preset--color--tertiary-light);border-bottom-width:1px;padding-bottom:24px;font-size:18px;font-style:normal\"><summary><strong>Do que esta pol\u00edtica trata, em termos simples?<\/strong><\/summary>\n<p class=\"has-small-font-size\">Ele combina suporte m\u00e9dico de emerg\u00eancia com prote\u00e7\u00e3o essencial relacionada a viagens para uma estadia curta na Espanha, incluindo cancelamento ou interrup\u00e7\u00e3o, partida atrasada ou perdida, problemas relacionados a bagagem, repatria\u00e7\u00e3o, responsabilidade civil, acidente pessoal e benef\u00edcio hospitalar.<\/p>\n<\/details>\n\n\n\n<details class=\"wp-block-details is-layout-flow wp-block-details-is-layout-flow\" style=\"border-bottom-color:var(--wp--preset--color--tertiary-light);border-bottom-width:1px;padding-bottom:24px;font-size:18px;font-style:normal\"><summary><strong>Esta cobertura \u00e9 para emerg\u00eancias ou para cuidados de sa\u00fade de rotina?<\/strong><\/summary>\n<p class=\"has-small-font-size\">Ele \u00e9 projetado principalmente para emerg\u00eancias inesperadas e eventos segurados definidos durante sua viagem. Check-ups de rotina, cuidados eletivos e tratamento n\u00e3o urgente geralmente est\u00e3o fora do escopo desta cobertura.<\/p>\n<\/details>\n\n\n\n<details class=\"wp-block-details is-layout-flow wp-block-details-is-layout-flow\" style=\"border-bottom-color:var(--wp--preset--color--tertiary-light);border-bottom-width:1px;padding-bottom:24px;font-size:18px;font-style:normal\"><summary><strong>Quais despesas m\u00e9dicas de emerg\u00eancia podem ser inclu\u00eddas?<\/strong><\/summary>\n<p class=\"has-small-font-size\">O tratamento de emerg\u00eancia eleg\u00edvel pode incluir atendimento hospitalar, consultas m\u00e9dicas urgentes, exames necess\u00e1rios, custos de ambul\u00e2ncia, medicamentos prescritos relacionados a uma emerg\u00eancia coberta e repatria\u00e7\u00e3o medicamente necess\u00e1ria, sujeito aos termos da ap\u00f3lice.<\/p>\n<\/details>\n\n\n\n<details class=\"wp-block-details is-layout-flow wp-block-details-is-layout-flow\" style=\"border-bottom-color:var(--wp--preset--color--tertiary-light);border-bottom-width:1px;padding-bottom:24px;font-size:18px;font-style:normal\"><summary><strong>As condi\u00e7\u00f5es m\u00e9dicas pr\u00e9-existentes s\u00e3o cobertas?<\/strong><\/summary>\n<p class=\"has-small-font-size\">Em geral, n\u00e3o. Doen\u00e7as preexistentes geralmente s\u00e3o exclu\u00eddas, a menos que se enquadrem no escopo de condi\u00e7\u00f5es aceit\u00e1veis estabelecido nos termos da ap\u00f3lice.<\/p>\n<\/details>\n\n\n\n<details class=\"wp-block-details is-layout-flow wp-block-details-is-layout-flow\" style=\"border-bottom-color:var(--wp--preset--color--tertiary-light);border-bottom-width:1px;padding-bottom:24px;font-size:18px;font-style:normal\"><summary><strong>O atendimento odontol\u00f3gico de emerg\u00eancia est\u00e1 inclu\u00eddo?<\/strong><\/summary>\n<p class=\"has-small-font-size\">Sim. Tratamento odontol\u00f3gico de emerg\u00eancia para al\u00edvio imediato da dor pode ser coberto at\u00e9 o limite da ap\u00f3lice, desde que a reclama\u00e7\u00e3o atenda \u00e0s condi\u00e7\u00f5es da ap\u00f3lice.<\/p>\n<\/details>\n\n\n\n<details class=\"wp-block-details is-layout-flow wp-block-details-is-layout-flow\" style=\"border-bottom-color:var(--wp--preset--color--tertiary-light);border-bottom-width:1px;padding-bottom:24px;font-size:18px;font-style:normal\"><summary><strong>A ap\u00f3lice inclui repatria\u00e7\u00e3o?<\/strong><\/summary>\n<p class=\"has-small-font-size\">Sim. Repatria\u00e7\u00e3o e certas despesas de emerg\u00eancia relacionadas podem ser cobertas quando clinicamente necess\u00e1rias e tratadas de acordo com as condi\u00e7\u00f5es da ap\u00f3lice.<\/p>\n<\/details>\n\n\n\n<details class=\"wp-block-details is-layout-flow wp-block-details-is-layout-flow\" style=\"border-bottom-color:var(--wp--preset--color--tertiary-light);border-bottom-width:1px;padding-bottom:24px;font-size:18px;font-style:normal\"><summary><strong>O extravio de bagagem e o atraso de voo s\u00e3o cobertos?<\/strong><\/summary>\n<p class=\"has-small-font-size\">Sim. A ap\u00f3lice inclui prote\u00e7\u00e3o definida para atraso de partida, perda de partida, atraso de bagagem e certos outros problemas relacionados a viagens, sujeita aos termos da ap\u00f3lice e \u00e0s condi\u00e7\u00f5es de sinistro.<\/p>\n<\/details>\n\n\n\n<details class=\"wp-block-details is-layout-flow wp-block-details-is-layout-flow\" style=\"border-bottom-color:var(--wp--preset--color--tertiary-light);border-bottom-width:1px;padding-bottom:24px;font-size:18px;font-style:normal\"><summary><strong>Existe um m\u00e9dico online ou servi\u00e7o de telemedicina?<\/strong><\/summary>\n<p class=\"has-small-font-size\">Sim. Um servi\u00e7o m\u00e9dico online gratuito pode estar dispon\u00edvel para casos n\u00e3o hospitalares adequados atrav\u00e9s da linha de assist\u00eancia de emerg\u00eancia 24 horas por dia, 7 dias por semana.<\/p>\n<\/details>\n<\/div>\n<\/div>\n\n\n\n<div class=\"cozy-block-advanced-tab-item\" id=\"cozyBlock_1cb16c5a_ae13_4293_81fa_c54c8d73b098\" data-client-id=\"1cb16c5a-ae13-4293-81fa-c54c8d73b098\">\n<div class=\"wp-block-group is-layout-constrained wp-block-group-is-layout-constrained\" style=\"margin-top:64px\">\n<details class=\"wp-block-details is-layout-flow wp-block-details-is-layout-flow\" style=\"border-bottom-color:var(--wp--preset--color--tertiary-light);border-bottom-width:1px;padding-bottom:24px;font-size:18px;font-style:normal\"><summary><strong>Para quem este plano foi desenvolvido?<\/strong><\/summary>\n<p class=\"has-small-font-size\">Estudantes internacionais eleg\u00edveis viajando para a Espanha para um curso de idiomas de curta dura\u00e7\u00e3o fora de seu pa\u00eds de origem, para estadias de at\u00e9 89 dias.<\/p>\n<\/details>\n\n\n\n<details class=\"wp-block-details is-layout-flow wp-block-details-is-layout-flow\" style=\"border-bottom-color:var(--wp--preset--color--tertiary-light);border-bottom-width:1px;padding-bottom:24px;font-size:18px;font-style:normal\"><summary><strong>Preciso de visto para usar esta rota?<\/strong><\/summary>\n<p class=\"has-small-font-size\">Voc\u00ea deve atender aos requisitos de visto e entrada aplic\u00e1veis para sua viagem. Alguns estudantes podem n\u00e3o precisar de visto para uma estadia curta, dependendo de sua nacionalidade e rota de viagem.<\/p>\n<\/details>\n\n\n\n<details class=\"wp-block-details is-layout-flow wp-block-details-is-layout-flow\" style=\"border-bottom-color:var(--wp--preset--color--tertiary-light);border-bottom-width:1px;padding-bottom:24px;font-size:18px;font-style:normal\"><summary><strong>Existe limite de idade?<\/strong><\/summary>\n<p class=\"has-small-font-size\">Sim. Voc\u00ea deve ter menos de 75 anos na data de in\u00edcio da cobertura. Se voc\u00ea completar 75 anos durante o per\u00edodo de seguro, a cobertura continuar\u00e1 at\u00e9 a data final indicada em seu certificado.<\/p>\n<\/details>\n\n\n\n<details class=\"wp-block-details is-layout-flow wp-block-details-is-layout-flow\" style=\"border-bottom-color:var(--wp--preset--color--tertiary-light);border-bottom-width:1px;padding-bottom:24px;font-size:18px;font-style:normal\"><summary><strong>O seguro se aplica ao meu pa\u00eds?<\/strong><\/summary>\n<p class=\"has-small-font-size\">N\u00e3o. N\u00e3o h\u00e1 cobertura para viagens ou f\u00e9rias em seu pa\u00eds de origem durante o per\u00edodo do seguro.<\/p>\n<\/details>\n\n\n\n<details class=\"wp-block-details is-layout-flow wp-block-details-is-layout-flow\" style=\"border-bottom-color:var(--wp--preset--color--tertiary-light);border-bottom-width:1px;padding-bottom:24px;font-size:18px;font-style:normal\"><summary><strong>Existem limites para feriados durante a minha estadia?<\/strong><\/summary>\n<p class=\"has-small-font-size\">Sim. F\u00e9rias s\u00e3o limitadas a um m\u00e1ximo de 21 dias consecutivos dentro do per\u00edodo segurado, e a dura\u00e7\u00e3o da sua viagem n\u00e3o pode exceder o per\u00edodo de seguro exibido na sua ap\u00f3lice.<\/p>\n<\/details>\n\n\n\n<details class=\"wp-block-details is-layout-flow wp-block-details-is-layout-flow\" style=\"border-bottom-color:var(--wp--preset--color--tertiary-light);border-bottom-width:1px;padding-bottom:24px;font-size:18px;font-style:normal\"><summary><strong>Os avisos de viagem afetam a cobertura?<\/strong><\/summary>\n<p class=\"has-small-font-size\">Sim. Se restri\u00e7\u00f5es oficiais de viagem ou avisos se aplicarem de forma que afetem sua viagem, a cobertura poder\u00e1 ser restrita ou indispon\u00edvel de acordo com os termos da ap\u00f3lice.<\/p>\n<\/details>\n\n\n\n<details class=\"wp-block-details is-layout-flow wp-block-details-is-layout-flow\" style=\"border-bottom-color:var(--wp--preset--color--tertiary-light);border-bottom-width:1px;padding-bottom:24px;font-size:18px;font-style:normal\"><summary><strong>Meus dados pessoais precisam corresponder aos meus documentos oficiais?<\/strong><\/summary>\n<p class=\"has-small-font-size\">Sim. Seu nome completo, datas e outros detalhes pessoais devem estar precisos e consistentes com seu passaporte, visto ou documentos de entrada e registros escolares.<\/p>\n<\/details>\n<\/div>\n<\/div>\n\n\n\n<div class=\"cozy-block-advanced-tab-item\" id=\"cozyBlock_b8b9a5fe_135e_43a5_974c_1a45ef3dfe74\" data-client-id=\"b8b9a5fe-135e-43a5-974c-1a45ef3dfe74\">\n<div class=\"wp-block-group is-layout-constrained wp-block-group-is-layout-constrained\" style=\"margin-top:64px\">\n<details class=\"wp-block-details is-layout-flow wp-block-details-is-layout-flow\" style=\"border-bottom-color:var(--wp--preset--color--tertiary-light);border-bottom-width:1px;padding-bottom:24px;font-size:18px;font-style:normal\"><summary><strong>Como eu reservo?<\/strong><\/summary>\n<p class=\"has-small-font-size\">Escolha a rota de Curto Prazo para a Espanha, preencha o formul\u00e1rio de reserva com aten\u00e7\u00e3o, confirme suas datas e detalhes de viagem e pague com seguran\u00e7a online. Assim que seu pedido for recebido, suas informa\u00e7\u00f5es poder\u00e3o ser processadas e seus documentos de seguro emitidos por e-mail, se tudo estiver correto.<\/p>\n<\/details>\n\n\n\n<details class=\"wp-block-details is-layout-flow wp-block-details-is-layout-flow\" style=\"border-bottom-color:var(--wp--preset--color--tertiary-light);border-bottom-width:1px;padding-bottom:24px;font-size:18px;font-style:normal\"><summary><strong>Como \u00e9 calculado o pre\u00e7o para Curto Prazo?<\/strong><\/summary>\n<p class=\"has-small-font-size\">Para este trajeto de Curta Dura\u00e7\u00e3o para a Espanha, o pre\u00e7o \u00e9 calculado utilizando uma taxa di\u00e1ria multiplicada pelo n\u00famero total de dias segurados na sua estadia.<\/p>\n<\/details>\n\n\n\n<details class=\"wp-block-details is-layout-flow wp-block-details-is-layout-flow\" style=\"border-bottom-color:var(--wp--preset--color--tertiary-light);border-bottom-width:1px;padding-bottom:24px;font-size:18px;font-style:normal\"><summary><strong>Quais documentos receberei?<\/strong><\/summary>\n<p class=\"has-small-font-size\">Voc\u00ea dever\u00e1 receber seu certificado de seguro junto com os principais documentos da ap\u00f3lice que explicam os benef\u00edcios, limites, exclus\u00f5es e passos para acionar o seguro.<\/p>\n<\/details>\n\n\n\n<details class=\"wp-block-details is-layout-flow wp-block-details-is-layout-flow\" style=\"border-bottom-color:var(--wp--preset--color--tertiary-light);border-bottom-width:1px;padding-bottom:24px;font-size:18px;font-style:normal\"><summary><strong>Quanto tempo leva para eu receber meus documentos?<\/strong><\/summary>\n<p class=\"has-small-font-size\">Em muitos casos, os documentos s\u00e3o emitidos por e-mail ap\u00f3s o pagamento bem-sucedido, sujeitos a informa\u00e7\u00f5es corretas e verifica\u00e7\u00f5es de processamento final. Por favor, certifique-se de que todas as informa\u00e7\u00f5es estejam precisas para ajudar a evitar atrasos.<\/p>\n<\/details>\n\n\n\n<details class=\"wp-block-details is-layout-flow wp-block-details-is-layout-flow\" style=\"border-bottom-color:var(--wp--preset--color--tertiary-light);border-bottom-width:1px;padding-bottom:24px;font-size:18px;font-style:normal\"><summary><strong>Posso pagar com cart\u00e3o?<\/strong><\/summary>\n<p class=\"has-small-font-size\">Sim. Voc\u00ea pode pagar online com cart\u00e3o de cr\u00e9dito ou d\u00e9bito.<\/p>\n<\/details>\n\n\n\n<details class=\"wp-block-details is-layout-flow wp-block-details-is-layout-flow\" style=\"border-bottom-color:var(--wp--preset--color--tertiary-light);border-bottom-width:1px;padding-bottom:24px;font-size:18px;font-style:normal\"><summary><strong>Meu pagamento \u00e9 seguro?<\/strong><\/summary>\n<p class=\"has-small-font-size\">Sim. Os pagamentos s\u00e3o processados atrav\u00e9s de um ambiente de checkout online seguro.<\/p>\n<\/details>\n\n\n\n<details class=\"wp-block-details is-layout-flow wp-block-details-is-layout-flow\" style=\"border-bottom-color:var(--wp--preset--color--tertiary-light);border-bottom-width:1px;padding-bottom:24px;font-size:18px;font-style:normal\"><summary><strong>Posso pagar parcelado?<\/strong><\/summary>\n<p class=\"has-small-font-size\">N\u00e3o. Este \u00e9 um pagamento \u00fanico.<\/p>\n<\/details>\n<\/div>\n<\/div>\n\n\n\n<div class=\"cozy-block-advanced-tab-item\" id=\"cozyBlock_8470a052_0a51_48da_b21c_d471309bd1dc\" data-client-id=\"8470a052-0a51-48da-b21c-d471309bd1dc\">\n<div class=\"wp-block-group is-layout-constrained wp-block-group-is-layout-constrained\" style=\"margin-top:64px\">\n<details class=\"wp-block-details is-layout-flow wp-block-details-is-layout-flow\" style=\"border-bottom-color:var(--wp--preset--color--tertiary-light);border-bottom-width:1px;padding-bottom:24px;font-size:18px;font-style:normal\"><summary><strong>Qual rota devo escolher?<\/strong><\/summary>\n<p class=\"has-small-font-size\">Escolha o percurso de Curta Dura\u00e7\u00e3o se a sua estadia na Espanha for de at\u00e9 89 dias. Se a sua estadia for de 90 dias ou mais, voc\u00ea deve usar o percurso de Longa Dura\u00e7\u00e3o.<\/p>\n<\/details>\n\n\n\n<details class=\"wp-block-details is-layout-flow wp-block-details-is-layout-flow\" style=\"border-bottom-color:var(--wp--preset--color--tertiary-light);border-bottom-width:1px;padding-bottom:24px;font-size:18px;font-style:normal\"><summary><strong>Quais dura\u00e7\u00f5es est\u00e3o geralmente dispon\u00edveis?<\/strong><\/summary>\n<p class=\"has-small-font-size\">Este roteiro \u00e9 destinado a estadias curtas na Espanha de at\u00e9 89 dias. A precifica\u00e7\u00e3o \u00e9 baseada no n\u00famero de dias segurados selecionados na jornada de reserva.<\/p>\n<\/details>\n\n\n\n<details class=\"wp-block-details is-layout-flow wp-block-details-is-layout-flow\" style=\"border-bottom-color:var(--wp--preset--color--tertiary-light);border-bottom-width:1px;padding-bottom:24px;font-size:18px;font-style:normal\"><summary><strong>Quando come\u00e7a a cobertura?<\/strong><\/summary>\n<p class=\"has-small-font-size\">A cobertura come\u00e7a a partir da data de in\u00edcio da cobertura mostrada em seu certificado de seguro, desde que sua reserva tenha sido processada com sucesso e seus documentos tenham sido emitidos.<\/p>\n<\/details>\n\n\n\n<details class=\"wp-block-details is-layout-flow wp-block-details-is-layout-flow\" style=\"border-bottom-color:var(--wp--preset--color--tertiary-light);border-bottom-width:1px;padding-bottom:24px;font-size:18px;font-style:normal\"><summary><strong>A ap\u00f3lice pode ser retroagida?<\/strong><\/summary>\n<p class=\"has-small-font-size\">N\u00e3o. A ap\u00f3lice n\u00e3o pode ser retroativa e n\u00e3o h\u00e1 cobertura antes da data de emiss\u00e3o mostrada em seus documentos de seguro.<\/p>\n<\/details>\n\n\n\n<details class=\"wp-block-details is-layout-flow wp-block-details-is-layout-flow\" style=\"border-bottom-color:var(--wp--preset--color--tertiary-light);border-bottom-width:1px;padding-bottom:24px;font-size:18px;font-style:normal\"><summary><strong>Posso comprar depois que minha viagem j\u00e1 come\u00e7ou?<\/strong><\/summary>\n<p class=\"has-small-font-size\">\u00c0s vezes sim, mas n\u00e3o h\u00e1 retroatividade. Se voc\u00ea j\u00e1 viajou sem cobertura pr\u00e9via cont\u00ednua, um per\u00edodo de car\u00eancia de 14 dias pode ser aplicado antes do in\u00edcio da prote\u00e7\u00e3o.<\/p>\n<\/details>\n\n\n\n<details class=\"wp-block-details is-layout-flow wp-block-details-is-layout-flow\" style=\"border-bottom-color:var(--wp--preset--color--tertiary-light);border-bottom-width:1px;padding-bottom:24px;font-size:18px;font-style:normal\"><summary><strong>Posso usar esta p\u00e1gina para estadias superiores a 90 dias?<\/strong><\/summary>\n<p class=\"has-small-font-size\">N\u00e3o. Esta p\u00e1gina \u00e9 apenas para a rota de curta dura\u00e7\u00e3o da Espanha. Se sua estadia for de 90 dias ou mais, voc\u00ea deve seguir a rota de longa dura\u00e7\u00e3o.<\/p>\n<\/details>\n<\/div>\n<\/div>\n\n\n\n<div class=\"cozy-block-advanced-tab-item\" id=\"cozyBlock_20280c16_77cc_44d7_b416_65599d01e2c4\" data-client-id=\"20280c16-77cc-44d7-b416-65599d01e2c4\">\n<div class=\"wp-block-group is-layout-constrained wp-block-group-is-layout-constrained\" style=\"margin-top:64px\">\n<details class=\"wp-block-details is-layout-flow wp-block-details-is-layout-flow\" style=\"border-bottom-color:var(--wp--preset--color--tertiary-light);border-bottom-width:1px;padding-bottom:24px;font-size:18px;font-style:normal\"><summary><strong>Como fa\u00e7o para fazer uma reclama\u00e7\u00e3o?<\/strong><\/summary>\n<p class=\"has-small-font-size\">Siga as instru\u00e7\u00f5es de sinistro em seus documentos de ap\u00f3lice e envie seu sinistro com todas as evid\u00eancias de suporte o mais r\u00e1pido poss\u00edvel ap\u00f3s o incidente.<\/p>\n<\/details>\n\n\n\n<details class=\"wp-block-details is-layout-flow wp-block-details-is-layout-flow\" style=\"border-bottom-color:var(--wp--preset--color--tertiary-light);border-bottom-width:1px;padding-bottom:24px;font-size:18px;font-style:normal\"><summary><strong>Quais documentos eu geralmente preciso para um pedido de reembolso m\u00e9dico?<\/strong><\/summary>\n<p class=\"has-small-font-size\">Normalmente um relat\u00f3rio ou atestado m\u00e9dico, fatura discriminada, recibos ou comprovante de pagamento e prescri\u00e7\u00f5es, quando aplic\u00e1vel. Guarde tudo desde o in\u00edcio.<\/p>\n<\/details>\n\n\n\n<details class=\"wp-block-details is-layout-flow wp-block-details-is-layout-flow\" style=\"border-bottom-color:var(--wp--preset--color--tertiary-light);border-bottom-width:1px;padding-bottom:24px;font-size:18px;font-style:normal\"><summary><strong>Preciso entrar em contato com o atendimento de emerg\u00eancia antes da interna\u00e7\u00e3o hospitalar?<\/strong><\/summary>\n<p class=\"has-small-font-size\">Sim. Se for necess\u00e1ria hospitaliza\u00e7\u00e3o ou tratamento internado, entre em contato com a central de assist\u00eancia de emerg\u00eancia 24 horas antes de incorrer em despesas de interna\u00e7\u00e3o sempre que poss\u00edvel.<\/p>\n<\/details>\n\n\n\n<details class=\"wp-block-details is-layout-flow wp-block-details-is-layout-flow\" style=\"border-bottom-color:var(--wp--preset--color--tertiary-light);border-bottom-width:1px;padding-bottom:24px;font-size:18px;font-style:normal\"><summary><strong>O que devo fazer se precisar de um m\u00e9dico, mas n\u00e3o estiver sendo hospitalizado?<\/strong><\/summary>\n<p class=\"has-small-font-size\">Para casos n\u00e3o hospitalares, voc\u00ea geralmente pode ir \u00e0 cl\u00ednica ou m\u00e9dico mais pr\u00f3ximo, pagar o custo, guardar os comprovantes e, em seguida, solicitar o reembolso se o caso for eleg\u00edvel.<\/p>\n<\/details>\n\n\n\n<details class=\"wp-block-details is-layout-flow wp-block-details-is-layout-flow\" style=\"border-bottom-color:var(--wp--preset--color--tertiary-light);border-bottom-width:1px;padding-bottom:24px;font-size:18px;font-style:normal\"><summary><strong>Posso usar telemedicina primeiro?<\/strong><\/summary>\n<p class=\"has-small-font-size\">Sim. Para casos n\u00e3o hospitalares adequados, ligue para a linha de assist\u00eancia de emerg\u00eancia 24\/7 no <strong>+353 1 233 7743<\/strong> e pergunte se a telemedicina \u00e9 adequada para o seu caso.<\/p>\n<\/details>\n\n\n\n<details class=\"wp-block-details is-layout-flow wp-block-details-is-layout-flow\" style=\"border-bottom-color:var(--wp--preset--color--tertiary-light);border-bottom-width:1px;padding-bottom:24px;font-size:18px;font-style:normal\"><summary><strong>Quais idiomas est\u00e3o dispon\u00edveis no servi\u00e7o de assist\u00eancia?<\/strong><\/summary>\n<p class=\"has-small-font-size\">Suporte pode estar dispon\u00edvel em ingl\u00eas, espanhol, italiano e alem\u00e3o.<\/p>\n<\/details>\n\n\n\n<details class=\"wp-block-details is-layout-flow wp-block-details-is-layout-flow\" style=\"border-bottom-color:var(--wp--preset--color--tertiary-light);border-bottom-width:1px;padding-bottom:24px;font-size:18px;font-style:normal\"><summary><strong>Quanto tempo levam os pedidos?<\/strong><\/summary>\n<p class=\"has-small-font-size\">Depende da complexidade do caso e da completude de seus documentos. Informa\u00e7\u00f5es faltantes s\u00e3o um dos principais motivos de atrasos.<\/p>\n<\/details>\n<\/div>\n<\/div>\n\n\n\n<div class=\"cozy-block-advanced-tab-item\" id=\"cozyBlock_5b351d8b_3498_4597_8c17_4cd1e4dec394\" data-client-id=\"5b351d8b-3498-4597-8c17-4cd1e4dec394\">\n<div class=\"wp-block-group is-layout-constrained wp-block-group-is-layout-constrained\" style=\"margin-top:64px\">\n<details class=\"wp-block-details is-layout-flow wp-block-details-is-layout-flow\" style=\"border-bottom-color:var(--wp--preset--color--tertiary-light);border-bottom-width:1px;padding-bottom:24px;font-size:18px;font-style:normal\"><summary><strong>Qual \u00e9 o limite m\u00e1ximo de emerg\u00eancia m\u00e9dica?<\/strong><\/summary>\n<p class=\"has-small-font-size\">Despesas m\u00e9dicas de emerg\u00eancia, repatria\u00e7\u00e3o e relacionadas cobertas podem ser seguradas at\u00e9 <strong>\u20ac10,000,000<\/strong>, sujeito \u00e0 reda\u00e7\u00e3o da ap\u00f3lice.<\/p>\n<\/details>\n\n\n\n<details class=\"wp-block-details is-layout-flow wp-block-details-is-layout-flow\" style=\"border-bottom-color:var(--wp--preset--color--tertiary-light);border-bottom-width:1px;padding-bottom:24px;font-size:18px;font-style:normal\"><summary><strong>Qual \u00e9 o limite de cancelamento?<\/strong><\/summary>\n<p class=\"has-small-font-size\">Os coberturas de cancelamento, interrup\u00e7\u00e3o e abandono podem ser apresentadas at\u00e9 <strong>\u20ac7,500<\/strong>, com um n\u00edvel superior opcional exibido at\u00e9 <strong>\u20ac25,000<\/strong>, dependendo do cronograma do produto e da reda\u00e7\u00e3o aplic\u00e1vel.<\/p>\n<\/details>\n\n\n\n<details class=\"wp-block-details is-layout-flow wp-block-details-is-layout-flow\" style=\"border-bottom-color:var(--wp--preset--color--tertiary-light);border-bottom-width:1px;padding-bottom:24px;font-size:18px;font-style:normal\"><summary><strong>Qual \u00e9 o limite de bagagem?<\/strong><\/summary>\n<p class=\"has-small-font-size\">Capa de bagagem e documento de viagem podem ser exibidos at\u00e9 <strong>\u20ac2,000<\/strong>, com objetos de valor at\u00e9 <strong>\u20ac250<\/strong>, dinheiro pessoal at\u00e9 <strong>\u20ac250<\/strong>, e documentos de viagem at\u00e9 <strong>\u20ac250<\/strong>, sujeito \u00e0 ap\u00f3lice e aos termos definidos.<\/p>\n<\/details>\n\n\n\n<details class=\"wp-block-details is-layout-flow wp-block-details-is-layout-flow\" style=\"border-bottom-color:var(--wp--preset--color--tertiary-light);border-bottom-width:1px;padding-bottom:24px;font-size:18px;font-style:normal\"><summary><strong>H\u00e1 um excesso?<\/strong><\/summary>\n<p class=\"has-small-font-size\">Algumas se\u00e7\u00f5es podem ter um excesso. Sempre leia a ap\u00f3lice e os termos completos cuidadosamente para verificar se um excesso se aplica \u00e0 se\u00e7\u00e3o que voc\u00ea est\u00e1 reivindicando.<\/p>\n<\/details>\n\n\n\n<details class=\"wp-block-details is-layout-flow wp-block-details-is-layout-flow\" style=\"border-bottom-color:var(--wp--preset--color--tertiary-light);border-bottom-width:1px;padding-bottom:24px;font-size:18px;font-style:normal\"><summary><strong>Quais s\u00e3o os limites para benef\u00edcios hospitalares, acidentes pessoais e atendimento odontol\u00f3gico de emerg\u00eancia?<\/strong><\/summary>\n<p class=\"has-small-font-size\">O benef\u00edcio hospitalar pode ser de at\u00e9 <strong>\u20ac100<\/strong>, acidente pessoal at\u00e9 <strong>\u20ac25,000<\/strong>, e atendimento odontol\u00f3gico de emerg\u00eancia at\u00e9 <strong>\u20ac300<\/strong>, dependendo da reivindica\u00e7\u00e3o exata e das condi\u00e7\u00f5es da ap\u00f3lice.<\/p>\n<\/details>\n\n\n\n<details class=\"wp-block-details is-layout-flow wp-block-details-is-layout-flow\" style=\"border-bottom-color:var(--wp--preset--color--tertiary-light);border-bottom-width:1px;padding-bottom:24px;font-size:18px;font-style:normal\"><summary><strong>Onde posso ver os limites e exclus\u00f5es exatos?<\/strong><\/summary>\n<p class=\"has-small-font-size\">Seu certificado e os documentos completos da ap\u00f3lice mostram a tabela de benef\u00edcios, defini\u00e7\u00f5es, condi\u00e7\u00f5es e exclus\u00f5es. Leia sempre atentamente esses documentos antes de viajar.<\/p>\n<\/details>\n<\/div>\n<\/div>\n\n\n\n<div class=\"cozy-block-advanced-tab-item\" id=\"cozyBlock_72d81453_76a9_4c7b_b20c_953d39b99e6b\" data-client-id=\"72d81453-76a9-4c7b-b20c-953d39b99e6b\">\n<div class=\"wp-block-group is-layout-constrained wp-block-group-is-layout-constrained\" style=\"margin-top:64px\">\n<details class=\"wp-block-details is-layout-flow wp-block-details-is-layout-flow\" style=\"border-bottom-color:var(--wp--preset--color--tertiary-light);border-bottom-width:1px;padding-bottom:24px;font-size:18px;font-style:normal\"><summary><strong>N\u00e3o vejo o formul\u00e1rio de reserva. O que devo fazer?<\/strong><\/summary>\n<p class=\"has-small-font-size\">Tente um navegador diferente, atualize a p\u00e1gina e desabilite temporariamente bloqueadores de script ou extens\u00f5es de privacidade para a p\u00e1gina de reserva.<\/p>\n<\/details>\n\n\n\n<details class=\"wp-block-details is-layout-flow wp-block-details-is-layout-flow\" style=\"border-bottom-color:var(--wp--preset--color--tertiary-light);border-bottom-width:1px;padding-bottom:24px;font-size:18px;font-style:normal\"><summary><strong>Eu n\u00e3o recebi meu e-mail. O que devo fazer?<\/strong><\/summary>\n<p class=\"has-small-font-size\">Verifique sua pasta de spam ou lixo eletr\u00f4nico primeiro. Se n\u00e3o estiver l\u00e1, entre em contato com a StudySafe com seu nome completo e n\u00famero de reserva, se dispon\u00edvel.<\/p>\n<\/details>\n\n\n\n<details class=\"wp-block-details is-layout-flow wp-block-details-is-layout-flow\" style=\"border-bottom-color:var(--wp--preset--color--tertiary-light);border-bottom-width:1px;padding-bottom:24px;font-size:18px;font-style:normal\"><summary><strong>Minha escola pediu comprovante de seguro. O que devo fornecer?<\/strong><\/summary>\n<p class=\"has-small-font-size\">Use seu certificado de seguro e quaisquer documentos de ap\u00f3lice de suporte emitidos com o seu pedido.<\/p>\n<\/details>\n\n\n\n<details class=\"wp-block-details is-layout-flow wp-block-details-is-layout-flow\" style=\"border-bottom-color:var(--wp--preset--color--tertiary-light);border-bottom-width:1px;padding-bottom:24px;font-size:18px;font-style:normal\"><summary><strong>Eu inseri as datas de viagem erradas. O que devo fazer?<\/strong><\/summary>\n<p class=\"has-small-font-size\">Entre em contato com o StudySafe o mais r\u00e1pido poss\u00edvel. Algumas corre\u00e7\u00f5es podem ser poss\u00edveis antes da emiss\u00e3o dos documentos, enquanto outras altera\u00e7\u00f5es podem exigir uma reemiss\u00e3o dependendo do caso.<\/p>\n<\/details>\n\n\n\n<details class=\"wp-block-details is-layout-flow wp-block-details-is-layout-flow\" style=\"border-bottom-color:var(--wp--preset--color--tertiary-light);border-bottom-width:1px;padding-bottom:24px;font-size:18px;font-style:normal\"><summary><strong>Voc\u00ea tem que aceitar os termos e pol\u00edticas para reservar?<\/strong><\/summary>\n<p class=\"has-small-font-size\">Sim. Voc\u00ea ser\u00e1 solicitado a confirmar que leu e aceitou os termos e pol\u00edticas relevantes durante o checkout.<\/p>\n<\/details>\n<\/div>\n<\/div>\n\n\n\n<div class=\"cozy-block-advanced-tab-item\" id=\"cozyBlock_9ceeb38c_20a6_4ac7_a590_de6bc0842555\" data-client-id=\"9ceeb38c-20a6-4ac7-a590-de6bc0842555\">\n<div class=\"wp-block-group is-layout-constrained wp-block-group-is-layout-constrained\" style=\"margin-top:64px\">\n<details class=\"wp-block-details is-layout-flow wp-block-details-is-layout-flow\" style=\"border-bottom-color:var(--wp--preset--color--tertiary-light);border-bottom-width:1px;padding-bottom:24px;font-size:18px;font-style:normal\"><summary><strong>O que \u00e9 o certificado de seguro?<\/strong><\/summary>\n<p class=\"has-small-font-size\">\u00c9 o documento que confirma o n\u00famero da sua ap\u00f3lice, os dados do segurado e o per\u00edodo da sua cobertura.<\/p>\n<\/details>\n\n\n\n<details class=\"wp-block-details is-layout-flow wp-block-details-is-layout-flow\" style=\"border-bottom-color:var(--wp--preset--color--tertiary-light);border-bottom-width:1px;padding-bottom:24px;font-size:18px;font-style:normal\"><summary><strong>Quais documentos devo ler antes de viajar?<\/strong><\/summary>\n<p class=\"has-small-font-size\">Leia sua ap\u00f3lice de seguro, a Ficha de Informa\u00e7\u00f5es Padronizadas (FIP) e o texto integral da ap\u00f3lice. Juntos, eles explicam o que est\u00e1 coberto, o que n\u00e3o est\u00e1 coberto e como funcionam os sinistros.<\/p>\n<\/details>\n\n\n\n<details class=\"wp-block-details is-layout-flow wp-block-details-is-layout-flow\" style=\"border-bottom-color:var(--wp--preset--color--tertiary-light);border-bottom-width:1px;padding-bottom:24px;font-size:18px;font-style:normal\"><summary><strong>Entrei com os detalhes errados. Posso corrigi-los?<\/strong><\/summary>\n<p class=\"has-small-font-size\">Entre em contato com a StudySafe o mais r\u00e1pido poss\u00edvel. Algumas corre\u00e7\u00f5es podem ser poss\u00edveis antes da emiss\u00e3o dos documentos, enquanto outras podem exigir uma reemiss\u00e3o dependendo da altera\u00e7\u00e3o.<\/p>\n<\/details>\n\n\n\n<details class=\"wp-block-details is-layout-flow wp-block-details-is-layout-flow\" style=\"border-bottom-color:var(--wp--preset--color--tertiary-light);border-bottom-width:1px;padding-bottom:24px;font-size:18px;font-style:normal\"><summary><strong>Quem devo contatar se tiver d\u00favidas sobre minha ap\u00f3lice?<\/strong><\/summary>\n<p class=\"has-small-font-size\">Entre em contato com a StudySafe para d\u00favidas sobre reservas e documentos. Se precisar de ajuda m\u00e9dica urgente durante sua viagem, use o n\u00famero de assist\u00eancia de emerg\u00eancia 24 horas mostrado em seus documentos.<\/p>\n<\/details>\n\n\n\n<details class=\"wp-block-details is-layout-flow wp-block-details-is-layout-flow\" style=\"border-bottom-color:var(--wp--preset--color--tertiary-light);border-bottom-width:1px;padding-bottom:24px;font-size:18px;font-style:normal\"><summary><strong>Onde posso encontrar suas pol\u00edticas, como Privacidade e Termos?<\/strong><\/summary>\n<p class=\"has-small-font-size\">Eles est\u00e3o dispon\u00edveis na se\u00e7\u00e3o Jur\u00eddico do site.<\/p>\n<\/details>\n\n\n\n<details class=\"wp-block-details is-layout-flow wp-block-details-is-layout-flow\" style=\"border-bottom-color:var(--wp--preset--color--tertiary-light);border-bottom-width:1px;padding-bottom:24px;font-size:18px;font-style:normal\"><summary><strong>O que devo ler antes de reservar?<\/strong><\/summary>\n<p class=\"has-small-font-size\">Voc\u00ea pode ler nosso <strong><a href=\"https:\/\/studysafe.travel\/pt\/eu-vou-para-a-espanha\/alunos-de-escola-de-idiomas\/curto-prazo\/information\/\">Informa\u00e7\u00f5es Importantes e Documentos de Seguro<\/a><\/strong> p\u00e1gina antes da reserva. Ele re\u00fane os principais pontos de elegibilidade, fatos essenciais do produto, informa\u00e7\u00f5es sobre sinistros e suporte de emerg\u00eancia, e links para os documentos de seguro aplic\u00e1veis, incluindo o <strong>IPID<\/strong> e <strong>Reda\u00e7\u00e3o Completa da Ap\u00f3lice<\/strong>.<\/p>\n<\/details>\n<\/div>\n<\/div>\n<\/div><\/div>\n<\/div><\/div>\n<\/div>","protected":false},"excerpt":{"rendered":"<p>Everything students ask before booking Frequently Asked Questions Clear answers on short-term eligibility, medical and travel-related cover, claims, pricing, key limits, and policy documents for international students travelling to Spain for a short language course of up to 89 days.<\/p>","protected":false},"author":1,"featured_media":0,"parent":1064,"menu_order":0,"comment_status":"closed","ping_status":"closed","template":"","meta":{"footnotes":""},"class_list":["post-1115","page","type-page","status-publish","hentry"],"_links":{"self":[{"href":"https:\/\/studysafe.travel\/pt\/wp-json\/wp\/v2\/pages\/1115","targetHints":{"allow":["GET"]}}],"collection":[{"href":"https:\/\/studysafe.travel\/pt\/wp-json\/wp\/v2\/pages"}],"about":[{"href":"https:\/\/studysafe.travel\/pt\/wp-json\/wp\/v2\/types\/page"}],"author":[{"embeddable":true,"href":"https:\/\/studysafe.travel\/pt\/wp-json\/wp\/v2\/users\/1"}],"replies":[{"embeddable":true,"href":"https:\/\/studysafe.travel\/pt\/wp-json\/wp\/v2\/comments?post=1115"}],"version-history":[{"count":7,"href":"https:\/\/studysafe.travel\/pt\/wp-json\/wp\/v2\/pages\/1115\/revisions"}],"predecessor-version":[{"id":1925,"href":"https:\/\/studysafe.travel\/pt\/wp-json\/wp\/v2\/pages\/1115\/revisions\/1925"}],"up":[{"embeddable":true,"href":"https:\/\/studysafe.travel\/pt\/wp-json\/wp\/v2\/pages\/1064"}],"wp:attachment":[{"href":"https:\/\/studysafe.travel\/pt\/wp-json\/wp\/v2\/media?parent=1115"}],"curies":[{"name":"wp","href":"https:\/\/api.w.org\/{rel}","templated":true}]}}