{"id":1590,"date":"2026-04-17T09:53:59","date_gmt":"2026-04-17T09:53:59","guid":{"rendered":"https:\/\/studysafe.travel\/?page_id=1590"},"modified":"2026-04-22T15:50:31","modified_gmt":"2026-04-22T15:50:31","slug":"perguntas-frequentes","status":"publish","type":"page","link":"https:\/\/studysafe.travel\/pt\/im-going-to-spain\/language-school-students\/long-term\/faqs\/","title":{"rendered":"Perguntas frequentes"},"content":{"rendered":"<div class=\"wp-block-group has-heading-color-color has-background-background-color has-text-color has-background is-layout-constrained wp-container-core-group-is-layout-e8bc0b99 wp-block-group-is-layout-constrained\" style=\"margin-top:0;margin-bottom:0;padding-top:120px;padding-right:var(--wp--preset--spacing--40);padding-bottom:120px;padding-left:var(--wp--preset--spacing--40)\">\n\n\n<div style=\"height:25px\" aria-hidden=\"true\" class=\"wp-block-spacer\"><\/div>\n\n\n\n<div class=\"wp-block-group fotawp-fade-up is-layout-constrained wp-container-core-group-is-layout-a9039071 wp-block-group-is-layout-constrained\" style=\"margin-top:0;margin-bottom:0\">\n<h5 class=\"wp-block-heading has-text-align-center has-text-color has-link-color has-small-font-size wp-elements-3127346f905c57b9a6e1a31530645285\" style=\"color:#aa151b;letter-spacing:4px;text-transform:uppercase\">Tudo o que os alunos perguntam antes de reservar<\/h5>\n\n\n\n<h1 class=\"wp-block-heading has-text-align-center\" style=\"font-size:48px;font-style:normal;font-weight:700;line-height:1.3\">Perguntas Frequentes<\/h1>\n\n\n\n<p class=\"has-text-align-center\" style=\"line-height:1.6\">Respostas claras sobre elegibilidade de longo prazo, acesso \u00e0 sa\u00fade na Espanha, prestadores aprovados, pagamento, vig\u00eancia da ap\u00f3lice, op\u00e7\u00f5es de seguro odontol\u00f3gico e documentos para estudantes internacionais que precisam de visto de estudo para a Espanha e planejam ficar mais de 90 dias.<\/p>\n\n\n<link rel=\"stylesheet\" href=\"https:\/\/fonts.googleapis.com\/css2?family=Public+Sans:wght@100;200;300;400;500;600;700;800;900&#038;display=swap\"\/><div class=\"cozy-block-wrapper\">\n<div class=\"cozy-block-advanced-tab layout-horizontal icon-layout-fill\" id=\"cozyBlock_7581a2aa_8760_470a_a039_1feb02501da2\"><div class=\"layout-wrapper\" style=\"display:flex\"><div class=\"cozy-tab-title\"><div class=\"cozy-tab-button active\" id=\"6b0b3572-7489-45e3-ae08-dc8f36a54b1a\" data-index=\"0\"><div class=\"display-flex justify-center align-items-center\"><span>Perguntas Gerais<\/span><\/div><\/div><div class=\"cozy-tab-button\" id=\"fd6193a2-b0a5-4999-804d-b832f3c4544a\" data-index=\"1\"><div class=\"display-flex justify-center align-items-center\"><span>Cobertura<\/span><\/div><\/div><div class=\"cozy-tab-button\" id=\"7ce6a15b-5e7a-40b7-99c1-99e3850f347d\" data-index=\"2\"><div class=\"display-flex justify-center align-items-center\"><span>Elegibilidade<\/span><\/div><\/div><div class=\"cozy-tab-button\" id=\"99ebb562-bb3b-41f0-952f-4b638700d9f8\" data-index=\"3\"><div class=\"display-flex justify-center align-items-center\"><span>Reserva e Pagamento<\/span><\/div><\/div><div class=\"cozy-tab-button\" id=\"cb149089-e66a-49ca-bcef-364c1ef28a60\" data-index=\"4\"><div class=\"display-flex justify-center align-items-center\"><span>Prazo da Pol\u00edtica<\/span><\/div><\/div><div class=\"cozy-tab-button\" id=\"b37f23a6-20d9-437c-ba24-0dec19b60ab0\" data-index=\"5\"><div class=\"display-flex justify-center align-items-center\"><span>Usando o Sistema de Sa\u00fade na Espanha<\/span><\/div><\/div><div class=\"cozy-tab-button\" id=\"f8878144-fcf6-4b97-be73-ca701253ccdf\" data-index=\"6\"><div class=\"display-flex justify-center align-items-center\"><span>Limites Principais e Odontologia Opcional<\/span><\/div><\/div><div class=\"cozy-tab-button\" id=\"a5f54f58-45e0-4e7b-b187-024d07d64958\" data-index=\"7\"><div class=\"display-flex justify-center align-items-center\"><span>Solu\u00e7\u00e3o de problemas<\/span><\/div><\/div><div class=\"cozy-tab-button\" id=\"6de72442-0af6-4aa4-be53-0e46dd72796a\" data-index=\"8\"><div class=\"display-flex justify-center align-items-center\"><span>Documentos e Jur\u00eddico<\/span><\/div><\/div><\/div><\/div><div class=\"cozy-advanced-tab-wrapper\">\n<div class=\"cozy-block-advanced-tab-item\" id=\"cozyBlock_6b0b3572_7489_45e3_ae08_dc8f36a54b1a\" data-client-id=\"6b0b3572-7489-45e3-ae08-dc8f36a54b1a\">\n<div class=\"wp-block-group is-layout-constrained wp-block-group-is-layout-constrained\" style=\"margin-top:64px\">\n<details class=\"wp-block-details is-layout-flow wp-block-details-is-layout-flow\" style=\"border-bottom-color:var(--wp--preset--color--tertiary-light);border-bottom-width:1px;padding-bottom:24px;font-size:18px;font-style:normal\"><summary><strong>O que \u00e9 StudySafe?<\/strong><\/summary>\n<p class=\"has-small-font-size\">StudySafe apoia o onboarding de seguro estudantil com um caminho online claro, verifica\u00e7\u00f5es de elegibilidade estruturadas e orienta\u00e7\u00e3o de agendamento antes da emiss\u00e3o dos documentos.<\/p>\n<\/details>\n\n\n\n<details class=\"wp-block-details is-layout-flow wp-block-details-is-layout-flow\" style=\"border-bottom-color:var(--wp--preset--color--tertiary-light);border-bottom-width:1px;padding-bottom:24px;font-size:18px;font-style:normal\"><summary><strong>Para quem \u00e9 esta p\u00e1gina de Longo Prazo?<\/strong><\/summary>\n<p class=\"has-small-font-size\">Esta p\u00e1gina \u00e9 para estudantes internacionais eleg\u00edveis que necessitam de um visto de estudante para a Espanha e planejam uma estadia de estudos mais longa, superior a 90 dias.<\/p>\n<\/details>\n\n\n\n<details class=\"wp-block-details is-layout-flow wp-block-details-is-layout-flow\" style=\"border-bottom-color:var(--wp--preset--color--tertiary-light);border-bottom-width:1px;padding-bottom:24px;font-size:18px;font-style:normal\"><summary><strong>Esta p\u00e1gina \u00e9 apenas para estadias longas na Espanha?<\/strong><\/summary>\n<p class=\"has-small-font-size\">Sim. Este roteiro de Longa Dura\u00e7\u00e3o destina-se a estadias de estudo mais longas na Espanha. Se sua estadia for inferior a 90 dias, voc\u00ea deve seguir o roteiro de Curta Dura\u00e7\u00e3o.<\/p>\n<\/details>\n\n\n\n<details class=\"wp-block-details is-layout-flow wp-block-details-is-layout-flow\" style=\"border-bottom-color:var(--wp--preset--color--tertiary-light);border-bottom-width:1px;padding-bottom:24px;font-size:18px;font-style:normal\"><summary><strong>Esta \u00e9 uma rota de seguro sa\u00fade ou uma rota de seguro de viagem de curta dura\u00e7\u00e3o?<\/strong><\/summary>\n<p class=\"has-small-font-size\">Esta rota \u00e9 baseada em um produto de seguro sa\u00fade para estudantes na Espanha. N\u00e3o \u00e9 a mesma rota de estilo de viagem de Curta Dura\u00e7\u00e3o usada para estadias mais curtas.<\/p>\n<\/details>\n\n\n\n<details class=\"wp-block-details is-layout-flow wp-block-details-is-layout-flow\" style=\"border-bottom-color:var(--wp--preset--color--tertiary-light);border-bottom-width:1px;padding-bottom:24px;font-size:18px;font-style:normal\"><summary><strong>Este trajeto usa um produto de sa\u00fade com sede na Espanha?<\/strong><\/summary>\n<p class=\"has-small-font-size\">Sim. O produto foi projetado principalmente para acesso \u00e0 sa\u00fade na Espanha por meio de m\u00e9dicos, servi\u00e7os e centros aprovados durante o per\u00edodo de vig\u00eancia do seguro.<\/p>\n<\/details>\n<\/div>\n<\/div>\n\n\n\n<div class=\"cozy-block-advanced-tab-item\" id=\"cozyBlock_fd6193a2_b0a5_4999_804d_b832f3c4544a\" data-client-id=\"fd6193a2-b0a5-4999-804d-b832f3c4544a\">\n<div class=\"wp-block-group is-layout-constrained wp-block-group-is-layout-constrained\" style=\"margin-top:64px\">\n<details class=\"wp-block-details is-layout-flow wp-block-details-is-layout-flow\" style=\"border-bottom-color:var(--wp--preset--color--tertiary-light);border-bottom-width:1px;padding-bottom:24px;font-size:18px;font-style:normal\"><summary><strong>Do que esta pol\u00edtica trata, em termos simples?<\/strong><\/summary>\n<p class=\"has-small-font-size\">Ele oferece acesso de longo prazo a cuidados de sa\u00fade estudantis na Espanha, incluindo atendimento hospitalar e ambulatorial, medicina especializada, exames de diagn\u00f3stico, servi\u00e7o de emerg\u00eancia, transfer\u00eancia de ambul\u00e2ncia, assist\u00eancia em viagem e outros benef\u00edcios de sa\u00fade definidos, sujeitos aos termos da ap\u00f3lice.<\/p>\n<\/details>\n\n\n\n<details class=\"wp-block-details is-layout-flow wp-block-details-is-layout-flow\" style=\"border-bottom-color:var(--wp--preset--color--tertiary-light);border-bottom-width:1px;padding-bottom:24px;font-size:18px;font-style:normal\"><summary><strong>Isso inclui cuidados hospitalares e ambulatoriais?<\/strong><\/summary>\n<p class=\"has-small-font-size\">Sim. O produto \u00e9 descrito como um plano de sa\u00fade estudantil completo com cobertura hospitalar e ambulatorial na Espanha.<\/p>\n<\/details>\n\n\n\n<details class=\"wp-block-details is-layout-flow wp-block-details-is-layout-flow\" style=\"border-bottom-color:var(--wp--preset--color--tertiary-light);border-bottom-width:1px;padding-bottom:24px;font-size:18px;font-style:normal\"><summary><strong>Inclui cuidados especializados e exames de diagn\u00f3stico?<\/strong><\/summary>\n<p class=\"has-small-font-size\">Sim. Medicina especializada, meios de diagn\u00f3stico e t\u00e9cnicas de tratamento especializadas fazem parte da cobertura de sa\u00fade, sujeitos \u00e0s regras do produto.<\/p>\n<\/details>\n\n\n\n<details class=\"wp-block-details is-layout-flow wp-block-details-is-layout-flow\" style=\"border-bottom-color:var(--wp--preset--color--tertiary-light);border-bottom-width:1px;padding-bottom:24px;font-size:18px;font-style:normal\"><summary><strong>Inclui assist\u00eancia de viagem?<\/strong><\/summary>\n<p class=\"has-small-font-size\">Sim. A assist\u00eancia de viagem est\u00e1 inclu\u00edda, sujeita aos termos da ap\u00f3lice e aos limites estabelecidos para essa se\u00e7\u00e3o.<\/p>\n<\/details>\n\n\n\n<details class=\"wp-block-details is-layout-flow wp-block-details-is-layout-flow\" style=\"border-bottom-color:var(--wp--preset--color--tertiary-light);border-bottom-width:1px;padding-bottom:24px;font-size:18px;font-style:normal\"><summary><strong>O plano odontol\u00f3gico \u00e9 inclu\u00eddo automaticamente?<\/strong><\/summary>\n<p class=\"has-small-font-size\">N\u00e3o. O seguro odontol\u00f3gico \u00e9 opcional. Se selecionado, ele segue sua pr\u00f3pria tabela de cobertura e franquias.<\/p>\n<\/details>\n\n\n\n<details class=\"wp-block-details is-layout-flow wp-block-details-is-layout-flow\" style=\"border-bottom-color:var(--wp--preset--color--tertiary-light);border-bottom-width:1px;padding-bottom:24px;font-size:18px;font-style:normal\"><summary><strong>Condi\u00e7\u00f5es m\u00e9dicas pr\u00e9-existentes ou n\u00e3o declaradas s\u00e3o cobertas?<\/strong><\/summary>\n<p class=\"has-small-font-size\">Cuidados de sa\u00fade resultantes de dist\u00farbios pr\u00e9vios, ou condi\u00e7\u00f5es conhecidas e n\u00e3o declaradas no Question\u00e1rio de Sa\u00fade, s\u00e3o restritos sob os termos do produto.<\/p>\n<\/details>\n<\/div>\n<\/div>\n\n\n\n<div class=\"cozy-block-advanced-tab-item\" id=\"cozyBlock_7ce6a15b_5e7a_40b7_99c1_99e3850f347d\" data-client-id=\"7ce6a15b-5e7a-40b7-99c1-99e3850f347d\">\n<div class=\"wp-block-group is-layout-constrained wp-block-group-is-layout-constrained\" style=\"margin-top:64px\">\n<details class=\"wp-block-details is-layout-flow wp-block-details-is-layout-flow\" style=\"border-bottom-color:var(--wp--preset--color--tertiary-light);border-bottom-width:1px;padding-bottom:24px;font-size:18px;font-style:normal\"><summary><strong>Para quem este plano foi desenvolvido?<\/strong><\/summary>\n<p class=\"has-small-font-size\">Destina-se a estudantes internacionais que estudam na Espanha, necessitam de visto de estudante e n\u00e3o possuem passaporte espanhol ou carteira de identidade nacional.<\/p>\n<\/details>\n\n\n\n<details class=\"wp-block-details is-layout-flow wp-block-details-is-layout-flow\" style=\"border-bottom-color:var(--wp--preset--color--tertiary-light);border-bottom-width:1px;padding-bottom:24px;font-size:18px;font-style:normal\"><summary><strong>Preciso de um visto de estudante para usar esta rota?<\/strong><\/summary>\n<p class=\"has-small-font-size\">Sim. Este roteiro \u00e9 feito para estudantes que precisam de um visto de estudante para a Espanha.<\/p>\n<\/details>\n\n\n\n<details class=\"wp-block-details is-layout-flow wp-block-details-is-layout-flow\" style=\"border-bottom-color:var(--wp--preset--color--tertiary-light);border-bottom-width:1px;padding-bottom:24px;font-size:18px;font-style:normal\"><summary><strong>Posso usar esta rota se eu tiver um passaporte espanhol ou DNI?<\/strong><\/summary>\n<p class=\"has-small-font-size\">N\u00e3o. O produto destina-se a estudantes internacionais que n\u00e3o possuem passaporte espanhol ou carteira de identidade nacional.<\/p>\n<\/details>\n\n\n\n<details class=\"wp-block-details is-layout-flow wp-block-details-is-layout-flow\" style=\"border-bottom-color:var(--wp--preset--color--tertiary-light);border-bottom-width:1px;padding-bottom:24px;font-size:18px;font-style:normal\"><summary><strong>Preciso fornecer comprovante de estudos na Espanha?<\/strong><\/summary>\n<p class=\"has-small-font-size\">Sim. Poder\u00e1 ser exigida a acredita\u00e7\u00e3o oficial dos estudos a serem realizados na Espanha, juntamente com qualquer outra documenta\u00e7\u00e3o solicitada para a candidatura.<\/p>\n<\/details>\n\n\n\n<details class=\"wp-block-details is-layout-flow wp-block-details-is-layout-flow\" style=\"border-bottom-color:var(--wp--preset--color--tertiary-light);border-bottom-width:1px;padding-bottom:24px;font-size:18px;font-style:normal\"><summary><strong>Meus dados pessoais precisam corresponder aos meus documentos oficiais?<\/strong><\/summary>\n<p class=\"has-small-font-size\">Sim. Seus dados pessoais devem ser precisos e consistentes com seu passaporte, visto e documentos de estudo para evitar atrasos ou corre\u00e7\u00f5es.<\/p>\n<\/details>\n<\/div>\n<\/div>\n\n\n\n<div class=\"cozy-block-advanced-tab-item\" id=\"cozyBlock_99ebb562_bb3b_41f0_952f_4b638700d9f8\" data-client-id=\"99ebb562-bb3b-41f0-952f-4b638700d9f8\">\n<div class=\"wp-block-group is-layout-constrained wp-block-group-is-layout-constrained\" style=\"margin-top:64px\">\n<details class=\"wp-block-details is-layout-flow wp-block-details-is-layout-flow\" style=\"border-bottom-color:var(--wp--preset--color--tertiary-light);border-bottom-width:1px;padding-bottom:24px;font-size:18px;font-style:normal\"><summary><strong>Como eu reservo?<\/strong><\/summary>\n<p class=\"has-small-font-size\">Complete a rota de elegibilidade de longo prazo, forne\u00e7a as informa\u00e7\u00f5es pessoais e de estudo solicitadas, carregue quaisquer documentos necess\u00e1rios e pague com seguran\u00e7a online se o seu caso prosseguir para o agendamento.<\/p>\n<\/details>\n\n\n\n<details class=\"wp-block-details is-layout-flow wp-block-details-is-layout-flow\" style=\"border-bottom-color:var(--wp--preset--color--tertiary-light);border-bottom-width:1px;padding-bottom:24px;font-size:18px;font-style:normal\"><summary><strong>Como o pre\u00e7o \u00e9 exibido durante a reserva?<\/strong><\/summary>\n<p class=\"has-small-font-size\">O pre\u00e7o final \u00e9 exibido durante o processo de reserva, antes do pagamento. Esta rota de Longa Dura\u00e7\u00e3o n\u00e3o \u00e9 precificada como um produto de curta estadia di\u00e1ria.<\/p>\n<\/details>\n\n\n\n<details class=\"wp-block-details is-layout-flow wp-block-details-is-layout-flow\" style=\"border-bottom-color:var(--wp--preset--color--tertiary-light);border-bottom-width:1px;padding-bottom:24px;font-size:18px;font-style:normal\"><summary><strong>Posso pagar com cart\u00e3o?<\/strong><\/summary>\n<p class=\"has-small-font-size\">Sim. O pr\u00eamio \u00fanico deve ser pago por cart\u00e3o banc\u00e1rio, utilizando cart\u00e3o de cr\u00e9dito ou d\u00e9bito.<\/p>\n<\/details>\n\n\n\n<details class=\"wp-block-details is-layout-flow wp-block-details-is-layout-flow\" style=\"border-bottom-color:var(--wp--preset--color--tertiary-light);border-bottom-width:1px;padding-bottom:24px;font-size:18px;font-style:normal\"><summary><strong>Posso pagar parcelado?<\/strong><\/summary>\n<p class=\"has-small-font-size\">N\u00e3o. O pr\u00eamio \u00e9 um pagamento \u00fanico devido na assinatura da ap\u00f3lice.<\/p>\n<\/details>\n\n\n\n<details class=\"wp-block-details is-layout-flow wp-block-details-is-layout-flow\" style=\"border-bottom-color:var(--wp--preset--color--tertiary-light);border-bottom-width:1px;padding-bottom:24px;font-size:18px;font-style:normal\"><summary><strong>Quando come\u00e7a a cobertura?<\/strong><\/summary>\n<p class=\"has-small-font-size\">A cobertura come\u00e7a com o pagamento do pr\u00eamio e a assinatura da ap\u00f3lice, pelo prazo indicado na documenta\u00e7\u00e3o aplic\u00e1vel da ap\u00f3lice.<\/p>\n<\/details>\n\n\n\n<details class=\"wp-block-details is-layout-flow wp-block-details-is-layout-flow\" style=\"border-bottom-color:var(--wp--preset--color--tertiary-light);border-bottom-width:1px;padding-bottom:24px;font-size:18px;font-style:normal\"><summary><strong>Quais documentos podem ser exigidos antes da emiss\u00e3o?<\/strong><\/summary>\n<p class=\"has-small-font-size\">O aplicativo pode exigir comprovante oficial de estudos na Espanha, um Question\u00e1rio de Sa\u00fade preenchido e quaisquer outros documentos solicitados para o processo de emiss\u00e3o da ap\u00f3lice.<\/p>\n<\/details>\n<\/div>\n<\/div>\n\n\n\n<div class=\"cozy-block-advanced-tab-item\" id=\"cozyBlock_cb149089_e66a_49ca_bcef_364c1ef28a60\" data-client-id=\"cb149089-e66a-49ca-bcef-364c1ef28a60\">\n<div class=\"wp-block-group is-layout-constrained wp-block-group-is-layout-constrained\" style=\"margin-top:64px\">\n<details class=\"wp-block-details is-layout-flow wp-block-details-is-layout-flow\" style=\"border-bottom-color:var(--wp--preset--color--tertiary-light);border-bottom-width:1px;padding-bottom:24px;font-size:18px;font-style:normal\"><summary><strong>Por quanto tempo a ap\u00f3lice dura?<\/strong><\/summary>\n<p class=\"has-small-font-size\">A ap\u00f3lice vigorar\u00e1 pelo prazo espec\u00edfico indicado nos Termos e Condi\u00e7\u00f5es Particulares ou em endosso emitido para o seu caso.<\/p>\n<\/details>\n\n\n\n<details class=\"wp-block-details is-layout-flow wp-block-details-is-layout-flow\" style=\"border-bottom-color:var(--wp--preset--color--tertiary-light);border-bottom-width:1px;padding-bottom:24px;font-size:18px;font-style:normal\"><summary><strong>A ap\u00f3lice pode ser renovada ou estendida?<\/strong><\/summary>\n<p class=\"has-small-font-size\">N\u00e3o. Esta pol\u00edtica n\u00e3o pode ser renovada ou estendida e termina automaticamente ao expirar.<\/p>\n<\/details>\n\n\n\n<details class=\"wp-block-details is-layout-flow wp-block-details-is-layout-flow\" style=\"border-bottom-color:var(--wp--preset--color--tertiary-light);border-bottom-width:1px;padding-bottom:24px;font-size:18px;font-style:normal\"><summary><strong>Posso usar esta p\u00e1gina para estadias curtas na Espanha?<\/strong><\/summary>\n<p class=\"has-small-font-size\">N\u00e3o. Esta p\u00e1gina \u00e9 para a rota de longo prazo da Espanha. Estadias mais curtas devem seguir a rota de curto prazo.<\/p>\n<\/details>\n\n\n\n<details class=\"wp-block-details is-layout-flow wp-block-details-is-layout-flow\" style=\"border-bottom-color:var(--wp--preset--color--tertiary-light);border-bottom-width:1px;padding-bottom:24px;font-size:18px;font-style:normal\"><summary><strong>A pol\u00edtica termina automaticamente?<\/strong><\/summary>\n<p class=\"has-small-font-size\">Sim. Ele termina automaticamente na data de vencimento mostrada na documenta\u00e7\u00e3o da ap\u00f3lice.<\/p>\n<\/details>\n<\/div>\n<\/div>\n\n\n\n<div class=\"cozy-block-advanced-tab-item\" id=\"cozyBlock_b37f23a6_20d9_437c_ba24_0dec19b60ab0\" data-client-id=\"b37f23a6-20d9-437c-ba24-0dec19b60ab0\">\n<div class=\"wp-block-group is-layout-constrained wp-block-group-is-layout-constrained\" style=\"margin-top:64px\">\n<details class=\"wp-block-details is-layout-flow wp-block-details-is-layout-flow\" style=\"border-bottom-color:var(--wp--preset--color--tertiary-light);border-bottom-width:1px;padding-bottom:24px;font-size:18px;font-style:normal\"><summary><strong>Como uso os servi\u00e7os m\u00e9dicos na Espanha?<\/strong><\/summary>\n<p class=\"has-small-font-size\">Use os m\u00e9dicos, servi\u00e7os e centros aprovados para o produto e siga quaisquer regras de prescri\u00e7\u00e3o ou autoriza\u00e7\u00e3o que se apliquem ao servi\u00e7o de que voc\u00ea precisa.<\/p>\n<\/details>\n\n\n\n<details class=\"wp-block-details is-layout-flow wp-block-details-is-layout-flow\" style=\"border-bottom-color:var(--wp--preset--color--tertiary-light);border-bottom-width:1px;padding-bottom:24px;font-size:18px;font-style:normal\"><summary><strong>Preciso usar fornecedores aprovados?<\/strong><\/summary>\n<p class=\"has-small-font-size\">Sim. Os cuidados devem ser fornecidos por profissionais e centros aprovados. Cuidados n\u00e3o aprovados geralmente n\u00e3o s\u00e3o cobertos, exceto em situa\u00e7\u00f5es limitadas de emerg\u00eancia com risco de vida.<\/p>\n<\/details>\n\n\n\n<details class=\"wp-block-details is-layout-flow wp-block-details-is-layout-flow\" style=\"border-bottom-color:var(--wp--preset--color--tertiary-light);border-bottom-width:1px;padding-bottom:24px;font-size:18px;font-style:normal\"><summary><strong>O que devo fazer se precisar de atendimento de emerg\u00eancia?<\/strong><\/summary>\n<p class=\"has-small-font-size\">O atendimento de emerg\u00eancia \u00e9 organizado atrav\u00e9s do servi\u00e7o de coordena\u00e7\u00e3o de cuidados de emerg\u00eancia e urg\u00eancia do produto na Espanha. Em caso de emerg\u00eancia, os estudantes devem seguir o caminho indicado nos documentos da sua ap\u00f3lice.<\/p>\n<\/details>\n\n\n\n<details class=\"wp-block-details is-layout-flow wp-block-details-is-layout-flow\" style=\"border-bottom-color:var(--wp--preset--color--tertiary-light);border-bottom-width:1px;padding-bottom:24px;font-size:18px;font-style:normal\"><summary><strong>Eu pago o provedor primeiro?<\/strong><\/summary>\n<p class=\"has-small-font-size\">Para a rota de cuidados de sa\u00fade b\u00e1sicos, os custos cobertos s\u00e3o normalmente geridos atrav\u00e9s de prestadores e centros aprovados. Excedentes dent\u00e1rios opcionais, se a cobertura dent\u00e1ria for adicionada, s\u00e3o pagos diretamente ao prestador dent\u00e1rio.<\/p>\n<\/details>\n\n\n\n<details class=\"wp-block-details is-layout-flow wp-block-details-is-layout-flow\" style=\"border-bottom-color:var(--wp--preset--color--tertiary-light);border-bottom-width:1px;padding-bottom:24px;font-size:18px;font-style:normal\"><summary><strong>Existe uma carteira de sa\u00fade para o produto?<\/strong><\/summary>\n<p class=\"has-small-font-size\">Os termos do produto definem um cart\u00e3o de sa\u00fade pessoal e intransfer\u00edvel utilizado para receber servi\u00e7os cobertos atrav\u00e9s da rede de sa\u00fade aprovada.<\/p>\n<\/details>\n<\/div>\n<\/div>\n\n\n\n<div class=\"cozy-block-advanced-tab-item\" id=\"cozyBlock_f8878144_fcf6_4b97_be73_ca701253ccdf\" data-client-id=\"f8878144-fcf6-4b97-be73-ca701253ccdf\">\n<div class=\"wp-block-group is-layout-constrained wp-block-group-is-layout-constrained\" style=\"margin-top:64px\">\n<details class=\"wp-block-details is-layout-flow wp-block-details-is-layout-flow\" style=\"border-bottom-color:var(--wp--preset--color--tertiary-light);border-bottom-width:1px;padding-bottom:24px;font-size:18px;font-style:normal\"><summary><strong>Existem coparticipa\u00e7\u00f5es ou per\u00edodos de car\u00eancia?<\/strong><\/summary>\n<p class=\"has-small-font-size\">N\u00e3o. As informa\u00e7\u00f5es do produto declaram que n\u00e3o se aplicam coparticipa\u00e7\u00e3o ou per\u00edodos de car\u00eancia.<\/p>\n<\/details>\n\n\n\n<details class=\"wp-block-details is-layout-flow wp-block-details-is-layout-flow\" style=\"border-bottom-color:var(--wp--preset--color--tertiary-light);border-bottom-width:1px;padding-bottom:24px;font-size:18px;font-style:normal\"><summary><strong>Quais s\u00e3o os limites declarados para podologia e hospitaliza\u00e7\u00e3o psiqui\u00e1trica?<\/strong><\/summary>\n<p class=\"has-small-font-size\">Podologia \u00e9 limitada a 12 sess\u00f5es por ano de ap\u00f3lice e hospitaliza\u00e7\u00e3o psiqui\u00e1trica a 50 dias por ano de ap\u00f3lice.<\/p>\n<\/details>\n\n\n\n<details class=\"wp-block-details is-layout-flow wp-block-details-is-layout-flow\" style=\"border-bottom-color:var(--wp--preset--color--tertiary-light);border-bottom-width:1px;padding-bottom:24px;font-size:18px;font-style:normal\"><summary><strong>Quais s\u00e3o os limites da psicoterapia?<\/strong><\/summary>\n<p class=\"has-small-font-size\">A psicoterapia \u00e9 limitada a 20 sess\u00f5es por ano de vig\u00eancia da ap\u00f3lice para as demais patologias cobertas, e at\u00e9 40 sess\u00f5es por ano de vig\u00eancia da ap\u00f3lice para transtornos alimentares, bullying, cyberbullying, viol\u00eancia de g\u00eanero e casos similares constantes nas informa\u00e7\u00f5es do produto.<\/p>\n<\/details>\n\n\n\n<details class=\"wp-block-details is-layout-flow wp-block-details-is-layout-flow\" style=\"border-bottom-color:var(--wp--preset--color--tertiary-light);border-bottom-width:1px;padding-bottom:24px;font-size:18px;font-style:normal\"><summary><strong>Qual o limite de despesas m\u00e9dicas do seguro viagem?<\/strong><\/summary>\n<p class=\"has-small-font-size\">As informa\u00e7\u00f5es do produto afirmam que as despesas m\u00e9dicas de assist\u00eancia de viagem chegam a <strong>\u20ac25,000<\/strong> por segurado por viagem.<\/p>\n<\/details>\n\n\n\n<details class=\"wp-block-details is-layout-flow wp-block-details-is-layout-flow\" style=\"border-bottom-color:var(--wp--preset--color--tertiary-light);border-bottom-width:1px;padding-bottom:24px;font-size:18px;font-style:normal\"><summary><strong>Como funciona um plano odontol\u00f3gico?<\/strong><\/summary>\n<p class=\"has-small-font-size\">A cobertura odontol\u00f3gica opcional pode ser adicionada separadamente. Ela segue sua pr\u00f3pria tabela de cobertura e franquias, e qualquer franquia aplic\u00e1vel deve ser paga diretamente ao prestador de servi\u00e7os odontol\u00f3gicos.<\/p>\n<\/details>\n<\/div>\n<\/div>\n\n\n\n<div class=\"cozy-block-advanced-tab-item\" id=\"cozyBlock_a5f54f58_45e0_4e7b_b187_024d07d64958\" data-client-id=\"a5f54f58-45e0-4e7b-b187-024d07d64958\">\n<div class=\"wp-block-group is-layout-constrained wp-block-group-is-layout-constrained\" style=\"margin-top:64px\">\n<details class=\"wp-block-details is-layout-flow wp-block-details-is-layout-flow\" style=\"border-bottom-color:var(--wp--preset--color--tertiary-light);border-bottom-width:1px;padding-bottom:24px;font-size:18px;font-style:normal\"><summary><strong>N\u00e3o vejo o formul\u00e1rio de reserva. O que devo fazer?<\/strong><\/summary>\n<p class=\"has-small-font-size\">Tente um navegador diferente, atualize a p\u00e1gina e desabilite temporariamente bloqueadores de script ou extens\u00f5es de privacidade para a p\u00e1gina de reserva.<\/p>\n<\/details>\n\n\n\n<details class=\"wp-block-details is-layout-flow wp-block-details-is-layout-flow\" style=\"border-bottom-color:var(--wp--preset--color--tertiary-light);border-bottom-width:1px;padding-bottom:24px;font-size:18px;font-style:normal\"><summary><strong>Eu n\u00e3o recebi meu e-mail. O que devo fazer?<\/strong><\/summary>\n<p class=\"has-small-font-size\">Verifique sua pasta de spam ou lixo eletr\u00f4nico primeiro. Se n\u00e3o estiver l\u00e1, entre em contato com a StudySafe com seu nome completo e n\u00famero de reserva, se dispon\u00edvel.<\/p>\n<\/details>\n\n\n\n<details class=\"wp-block-details is-layout-flow wp-block-details-is-layout-flow\" style=\"border-bottom-color:var(--wp--preset--color--tertiary-light);border-bottom-width:1px;padding-bottom:24px;font-size:18px;font-style:normal\"><summary><strong>Minha escola pediu comprovante de seguro. O que devo fornecer?<\/strong><\/summary>\n<p class=\"has-small-font-size\">Use a documenta\u00e7\u00e3o da ap\u00f3lice ou o certificado emitido para sua reserva, juntamente com quaisquer documentos de seguro de suporte que o acompanham.<\/p>\n<\/details>\n\n\n\n<details class=\"wp-block-details is-layout-flow wp-block-details-is-layout-flow\" style=\"border-bottom-color:var(--wp--preset--color--tertiary-light);border-bottom-width:1px;padding-bottom:24px;font-size:18px;font-style:normal\"><summary><strong>Eu inseri os dados errados. O que devo fazer?<\/strong><\/summary>\n<p class=\"has-small-font-size\">Entre em contato com a StudySafe o mais r\u00e1pido poss\u00edvel. Algumas corre\u00e7\u00f5es podem ser poss\u00edveis antes da emiss\u00e3o, enquanto outras mudan\u00e7as podem exigir uma reemiss\u00e3o, dependendo do caso.<\/p>\n<\/details>\n\n\n\n<details class=\"wp-block-details is-layout-flow wp-block-details-is-layout-flow\" style=\"border-bottom-color:var(--wp--preset--color--tertiary-light);border-bottom-width:1px;padding-bottom:24px;font-size:18px;font-style:normal\"><summary><strong>Voc\u00ea tem que aceitar os termos e pol\u00edticas para reservar?<\/strong><\/summary>\n<p class=\"has-small-font-size\">Sim. Durante o processo de reserva, voc\u00ea deve ler e aceitar os termos, pol\u00edticas e informa\u00e7\u00f5es de rota relevantes antes de efetuar o pagamento.<\/p>\n<\/details>\n<\/div>\n<\/div>\n\n\n\n<div class=\"cozy-block-advanced-tab-item\" id=\"cozyBlock_6de72442_0af6_4aa4_be53_0e46dd72796a\" data-client-id=\"6de72442-0af6-4aa4-be53-0e46dd72796a\">\n<div class=\"wp-block-group is-layout-constrained wp-block-group-is-layout-constrained\" style=\"margin-top:64px\">\n<details class=\"wp-block-details is-layout-flow wp-block-details-is-layout-flow\" style=\"border-bottom-color:var(--wp--preset--color--tertiary-light);border-bottom-width:1px;padding-bottom:24px;font-size:18px;font-style:normal\"><summary><strong>Qual \u00e9 o certificado ou documento de confirma\u00e7\u00e3o de ap\u00f3lice?<\/strong><\/summary>\n<p class=\"has-small-font-size\">\u00c9 o conjunto de documentos emitido para sua reserva que confirma os detalhes do estudante segurado e o per\u00edodo de seguro que se aplica ao seu trajeto.<\/p>\n<\/details>\n\n\n\n<details class=\"wp-block-details is-layout-flow wp-block-details-is-layout-flow\" style=\"border-bottom-color:var(--wp--preset--color--tertiary-light);border-bottom-width:1px;padding-bottom:24px;font-size:18px;font-style:normal\"><summary><strong>Quais documentos devo ler antes de viajar?<\/strong><\/summary>\n<p class=\"has-small-font-size\">Leia o Documento de Informa\u00e7\u00f5es do Produto, os Termos e Condi\u00e7\u00f5es Gerais e os demais documentos da ap\u00f3lice emitidos para o seu caso. Juntos, eles explicam o produto, as exclus\u00f5es, os limites e como usar a cobertura corretamente.<\/p>\n<\/details>\n\n\n\n<details class=\"wp-block-details is-layout-flow wp-block-details-is-layout-flow\" style=\"border-bottom-color:var(--wp--preset--color--tertiary-light);border-bottom-width:1px;padding-bottom:24px;font-size:18px;font-style:normal\"><summary><strong>O que devo ler antes de reservar?<\/strong><\/summary>\n<p class=\"has-small-font-size\">Voc\u00ea deve ler a p\u00e1gina de Informa\u00e7\u00f5es Importantes desta rota, juntamente com o documento de Informa\u00e7\u00f5es do Produto e os Termos e Condi\u00e7\u00f5es Gerais. Na emiss\u00e3o, o contrato tamb\u00e9m integra a proposta, o Question\u00e1rio de Sa\u00fade e os Termos e Condi\u00e7\u00f5es Particulares.<\/p>\n<\/details>\n\n\n\n<details class=\"wp-block-details is-layout-flow wp-block-details-is-layout-flow\" style=\"border-bottom-color:var(--wp--preset--color--tertiary-light);border-bottom-width:1px;padding-bottom:24px;font-size:18px;font-style:normal\"><summary><strong>Quem devo contatar se tiver d\u00favidas sobre minha ap\u00f3lice?<\/strong><\/summary>\n<p class=\"has-small-font-size\">Entre em contato com a StudySafe para d\u00favidas sobre reservas ou documentos. Para uso na \u00e1rea da sa\u00fade, autoriza\u00e7\u00f5es ou outras quest\u00f5es de servi\u00e7o do segurador, siga o contato indicado nos documentos da ap\u00f3lice emitida para o seu caso.<\/p>\n<\/details>\n\n\n\n<details class=\"wp-block-details is-layout-flow wp-block-details-is-layout-flow\" style=\"border-bottom-color:var(--wp--preset--color--tertiary-light);border-bottom-width:1px;padding-bottom:24px;font-size:18px;font-style:normal\"><summary><strong>Onde posso encontrar suas pol\u00edticas de site, como Privacidade e Termos?<\/strong><\/summary>\n<p class=\"has-small-font-size\">Eles est\u00e3o dispon\u00edveis na se\u00e7\u00e3o Jur\u00eddico do site.<\/p>\n<\/details>\n<\/div>\n<\/div>\n<\/div><\/div>\n<\/div><\/div>\n<\/div>","protected":false},"excerpt":{"rendered":"<p>Everything students ask before booking Frequently Asked Questions Clear answers on long-term eligibility, healthcare access in Spain, approved providers, payment, policy term, optional dental and insurance documents for international students who require a study visa for Spain and plan to stay more than 90 days.<\/p>","protected":false},"author":1,"featured_media":0,"parent":1584,"menu_order":0,"comment_status":"closed","ping_status":"closed","template":"","meta":{"footnotes":""},"class_list":["post-1590","page","type-page","status-publish","hentry"],"_links":{"self":[{"href":"https:\/\/studysafe.travel\/pt\/wp-json\/wp\/v2\/pages\/1590","targetHints":{"allow":["GET"]}}],"collection":[{"href":"https:\/\/studysafe.travel\/pt\/wp-json\/wp\/v2\/pages"}],"about":[{"href":"https:\/\/studysafe.travel\/pt\/wp-json\/wp\/v2\/types\/page"}],"author":[{"embeddable":true,"href":"https:\/\/studysafe.travel\/pt\/wp-json\/wp\/v2\/users\/1"}],"replies":[{"embeddable":true,"href":"https:\/\/studysafe.travel\/pt\/wp-json\/wp\/v2\/comments?post=1590"}],"version-history":[{"count":7,"href":"https:\/\/studysafe.travel\/pt\/wp-json\/wp\/v2\/pages\/1590\/revisions"}],"predecessor-version":[{"id":1888,"href":"https:\/\/studysafe.travel\/pt\/wp-json\/wp\/v2\/pages\/1590\/revisions\/1888"}],"up":[{"embeddable":true,"href":"https:\/\/studysafe.travel\/pt\/wp-json\/wp\/v2\/pages\/1584"}],"wp:attachment":[{"href":"https:\/\/studysafe.travel\/pt\/wp-json\/wp\/v2\/media?parent=1590"}],"curies":[{"name":"wp","href":"https:\/\/api.w.org\/{rel}","templated":true}]}}