{"id":223,"date":"2026-02-19T12:10:48","date_gmt":"2026-02-19T12:10:48","guid":{"rendered":"https:\/\/studysafe.travel\/?page_id=223"},"modified":"2026-04-22T15:18:07","modified_gmt":"2026-04-22T15:18:07","slug":"perguntas-frequentes","status":"publish","type":"page","link":"https:\/\/studysafe.travel\/pt\/im-going-to-ireland\/language-school-students\/first-registration\/faqs\/","title":{"rendered":"Perguntas frequentes"},"content":{"rendered":"<div class=\"wp-block-group has-heading-color-color has-background-background-color has-text-color has-background is-layout-constrained wp-container-core-group-is-layout-e8bc0b99 wp-block-group-is-layout-constrained\" style=\"margin-top:0;margin-bottom:0;padding-top:120px;padding-right:var(--wp--preset--spacing--40);padding-bottom:120px;padding-left:var(--wp--preset--spacing--40)\">\n\n\n<div style=\"height:25px\" aria-hidden=\"true\" class=\"wp-block-spacer\"><\/div>\n\n\n\n<div class=\"wp-block-group fotawp-fade-up is-layout-constrained wp-container-core-group-is-layout-a9039071 wp-block-group-is-layout-constrained\" style=\"margin-top:0;margin-bottom:0\">\n<h5 class=\"wp-block-heading has-text-align-center has-text-color has-link-color has-small-font-size wp-elements-cc6b181ae7273985c78f1e58a6083ccd\" style=\"color:#ff8a1f;letter-spacing:4px;text-transform:uppercase\">Tudo o que os alunos perguntam antes de reservar<\/h5>\n\n\n\n<h1 class=\"wp-block-heading has-text-align-center\" style=\"font-size:48px;font-style:normal;font-weight:700;line-height:1.3\">Perguntas Frequentes<\/h1>\n\n\n\n<p class=\"has-text-align-center\" style=\"line-height:1.6\">Respostas claras sobre elegibilidade para o primeiro ano, cobertura m\u00e9dica de emerg\u00eancia, sinistros, limites principais, pagamentos e documentos de ap\u00f3lice para estudantes internacionais que v\u00e3o para a Irlanda em um programa de Ano Acad\u00eamico \/ Estudo e Trabalho em uma escola de idiomas.<\/p>\n\n\n<link rel=\"stylesheet\" href=\"https:\/\/fonts.googleapis.com\/css2?family=Public+Sans:wght@100;200;300;400;500;600;700;800;900&#038;display=swap\"\/><div class=\"cozy-block-wrapper\">\n<div class=\"cozy-block-advanced-tab layout-horizontal icon-layout-fill\" id=\"cozyBlock_7ae79b8c_45c9_435c_be9c_515ba00eef4d\"><div class=\"layout-wrapper\" style=\"display:flex\"><div class=\"cozy-tab-title\"><div class=\"cozy-tab-button active\" id=\"598620e3-86c5-4563-8121-7016cef2faf2\" data-index=\"0\"><div class=\"display-flex justify-center align-items-center\"><svg class=\"cozy-tab-icon\" height=\"16\" width=\"16\" xmlns=\"http:\/\/www.w3.org\/2000\/svg\" aria-hidden=\"true\" viewbox=\"0 0 25 19\"><path d=\"M8.4911 18.2766L0.366101 10.1516C-0.122034 9.66351 -0.122034 8.87206 0.366101 8.38387L2.13383 6.6161C2.62196 6.12792 3.41346 6.12792 3.9016 6.6161L9.37499 12.0894L21.0984 0.366101C21.5865 -0.122034 22.378 -0.122034 22.8662 0.366101L24.6339 2.13387C25.122 2.62201 25.122 3.41346 24.6339 3.90165L10.2589 18.2767C9.77069 18.7648 8.97924 18.7648 8.4911 18.2766Z\"><\/path><\/svg><span>Perguntas Gerais<\/span><\/div><\/div><div class=\"cozy-tab-button\" id=\"f5199b6d-2439-41ff-a9d3-35db1efabeba\" data-index=\"1\"><div class=\"display-flex justify-center align-items-center\"><svg class=\"cozy-tab-icon\" height=\"16\" width=\"16\" xmlns=\"http:\/\/www.w3.org\/2000\/svg\" aria-hidden=\"true\" viewbox=\"0 0 25 19\"><path d=\"M8.4911 18.2766L0.366101 10.1516C-0.122034 9.66351 -0.122034 8.87206 0.366101 8.38387L2.13383 6.6161C2.62196 6.12792 3.41346 6.12792 3.9016 6.6161L9.37499 12.0894L21.0984 0.366101C21.5865 -0.122034 22.378 -0.122034 22.8662 0.366101L24.6339 2.13387C25.122 2.62201 25.122 3.41346 24.6339 3.90165L10.2589 18.2767C9.77069 18.7648 8.97924 18.7648 8.4911 18.2766Z\"><\/path><\/svg><span>Cobertura<\/span><\/div><\/div><div class=\"cozy-tab-button\" id=\"c951cea4-6068-49f2-883e-534b73bed57d\" data-index=\"2\"><div class=\"display-flex justify-center align-items-center\"><svg class=\"cozy-tab-icon\" height=\"16\" width=\"16\" xmlns=\"http:\/\/www.w3.org\/2000\/svg\" aria-hidden=\"true\" viewbox=\"0 0 25 19\"><path d=\"M8.4911 18.2766L0.366101 10.1516C-0.122034 9.66351 -0.122034 8.87206 0.366101 8.38387L2.13383 6.6161C2.62196 6.12792 3.41346 6.12792 3.9016 6.6161L9.37499 12.0894L21.0984 0.366101C21.5865 -0.122034 22.378 -0.122034 22.8662 0.366101L24.6339 2.13387C25.122 2.62201 25.122 3.41346 24.6339 3.90165L10.2589 18.2767C9.77069 18.7648 8.97924 18.7648 8.4911 18.2766Z\"><\/path><\/svg><span>Elegibilidade<\/span><\/div><\/div><div class=\"cozy-tab-button\" id=\"836c5527-ef56-49a4-afb4-2548844daf25\" data-index=\"3\"><div class=\"display-flex justify-center align-items-center\"><svg class=\"cozy-tab-icon\" height=\"16\" width=\"16\" xmlns=\"http:\/\/www.w3.org\/2000\/svg\" aria-hidden=\"true\" viewbox=\"0 0 25 19\"><path d=\"M8.4911 18.2766L0.366101 10.1516C-0.122034 9.66351 -0.122034 8.87206 0.366101 8.38387L2.13383 6.6161C2.62196 6.12792 3.41346 6.12792 3.9016 6.6161L9.37499 12.0894L21.0984 0.366101C21.5865 -0.122034 22.378 -0.122034 22.8662 0.366101L24.6339 2.13387C25.122 2.62201 25.122 3.41346 24.6339 3.90165L10.2589 18.2767C9.77069 18.7648 8.97924 18.7648 8.4911 18.2766Z\"><\/path><\/svg><span>Reserva e Pagamento<\/span><\/div><\/div><div class=\"cozy-tab-button\" id=\"1032fd6d-031a-4c05-a0c6-c6243b5f1ad6\" data-index=\"4\"><div class=\"display-flex justify-center align-items-center\"><svg class=\"cozy-tab-icon\" height=\"16\" width=\"16\" xmlns=\"http:\/\/www.w3.org\/2000\/svg\" aria-hidden=\"true\" viewbox=\"0 0 25 19\"><path d=\"M8.4911 18.2766L0.366101 10.1516C-0.122034 9.66351 -0.122034 8.87206 0.366101 8.38387L2.13383 6.6161C2.62196 6.12792 3.41346 6.12792 3.9016 6.6161L9.37499 12.0894L21.0984 0.366101C21.5865 -0.122034 22.378 -0.122034 22.8662 0.366101L24.6339 2.13387C25.122 2.62201 25.122 3.41346 24.6339 3.90165L10.2589 18.2767C9.77069 18.7648 8.97924 18.7648 8.4911 18.2766Z\"><\/path><\/svg><span>Planos, Datas e Escopo<\/span><\/div><\/div><div class=\"cozy-tab-button\" id=\"bfed2eb0-f89a-4527-80e7-edf4457258d7\" data-index=\"5\"><div class=\"display-flex justify-center align-items-center\"><svg class=\"cozy-tab-icon\" height=\"16\" width=\"16\" xmlns=\"http:\/\/www.w3.org\/2000\/svg\" aria-hidden=\"true\" viewbox=\"0 0 25 19\"><path d=\"M8.4911 18.2766L0.366101 10.1516C-0.122034 9.66351 -0.122034 8.87206 0.366101 8.38387L2.13383 6.6161C2.62196 6.12792 3.41346 6.12792 3.9016 6.6161L9.37499 12.0894L21.0984 0.366101C21.5865 -0.122034 22.378 -0.122034 22.8662 0.366101L24.6339 2.13387C25.122 2.62201 25.122 3.41346 24.6339 3.90165L10.2589 18.2767C9.77069 18.7648 8.97924 18.7648 8.4911 18.2766Z\"><\/path><\/svg><span>Reivindica\u00e7\u00f5es e Suporte<\/span><\/div><\/div><div class=\"cozy-tab-button\" id=\"adc94e89-d598-439a-8229-9e0066746466\" data-index=\"6\"><div class=\"display-flex justify-center align-items-center\"><svg class=\"cozy-tab-icon\" height=\"16\" width=\"16\" xmlns=\"http:\/\/www.w3.org\/2000\/svg\" aria-hidden=\"true\" viewbox=\"0 0 25 19\"><path d=\"M8.4911 18.2766L0.366101 10.1516C-0.122034 9.66351 -0.122034 8.87206 0.366101 8.38387L2.13383 6.6161C2.62196 6.12792 3.41346 6.12792 3.9016 6.6161L9.37499 12.0894L21.0984 0.366101C21.5865 -0.122034 22.378 -0.122034 22.8662 0.366101L24.6339 2.13387C25.122 2.62201 25.122 3.41346 24.6339 3.90165L10.2589 18.2767C9.77069 18.7648 8.97924 18.7648 8.4911 18.2766Z\"><\/path><\/svg><span>Limites e Excedentes Chave<\/span><\/div><\/div><div class=\"cozy-tab-button\" id=\"eb49e02c-84a0-4b03-9e6a-993807549e0c\" data-index=\"7\"><div class=\"display-flex justify-center align-items-center\"><svg class=\"cozy-tab-icon\" height=\"16\" width=\"16\" xmlns=\"http:\/\/www.w3.org\/2000\/svg\" aria-hidden=\"true\" viewbox=\"0 0 25 19\"><path d=\"M8.4911 18.2766L0.366101 10.1516C-0.122034 9.66351 -0.122034 8.87206 0.366101 8.38387L2.13383 6.6161C2.62196 6.12792 3.41346 6.12792 3.9016 6.6161L9.37499 12.0894L21.0984 0.366101C21.5865 -0.122034 22.378 -0.122034 22.8662 0.366101L24.6339 2.13387C25.122 2.62201 25.122 3.41346 24.6339 3.90165L10.2589 18.2767C9.77069 18.7648 8.97924 18.7648 8.4911 18.2766Z\"><\/path><\/svg><span>Solu\u00e7\u00e3o de problemas<\/span><\/div><\/div><div class=\"cozy-tab-button\" id=\"833ca134-235c-4a57-aaee-8aa6657d0f79\" data-index=\"8\"><div class=\"display-flex justify-center align-items-center\"><svg class=\"cozy-tab-icon\" height=\"16\" width=\"16\" xmlns=\"http:\/\/www.w3.org\/2000\/svg\" aria-hidden=\"true\" viewbox=\"0 0 25 19\"><path d=\"M8.4911 18.2766L0.366101 10.1516C-0.122034 9.66351 -0.122034 8.87206 0.366101 8.38387L2.13383 6.6161C2.62196 6.12792 3.41346 6.12792 3.9016 6.6161L9.37499 12.0894L21.0984 0.366101C21.5865 -0.122034 22.378 -0.122034 22.8662 0.366101L24.6339 2.13387C25.122 2.62201 25.122 3.41346 24.6339 3.90165L10.2589 18.2767C9.77069 18.7648 8.97924 18.7648 8.4911 18.2766Z\"><\/path><\/svg><span>Documentos e Jur\u00eddico<\/span><\/div><\/div><\/div><\/div><div class=\"cozy-advanced-tab-wrapper\">\n<div class=\"cozy-block-advanced-tab-item\" id=\"cozyBlock_598620e3_86c5_4563_8121_7016cef2faf2\" data-client-id=\"598620e3-86c5-4563-8121-7016cef2faf2\">\n<div class=\"wp-block-group is-layout-constrained wp-block-group-is-layout-constrained\" style=\"margin-top:64px\">\n<details class=\"wp-block-details is-layout-flow wp-block-details-is-layout-flow\" style=\"border-bottom-color:var(--wp--preset--color--tertiary-light);border-bottom-width:1px;padding-bottom:24px;font-size:18px;font-style:normal;font-weight:600\"><summary><strong>O que \u00e9 Estudo Seguro?<\/strong><\/summary>\n<p class=\"has-small-font-size\" style=\"font-style:normal;font-weight:400\">A Safe Study ajuda estudantes internacionais de primeira viagem a organizar o seguro m\u00e9dico necess\u00e1rio para o seu primeiro ano acad\u00eamico \/ estadia de estudo e trabalho na Irlanda, com um fluxo de reserva online simples e documentos claros.<\/p>\n<\/details>\n\n\n\n<details class=\"wp-block-details is-layout-flow wp-block-details-is-layout-flow\" style=\"border-bottom-color:var(--wp--preset--color--tertiary-light);border-bottom-width:1px;padding-bottom:24px;font-size:18px;font-style:normal;font-weight:600\"><summary><strong>Esta p\u00e1gina \u00e9 apenas para alunos de primeira viagem?<\/strong><\/summary>\n<p class=\"has-small-font-size\" style=\"font-style:normal;font-weight:400\">Sim. Esta p\u00e1gina \u00e9 para estudantes internacionais de primeira viagem que v\u00e3o para a Irlanda para um ano letivo \/ programa de estudo e trabalho em uma escola de idiomas.<\/p>\n<\/details>\n\n\n\n<details class=\"wp-block-details is-layout-flow wp-block-details-is-layout-flow\" style=\"border-bottom-color:var(--wp--preset--color--tertiary-light);border-bottom-width:1px;padding-bottom:24px;font-size:18px;font-style:normal;font-weight:600\"><summary><strong>Posso usar isso para uma renova\u00e7\u00e3o de IRP, segundo ano, ou segundo registro?<\/strong><\/summary>\n<p class=\"has-small-font-size\" style=\"font-style:normal;font-weight:400\">N\u00e3o. Esta p\u00e1gina n\u00e3o \u00e9 para renova\u00e7\u00f5es, segundos registros ou continuidade para um segundo ano.<\/p>\n<\/details>\n\n\n\n<details class=\"wp-block-details is-layout-flow wp-block-details-is-layout-flow\" style=\"border-bottom-color:var(--wp--preset--color--tertiary-light);border-bottom-width:1px;padding-bottom:24px;font-size:18px;font-style:normal;font-weight:600\"><summary><strong>Este plano inclui cancelamento ou interrup\u00e7\u00e3o?<\/strong><\/summary>\n<p class=\"has-small-font-size\" style=\"font-style:normal;font-weight:400\">N\u00e3o. Esta vers\u00e3o foca em benef\u00edcios m\u00e9dicos de emerg\u00eancia e relacionados durante a sua estadia. N\u00e3o inclui cobertura para cancelamento ou interrup\u00e7\u00e3o da viagem.<\/p>\n<\/details>\n\n\n\n<details class=\"wp-block-details is-layout-flow wp-block-details-is-layout-flow\" style=\"border-bottom-color:var(--wp--preset--color--tertiary-light);border-bottom-width:1px;padding-bottom:24px;font-size:18px;font-style:normal;font-weight:600\"><summary><strong>Este plano cobre bagagem ou pertences pessoais?<\/strong><\/summary>\n<p class=\"has-small-font-size\" style=\"font-style:normal;font-weight:400\">N\u00e3o. Este plano n\u00e3o inclui cobertura para bagagem, pertences pessoais ou dinheiro pessoal.<\/p>\n<\/details>\n\n\n\n<details class=\"wp-block-details is-layout-flow wp-block-details-is-layout-flow\" style=\"border-bottom-color:var(--wp--preset--color--tertiary-light);border-bottom-width:1px;padding-bottom:24px;font-size:18px;font-style:normal;font-weight:600\"><summary><strong>Este \u00e9 um plano de sa\u00fade privado?<\/strong><\/summary>\n<p class=\"has-small-font-size\" style=\"font-style:normal;font-weight:400\">N\u00e3o. Este \u00e9 um seguro m\u00e9dico de viagem de emerg\u00eancia para incidentes eleg\u00edveis durante sua estadia segurada fora de seu pa\u00eds de origem. N\u00e3o \u00e9 um plano de seguro de sa\u00fade privado para cuidados rotineiros ou eletivos.<\/p>\n<\/details>\n<\/div>\n<\/div>\n\n\n\n<div class=\"cozy-block-advanced-tab-item\" id=\"cozyBlock_f5199b6d_2439_41ff_a9d3_35db1efabeba\" data-client-id=\"f5199b6d-2439-41ff-a9d3-35db1efabeba\">\n<div class=\"wp-block-group is-layout-constrained wp-block-group-is-layout-constrained\" style=\"margin-top:64px\">\n<details class=\"wp-block-details is-layout-flow wp-block-details-is-layout-flow\" style=\"border-bottom-color:var(--wp--preset--color--tertiary-light);border-bottom-width:1px;padding-bottom:24px;font-size:18px;font-style:normal;font-weight:600\"><summary><strong>Do que esta pol\u00edtica trata, em termos simples?<\/strong><\/summary>\n<p class=\"has-small-font-size\" style=\"font-style:normal;font-weight:400\">Despesas m\u00e9dicas de emerg\u00eancia eleg\u00edveis caso voc\u00ea adoe\u00e7a ou se lesione inesperadamente na Irlanda, al\u00e9m de assist\u00eancia de emerg\u00eancia, repatria\u00e7\u00e3o quando medicamente necess\u00e1ria e benef\u00edcios definidos, como responsabilidade civil, acidentes pessoais e benef\u00edcio hospitalar.<\/p>\n<\/details>\n\n\n\n<details class=\"wp-block-details is-layout-flow wp-block-details-is-layout-flow\" style=\"border-bottom-color:var(--wp--preset--color--tertiary-light);border-bottom-width:1px;padding-bottom:24px;font-size:18px;font-style:normal;font-weight:600\"><summary><strong>Esta cobertura \u00e9 para emerg\u00eancias ou para cuidados de sa\u00fade de rotina?<\/strong><\/summary>\n<p class=\"has-small-font-size\" style=\"font-style:normal;font-weight:400\">\u00c9 principalmente para emerg\u00eancias inesperadas. Check-ups de rotina, cuidados eletivos e tratamento n\u00e3o urgente geralmente est\u00e3o fora do escopo desta cobertura.<\/p>\n<\/details>\n\n\n\n<details class=\"wp-block-details is-layout-flow wp-block-details-is-layout-flow\" style=\"border-bottom-color:var(--wp--preset--color--tertiary-light);border-bottom-width:1px;padding-bottom:24px;font-size:18px;font-style:normal;font-weight:600\"><summary><strong>Quais despesas m\u00e9dicas de emerg\u00eancia podem ser inclu\u00eddas?<\/strong><\/summary>\n<p class=\"has-small-font-size\" style=\"font-style:normal;font-weight:400\">O tratamento de emerg\u00eancia eleg\u00edvel pode incluir cuidados hospitalares, consultas m\u00e9dicas urgentes, exames necess\u00e1rios, custos de ambul\u00e2ncia e medicamentos prescritos relacionados a uma emerg\u00eancia coberta, sujeitos a limites e condi\u00e7\u00f5es da ap\u00f3lice.<\/p>\n<\/details>\n\n\n\n<details class=\"wp-block-details is-layout-flow wp-block-details-is-layout-flow\" style=\"border-bottom-color:var(--wp--preset--color--tertiary-light);border-bottom-width:1px;padding-bottom:24px;font-size:18px;font-style:normal;font-weight:600\"><summary><strong>As condi\u00e7\u00f5es m\u00e9dicas pr\u00e9-existentes s\u00e3o cobertas?<\/strong><\/summary>\n<p class=\"has-small-font-size\" style=\"font-style:normal;font-weight:400\">Em geral, n\u00e3o. Condi\u00e7\u00f5es preexistentes geralmente s\u00e3o exclu\u00eddas, a menos que sejam especificamente aceitas sob as condi\u00e7\u00f5es da ap\u00f3lice.<\/p>\n<\/details>\n\n\n\n<details class=\"wp-block-details is-layout-flow wp-block-details-is-layout-flow\" style=\"border-bottom-color:var(--wp--preset--color--tertiary-light);border-bottom-width:1px;padding-bottom:24px;font-size:18px;font-style:normal;font-weight:600\"><summary><strong>O atendimento odontol\u00f3gico de emerg\u00eancia est\u00e1 inclu\u00eddo?<\/strong><\/summary>\n<p class=\"has-small-font-size\" style=\"font-style:normal;font-weight:400\">Odontologia de emerg\u00eancia para al\u00edvio imediato da dor pode ser coberta at\u00e9 o limite da ap\u00f3lice, desde que a reclama\u00e7\u00e3o atenda \u00e0s condi\u00e7\u00f5es da ap\u00f3lice.<\/p>\n<\/details>\n\n\n\n<details class=\"wp-block-details is-layout-flow wp-block-details-is-layout-flow\" style=\"border-bottom-color:var(--wp--preset--color--tertiary-light);border-bottom-width:1px;padding-bottom:24px;font-size:18px;font-style:normal;font-weight:600\"><summary><strong>A ap\u00f3lice inclui repatria\u00e7\u00e3o?<\/strong><\/summary>\n<p class=\"has-small-font-size\" style=\"font-style:normal;font-weight:400\">Sim. Repatria\u00e7\u00e3o e certas despesas de emerg\u00eancia relacionadas podem ser cobertas quando clinicamente necess\u00e1rias e tratadas de acordo com as condi\u00e7\u00f5es da ap\u00f3lice.<\/p>\n<\/details>\n\n\n\n<details class=\"wp-block-details is-layout-flow wp-block-details-is-layout-flow\" style=\"border-bottom-color:var(--wp--preset--color--tertiary-light);border-bottom-width:1px;padding-bottom:24px;font-size:18px;font-style:normal;font-weight:600\"><summary><strong>Existe um m\u00e9dico online ou servi\u00e7o de telemedicina?<\/strong><\/summary>\n<p class=\"has-small-font-size\" style=\"font-style:normal;font-weight:400\">Sim. Um servi\u00e7o de telemedicina complementar pode estar dispon\u00edvel para casos n\u00e3o hospitalares adequados atrav\u00e9s da linha de assist\u00eancia de emerg\u00eancia 24\/7.<\/p>\n<\/details>\n\n\n\n<details class=\"wp-block-details is-layout-flow wp-block-details-is-layout-flow\" style=\"border-bottom-color:var(--wp--preset--color--tertiary-light);border-bottom-width:1px;padding-bottom:24px;font-size:18px;font-style:normal;font-weight:600\"><summary><strong>As prescri\u00e7\u00f5es s\u00e3o cobertas?<\/strong><\/summary>\n<p class=\"has-small-font-size\" style=\"font-style:normal;font-weight:400\">Eles podem ser cobertos quando relacionados a uma nova condi\u00e7\u00e3o coberta. Prescri\u00e7\u00f5es para condi\u00e7\u00f5es pr\u00e9-existentes geralmente n\u00e3o s\u00e3o inclu\u00eddas.<\/p>\n<\/details>\n<\/div>\n<\/div>\n\n\n\n<div class=\"cozy-block-advanced-tab-item\" id=\"cozyBlock_c951cea4_6068_49f2_883e_534b73bed57d\" data-client-id=\"c951cea4-6068-49f2-883e-534b73bed57d\">\n<div class=\"wp-block-group is-layout-constrained wp-block-group-is-layout-constrained\" style=\"margin-top:64px\">\n<details class=\"wp-block-details is-layout-flow wp-block-details-is-layout-flow\" style=\"border-bottom-color:var(--wp--preset--color--tertiary-light);border-bottom-width:1px;padding-bottom:24px;font-size:18px;font-style:normal;font-weight:600\"><summary><strong>Para quem este plano foi desenvolvido?<\/strong><\/summary>\n<p class=\"has-small-font-size\" style=\"font-style:normal;font-weight:400\">Primeiros estudantes internacionais viajando para a Irlanda para um programa de Ano Acad\u00eamico \/ Estudo e Trabalho em uma escola de idiomas, para sua chegada inicial e primeira etapa de matr\u00edcula.<\/p>\n<\/details>\n\n\n\n<details class=\"wp-block-details is-layout-flow wp-block-details-is-layout-flow\" style=\"border-bottom-color:var(--wp--preset--color--tertiary-light);border-bottom-width:1px;padding-bottom:24px;font-size:18px;font-style:normal;font-weight:600\"><summary><strong>Preciso de um visto v\u00e1lido para todo o per\u00edodo de cobertura?<\/strong><\/summary>\n<p class=\"has-small-font-size\" style=\"font-style:normal;font-weight:400\">Sim. \u00c9 obrigat\u00f3rio que voc\u00ea possua um visto v\u00e1lido durante todo o per\u00edodo de seguro.<\/p>\n<\/details>\n\n\n\n<details class=\"wp-block-details is-layout-flow wp-block-details-is-layout-flow\" style=\"border-bottom-color:var(--wp--preset--color--tertiary-light);border-bottom-width:1px;padding-bottom:24px;font-size:18px;font-style:normal;font-weight:600\"><summary><strong>Existe limite de idade?<\/strong><\/summary>\n<p class=\"has-small-font-size\" style=\"font-style:normal;font-weight:400\">Sim. Voc\u00ea deve ter menos de 75 anos na data de in\u00edcio da cobertura. Se voc\u00ea completar 75 anos durante o per\u00edodo de seguro, a cobertura continuar\u00e1 at\u00e9 a data final indicada em seu certificado.<\/p>\n<\/details>\n\n\n\n<details class=\"wp-block-details is-layout-flow wp-block-details-is-layout-flow\" style=\"border-bottom-color:var(--wp--preset--color--tertiary-light);border-bottom-width:1px;padding-bottom:24px;font-size:18px;font-style:normal;font-weight:600\"><summary><strong>O seguro se aplica ao meu pa\u00eds?<\/strong><\/summary>\n<p class=\"has-small-font-size\" style=\"font-style:normal;font-weight:400\">N\u00e3o. N\u00e3o h\u00e1 cobertura para viagens ou f\u00e9rias em seu pa\u00eds de origem durante o per\u00edodo do seguro.<\/p>\n<\/details>\n\n\n\n<details class=\"wp-block-details is-layout-flow wp-block-details-is-layout-flow\" style=\"border-bottom-color:var(--wp--preset--color--tertiary-light);border-bottom-width:1px;padding-bottom:24px;font-size:18px;font-style:normal;font-weight:600\"><summary><strong>Existem limites para feriados durante a minha estadia?<\/strong><\/summary>\n<p class=\"has-small-font-size\" style=\"font-style:normal;font-weight:400\">Sim. F\u00e9rias s\u00e3o limitadas a um m\u00e1ximo de 21 dias consecutivos dentro do per\u00edodo segurado, e a dura\u00e7\u00e3o da sua viagem n\u00e3o pode exceder o per\u00edodo de seguro exibido na sua ap\u00f3lice.<\/p>\n<\/details>\n\n\n\n<details class=\"wp-block-details is-layout-flow wp-block-details-is-layout-flow\" style=\"border-bottom-color:var(--wp--preset--color--tertiary-light);border-bottom-width:1px;padding-bottom:24px;font-size:18px;font-style:normal;font-weight:600\"><summary><strong>Os avisos de viagem afetam a cobertura?<\/strong><\/summary>\n<p class=\"has-small-font-size\" style=\"font-style:normal;font-weight:400\">Sim. Se restri\u00e7\u00f5es ou avisos oficiais de viagem se aplicarem de forma a afetar sua viagem, a cobertura pode ser restrita ou indispon\u00edvel.<\/p>\n<\/details>\n\n\n\n<details class=\"wp-block-details is-layout-flow wp-block-details-is-layout-flow\" style=\"border-bottom-color:var(--wp--preset--color--tertiary-light);border-bottom-width:1px;padding-bottom:24px;font-size:18px;font-style:normal;font-weight:600\"><summary><strong>Meus dados pessoais precisam corresponder aos meus documentos oficiais?<\/strong><\/summary>\n<p class=\"has-small-font-size\" style=\"font-style:normal;font-weight:400\">Sim. Seu nome completo, datas e outros detalhes pessoais devem ser precisos e consistentes com seu passaporte, visto e registros escolares.<\/p>\n<\/details>\n<\/div>\n<\/div>\n\n\n\n<div class=\"cozy-block-advanced-tab-item\" id=\"cozyBlock_836c5527_ef56_49a4_afb4_2548844daf25\" data-client-id=\"836c5527-ef56-49a4-afb4-2548844daf25\">\n<div class=\"wp-block-group is-layout-constrained wp-block-group-is-layout-constrained\" style=\"margin-top:64px\">\n<details class=\"wp-block-details is-layout-flow wp-block-details-is-layout-flow\" style=\"border-bottom-color:var(--wp--preset--color--tertiary-light);border-bottom-width:1px;padding-bottom:24px;font-size:18px;font-style:normal;font-weight:600\"><summary><strong>Como eu reservo?<\/strong><\/summary>\n<p class=\"has-small-font-size\" style=\"font-style:normal;font-weight:400\">Escolha a op\u00e7\u00e3o que corresponde ao seu primeiro ano na Irlanda, preencha o formul\u00e1rio de reserva cuidadosamente, fa\u00e7a o upload da Carta de Aceita\u00e7\u00e3o necess\u00e1ria e pague online com seguran\u00e7a. Assim que seu pedido for recebido, seus dados ser\u00e3o processados e seus documentos de seguro ser\u00e3o emitidos por e-mail se tudo estiver correto.<\/p>\n<\/details>\n\n\n\n<details class=\"wp-block-details is-layout-flow wp-block-details-is-layout-flow\" style=\"border-bottom-color:var(--wp--preset--color--tertiary-light);border-bottom-width:1px;padding-bottom:24px;font-size:18px;font-style:normal;font-weight:600\"><summary><strong>Com quanta anteced\u00eancia posso comprar?<\/strong><\/summary>\n<p class=\"has-small-font-size\" style=\"font-style:normal;font-weight:400\">Voc\u00ea geralmente pode comprar com bastante anteced\u00eancia da partida. A reserva antecipada \u00e9 recomendada para que seus detalhes e datas estejam corretos antes de viajar.<\/p>\n<\/details>\n\n\n\n<details class=\"wp-block-details is-layout-flow wp-block-details-is-layout-flow\" style=\"border-bottom-color:var(--wp--preset--color--tertiary-light);border-bottom-width:1px;padding-bottom:24px;font-size:18px;font-style:normal;font-weight:600\"><summary><strong>Quais documentos receberei?<\/strong><\/summary>\n<p class=\"has-small-font-size\" style=\"font-style:normal;font-weight:400\">Voc\u00ea dever\u00e1 receber seu certificado de seguro junto com os principais documentos da ap\u00f3lice que explicam os benef\u00edcios, limites, exclus\u00f5es e passos para acionar o seguro.<\/p>\n<\/details>\n\n\n\n<details class=\"wp-block-details is-layout-flow wp-block-details-is-layout-flow\" style=\"border-bottom-color:var(--wp--preset--color--tertiary-light);border-bottom-width:1px;padding-bottom:24px;font-size:18px;font-style:normal;font-weight:600\"><summary><strong>Quanto tempo leva para eu receber meus documentos?<\/strong><\/summary>\n<p class=\"has-small-font-size\" style=\"font-style:normal;font-weight:400\">Na maioria dos casos, os documentos s\u00e3o emitidos por e-mail ap\u00f3s o pagamento bem-sucedido, sujeitos a informa\u00e7\u00f5es corretas, documentos necess\u00e1rios e verifica\u00e7\u00f5es finais de processamento. Por favor, certifique-se de que todas as informa\u00e7\u00f5es estejam precisas para evitar atrasos.<\/p>\n<\/details>\n\n\n\n<details class=\"wp-block-details is-layout-flow wp-block-details-is-layout-flow\" style=\"border-bottom-color:var(--wp--preset--color--tertiary-light);border-bottom-width:1px;padding-bottom:24px;font-size:18px;font-style:normal;font-weight:600\"><summary><strong>Posso pagar com cart\u00e3o?<\/strong><\/summary>\n<p class=\"has-small-font-size\" style=\"font-style:normal;font-weight:400\">Sim. Voc\u00ea pode pagar online com cart\u00e3o de cr\u00e9dito ou d\u00e9bito.<\/p>\n<\/details>\n\n\n\n<details class=\"wp-block-details is-layout-flow wp-block-details-is-layout-flow\" style=\"border-bottom-color:var(--wp--preset--color--tertiary-light);border-bottom-width:1px;padding-bottom:24px;font-size:18px;font-style:normal;font-weight:600\"><summary><strong>Meu pagamento \u00e9 seguro?<\/strong><\/summary>\n<p class=\"has-small-font-size\" style=\"font-style:normal;font-weight:400\">Sim. Os pagamentos s\u00e3o processados atrav\u00e9s de um ambiente de checkout online seguro.<\/p>\n<\/details>\n\n\n\n<details class=\"wp-block-details is-layout-flow wp-block-details-is-layout-flow\" style=\"border-bottom-color:var(--wp--preset--color--tertiary-light);border-bottom-width:1px;padding-bottom:24px;font-size:18px;font-style:normal;font-weight:600\"><summary><strong>Posso pagar parcelado?<\/strong><\/summary>\n<p class=\"has-small-font-size\" style=\"font-style:normal;font-weight:400\">N\u00e3o. Este \u00e9 um pagamento \u00fanico.<\/p>\n<\/details>\n<\/div>\n<\/div>\n\n\n\n<div class=\"cozy-block-advanced-tab-item\" id=\"cozyBlock_1032fd6d_031a_4c05_a0c6_c6243b5f1ad6\" data-client-id=\"1032fd6d-031a-4c05-a0c6-c6243b5f1ad6\">\n<div class=\"wp-block-group is-layout-constrained wp-block-group-is-layout-constrained\" style=\"margin-top:64px\">\n<details class=\"wp-block-details is-layout-flow wp-block-details-is-layout-flow\" style=\"border-bottom-color:var(--wp--preset--color--tertiary-light);border-bottom-width:1px;padding-bottom:24px;font-size:18px;font-style:normal;font-weight:600\"><summary><strong>Qual op\u00e7\u00e3o devo escolher?<\/strong><\/summary>\n<p class=\"has-small-font-size\" style=\"font-style:normal;font-weight:400\">Escolha a op\u00e7\u00e3o que corresponde ao seu curso do primeiro ano e permane\u00e7a na Irlanda. As datas da sua ap\u00f3lice devem refletir o seu per\u00edodo inicial no exterior.<\/p>\n<\/details>\n\n\n\n<details class=\"wp-block-details is-layout-flow wp-block-details-is-layout-flow\" style=\"border-bottom-color:var(--wp--preset--color--tertiary-light);border-bottom-width:1px;padding-bottom:24px;font-size:18px;font-style:normal;font-weight:600\"><summary><strong>Quais dura\u00e7\u00f5es est\u00e3o geralmente dispon\u00edveis?<\/strong><\/summary>\n<p class=\"has-small-font-size\" style=\"font-style:normal;font-weight:400\">Dependendo da op\u00e7\u00e3o apresentada no checkout, as dura\u00e7\u00f5es podem incluir 3, 8 ou 12 meses. Escolha sempre a que se adapta \u00e0 sua estadia inicial.<\/p>\n<\/details>\n\n\n\n<details class=\"wp-block-details is-layout-flow wp-block-details-is-layout-flow\" style=\"border-bottom-color:var(--wp--preset--color--tertiary-light);border-bottom-width:1px;padding-bottom:24px;font-size:18px;font-style:normal;font-weight:600\"><summary><strong>Quando come\u00e7a a cobertura?<\/strong><\/summary>\n<p class=\"has-small-font-size\" style=\"font-style:normal;font-weight:400\">O seguro come\u00e7a a partir da data de in\u00edcio indicada no seu certificado de seguro, desde que sua reserva tenha sido processada com sucesso e seus documentos tenham sido emitidos. Seus dados e datas devem estar corretos desde o in\u00edcio.<\/p>\n<\/details>\n\n\n\n<details class=\"wp-block-details is-layout-flow wp-block-details-is-layout-flow\" style=\"border-bottom-color:var(--wp--preset--color--tertiary-light);border-bottom-width:1px;padding-bottom:24px;font-size:18px;font-style:normal;font-weight:600\"><summary><strong>A ap\u00f3lice pode ser retroagida?<\/strong><\/summary>\n<p class=\"has-small-font-size\" style=\"font-style:normal;font-weight:400\">N\u00e3o. A ap\u00f3lice n\u00e3o pode ter efeito retroativo.<\/p>\n<\/details>\n\n\n\n<details class=\"wp-block-details is-layout-flow wp-block-details-is-layout-flow\" style=\"border-bottom-color:var(--wp--preset--color--tertiary-light);border-bottom-width:1px;padding-bottom:24px;font-size:18px;font-style:normal;font-weight:600\"><summary><strong>Posso comprar depois que minha viagem j\u00e1 come\u00e7ou?<\/strong><\/summary>\n<p class=\"has-small-font-size\" style=\"font-style:normal;font-weight:400\">\u00c0s vezes sim, mas n\u00e3o h\u00e1 retroatividade, e se voc\u00ea j\u00e1 viajou sem cobertura pr\u00e9via cont\u00ednua, pode haver um per\u00edodo de car\u00eancia antes que a prote\u00e7\u00e3o comece.<\/p>\n<\/details>\n\n\n\n<details class=\"wp-block-details is-layout-flow wp-block-details-is-layout-flow\" style=\"border-bottom-color:var(--wp--preset--color--tertiary-light);border-bottom-width:1px;padding-bottom:24px;font-size:18px;font-style:normal;font-weight:600\"><summary><strong>Posso usar esta p\u00e1gina para continuar para um segundo ano ou renova\u00e7\u00e3o?<\/strong><\/summary>\n<p class=\"has-small-font-size\" style=\"font-style:normal;font-weight:400\">N\u00e3o. Esta p\u00e1gina \u00e9 apenas para o est\u00e1gio inicial do primeiro ano do Ano Acad\u00eamico \/ Estudo e Trabalho na Irlanda.<\/p>\n<\/details>\n<\/div>\n<\/div>\n\n\n\n<div class=\"cozy-block-advanced-tab-item\" id=\"cozyBlock_bfed2eb0_f89a_4527_80e7_edf4457258d7\" data-client-id=\"bfed2eb0-f89a-4527-80e7-edf4457258d7\">\n<div class=\"wp-block-group is-layout-constrained wp-block-group-is-layout-constrained\" style=\"margin-top:64px\">\n<details class=\"wp-block-details is-layout-flow wp-block-details-is-layout-flow\" style=\"border-bottom-color:var(--wp--preset--color--tertiary-light);border-bottom-width:1px;padding-bottom:24px;font-size:18px;font-style:normal;font-weight:600\"><summary><strong>Como fa\u00e7o para fazer uma reclama\u00e7\u00e3o?<\/strong><\/summary>\n<p class=\"has-small-font-size\" style=\"font-style:normal;font-weight:400\">Siga as instru\u00e7\u00f5es de sinistro em seus documentos de ap\u00f3lice e envie o sinistro com todas as evid\u00eancias de suporte o mais r\u00e1pido poss\u00edvel ap\u00f3s o ocorrido.<\/p>\n<\/details>\n\n\n\n<details class=\"wp-block-details is-layout-flow wp-block-details-is-layout-flow\" style=\"border-bottom-color:var(--wp--preset--color--tertiary-light);border-bottom-width:1px;padding-bottom:24px;font-size:18px;font-style:normal;font-weight:600\"><summary><strong>Quais documentos eu geralmente preciso para um pedido de reembolso m\u00e9dico?<\/strong><\/summary>\n<p class=\"has-small-font-size\" style=\"font-style:normal;font-weight:400\">Normalmente um relat\u00f3rio ou atestado m\u00e9dico, fatura discriminada, recibos ou comprovante de pagamento e prescri\u00e7\u00f5es, quando aplic\u00e1vel. Guarde tudo desde o in\u00edcio.<\/p>\n<\/details>\n\n\n\n<details class=\"wp-block-details is-layout-flow wp-block-details-is-layout-flow\" style=\"border-bottom-color:var(--wp--preset--color--tertiary-light);border-bottom-width:1px;padding-bottom:24px;font-size:18px;font-style:normal;font-weight:600\"><summary><strong>Preciso entrar em contato com o atendimento de emerg\u00eancia antes da interna\u00e7\u00e3o hospitalar?<\/strong><\/summary>\n<p class=\"has-small-font-size\" style=\"font-style:normal;font-weight:400\">Sim. Se for necess\u00e1ria hospitaliza\u00e7\u00e3o ou tratamento internado, entre em contato com a central de assist\u00eancia de emerg\u00eancia 24 horas antes de incorrer em despesas de interna\u00e7\u00e3o sempre que poss\u00edvel.<\/p>\n<\/details>\n\n\n\n<details class=\"wp-block-details is-layout-flow wp-block-details-is-layout-flow\" style=\"border-bottom-color:var(--wp--preset--color--tertiary-light);border-bottom-width:1px;padding-bottom:24px;font-size:18px;font-style:normal;font-weight:600\"><summary><strong>O que devo fazer se precisar de um m\u00e9dico, mas n\u00e3o estiver sendo hospitalizado?<\/strong><\/summary>\n<p class=\"has-small-font-size\" style=\"font-style:normal;font-weight:400\">Para casos n\u00e3o hospitalares, voc\u00ea geralmente pode ir \u00e0 cl\u00ednica ou m\u00e9dico mais pr\u00f3ximo, pagar o custo, guardar os comprovantes e, em seguida, solicitar o reembolso se o caso for eleg\u00edvel.<\/p>\n<\/details>\n\n\n\n<details class=\"wp-block-details is-layout-flow wp-block-details-is-layout-flow\" style=\"border-bottom-color:var(--wp--preset--color--tertiary-light);border-bottom-width:1px;padding-bottom:24px;font-size:18px;font-style:normal;font-weight:600\"><summary><strong>Posso usar telemedicina primeiro?<\/strong><\/summary>\n<p class=\"has-small-font-size\" style=\"font-style:normal;font-weight:400\">Sim. Para casos n\u00e3o hospitalares adequados, ligue para a linha de assist\u00eancia de emerg\u00eancia 24\/7 no <strong>+353 1 233 7743<\/strong> e pergunte se a telemedicina \u00e9 adequada para o seu caso.<\/p>\n<\/details>\n\n\n\n<details class=\"wp-block-details is-layout-flow wp-block-details-is-layout-flow\" style=\"border-bottom-color:var(--wp--preset--color--tertiary-light);border-bottom-width:1px;padding-bottom:24px;font-size:18px;font-style:normal;font-weight:600\"><summary><strong>Quais idiomas est\u00e3o dispon\u00edveis no servi\u00e7o de assist\u00eancia?<\/strong><\/summary>\n<p class=\"has-small-font-size\" style=\"font-style:normal;font-weight:400\">Suporte pode estar dispon\u00edvel em ingl\u00eas, espanhol, italiano e alem\u00e3o.<\/p>\n<\/details>\n\n\n\n<details class=\"wp-block-details is-layout-flow wp-block-details-is-layout-flow\" style=\"border-bottom-color:var(--wp--preset--color--tertiary-light);border-bottom-width:1px;padding-bottom:24px;font-size:18px;font-style:normal;font-weight:600\"><summary><strong>Quanto tempo levam os pedidos?<\/strong><\/summary>\n<p class=\"has-small-font-size\" style=\"font-style:normal;font-weight:400\">Depende da complexidade do caso e da completude de seus documentos. Informa\u00e7\u00f5es faltantes s\u00e3o um dos principais motivos de atrasos.<\/p>\n<\/details>\n<\/div>\n<\/div>\n\n\n\n<div class=\"cozy-block-advanced-tab-item\" id=\"cozyBlock_adc94e89_d598_439a_8229_9e0066746466\" data-client-id=\"adc94e89-d598-439a-8229-9e0066746466\">\n<div class=\"wp-block-group is-layout-constrained wp-block-group-is-layout-constrained\" style=\"margin-top:64px\">\n<details class=\"wp-block-details is-layout-flow wp-block-details-is-layout-flow\" style=\"border-bottom-color:var(--wp--preset--color--tertiary-light);border-bottom-width:1px;padding-bottom:24px;font-size:18px;font-style:normal;font-weight:600\"><summary><strong>Qual \u00e9 o limite m\u00e1ximo de emerg\u00eancia m\u00e9dica?<\/strong><\/summary>\n<p class=\"has-small-font-size\" style=\"font-style:normal;font-weight:400\">Despesas m\u00e9dicas de emerg\u00eancia, repatria\u00e7\u00e3o e relacionadas cobertas podem ser seguradas at\u00e9 <strong>\u20ac10,000,000<\/strong>, sujeito \u00e0 reda\u00e7\u00e3o da ap\u00f3lice.<\/p>\n<\/details>\n\n\n\n<details class=\"wp-block-details is-layout-flow wp-block-details-is-layout-flow\" style=\"border-bottom-color:var(--wp--preset--color--tertiary-light);border-bottom-width:1px;padding-bottom:24px;font-size:18px;font-style:normal;font-weight:600\"><summary><strong>O que \u00e9 o excesso?<\/strong><\/summary>\n<p class=\"has-small-font-size\" style=\"font-style:normal;font-weight:400\">O excesso \u00e9 o valor que voc\u00ea paga em rela\u00e7\u00e3o a uma sinistro eleg\u00edvel antes que a ap\u00f3lice contribua. Para este produto da Irlanda, o excesso padr\u00e3o \u00e9 <strong>\u20ac80<\/strong> nas se\u00e7\u00f5es relevantes.<\/p>\n<\/details>\n\n\n\n<details class=\"wp-block-details is-layout-flow wp-block-details-is-layout-flow\" style=\"border-bottom-color:var(--wp--preset--color--tertiary-light);border-bottom-width:1px;padding-bottom:24px;font-size:18px;font-style:normal;font-weight:600\"><summary><strong>Quando se aplica o excesso?<\/strong><\/summary>\n<p class=\"has-small-font-size\" style=\"font-style:normal;font-weight:400\">Geralmente se aplica por sinistro ou reclama\u00e7\u00e3o na se\u00e7\u00e3o a que voc\u00ea est\u00e1 recorrendo, conforme estabelecido na ap\u00f3lice.<\/p>\n<\/details>\n\n\n\n<details class=\"wp-block-details is-layout-flow wp-block-details-is-layout-flow\" style=\"border-bottom-color:var(--wp--preset--color--tertiary-light);border-bottom-width:1px;padding-bottom:24px;font-size:18px;font-style:normal;font-weight:600\"><summary><strong>Qual \u00e9 o limite de responsabilidade pessoal?<\/strong><\/summary>\n<p class=\"has-small-font-size\" style=\"font-style:normal;font-weight:400\">O limite de responsabilidade pessoal pode ser de at\u00e9 <strong>\u20ac2,000,000<\/strong>, sujeito \u00e0s regras, exclus\u00f5es e franquia da se\u00e7\u00e3o.<\/p>\n<\/details>\n\n\n\n<details class=\"wp-block-details is-layout-flow wp-block-details-is-layout-flow\" style=\"border-bottom-color:var(--wp--preset--color--tertiary-light);border-bottom-width:1px;padding-bottom:24px;font-size:18px;font-style:normal;font-weight:600\"><summary><strong>Quais s\u00e3o os limites para benef\u00edcios hospitalares, acidentes pessoais e atendimento odontol\u00f3gico de emerg\u00eancia?<\/strong><\/summary>\n<p class=\"has-small-font-size\" style=\"font-style:normal;font-weight:400\">O benef\u00edcio hospitalar pode ser de at\u00e9 <strong>\u20ac100<\/strong>, acidente pessoal at\u00e9 <strong>\u20ac25,000<\/strong>, e atendimento odontol\u00f3gico de emerg\u00eancia at\u00e9 <strong>\u20ac300<\/strong>, dependendo da reivindica\u00e7\u00e3o exata e das condi\u00e7\u00f5es da ap\u00f3lice.<\/p>\n<\/details>\n\n\n\n<details class=\"wp-block-details is-layout-flow wp-block-details-is-layout-flow\" style=\"border-bottom-color:var(--wp--preset--color--tertiary-light);border-bottom-width:1px;padding-bottom:24px;font-size:18px;font-style:normal;font-weight:600\"><summary><strong>Onde posso ver os limites e exclus\u00f5es exatos?<\/strong><\/summary>\n<p class=\"has-small-font-size\" style=\"font-style:normal;font-weight:400\">Seu certificado e os documentos completos da ap\u00f3lice mostram a tabela de benef\u00edcios, defini\u00e7\u00f5es, condi\u00e7\u00f5es e exclus\u00f5es. Sempre leia esses documentos cuidadosamente.<\/p>\n<\/details>\n<\/div>\n<\/div>\n\n\n\n<div class=\"cozy-block-advanced-tab-item\" id=\"cozyBlock_eb49e02c_84a0_4b03_9e6a_993807549e0c\" data-client-id=\"eb49e02c-84a0-4b03-9e6a-993807549e0c\">\n<div class=\"wp-block-group is-layout-constrained wp-block-group-is-layout-constrained\" style=\"margin-top:64px\">\n<details class=\"wp-block-details is-layout-flow wp-block-details-is-layout-flow\" style=\"border-bottom-color:var(--wp--preset--color--tertiary-light);border-bottom-width:1px;padding-bottom:24px;font-size:18px;font-style:normal;font-weight:600\"><summary><strong>N\u00e3o vejo o formul\u00e1rio de reserva. O que devo fazer?<\/strong><\/summary>\n<p class=\"has-small-font-size\" style=\"font-style:normal;font-weight:400\">Tente um navegador diferente, atualize a p\u00e1gina e desabilite temporariamente bloqueadores de script ou extens\u00f5es de privacidade para a p\u00e1gina de reserva.<\/p>\n<\/details>\n\n\n\n<details class=\"wp-block-details is-layout-flow wp-block-details-is-layout-flow\" style=\"border-bottom-color:var(--wp--preset--color--tertiary-light);border-bottom-width:1px;padding-bottom:24px;font-size:18px;font-style:normal;font-weight:600\"><summary><strong>Eu n\u00e3o recebi meu e-mail. O que devo fazer?<\/strong><\/summary>\n<p class=\"has-small-font-size\" style=\"font-style:normal;font-weight:400\">Verifique sua pasta de spam ou lixo eletr\u00f4nico primeiro. Se n\u00e3o estiver l\u00e1, entre em contato com o Safe Study com seu nome completo e n\u00famero de refer\u00eancia da reserva, se dispon\u00edvel.<\/p>\n<\/details>\n\n\n\n<details class=\"wp-block-details is-layout-flow wp-block-details-is-layout-flow\" style=\"border-bottom-color:var(--wp--preset--color--tertiary-light);border-bottom-width:1px;padding-bottom:24px;font-size:18px;font-style:normal;font-weight:600\"><summary><strong>Minha escola pediu comprovante de seguro. O que devo fornecer?<\/strong><\/summary>\n<p class=\"has-small-font-size\" style=\"font-style:normal;font-weight:400\">Use seu certificado de seguro e quaisquer documentos de ap\u00f3lice de suporte emitidos com o seu pedido.<\/p>\n<\/details>\n\n\n\n<details class=\"wp-block-details is-layout-flow wp-block-details-is-layout-flow\" style=\"border-bottom-color:var(--wp--preset--color--tertiary-light);border-bottom-width:1px;padding-bottom:24px;font-size:18px;font-style:normal;font-weight:600\"><summary><strong>Voc\u00ea tem que aceitar os termos e pol\u00edticas para reservar?<\/strong><\/summary>\n<p class=\"has-small-font-size\" style=\"font-style:normal;font-weight:400\">Sim. Voc\u00ea ser\u00e1 solicitado a confirmar que leu e aceitou os termos e pol\u00edticas relevantes durante o checkout.<\/p>\n<\/details>\n<\/div>\n<\/div>\n\n\n\n<div class=\"cozy-block-advanced-tab-item\" id=\"cozyBlock_833ca134_235c_4a57_aaee_8aa6657d0f79\" data-client-id=\"833ca134-235c-4a57-aaee-8aa6657d0f79\">\n<div class=\"wp-block-group is-layout-constrained wp-block-group-is-layout-constrained\" style=\"margin-top:64px\">\n<details class=\"wp-block-details is-layout-flow wp-block-details-is-layout-flow\" style=\"border-bottom-color:var(--wp--preset--color--tertiary-light);border-bottom-width:1px;padding-bottom:24px;font-size:18px;font-style:normal;font-weight:600\"><summary><strong>O que \u00e9 o certificado de seguro?<\/strong><\/summary>\n<p class=\"has-small-font-size\" style=\"font-style:normal;font-weight:400\">\u00c9 o documento que confirma o seu n\u00famero de ap\u00f3lice, os detalhes da pessoa segurada, os detalhes do programa e o seu per\u00edodo de vig\u00eancia do seguro.<\/p>\n<\/details>\n\n\n\n<details class=\"wp-block-details is-layout-flow wp-block-details-is-layout-flow\" style=\"border-bottom-color:var(--wp--preset--color--tertiary-light);border-bottom-width:1px;padding-bottom:24px;font-size:18px;font-style:normal;font-weight:600\"><summary><strong>Quais documentos devo ler antes de viajar?<\/strong><\/summary>\n<p class=\"has-small-font-size\" style=\"font-style:normal;font-weight:400\">Leia seu certificado de seguro, o resumo do produto e a ap\u00f3lice completa. Juntos, eles explicam o que \u00e9 coberto, o que n\u00e3o \u00e9 coberto e como funcionam os sinistros.<\/p>\n<\/details>\n\n\n\n<details class=\"wp-block-details is-layout-flow wp-block-details-is-layout-flow\" style=\"border-bottom-color:var(--wp--preset--color--tertiary-light);border-bottom-width:1px;padding-bottom:24px;font-size:18px;font-style:normal;font-weight:600\"><summary><strong>Entrei com os detalhes errados. Posso corrigi-los?<\/strong><\/summary>\n<p class=\"has-small-font-size\" style=\"font-style:normal;font-weight:400\">Entre em contato com a Safe Study o mais r\u00e1pido poss\u00edvel. Algumas corre\u00e7\u00f5es podem ser poss\u00edveis antes da emiss\u00e3o dos documentos, enquanto outras podem exigir uma reemiss\u00e3o dependendo da altera\u00e7\u00e3o.<\/p>\n<\/details>\n\n\n\n<details class=\"wp-block-details is-layout-flow wp-block-details-is-layout-flow\" style=\"border-bottom-color:var(--wp--preset--color--tertiary-light);border-bottom-width:1px;padding-bottom:24px;font-size:18px;font-style:normal;font-weight:600\"><summary><strong>Quem devo contatar se tiver d\u00favidas sobre minha ap\u00f3lice?<\/strong><\/summary>\n<p class=\"has-small-font-size\" style=\"font-style:normal;font-weight:400\">Entre em contato com a Safe Study para agendamentos e d\u00favidas sobre documentos. Se precisar de ajuda m\u00e9dica urgente durante sua viagem, use o n\u00famero de assist\u00eancia de emerg\u00eancia 24 horas que consta em seus documentos.<\/p>\n<\/details>\n\n\n\n<details class=\"wp-block-details is-layout-flow wp-block-details-is-layout-flow\" style=\"border-bottom-color:var(--wp--preset--color--tertiary-light);border-bottom-width:1px;padding-bottom:24px;font-size:18px;font-style:normal;font-weight:600\"><summary><strong>Onde posso encontrar suas pol\u00edticas, como Privacidade e Termos?<\/strong><\/summary>\n<p class=\"has-small-font-size\" style=\"font-style:normal;font-weight:400\">Eles est\u00e3o dispon\u00edveis na se\u00e7\u00e3o Jur\u00eddico do site.<\/p>\n<\/details>\n\n\n\n<details class=\"wp-block-details is-layout-flow wp-block-details-is-layout-flow\" style=\"border-bottom-color:var(--wp--preset--color--tertiary-light);border-bottom-width:1px;padding-bottom:24px;font-size:18px;font-style:normal;font-weight:600\"><summary><strong><strong>O que devo ler antes de reservar?<\/strong><\/strong><\/summary>\n<p class=\"has-small-font-size\" style=\"font-style:normal;font-weight:400\">Voc\u00ea pode ler nosso <strong><a href=\"https:\/\/studysafe.travel\/pt\/eu-estou-indo-para-a-irlanda\/alunos-de-escola-de-idiomas\/primeiro-registro\/informacoes-importantes\/\" data-type=\"page\" data-id=\"1018\">Informa\u00e7\u00f5es Importantes e Documentos de Seguro<\/a><\/strong> p\u00e1gina antes da reserva. Ele re\u00fane os principais pontos de elegibilidade, fatos essenciais do produto, informa\u00e7\u00f5es sobre sinistros e suporte de emerg\u00eancia, e links para os documentos de seguro aplic\u00e1veis, incluindo o <strong>IPID<\/strong> e <strong>Reda\u00e7\u00e3o Completa da Ap\u00f3lice<\/strong>.<\/p>\n<\/details>\n<\/div>\n<\/div>\n<\/div><\/div>\n<\/div><\/div>\n<\/div>","protected":false},"excerpt":{"rendered":"<p>Everything students ask before booking Frequently Asked Questions Clear answers on first-year eligibility, emergency medical cover, claims, key limits, payments, and policy documents for international students going to Ireland for an Academic Year \/ Study &amp; Work programme at a language school.<\/p>","protected":false},"author":1,"featured_media":0,"parent":965,"menu_order":0,"comment_status":"closed","ping_status":"closed","template":"","meta":{"footnotes":""},"class_list":["post-223","page","type-page","status-publish","hentry"],"_links":{"self":[{"href":"https:\/\/studysafe.travel\/pt\/wp-json\/wp\/v2\/pages\/223","targetHints":{"allow":["GET"]}}],"collection":[{"href":"https:\/\/studysafe.travel\/pt\/wp-json\/wp\/v2\/pages"}],"about":[{"href":"https:\/\/studysafe.travel\/pt\/wp-json\/wp\/v2\/types\/page"}],"author":[{"embeddable":true,"href":"https:\/\/studysafe.travel\/pt\/wp-json\/wp\/v2\/users\/1"}],"replies":[{"embeddable":true,"href":"https:\/\/studysafe.travel\/pt\/wp-json\/wp\/v2\/comments?post=223"}],"version-history":[{"count":22,"href":"https:\/\/studysafe.travel\/pt\/wp-json\/wp\/v2\/pages\/223\/revisions"}],"predecessor-version":[{"id":1852,"href":"https:\/\/studysafe.travel\/pt\/wp-json\/wp\/v2\/pages\/223\/revisions\/1852"}],"up":[{"embeddable":true,"href":"https:\/\/studysafe.travel\/pt\/wp-json\/wp\/v2\/pages\/965"}],"wp:attachment":[{"href":"https:\/\/studysafe.travel\/pt\/wp-json\/wp\/v2\/media?parent=223"}],"curies":[{"name":"wp","href":"https:\/\/api.w.org\/{rel}","templated":true}]}}