{"id":78,"date":"2026-02-18T10:39:29","date_gmt":"2026-02-18T10:39:29","guid":{"rendered":"https:\/\/studysafe.travel\/?page_id=78"},"modified":"2026-04-22T15:17:18","modified_gmt":"2026-04-22T15:17:18","slug":"cobertura","status":"publish","type":"page","link":"https:\/\/studysafe.travel\/pt\/im-going-to-ireland\/language-school-students\/first-registration\/coverage\/","title":{"rendered":"Cobertura"},"content":{"rendered":"<link rel=\"stylesheet\" href=\"https:\/\/fonts.googleapis.com\/css2?family=Geist:wght@400;500;600;700;800\" \/>\n<div class=\"wp-block-group has-background is-layout-constrained wp-container-core-group-is-layout-eb65c542 wp-block-group-is-layout-constrained\" style=\"background:linear-gradient(135deg,rgb(243,248,255) 46%,rgb(255,243,243) 100%);margin-top:0;margin-bottom:0;padding-top:80px;padding-right:26px;padding-bottom:100px;padding-left:26px;font-size:16px;font-style:normal;font-weight:400;line-height:1.6; font-family: 'Geist' !important;\">\n\n\n<div style=\"height:25px\" aria-hidden=\"true\" class=\"wp-block-spacer\"><\/div>\n\n\n\n<div class=\"wp-block-columns alignwide is-layout-flex wp-container-core-columns-is-layout-f74a9aa3 wp-block-columns-is-layout-flex\" style=\"margin-top:0;margin-bottom:0;padding-top:0;padding-right:0;padding-bottom:0;padding-left:0\">\n<div class=\"wp-block-column is-vertically-aligned-top is-layout-flow wp-container-core-column-is-layout-a77db08e wp-block-column-is-layout-flow cozy-animation__initialized\">\n<figure class=\"wp-block-image size-full has-custom-border cozy-responsive-show__initialized cozy-hover-effect__initialized\" style=\"\" data-desktop-show=\"1\" data-tablet-show=\"\" data-tablet-viewport-width=\"980\" data-mobile-show=\"\" data-mobile-viewport-width=\"767\"><img loading=\"lazy\" decoding=\"async\" width=\"600\" height=\"600\" src=\"https:\/\/studysafe.travel\/wp-content\/uploads\/2026\/02\/study-travel-Eligibility-Claims-Key-Limits.png\" alt=\"\" class=\"wp-image-202\" style=\"border-style:none;border-width:0px;border-top-left-radius:0px;border-top-right-radius:0px;border-bottom-left-radius:0px;border-bottom-right-radius:0px\" srcset=\"https:\/\/studysafe.travel\/wp-content\/uploads\/2026\/02\/study-travel-Eligibility-Claims-Key-Limits.png 600w, https:\/\/studysafe.travel\/wp-content\/uploads\/2026\/02\/study-travel-Eligibility-Claims-Key-Limits-300x300.png 300w, https:\/\/studysafe.travel\/wp-content\/uploads\/2026\/02\/study-travel-Eligibility-Claims-Key-Limits-150x150.png 150w\" sizes=\"auto, (max-width: 600px) 100vw, 600px\" \/><\/figure>\n<\/div>\n\n\n<link rel=\"stylesheet\" href=\"https:\/\/fonts.googleapis.com\/css2?family=Geist:wght@400;500;600;700;800\" \/>\n<div class=\"wp-block-column is-content-justification-left is-layout-constrained wp-container-core-column-is-layout-e710f4ca wp-block-column-is-layout-constrained\" style=\"flex-basis:55%; font-family: 'Geist' !important;\">\n<div class=\"wp-block-group is-nowrap is-layout-flex wp-container-core-group-is-layout-ecba6b92 wp-block-group-is-layout-flex\" style=\"margin-top:0;margin-bottom:0\">\n<p class=\"has-text-align-center has-text-color has-background has-link-color wp-elements-473276f67caa87b767652ef9cc538345\" style=\"border-radius:100px;color:#ff8a1f;background-color:#ffe1c5;padding-top:6px;padding-right:16px;padding-bottom:6px;padding-left:16px;font-size:14px;font-style:normal;font-weight:500\">Seguro M\u00e9dico Estudantil para Irlanda<\/p>\n<\/div>\n\n\n\n<h2 class=\"wp-block-heading has-text-color has-link-color wp-elements-487916af4dde988da238be1da99469e0\" style=\"color:#031d1b;margin-top:6px;margin-bottom:16px;font-size:48px;font-style:normal;font-weight:600;line-height:1.2\">Capa Essencial para o seu Ano Acad\u00eamico na Irlanda<\/h2>\n\n\n\n<p class=\"has-text-color has-link-color wp-elements-85dbc4b1bd85fbee5f99e2e3fa152154\" style=\"color:#8d8d8e\">Prote\u00e7\u00e3o desenvolvida para estudantes internacionais de primeira viagem que viajam para a Irlanda para um ano acad\u00eamico \/ programa de estudo e trabalho. Destina-se \u00e0 cobertura de chegada inicial e n\u00e3o deve ser apresentada para renova\u00e7\u00f5es de IRP, segundo ano ou registros subsequentes.<\/p>\n\n\n\n<p class=\"has-text-color has-link-color wp-elements-49e5c9f63e350182e6b9107b51361fcb\" style=\"color:#8d8d8e\">Isto \u00e9 um <strong>ap\u00f3lice de seguro de viagem com despesas m\u00e9dicas<\/strong> que inclui cobertura m\u00e9dica de emerg\u00eancia e de repatria\u00e7\u00e3o, benef\u00edcio hospitalar, acidente pessoal, responsabilidade civil pessoal, reagendamento antes da partida e um benef\u00edcio definido por morte durante a viagem, tudo sujeito aos termos da ap\u00f3lice, limites e franquias.<\/p>\n\n\n<link rel=\"stylesheet\" href=\"https:\/\/fonts.googleapis.com\/css2?family=Geist:wght@400;500;600;700;800\" \/>\n<div class=\"wp-block-buttons has-custom-font-size is-horizontal is-content-justification-center is-nowrap is-layout-flex wp-container-core-buttons-is-layout-eb04c77a wp-block-buttons-is-layout-flex\" style=\"margin-top:20px;margin-bottom:var(--wp--preset--spacing--30);padding-top:var(--wp--preset--spacing--30);padding-bottom:var(--wp--preset--spacing--30);font-size:16px;font-style:normal;font-weight:400; font-family: 'Geist' !important;\">\n<div class=\"wp-block-button has-custom-width wp-block-button__width-100 is-style-button-hover-white-bgcolor cozy-animation__initialized cozy-button-hover-styles\" style=\"; --cozyButtonBgColorHover: #6f3dff; --cozyButtonColorHover: currentColor; --cozyButtonBorderHover: ; \" data-aos=\"fade-up\" data-aos-easing=\"ease-in\" data-aos-anchor-placement=\"top-bottom\" data-aos-duration=\"600\"><a class=\"wp-block-button__link wp-element-button\" href=\"https:\/\/studysafe.travel\/pt\/eu-estou-indo-para-a-irlanda\/alunos-de-escola-de-idiomas\/primeiro-registro\/verificar-elegibilidade\/\">Eu sou eleg\u00edvel?<\/a><\/div>\n<\/div>\n\n\n<link rel=\"stylesheet\" href=\"https:\/\/fonts.googleapis.com\/css2?family=Geist:wght@400;500;600;700;800\" \/>\n<div class=\"wp-block-buttons has-custom-font-size is-horizontal is-content-justification-left is-nowrap is-layout-flex wp-container-core-buttons-is-layout-3d3318cf wp-block-buttons-is-layout-flex\" style=\"margin-top:20px;margin-bottom:var(--wp--preset--spacing--30);padding-top:var(--wp--preset--spacing--30);padding-bottom:var(--wp--preset--spacing--30);font-size:16px;font-style:normal;font-weight:400; font-family: 'Geist' !important;\">\n<div class=\"wp-block-button has-custom-width wp-block-button__width-50 is-style-button-hover-white-bgcolor cozy-animation__initialized cozy-button-hover-styles\" style=\"; --cozyButtonBgColorHover: #6f3dff; --cozyButtonColorHover: currentColor; --cozyButtonBorderHover: ; \" data-aos=\"fade-up\" data-aos-easing=\"ease-in\" data-aos-anchor-placement=\"top-bottom\" data-aos-duration=\"600\"><a class=\"wp-block-button__link wp-element-button\" href=\"https:\/\/studysafe.travel\/pt\/eu-estou-indo-para-a-irlanda\/alunos-de-escola-de-idiomas\/primeiro-registro\/faq\/\">Ler FAQs<\/a><\/div>\n\n\n\n<div class=\"wp-block-button has-custom-width wp-block-button__width-50 is-style-button-hover-white-bgcolor cozy-animation__initialized cozy-button-hover-styles\" style=\"; --cozyButtonBgColorHover: #6f3dff; --cozyButtonColorHover: currentColor; --cozyButtonBorderHover: ; \" data-aos=\"fade-up\" data-aos-easing=\"ease-in\" data-aos-anchor-placement=\"top-bottom\" data-aos-duration=\"600\"><a class=\"wp-block-button__link wp-element-button\" href=\"https:\/\/studysafe.travel\/pt\/eu-estou-indo-para-a-irlanda\/alunos-de-escola-de-idiomas\/primeiro-registro\/informacoes-importantes\/\">Informa\u00e7\u00f5es<\/a><\/div>\n<\/div>\n<\/div>\n<\/div>\n<\/div>\n\n\n\n<div class=\"wp-block-group has-background-background-color has-background is-layout-constrained wp-container-core-group-is-layout-ef55149e wp-block-group-is-layout-constrained\" style=\"margin-top:0;margin-bottom:0;padding-top:4rem;padding-right:var(--wp--preset--spacing--40);padding-bottom:6rem;padding-left:var(--wp--preset--spacing--40)\">\n<h5 class=\"wp-block-heading has-text-align-center has-text-color has-link-color has-small-font-size wp-elements-a2de3fdf69d60303421f47b57224ff06\" style=\"color:#ff8a1f;letter-spacing:4px;text-transform:uppercase\">TUDO QUE VOC\u00ca PRECISA SABER ANTES DE COMPRAR<\/h5>\n\n\n\n<h2 class=\"wp-block-heading has-text-align-center cozy-animation__initialized\" data-aos=\"fade-up\" data-aos-easing=\"ease-in\" data-aos-anchor-placement=\"top-bottom\" data-aos-duration=\"600\">O que est\u00e1 inclu\u00eddo<\/h2>\n\n\n\n<p class=\"has-text-align-center has-small-font-size cozy-animation__initialized\" data-aos=\"fade-up\" data-aos-easing=\"ease-in\" data-aos-anchor-placement=\"top-bottom\" data-aos-duration=\"600\">Esta ap\u00f3lice Multirrisco \u00e9 constru\u00edda em torno das prote\u00e7\u00f5es que os estudantes mais provavelmente necessitar\u00e3o durante o seu tempo no exterior: suporte m\u00e9dico de emerg\u00eancia, repatria\u00e7\u00e3o, benef\u00edcios definidos para acidentes e responsabilidade civil, e suporte limitado para reorganiza\u00e7\u00e3o antes da partida.<\/p>\n\n\n\n<div class=\"wp-block-columns is-layout-flex wp-container-core-columns-is-layout-aac82623 wp-block-columns-is-layout-flex\" style=\"border-style:none;border-width:0px;padding-top:var(--wp--preset--spacing--60)\">\n<div class=\"wp-block-column fotawp-fade-up is-layout-flow wp-block-column-is-layout-flow\" style=\"border-bottom-style:none;border-bottom-width:0px;padding-right:0;padding-bottom:0\">\n<div class=\"wp-block-group has-border-color is-layout-constrained wp-container-core-group-is-layout-95339512 wp-block-group-is-layout-constrained\" style=\"border-color:#EFEAF7;border-width:1px;border-radius:12px;padding-top:24px;padding-right:24px;padding-bottom:24px;padding-left:24px\">\n<h3 class=\"wp-block-heading is-style-default has-medium-font-size\" style=\"padding-bottom:0\">Despesas M\u00e9dicas de Emerg\u00eancia<\/h3>\n\n\n\n<p style=\"font-size:16px;line-height:1.5\">Cobertura para tratamento m\u00e9dico de emerg\u00eancia eleg\u00edvel, repatria\u00e7\u00e3o e despesas relacionadas, com um benef\u00edcio m\u00e1ximo de at\u00e9 EUR 10.000.000.<\/p>\n<\/div>\n<\/div>\n\n\n\n<div class=\"wp-block-column fotawp-fade-up is-layout-flow wp-block-column-is-layout-flow\" style=\"border-top-style:none;border-top-width:0px;border-bottom-style:none;border-bottom-width:0px;padding-right:0;padding-bottom:0\">\n<div class=\"wp-block-group has-border-color is-layout-constrained wp-container-core-group-is-layout-95339512 wp-block-group-is-layout-constrained\" style=\"border-color:#EFEAF7;border-width:1px;border-radius:12px;padding-top:24px;padding-right:24px;padding-bottom:24px;padding-left:24px\">\n<h3 class=\"wp-block-heading has-medium-font-size\" style=\"padding-bottom:0\">Apoio \u00e0 Repatria\u00e7\u00e3o<\/h3>\n\n\n\n<p style=\"font-size:16px;line-height:1.5\">Se clinicamente necess\u00e1rio, a ap\u00f3lice pode cobrir despesas eleg\u00edveis de repatria\u00e7\u00e3o e arranjos de emerg\u00eancia relacionados.<\/p>\n<\/div>\n<\/div>\n<\/div>\n\n\n\n<div class=\"wp-block-columns is-layout-flex wp-container-core-columns-is-layout-f25c431a wp-block-columns-is-layout-flex\" style=\"border-style:none;border-width:0px;margin-top:34px;padding-top:0\">\n<div class=\"wp-block-column fotawp-fade-up is-layout-flow wp-block-column-is-layout-flow\" style=\"border-bottom-style:none;border-bottom-width:0px;padding-right:0;padding-bottom:0\">\n<div class=\"wp-block-group has-border-color is-layout-constrained wp-container-core-group-is-layout-95339512 wp-block-group-is-layout-constrained\" style=\"border-color:#EFEAF7;border-width:1px;border-radius:12px;padding-top:24px;padding-right:24px;padding-bottom:24px;padding-left:24px\">\n<h3 class=\"wp-block-heading has-medium-font-size\" style=\"padding-bottom:0\">Emerg\u00eancia Odontol\u00f3gica<\/h3>\n\n\n\n<p style=\"font-size:16px;line-height:1.5\">Tratamento dent\u00e1rio de emerg\u00eancia para al\u00edvio imediato da dor est\u00e1 inclu\u00eddo at\u00e9 EUR 300, sujeito aos termos da ap\u00f3lice.<\/p>\n<\/div>\n<\/div>\n\n\n\n<div class=\"wp-block-column fotawp-fade-up is-layout-flow wp-block-column-is-layout-flow\" style=\"border-bottom-style:none;border-bottom-width:0px;padding-right:0;padding-bottom:0\">\n<div class=\"wp-block-group has-border-color has-tertiary-light-border-color is-layout-constrained wp-container-core-group-is-layout-95339512 wp-block-group-is-layout-constrained\" style=\"border-width:1px;border-radius:12px;padding-top:24px;padding-right:24px;padding-bottom:24px;padding-left:24px\">\n<h3 class=\"wp-block-heading has-medium-font-size\" style=\"padding-bottom:0\">Benef\u00edcio Hospitalar<\/h3>\n\n\n\n<p style=\"font-size:16px;line-height:1.5\">Um benef\u00edcio hospitalar de \u20ac 20 para cada per\u00edodo completo de 24 horas, at\u00e9 um m\u00e1ximo de \u20ac 100, pode ser aplicado ap\u00f3s uma interna\u00e7\u00e3o hospitalar coberta.<\/p>\n<\/div>\n<\/div>\n<\/div>\n\n\n\n<div class=\"wp-block-columns is-layout-flex wp-container-core-columns-is-layout-f25c431a wp-block-columns-is-layout-flex\" style=\"border-style:none;border-width:0px;margin-top:34px;padding-top:0\">\n<div class=\"wp-block-column fotawp-fade-up is-layout-flow wp-block-column-is-layout-flow\" style=\"border-bottom-style:none;border-bottom-width:0px;padding-right:0;padding-bottom:0\">\n<div class=\"wp-block-group has-border-color is-layout-constrained wp-container-core-group-is-layout-95339512 wp-block-group-is-layout-constrained\" style=\"border-color:#EFEAF7;border-width:1px;border-radius:12px;padding-top:24px;padding-right:24px;padding-bottom:24px;padding-left:24px\">\n<h3 class=\"wp-block-heading has-medium-font-size\" style=\"padding-bottom:0\">Acidente Pessoal<\/h3>\n\n\n\n<p style=\"font-size:16px;line-height:1.5\">Um benef\u00edcio pessoal por acidente definido est\u00e1 inclu\u00eddo at\u00e9 o valor de EUR 25.000, sujeito \u00e0 ap\u00f3lice e \u00e0s condi\u00e7\u00f5es.<\/p>\n<\/div>\n<\/div>\n\n\n\n<div class=\"wp-block-column fotawp-fade-up is-layout-flow wp-block-column-is-layout-flow\" style=\"border-bottom-style:none;border-bottom-width:0px;padding-right:0;padding-bottom:0\">\n<div class=\"wp-block-group has-border-color has-tertiary-light-border-color is-layout-constrained wp-container-core-group-is-layout-95339512 wp-block-group-is-layout-constrained\" style=\"border-width:1px;border-radius:12px;padding-top:24px;padding-right:24px;padding-bottom:24px;padding-left:24px\">\n<h3 class=\"wp-block-heading has-medium-font-size\" style=\"padding-bottom:0\">Responsabilidade Pessoal<\/h3>\n\n\n\n<p style=\"font-size:16px;line-height:1.5\">O seguro de responsabilidade civil pessoal est\u00e1 inclu\u00eddo at\u00e9 EUR 2.000.000, com perda ou dano acidental a propriedade coberto at\u00e9 EUR 500, sujeito a exclus\u00f5es e franquia.<\/p>\n<\/div>\n<\/div>\n<\/div>\n\n\n\n<div class=\"wp-block-columns is-layout-flex wp-container-core-columns-is-layout-f25c431a wp-block-columns-is-layout-flex\" style=\"border-style:none;border-width:0px;margin-top:34px;padding-top:0\">\n<div class=\"wp-block-column fotawp-fade-up is-layout-flow wp-block-column-is-layout-flow\" style=\"border-bottom-style:none;border-bottom-width:0px;padding-right:0;padding-bottom:0\">\n<div class=\"wp-block-group has-border-color is-layout-constrained wp-container-core-group-is-layout-95339512 wp-block-group-is-layout-constrained\" style=\"border-color:#EFEAF7;border-width:1px;border-radius:12px;padding-top:24px;padding-right:24px;padding-bottom:24px;padding-left:24px\">\n<h3 class=\"wp-block-heading has-medium-font-size\" style=\"padding-bottom:0\">Reorganiza\u00e7\u00e3o Antes da Partida<\/h3>\n\n\n\n<p style=\"font-size:16px;line-height:1.5\">Se a sua viagem tiver que ser reagendada antes do in\u00edcio por um motivo coberto, a ap\u00f3lice pode contribuir para custos adicionais eleg\u00edveis de at\u00e9 EUR 1.000.<\/p>\n<\/div>\n<\/div>\n\n\n\n<div class=\"wp-block-column fotawp-fade-up is-layout-flow wp-block-column-is-layout-flow\" style=\"border-bottom-style:none;border-bottom-width:0px;padding-right:0;padding-bottom:0\">\n<div class=\"wp-block-group has-border-color has-tertiary-light-border-color is-layout-constrained wp-container-core-group-is-layout-95339512 wp-block-group-is-layout-constrained\" style=\"border-width:1px;border-radius:12px;padding-top:24px;padding-right:24px;padding-bottom:24px;padding-left:24px\">\n<h3 class=\"wp-block-heading has-medium-font-size\" style=\"padding-bottom:0\">Morte Durante uma Viagem<\/h3>\n\n\n\n<p style=\"font-size:16px;line-height:1.5\">Um benef\u00edcio definido de at\u00e9 EUR 20.000 se aplica para morte durante uma viagem, de acordo com a tabela e os termos da ap\u00f3lice.<\/p>\n<\/div>\n<\/div>\n<\/div>\n<\/div>\n\n\n\n<div class=\"wp-block-group has-background-background-color has-background is-layout-constrained wp-container-core-group-is-layout-ef55149e wp-block-group-is-layout-constrained\" style=\"margin-top:0;margin-bottom:0;padding-top:4rem;padding-right:var(--wp--preset--spacing--40);padding-bottom:6rem;padding-left:var(--wp--preset--spacing--40)\">\n<h2 class=\"wp-block-heading has-text-align-center cozy-animation__initialized\" data-aos=\"fade-up\" data-aos-easing=\"ease-in\" data-aos-anchor-placement=\"top-bottom\" data-aos-duration=\"600\">Como funciona o suporte<\/h2>\n\n\n\n<p class=\"has-text-align-center has-small-font-size cozy-animation__initialized\" data-aos=\"fade-up\" data-aos-easing=\"ease-in\" data-aos-anchor-placement=\"top-bottom\" data-aos-duration=\"600\">Esta pol\u00edtica inclui suporte pr\u00e1tico quando um estudante precisa de ajuda, seja a situa\u00e7\u00e3o urgente, m\u00e9dica ou que exija documenta\u00e7\u00e3o de acompanhamento para reembolso.<\/p>\n\n\n\n<div class=\"wp-block-columns is-layout-flex wp-container-core-columns-is-layout-aac82623 wp-block-columns-is-layout-flex\" style=\"border-style:none;border-width:0px;padding-top:var(--wp--preset--spacing--60)\">\n<div class=\"wp-block-column fotawp-fade-up is-layout-flow wp-block-column-is-layout-flow\" style=\"border-bottom-style:none;border-bottom-width:0px;padding-right:0;padding-bottom:0\">\n<div class=\"wp-block-group has-border-color is-layout-constrained wp-container-core-group-is-layout-95339512 wp-block-group-is-layout-constrained\" style=\"border-color:#EFEAF7;border-width:1px;border-radius:12px;padding-top:24px;padding-right:24px;padding-bottom:24px;padding-left:24px\">\n<h3 class=\"wp-block-heading has-medium-font-size\" style=\"padding-bottom:0\">Assist\u00eancia Emergencial 24\/7<\/h3>\n\n\n\n<p style=\"font-size:16px;line-height:1.5\">Se uma doen\u00e7a ou les\u00e3o grave puder levar \u00e0 interna\u00e7\u00e3o hospitalar, ou se a repatria\u00e7\u00e3o for necess\u00e1ria, o servi\u00e7o de assist\u00eancia de emerg\u00eancia deve ser contatado o mais r\u00e1pido poss\u00edvel.<\/p>\n<\/div>\n<\/div>\n\n\n\n<div class=\"wp-block-column fotawp-fade-up is-layout-flow wp-block-column-is-layout-flow\" style=\"border-top-style:none;border-top-width:0px;border-bottom-style:none;border-bottom-width:0px;padding-right:0;padding-bottom:0\">\n<div class=\"wp-block-group has-border-color is-layout-constrained wp-container-core-group-is-layout-95339512 wp-block-group-is-layout-constrained\" style=\"border-color:#EFEAF7;border-width:1px;border-radius:12px;padding-top:24px;padding-right:24px;padding-bottom:24px;padding-left:24px\">\n<h3 class=\"wp-block-heading has-medium-font-size\" style=\"padding-bottom:0\">Doutor Digital Telemedicina<\/h3>\n\n\n\n<p style=\"font-size:16px;line-height:1.5\">Os alunos podem acessar o suporte gratuito do Doutor Digital por telefone, v\u00eddeo e chat, em v\u00e1rios idiomas, para quest\u00f5es m\u00e9dicas adequadas e orienta\u00e7\u00e3o sobre os pr\u00f3ximos passos.<\/p>\n<\/div>\n<\/div>\n<\/div>\n\n\n\n<div class=\"wp-block-columns is-layout-flex wp-container-core-columns-is-layout-f25c431a wp-block-columns-is-layout-flex\" style=\"border-style:none;border-width:0px;margin-top:34px;padding-top:0\">\n<div class=\"wp-block-column fotawp-fade-up is-layout-flow wp-block-column-is-layout-flow\" style=\"border-bottom-style:none;border-bottom-width:0px;padding-right:0;padding-bottom:0\">\n<div class=\"wp-block-group has-border-color is-layout-constrained wp-container-core-group-is-layout-95339512 wp-block-group-is-layout-constrained\" style=\"border-color:#EFEAF7;border-width:1px;border-radius:12px;padding-top:24px;padding-right:24px;padding-bottom:24px;padding-left:24px\">\n<h3 class=\"wp-block-heading has-medium-font-size\" style=\"padding-bottom:0\">Hospital ou Cl\u00ednica?<\/h3>\n\n\n\n<p style=\"font-size:16px;line-height:1.5\">Para hospitaliza\u00e7\u00e3o, o faturamento direto pode ser providenciado ap\u00f3s autoriza\u00e7\u00e3o. Para a maioria dos tratamentos n\u00e3o hospitalares, os estudantes geralmente pagam primeiro e depois solicitam o reembolso com os documentos necess\u00e1rios.<\/p>\n<\/div>\n<\/div>\n\n\n\n<div class=\"wp-block-column fotawp-fade-up is-layout-flow wp-block-column-is-layout-flow\" style=\"border-bottom-style:none;border-bottom-width:0px;padding-right:0;padding-bottom:0\">\n<div class=\"wp-block-group has-border-color has-tertiary-light-border-color is-layout-constrained wp-container-core-group-is-layout-95339512 wp-block-group-is-layout-constrained\" style=\"border-width:1px;border-radius:12px;padding-top:24px;padding-right:24px;padding-bottom:24px;padding-left:24px\">\n<h3 class=\"wp-block-heading has-medium-font-size\" style=\"padding-bottom:0\">Averba\u00e7\u00f5es e Reembolsos<\/h3>\n\n\n\n<p style=\"font-size:16px;line-height:1.5\">Para sustentar um pedido, os estudantes devem guardar faturas, recibos, relat\u00f3rios m\u00e9dicos e comprovantes de pagamento. Os pedidos devem ser submetidos o mais r\u00e1pido poss\u00edvel ap\u00f3s o incidente.<\/p>\n<\/div>\n<\/div>\n<\/div>\n<\/div>\n\n\n\n<div class=\"wp-block-group has-background-background-color has-background is-layout-constrained wp-container-core-group-is-layout-ef55149e wp-block-group-is-layout-constrained\" style=\"margin-top:0;margin-bottom:0;padding-top:4rem;padding-right:var(--wp--preset--spacing--40);padding-bottom:6rem;padding-left:var(--wp--preset--spacing--40)\">\n<h2 class=\"wp-block-heading has-text-align-center cozy-animation__initialized\" data-aos=\"fade-up\" data-aos-easing=\"ease-in\" data-aos-anchor-placement=\"top-bottom\" data-aos-duration=\"600\">Importante saber antes de comprar<\/h2>\n\n\n\n<p class=\"has-text-align-center has-small-font-size cozy-animation__initialized\" data-aos=\"fade-up\" data-aos-easing=\"ease-in\" data-aos-anchor-placement=\"top-bottom\" data-aos-duration=\"600\">Esta ap\u00f3lice foi elaborada para estudantes internacionais de primeira viagem que viajam para a Irlanda para um ano letivo\/programa de estudo e trabalho. N\u00e3o \u00e9 apresentada para renova\u00e7\u00f5es de IRP, segundo ano, ou segundas\/subsequentes matr\u00edculas. Um valor excedente de EUR 80 aplica-se a sinistros eleg\u00edveis sob certas se\u00e7\u00f5es, de acordo com os termos da ap\u00f3lice.<\/p>\n\n\n\n<div class=\"wp-block-columns is-layout-flex wp-container-core-columns-is-layout-aac82623 wp-block-columns-is-layout-flex\" style=\"border-style:none;border-width:0px;padding-top:var(--wp--preset--spacing--60)\">\n<div class=\"wp-block-column fotawp-fade-up is-layout-flow wp-block-column-is-layout-flow\" style=\"border-bottom-style:none;border-bottom-width:0px;padding-right:0;padding-bottom:0\">\n<div class=\"wp-block-group has-border-color is-layout-constrained wp-container-core-group-is-layout-95339512 wp-block-group-is-layout-constrained\" style=\"border-color:#EFEAF7;border-width:1px;border-radius:12px;padding-top:24px;padding-right:24px;padding-bottom:24px;padding-left:24px\">\n<h3 class=\"wp-block-heading has-medium-font-size\" style=\"padding-bottom:0\">Plano de Sa\u00fade N\u00e3o Privado<\/h3>\n\n\n\n<p style=\"font-size:16px;line-height:1.5\">Este n\u00e3o \u00e9 um seguro m\u00e9dico privado. Foi concebido para cobrir acidentes ou doen\u00e7as graves s\u00fabitas que exijam tratamento de emerg\u00eancia enquanto estiver fora do seu pa\u00eds de origem.<\/p>\n<\/div>\n<\/div>\n\n\n\n<div class=\"wp-block-column fotawp-fade-up is-layout-flow wp-block-column-is-layout-flow\" style=\"border-top-style:none;border-top-width:0px;border-bottom-style:none;border-bottom-width:0px;padding-right:0;padding-bottom:0\">\n<div class=\"wp-block-group has-border-color is-layout-constrained wp-container-core-group-is-layout-95339512 wp-block-group-is-layout-constrained\" style=\"border-color:#EFEAF7;border-width:1px;border-radius:12px;padding-top:24px;padding-right:24px;padding-bottom:24px;padding-left:24px\">\n<h3 class=\"wp-block-heading has-medium-font-size\" style=\"padding-bottom:0\">Condi\u00e7\u00f5es pr\u00e9-existentes<\/h3>\n\n\n\n<p style=\"font-size:16px;line-height:1.5\">Condi\u00e7\u00f5es m\u00e9dicas preexistentes n\u00e3o s\u00e3o cobertas, a menos que estejam especificamente inclu\u00eddas na lista de condi\u00e7\u00f5es m\u00e9dicas aceit\u00e1veis na ap\u00f3lice.<\/p>\n<\/div>\n<\/div>\n<\/div>\n\n\n\n<div class=\"wp-block-columns is-layout-flex wp-container-core-columns-is-layout-f25c431a wp-block-columns-is-layout-flex\" style=\"border-style:none;border-width:0px;margin-top:34px;padding-top:0\">\n<div class=\"wp-block-column fotawp-fade-up is-layout-flow wp-block-column-is-layout-flow\" style=\"border-bottom-style:none;border-bottom-width:0px;padding-right:0;padding-bottom:0\">\n<div class=\"wp-block-group has-border-color is-layout-constrained wp-container-core-group-is-layout-95339512 wp-block-group-is-layout-constrained\" style=\"border-color:#EFEAF7;border-width:1px;border-radius:12px;padding-top:24px;padding-right:24px;padding-bottom:24px;padding-left:24px\">\n<h3 class=\"wp-block-heading has-medium-font-size\" style=\"padding-bottom:0\">Visto e Requisitos de Idade<\/h3>\n\n\n\n<p style=\"font-size:16px;line-height:1.5\">O segurado deve possuir um visto v\u00e1lido durante todo o per\u00edodo da ap\u00f3lice e ter menos de 75 anos na data de in\u00edcio da cobertura.<\/p>\n<\/div>\n<\/div>\n\n\n\n<div class=\"wp-block-column fotawp-fade-up is-layout-flow wp-block-column-is-layout-flow\" style=\"border-bottom-style:none;border-bottom-width:0px;padding-right:0;padding-bottom:0\">\n<div class=\"wp-block-group has-border-color has-tertiary-light-border-color is-layout-constrained wp-container-core-group-is-layout-95339512 wp-block-group-is-layout-constrained\" style=\"border-width:1px;border-radius:12px;padding-top:24px;padding-right:24px;padding-bottom:24px;padding-left:24px\">\n<h3 class=\"wp-block-heading has-medium-font-size\" style=\"padding-bottom:0\">Pa\u00eds de Origem e Regras de Tempo<\/h3>\n\n\n\n<p style=\"font-size:16px;line-height:1.5\">N\u00e3o h\u00e1 cobertura no pa\u00eds de origem. F\u00e9rias s\u00e3o cobertas apenas por at\u00e9 21 dias consecutivos dentro do per\u00edodo segurado. Se a ap\u00f3lice for adquirida ap\u00f3s o in\u00edcio da viagem e n\u00e3o houver cobertura pr\u00e9via cont\u00ednua, aplica-se um per\u00edodo de car\u00eancia de 14 dias.<\/p>\n<\/div>\n<\/div>\n<\/div>\n<\/div>\n\n\n\n<div class=\"wp-block-group has-background-background-color has-background is-layout-constrained wp-container-core-group-is-layout-ef55149e wp-block-group-is-layout-constrained\" style=\"margin-top:0;margin-bottom:0;padding-top:4rem;padding-right:var(--wp--preset--spacing--40);padding-bottom:6rem;padding-left:var(--wp--preset--spacing--40)\">\n<h2 class=\"wp-block-heading has-text-align-center cozy-animation__initialized\" data-aos=\"fade-up\" data-aos-easing=\"ease-in\" data-aos-anchor-placement=\"top-bottom\" data-aos-duration=\"600\">Doutor Digital<\/h2>\n\n\n\n<p class=\"has-text-align-center has-small-font-size cozy-animation__initialized\" data-aos=\"fade-up\" data-aos-easing=\"ease-in\" data-aos-anchor-placement=\"top-bottom\" data-aos-duration=\"600\">Digital Doctor \u00e9 um servi\u00e7o de apoio extra \u00fatil inclu\u00eddo na ap\u00f3lice, proporcionando aos alunos acesso mais r\u00e1pido a orienta\u00e7\u00e3o m\u00e9dica para preocupa\u00e7\u00f5es de sa\u00fade cotidianas adequadas.<\/p>\n\n\n\n<div class=\"wp-block-columns is-layout-flex wp-container-core-columns-is-layout-aac82623 wp-block-columns-is-layout-flex\" style=\"border-style:none;border-width:0px;padding-top:var(--wp--preset--spacing--60)\">\n<div class=\"wp-block-column fotawp-fade-up is-layout-flow wp-block-column-is-layout-flow\" style=\"border-bottom-style:none;border-bottom-width:0px;padding-right:0;padding-bottom:0\">\n<div class=\"wp-block-group has-border-color is-layout-constrained wp-container-core-group-is-layout-95339512 wp-block-group-is-layout-constrained\" style=\"border-color:#EFEAF7;border-width:1px;border-radius:12px;padding-top:24px;padding-right:24px;padding-bottom:24px;padding-left:24px\">\n<h3 class=\"wp-block-heading has-medium-font-size\" style=\"padding-bottom:0\">Perguntas M\u00e9dicas Simples<\/h3>\n\n\n\n<p style=\"font-size:16px;line-height:1.5\">\u00datil para problemas comuns como dores de cabe\u00e7a, sintomas respirat\u00f3rios, alergias, dor de ouvido, diarreia e v\u00f4mitos, e sintomas de resfriado comum.<\/p>\n<\/div>\n<\/div>\n\n\n\n<div class=\"wp-block-column fotawp-fade-up is-layout-flow wp-block-column-is-layout-flow\" style=\"border-top-style:none;border-top-width:0px;border-bottom-style:none;border-bottom-width:0px;padding-right:0;padding-bottom:0\">\n<div class=\"wp-block-group has-border-color is-layout-constrained wp-container-core-group-is-layout-95339512 wp-block-group-is-layout-constrained\" style=\"border-color:#EFEAF7;border-width:1px;border-radius:12px;padding-top:24px;padding-right:24px;padding-bottom:24px;padding-left:24px\">\n<h3 class=\"wp-block-heading has-medium-font-size\" style=\"padding-bottom:0\">V\u00e1rios Idiomas<\/h3>\n\n\n\n<p style=\"font-size:16px;line-height:1.5\">Suporte est\u00e1 dispon\u00edvel em ingl\u00eas, espanhol, italiano e alem\u00e3o.<\/p>\n<\/div>\n<\/div>\n<\/div>\n\n\n\n<div class=\"wp-block-columns is-layout-flex wp-container-core-columns-is-layout-f25c431a wp-block-columns-is-layout-flex\" style=\"border-style:none;border-width:0px;margin-top:34px;padding-top:0\">\n<div class=\"wp-block-column fotawp-fade-up is-layout-flow wp-block-column-is-layout-flow\" style=\"border-bottom-style:none;border-bottom-width:0px;padding-right:0;padding-bottom:0\">\n<div class=\"wp-block-group has-border-color is-layout-constrained wp-container-core-group-is-layout-95339512 wp-block-group-is-layout-constrained\" style=\"border-color:#EFEAF7;border-width:1px;border-radius:12px;padding-top:24px;padding-right:24px;padding-bottom:24px;padding-left:24px\">\n<h3 class=\"wp-block-heading has-medium-font-size\" style=\"padding-bottom:0\">Acesso mais r\u00e1pido a aconselhamento<\/h3>\n\n\n\n<p style=\"font-size:16px;line-height:1.5\">O servi\u00e7o ajuda os estudantes a obterem orienta\u00e7\u00e3o m\u00e9dica mais rapidamente e pode reduzir a necessidade de consultas desnecess\u00e1rias ou longas esperas.<\/p>\n<\/div>\n<\/div>\n\n\n\n<div class=\"wp-block-column fotawp-fade-up is-layout-flow wp-block-column-is-layout-flow\" style=\"border-bottom-style:none;border-bottom-width:0px;padding-right:0;padding-bottom:0\">\n<div class=\"wp-block-group has-border-color has-tertiary-light-border-color is-layout-constrained wp-container-core-group-is-layout-95339512 wp-block-group-is-layout-constrained\" style=\"border-width:1px;border-radius:12px;padding-top:24px;padding-right:24px;padding-bottom:24px;padding-left:24px\">\n<h3 class=\"wp-block-heading has-medium-font-size\" style=\"padding-bottom:0\">Atendimento Presencial Quando Necess\u00e1rio<\/h3>\n\n\n\n<p style=\"font-size:16px;line-height:1.5\">Se o caso n\u00e3o puder ser resolvido remotamente, o aluno ser\u00e1 orientado a se dirigir ao centro m\u00e9dico apropriado mais pr\u00f3ximo para tratamento presencial.<\/p>\n<\/div>\n<\/div>\n<\/div>\n<\/div>\n\n\n\n<div class=\"wp-block-group has-heading-color-color has-background-background-color has-text-color has-background is-layout-constrained wp-container-core-group-is-layout-e8bc0b99 wp-block-group-is-layout-constrained\" style=\"margin-top:0;margin-bottom:0;padding-top:120px;padding-right:var(--wp--preset--spacing--40);padding-bottom:120px;padding-left:var(--wp--preset--spacing--40)\">\n<div class=\"wp-block-group fotawp-fade-up is-layout-constrained wp-container-core-group-is-layout-a9039071 wp-block-group-is-layout-constrained\" style=\"margin-top:0;margin-bottom:0\">\n<h1 class=\"wp-block-heading has-text-align-center\" style=\"font-size:48px;font-style:normal;font-weight:700;line-height:1.3\">Perguntas Frequentes?<\/h1>\n\n\n\n<p class=\"has-text-align-center\" style=\"line-height:1.6\">Respostas r\u00e1pidas \u00e0s perguntas mais comuns sobre como funciona esta cobertura Multirrisco, suas principais limita\u00e7\u00f5es e o que os alunos podem precisar se precisarem fazer um sinistro.<\/p>\n\n\n\n<div class=\"wp-block-group is-layout-constrained wp-block-group-is-layout-constrained\" style=\"margin-top:64px\">\n<details class=\"wp-block-details is-layout-flow wp-block-details-is-layout-flow\" style=\"border-bottom-color:var(--wp--preset--color--tertiary-light);border-bottom-width:1px;padding-bottom:24px;font-size:18px;font-style:normal;font-weight:600\"><summary>O que este seguro m\u00e9dico cobre?<\/summary>\n<p class=\"has-small-font-size\" style=\"font-style:normal;font-weight:400\">Ele cobre benef\u00edcios Multirrisco, incluindo reorganiza\u00e7\u00e3o, assist\u00eancia m\u00e9dica de emerg\u00eancia e repatria\u00e7\u00e3o, assist\u00eancia dent\u00e1ria de emerg\u00eancia, cobertura hospitalar, acidentes pessoais, responsabilidade civil pessoal e morte durante uma viagem.<\/p>\n<\/details>\n\n\n\n<details class=\"wp-block-details is-layout-flow wp-block-details-is-layout-flow\" style=\"border-bottom-color:var(--wp--preset--color--tertiary-light);border-bottom-width:1px;padding-bottom:24px;font-size:18px;font-style:normal;font-weight:600\"><summary>Esta cobertura \u00e9 para emerg\u00eancias ou para cuidados de sa\u00fade de rotina?<\/summary>\n<p class=\"has-small-font-size\" style=\"font-style:normal;font-weight:400\">Esta ap\u00f3lice foi concebida principalmente para emerg\u00eancias inesperadas e benef\u00edcios definidos relacionados com viagens. N\u00e3o \u00e9 um seguro m\u00e9dico privado.<\/p>\n<\/details>\n\n\n\n<details class=\"wp-block-details is-layout-flow wp-block-details-is-layout-flow\" style=\"border-bottom-color:var(--wp--preset--color--tertiary-light);border-bottom-width:1px;padding-bottom:24px;font-size:18px;font-style:normal;font-weight:600\"><summary><strong>O M\u00e9dico Digital est\u00e1 inclu\u00eddo?<\/strong><\/summary>\n<p class=\"has-small-font-size\" style=\"font-style:normal;font-weight:400\">Sim. O Digital Doctor \u00e9 inclu\u00eddo como um servi\u00e7o de suporte complementar \u00e0 ap\u00f3lice. Os estudantes podem ter acesso a orienta\u00e7\u00e3o m\u00e9dica por telefone, v\u00eddeo ou chat em v\u00e1rios idiomas para quest\u00f5es n\u00e3o emergenciais adequadas. Caso o tratamento hospitalar ou repatria\u00e7\u00e3o possam ser necess\u00e1rios, a assist\u00eancia emergencial deve ser contatada o mais r\u00e1pido poss\u00edvel.<\/p>\n<\/details>\n\n\n\n<details class=\"wp-block-details is-layout-flow wp-block-details-is-layout-flow\" style=\"border-bottom-color:var(--wp--preset--color--tertiary-light);border-bottom-width:1px;padding-bottom:24px;font-size:18px;font-style:normal;font-weight:600\"><summary>Condi\u00e7\u00f5es preexistentes s\u00e3o cobertas?<\/summary>\n<p class=\"has-small-font-size\" style=\"font-style:normal;font-weight:400\">N\u00e3o geralmente. Eles s\u00e3o cobertos apenas se especificamente inclu\u00eddos na lista de condi\u00e7\u00f5es m\u00e9dicas aceit\u00e1veis na reda\u00e7\u00e3o da ap\u00f3lice.<\/p>\n<\/details>\n\n\n\n<details class=\"wp-block-details is-layout-flow wp-block-details-is-layout-flow\" style=\"border-bottom-color:var(--wp--preset--color--tertiary-light);border-bottom-width:1px;padding-bottom:24px;font-size:18px;font-style:normal;font-weight:600\"><summary>Esta ap\u00f3lice inclui cobertura para bagagem, pertences ou cancelamento?<\/summary>\n<p class=\"has-small-font-size\" style=\"font-style:normal;font-weight:400\">N\u00e3o. Esta p\u00e1gina foca apenas em Seguro Multirriscos. Inclui o cancelamento antes da partida, mas n\u00e3o cobre bagagem, pertences pessoais ou cancelamento pr\u00e9-embarque.<\/p>\n<\/details>\n<\/div>\n<\/div>\n<\/div>\n\n\n\n<p><\/p>","protected":false},"excerpt":{"rendered":"<p>Student Medical Insurance for Ireland Essential Cover for Your Academic Year in Ireland Protection designed for first-time international students travelling to Ireland for an Academic Year \/ Study &amp; Work programme. It is intended for initial arrival cover and should not be presented for IRP renewals, second year, or second\/subsequent registrations. This is a medical&#8230;<\/p>","protected":false},"author":1,"featured_media":0,"parent":965,"menu_order":0,"comment_status":"closed","ping_status":"closed","template":"","meta":{"footnotes":""},"class_list":["post-78","page","type-page","status-publish","hentry"],"_links":{"self":[{"href":"https:\/\/studysafe.travel\/pt\/wp-json\/wp\/v2\/pages\/78","targetHints":{"allow":["GET"]}}],"collection":[{"href":"https:\/\/studysafe.travel\/pt\/wp-json\/wp\/v2\/pages"}],"about":[{"href":"https:\/\/studysafe.travel\/pt\/wp-json\/wp\/v2\/types\/page"}],"author":[{"embeddable":true,"href":"https:\/\/studysafe.travel\/pt\/wp-json\/wp\/v2\/users\/1"}],"replies":[{"embeddable":true,"href":"https:\/\/studysafe.travel\/pt\/wp-json\/wp\/v2\/comments?post=78"}],"version-history":[{"count":83,"href":"https:\/\/studysafe.travel\/pt\/wp-json\/wp\/v2\/pages\/78\/revisions"}],"predecessor-version":[{"id":1851,"href":"https:\/\/studysafe.travel\/pt\/wp-json\/wp\/v2\/pages\/78\/revisions\/1851"}],"up":[{"embeddable":true,"href":"https:\/\/studysafe.travel\/pt\/wp-json\/wp\/v2\/pages\/965"}],"wp:attachment":[{"href":"https:\/\/studysafe.travel\/pt\/wp-json\/wp\/v2\/media?parent=78"}],"curies":[{"name":"wp","href":"https:\/\/api.w.org\/{rel}","templated":true}]}}